{"id":535,"date":"2023-08-25T17:59:35","date_gmt":"2023-08-25T17:59:35","guid":{"rendered":"https:\/\/www.operala.org\/encuentrosola\/?page_id=535"},"modified":"2025-03-26T11:52:04","modified_gmt":"2025-03-26T11:52:04","slug":"conferencia_2023","status":"publish","type":"page","link":"https:\/\/www.operala.org\/encuentrosola\/conferencia_2023\/","title":{"rendered":"Conferencia 2023"},"content":{"rendered":"<p>[et_pb_section fb_built=\u00bb1&#8243; admin_label=\u00bbsection\u00bb _builder_version=\u00bb4.20.0&#8243; custom_margin=\u00bb0px|0px|0px|0px|false|false\u00bb custom_padding=\u00bb0px|0px|0px|0px|false|false\u00bb global_colors_info=\u00bb{}\u00bb][et_pb_row admin_label=\u00bbrow\u00bb _builder_version=\u00bb4.20.0&#8243; background_size=\u00bbinitial\u00bb background_position=\u00bbtop_left\u00bb background_repeat=\u00bbrepeat\u00bb width=\u00bb100%\u00bb max_width=\u00bb100%\u00bb custom_margin=\u00bb0px|0px|0px|0px|false|false\u00bb custom_padding=\u00bb0px|0px|0px|0px|false|false\u00bb global_colors_info=\u00bb{}\u00bb][et_pb_column type=\u00bb4_4&#8243; _builder_version=\u00bb4.16&#8243; custom_padding=\u00bb|||\u00bb global_colors_info=\u00bb{}\u00bb custom_padding__hover=\u00bb|||\u00bb][et_pb_slider module_class=\u00bbnormal\u00bb _builder_version=\u00bb4.20.2&#8243; _module_preset=\u00bbdefault\u00bb header_line_height=\u00bb0.1em\u00bb body_font_size=\u00bb18px\u00bb background_color=\u00bbrgba(0,0,0,0.48)\u00bb background_enable_video_mp4=\u00bboff\u00bb min_height=\u00bb630.4px\u00bb custom_padding=\u00bb170px||85px|||\u00bb custom_padding_tablet=\u00bb170px||85px|||\u00bb custom_padding_phone=\u00bb0px||0px||false|false\u00bb custom_padding_last_edited=\u00bbon|phone\u00bb link_option_url=\u00bbhttps:\/\/www.operala.org\/encuentrosola\/wp-content\/uploads\/2023\/04\/Manaos-Programa-abril.docx-1.pdf\u00bb header_font_size_tablet=\u00bb\u00bb header_font_size_phone=\u00bb35px\u00bb header_font_size_last_edited=\u00bbon|phone\u00bb body_font_size_tablet=\u00bb18px\u00bb body_font_size_phone=\u00bb14px\u00bb body_font_size_last_edited=\u00bbon|phone\u00bb text_shadow_style=\u00bbpreset2&#8243; global_colors_info=\u00bb{}\u00bb][et_pb_slide heading=\u00bb\u00a1S\u00e9 parte de la Conferencia Anual \u00d3pera Latinoam\u00e9rica 2023 en Brasil!\u00bb button_text=\u00bbDescargar el programa\u00bb button_link=\u00bbhttps:\/\/www.operala.org\/encuentrosola\/wp-content\/uploads\/2023\/09\/ProgramaManaos_Web-1.pdf\u00bb url_new_window=\u00bbon\u00bb _builder_version=\u00bb4.20.2&#8243; _module_preset=\u00bbdefault\u00bb header_level=\u00bbh2&#8243; header_font=\u00bbPlayfair Display|700|||||||\u00bb header_font_size=\u00bb50px\u00bb header_letter_spacing=\u00bb1px\u00bb header_line_height=\u00bb1.1em\u00bb background_color=\u00bbrgba(0,0,0,0.16)\u00bb background_enable_color=\u00bbon\u00bb background_image=\u00bbhttps:\/\/www.operala.org\/encuentrosola\/wp-content\/uploads\/2023\/02\/Amazon_Theatre_in_Manaus.jpeg\u00bb background_enable_image=\u00bbon\u00bb parallax=\u00bbon\u00bb background_blend=\u00bbmultiply\u00bb custom_button=\u00bbon\u00bb button_text_color=\u00bb#000000&#8243; button_bg_color=\u00bbrgba(94,223,181,0.87)\u00bb button_border_width=\u00bb2px\u00bb button_border_color=\u00bbRGBA(255,255,255,0)\u00bb button_border_radius=\u00bb41px\u00bb button_font=\u00bbRaleway||||||||\u00bb button_use_icon=\u00bbon\u00bb button_icon=\u00bb&#x24;||divi||400&#8243; button_icon_color=\u00bb#000000&#8243; button_icon_placement=\u00bbright\u00bb button_on_hover=\u00bboff\u00bb button_custom_margin=\u00bb30px||||false|false\u00bb button_custom_padding=\u00bb|45px||30px|false|false\u00bb width=\u00bb75%\u00bb width_tablet=\u00bb75%\u00bb width_phone=\u00bb90%\u00bb width_last_edited=\u00bbon|phone\u00bb custom_padding=\u00bb||100px||false|false\u00bb custom_css_main_element=\u00bbword-break: normal;\u00bb header_text_shadow_style=\u00bbpreset2&#8243; header_text_shadow_horizontal_length=\u00bb0.04em\u00bb global_colors_info=\u00bb{}\u00bb button_bg_color__hover_enabled=\u00bbon|desktop\u00bb button_bg_color__hover=\u00bb#FFFFFF\u00bb button_bg_enable_color__hover=\u00bbon\u00bb button_border_color__hover_enabled=\u00bbon|desktop\u00bb button_border_color__hover=\u00bbRGBA(255,255,255,0)\u00bb sticky_transition=\u00bbon\u00bb]<\/p>\n<p><span style=\"font-weight: 400;\"><\/span><\/p>\n<p><span style=\"font-weight: 500;\"><strong>\u00d3pera Latinoam\u00e9rica <\/strong>(OLA), el Festival Amazonas de \u00d3pera y la Secretar\u00eda de Cultura y Econom\u00eda Creativa de Amazonas dan la bienvenida a la industria de la \u00f3pera y la m\u00fasica a la<br \/><\/span><span style=\"font-weight: 500;\"><strong>16\u00aa Conferencia Anual \u00d3pera Latinoam\u00e9rica 2023<\/strong>.<\/span><\/p>\n<p>[\/et_pb_slide][et_pb_slide heading=\u00bbForo Comunicaci\u00f3n y Marketing OLA en el  Theatro Municipal S\u00e3o Paulo\u00bb button_text=\u00bbPrograma de S\u00e3o Paulo\u00bb button_link=\u00bbhttps:\/\/www.operala.org\/encuentrosola\/wp-content\/uploads\/2023\/09\/Programa-Foro-de-Comunicaciones-y-Marketing-OLA-\u00b7-Sao-Paulo-Brasil.pdf\u00bb url_new_window=\u00bbon\u00bb _builder_version=\u00bb4.20.2&#8243; _module_preset=\u00bbdefault\u00bb header_level=\u00bbh2&#8243; header_font=\u00bbPlayfair Display|700|||||||\u00bb header_font_size=\u00bb50px\u00bb header_letter_spacing=\u00bb1px\u00bb header_line_height=\u00bb1.1em\u00bb background_color=\u00bbrgba(0,0,0,0.16)\u00bb background_enable_color=\u00bbon\u00bb background_image=\u00bbhttps:\/\/www.operala.org\/encuentrosola\/wp-content\/uploads\/2023\/03\/Teatro_Municipal_de_Sao_Paulo_8.jpeg\u00bb background_enable_image=\u00bbon\u00bb background_blend=\u00bbmultiply\u00bb custom_button=\u00bbon\u00bb button_text_color=\u00bb#000000&#8243; button_bg_color=\u00bbrgba(94,223,181,0.87)\u00bb button_border_width=\u00bb2px\u00bb button_border_color=\u00bbRGBA(255,255,255,0)\u00bb button_border_radius=\u00bb41px\u00bb button_font=\u00bbRaleway||||||||\u00bb button_use_icon=\u00bbon\u00bb button_icon=\u00bb&#x24;||divi||400&#8243; button_icon_color=\u00bb#000000&#8243; button_icon_placement=\u00bbright\u00bb button_on_hover=\u00bboff\u00bb button_custom_margin=\u00bb30px||||false|false\u00bb button_custom_padding=\u00bb|45px||30px|false|false\u00bb width=\u00bb75%\u00bb width_tablet=\u00bb75%\u00bb width_phone=\u00bb90%\u00bb width_last_edited=\u00bbon|phone\u00bb custom_padding=\u00bb||100px||false|false\u00bb custom_padding_tablet=\u00bb||100px||false|false\u00bb custom_padding_phone=\u00bb60px||100px||false|false\u00bb custom_padding_last_edited=\u00bbon|phone\u00bb header_font_size_tablet=\u00bb50px\u00bb header_font_size_phone=\u00bb30px\u00bb header_font_size_last_edited=\u00bbon|phone\u00bb custom_css_main_element=\u00bbword-break: normal;\u00bb header_text_shadow_style=\u00bbpreset2&#8243; header_text_shadow_horizontal_length=\u00bb0.04em\u00bb global_colors_info=\u00bb{}\u00bb button_bg_color__hover_enabled=\u00bbon|desktop\u00bb button_bg_color__hover=\u00bb#FFFFFF\u00bb button_bg_enable_color__hover=\u00bbon\u00bb button_border_color__hover_enabled=\u00bbon|desktop\u00bb button_border_color__hover=\u00bbRGBA(255,255,255,0)\u00bb sticky_transition=\u00bbon\u00bb]<\/p>\n<p><span style=\"font-weight: 400;\"><\/span><\/p>\n<p><span style=\"font-weight: 400;\"><strong>El 15 y 16 de Mayo, \u00d3pera Latinoam\u00e9rica (OLA)<\/strong> junto al <strong>Theatro Municipal S\u00e3o Paulo<\/strong> realizar\u00e1n el Foro de comunicaciones y marketing en el cual los profesionales de estas \u00e1reas har\u00e1n una revisi\u00f3n de los nuevos escenarios que ofrecen los entornos digitales emergentes para las artes -como el <strong>Metaverso<\/strong>, la diversificaci\u00f3n de las experiencias inmersivas y su impacto en las comunidades.<\/span><\/p>\n<p>[\/et_pb_slide][\/et_pb_slider][\/et_pb_column][\/et_pb_row][\/et_pb_section][et_pb_section fb_built=\u00bb1&#8243; _builder_version=\u00bb4.20.0&#8243; _module_preset=\u00bbdefault\u00bb custom_padding=\u00bb||3px|||\u00bb global_colors_info=\u00bb{}\u00bb][et_pb_row column_structure=\u00bb1_2,1_2&#8243; _builder_version=\u00bb4.20.0&#8243; _module_preset=\u00bbdefault\u00bb global_colors_info=\u00bb{}\u00bb][et_pb_column type=\u00bb1_2&#8243; _builder_version=\u00bb4.20.0&#8243; _module_preset=\u00bbdefault\u00bb global_colors_info=\u00bb{}\u00bb][et_pb_text _builder_version=\u00bb4.20.2&#8243; _module_preset=\u00bbdefault\u00bb global_colors_info=\u00bb{}\u00bb]<\/p>\n<p>Como ya es tradici\u00f3n, los m\u00e1s de 40 miembros de <span style=\"color: #3a3a3a;\"><a href=\"https:\/\/www.operala.org\/\" style=\"color: #3a3a3a;\">OLA<\/a><\/span> se dar\u00e1n cita por tres d\u00edas este <strong>17, 18 y 19 de mayo<\/strong>, para trabajar en torno a temas relevantes al sector en la ciudad de Manaos, en medio de la selva amaz\u00f3nica de Brasil. Directores, gestores, artistas, managers y especialistas de espacios culturales iberoamericanas, junto a expertos vinculados a las industrias creativas, compartir\u00e1n y reflexionar\u00e1n en torno a los desaf\u00edos y tendencias que hoy enfrentan.<\/p>\n<p>Este 2023, por primera vez en la historia de la OLA, abrimos las puertas de nuestro evento anual a otras organizaciones, teatros, compa\u00f1\u00edas, festivales, productoras, empresas e instituciones que comparten nuestro prop\u00f3sito de promover la creatividad, la circulaci\u00f3n y la innovaci\u00f3n iberoamericana y, en particular, el quehacer de organizaciones culturales de nuestra regi\u00f3n que se vinculan con miles de personas en sus territorios a trav\u00e9s de la m\u00fasica y las artes esc\u00e9nicas.<\/p>\n<p>[\/et_pb_text][\/et_pb_column][et_pb_column type=\u00bb1_2&#8243; _builder_version=\u00bb4.20.0&#8243; _module_preset=\u00bbdefault\u00bb global_colors_info=\u00bb{}\u00bb][et_pb_text _builder_version=\u00bb4.20.2&#8243; _module_preset=\u00bbdefault\u00bb custom_padding=\u00bb||4px|||\u00bb global_colors_info=\u00bb{}\u00bb]<\/p>\n<p>El programa de la <strong>Conferencia Anual \u00d3pera Latinoam\u00e9rica 2023<\/strong> cuenta con una nutrida agenda de actividades, entre ellas, la reuni\u00f3n anual de la asociaci\u00f3n, conferencias, ruedas de negocios, visitas a espacios culturales y participaci\u00f3n en espect\u00e1culos, varias de ellas organizadas con la colaboraci\u00f3n de la Unidad de Creatividad y Cultura del Banco Interamericano de Desarrollo (BID), entre otras entidades.<\/p>\n<p>El preludio a la 16\u00aa Conferencia Anual de \u00d3pera Latinoam\u00e9rica comenzar\u00e1 el 15 y 16 de mayo en el Theatro Municipal de S\u00e3o Paulo con el <strong>Foro de Comunicaciones y Marketing de OLA<\/strong>, que abordar\u00e1 las oportunidades y desaf\u00edos relacionadas a los nuevos entornos digitales y la inteligencia artificial, adem\u00e1s de nuevas formas de desarrollo de comunidades de p\u00fablicos que revelan el impacto que tienen las organizaciones culturales en las personas.<\/p>\n<p>[\/et_pb_text][\/et_pb_column][\/et_pb_row][et_pb_row _builder_version=\u00bb4.20.0&#8243; _module_preset=\u00bbdefault\u00bb global_colors_info=\u00bb{}\u00bb][et_pb_column type=\u00bb4_4&#8243; _builder_version=\u00bb4.20.0&#8243; _module_preset=\u00bbdefault\u00bb global_colors_info=\u00bb{}\u00bb][et_pb_divider color=\u00bb#000000&#8243; divider_weight=\u00bb3px\u00bb _builder_version=\u00bb4.20.0&#8243; _module_preset=\u00bbdefault\u00bb width=\u00bb100px\u00bb max_width=\u00bb100px\u00bb module_alignment=\u00bbcenter\u00bb global_colors_info=\u00bb{}\u00bb][\/et_pb_divider][\/et_pb_column][\/et_pb_row][\/et_pb_section][et_pb_section fb_built=\u00bb1&#8243; module_id=\u00bbola\u00bb _builder_version=\u00bb4.20.0&#8243; _module_preset=\u00bbdefault\u00bb background_color=\u00bb#f7f7f7&#8243; custom_padding=\u00bb100px||0px|||\u00bb global_colors_info=\u00bb{}\u00bb][et_pb_row column_structure=\u00bb1_2,1_2&#8243; _builder_version=\u00bb4.20.2&#8243; _module_preset=\u00bbdefault\u00bb vertical_offset=\u00bb-25px\u00bb min_height=\u00bb602.7px\u00bb custom_margin=\u00bb|auto|-2px|auto||\u00bb custom_padding=\u00bb||0px|||\u00bb global_colors_info=\u00bb{}\u00bb][et_pb_column type=\u00bb1_2&#8243; disabled_on=\u00bbon|off|off\u00bb _builder_version=\u00bb4.20.2&#8243; _module_preset=\u00bbdefault\u00bb custom_padding=\u00bb0px||0px||false|false\u00bb global_colors_info=\u00bb{}\u00bb][et_pb_image src=\u00bbhttps:\/\/www.operala.org\/encuentrosola\/wp-content\/uploads\/2023\/03\/68525861_895784120796914_7026812580702191616_n.jpeg\u00bb title_text=\u00bb68525861_895784120796914_7026812580702191616_n\u00bb _builder_version=\u00bb4.20.0&#8243; _module_preset=\u00bbdefault\u00bb positioning=\u00bbrelative\u00bb horizontal_offset=\u00bb-90px\u00bb z_index=\u00bb10&#8243; width=\u00bb100%\u00bb height=\u00bb300px\u00bb custom_margin=\u00bb||0px|||\u00bb scroll_vertical_motion_enable=\u00bbon\u00bb scroll_vertical_motion=\u00bb0|50|50|100|0.5|0|-1&#8243; global_colors_info=\u00bb{}\u00bb][\/et_pb_image][et_pb_image src=\u00bbhttps:\/\/www.operala.org\/encuentrosola\/wp-content\/uploads\/2023\/02\/www-sergipanizo-cat_220408_ola-operaxxi_w_021-scaled.jpeg\u00bb title_text=\u00bbwww-sergipanizo-cat_220408_ola-operaxxi_w_021&#8243; _builder_version=\u00bb4.20.0&#8243; _module_preset=\u00bbdefault\u00bb positioning=\u00bbrelative\u00bb vertical_offset=\u00bb-140px\u00bb horizontal_offset=\u00bb30px\u00bb z_index=\u00bb5&#8243; width=\u00bb100%\u00bb height=\u00bb300px\u00bb scroll_vertical_motion=\u00bb0|50|50|100|1|0|-4&#8243; motion_trigger_start=\u00bbtop\u00bb global_colors_info=\u00bb{}\u00bb][\/et_pb_image][et_pb_image src=\u00bbhttps:\/\/www.operala.org\/encuentrosola\/wp-content\/uploads\/2023\/03\/67888377_895550530820273_2877345788709568512_n.jpeg\u00bb title_text=\u00bb67888377_895550530820273_2877345788709568512_n\u00bb _builder_version=\u00bb4.20.0&#8243; _module_preset=\u00bbdefault\u00bb positioning=\u00bbrelative\u00bb vertical_offset=\u00bb-232px\u00bb horizontal_offset=\u00bb-56px\u00bb z_index=\u00bb10&#8243; width=\u00bb100%\u00bb height=\u00bb300px\u00bb scroll_vertical_motion_enable=\u00bbon\u00bb scroll_vertical_motion=\u00bb0|50|50|100|0.5|0|-1&#8243; global_colors_info=\u00bb{}\u00bb][\/et_pb_image][\/et_pb_column][et_pb_column type=\u00bb1_2&#8243; _builder_version=\u00bb4.20.0&#8243; _module_preset=\u00bbdefault\u00bb global_colors_info=\u00bb{}\u00bb][et_pb_text content_tablet=\u00bb<\/p>\n<h1>\u00d3pera Latinoam\u00e9rica<\/h1>\n<p>\u00bb content_phone=\u00bb<\/p>\n<h1 style=%22text-align: center;%22><span style=%22color: #5edfb5;%22>\u00d3pera Latinoam\u00e9rica<\/span><\/h1>\n<p>\u00bb content_last_edited=\u00bbon|phone\u00bb _builder_version=\u00bb4.20.2&#8243; _module_preset=\u00bbdefault\u00bb text_font=\u00bbRaleway|700|||||||\u00bb custom_margin=\u00bb|||50px|false|false\u00bb custom_margin_tablet=\u00bb|||50px|false|false\u00bb custom_margin_phone=\u00bb0px|||0px|false|false\u00bb custom_margin_last_edited=\u00bbon|phone\u00bb custom_padding=\u00bb||||false|false\u00bb custom_padding_tablet=\u00bb||||false|false\u00bb custom_padding_phone=\u00bb0px||||false|false\u00bb custom_padding_last_edited=\u00bbon|phone\u00bb global_colors_info=\u00bb{}\u00bb]<\/p>\n<h1>\u00d3pera Latinoam\u00e9rica<\/h1>\n<p>[\/et_pb_text][et_pb_image src=\u00bbhttps:\/\/www.operala.org\/encuentrosola\/wp-content\/uploads\/2023\/03\/67888377_895550530820273_2877345788709568512_n.jpeg\u00bb title_text=\u00bb67888377_895550530820273_2877345788709568512_n\u00bb disabled_on=\u00bboff|on|on\u00bb _builder_version=\u00bb4.20.2&#8243; _module_preset=\u00bbdefault\u00bb global_colors_info=\u00bb{}\u00bb][\/et_pb_image][et_pb_text _builder_version=\u00bb4.20.2&#8243; _module_preset=\u00bbdefault\u00bb text_font=\u00bbRaleway||||||||\u00bb custom_margin=\u00bb|||0px|false|false\u00bb custom_margin_tablet=\u00bb|||0px|false|false\u00bb custom_margin_phone=\u00bb|||0px|false|false\u00bb custom_margin_last_edited=\u00bbon|desktop\u00bb global_colors_info=\u00bb{}\u00bb]<\/p>\n<p><span style=\"font-weight: 400;\">\u00d3pera Latinoam\u00e9rica (OLA) es una organizaci\u00f3n sin fines de lucro y la red de teatros m\u00e1s grande que re\u00fane a m\u00e1s de 40 teatros, festivales y compa\u00f1\u00edas de \u00f3pera m\u00e1s importantes de Iberoam\u00e9rica.<\/span><\/p>\n<p>Est\u00e1 integrada por instituciones de <strong>Argentina<\/strong>, <strong>Brasil<\/strong>, <strong>Chile<\/strong>, <strong>Colombia<\/strong>, <strong>Costa Rica<\/strong>, <strong>Ecuador<\/strong>, <strong>Espa\u00f1a<\/strong>, <strong>M\u00e9xico<\/strong>, <strong>Per\u00fa<\/strong>, <strong>Uruguay<\/strong> y <strong>Venezuela<\/strong>.<\/p>\n<p>Tiene como prop\u00f3sito promover la actividad de los teatros y de las artes de la representaci\u00f3n cl\u00e1sicas en la regi\u00f3n iberoamericana. En sus principales ejes de acci\u00f3n est\u00e1n la creaci\u00f3n de redes de networking, fomento de la innovaci\u00f3n y el impacto social, el compartir buenas pr\u00e1cticas y la producci\u00f3n asociativa.<\/p>\n<p>[\/et_pb_text][\/et_pb_column][\/et_pb_row][et_pb_row _builder_version=\u00bb4.20.0&#8243; _module_preset=\u00bbdefault\u00bb locked=\u00bboff\u00bb global_colors_info=\u00bb{}\u00bb][et_pb_column type=\u00bb4_4&#8243; _builder_version=\u00bb4.20.0&#8243; _module_preset=\u00bbdefault\u00bb global_colors_info=\u00bb{}\u00bb][et_pb_divider color=\u00bb#000000&#8243; divider_weight=\u00bb3px\u00bb _builder_version=\u00bb4.20.0&#8243; _module_preset=\u00bbdefault\u00bb width=\u00bb100px\u00bb max_width=\u00bb100px\u00bb module_alignment=\u00bbcenter\u00bb global_colors_info=\u00bb{}\u00bb][\/et_pb_divider][\/et_pb_column][\/et_pb_row][\/et_pb_section][et_pb_section fb_built=\u00bb1&#8243; module_id=\u00bb2023&#8243; _builder_version=\u00bb4.20.0&#8243; _module_preset=\u00bbdefault\u00bb custom_margin=\u00bb0px|0px|0px|0px|false|false\u00bb custom_padding=\u00bb0px|0px|0px|0px|false|false\u00bb global_colors_info=\u00bb{}\u00bb][et_pb_row _builder_version=\u00bb4.20.2&#8243; _module_preset=\u00bbdefault\u00bb background_color=\u00bb#5edfb5&#8243; background_enable_image=\u00bboff\u00bb parallax=\u00bbon\u00bb background_blend=\u00bbmultiply\u00bb width=\u00bb100%\u00bb max_width=\u00bb100%\u00bb height_tablet=\u00bb\u00bb height_phone=\u00bb\u00bb height_last_edited=\u00bbon|desktop\u00bb custom_padding=\u00bb99px||20px|||\u00bb global_colors_info=\u00bb{}\u00bb][et_pb_column type=\u00bb4_4&#8243; _builder_version=\u00bb4.20.0&#8243; _module_preset=\u00bbdefault\u00bb global_colors_info=\u00bb{}\u00bb][et_pb_text _builder_version=\u00bb4.20.2&#8243; _module_preset=\u00bbdefault\u00bb text_text_color=\u00bb#2a2a2a\u00bb header_text_color=\u00bb#FFFFFF\u00bb text_orientation=\u00bbcenter\u00bb background_layout=\u00bbdark\u00bb max_width=\u00bb75%\u00bb module_alignment=\u00bbcenter\u00bb global_colors_info=\u00bb{}\u00bb]<\/p>\n<h1>16\u00aa Conferencia Anual OLA 2023<\/h1>\n<p>[\/et_pb_text][et_pb_text _builder_version=\u00bb4.20.2&#8243; _module_preset=\u00bbdefault\u00bb text_text_color=\u00bb#2a2a2a\u00bb text_font_size=\u00bb18px\u00bb header_text_align=\u00bbcenter\u00bb header_text_color=\u00bb#FFFFFF\u00bb max_width=\u00bb65%\u00bb module_alignment=\u00bbcenter\u00bb custom_margin=\u00bb||60px||false|false\u00bb global_colors_info=\u00bb{}\u00bb]<\/p>\n<p><span style=\"font-weight: 400;\">Desde el a\u00f1o 2007, <strong>\u00d3pera Latinoam\u00e9rica realiza encuentros anuales de teatros con sedes rotativas<\/strong>. Santiago de Chile, Buenos Aires, Ciudad de M\u00e9xico, Bogot\u00e1, Quito, Montevideo y Barcelona han sido ciudades anfitrionas. Durante 16 a\u00f1os, hemos reunido a cientos de gestores, directores y agentes de la m\u00fasica y las artes esc\u00e9nicas. Del 17 al 21 de mayo 2023, la ciudad de Manaos, Brasil recibir\u00e1 a profesionales de m\u00e1s de 11 pa\u00edses.<\/span><\/p>\n<p><span style=\"font-weight: 400;\">Previamente se celebrar\u00e1 el <strong>Foro de Comunicaciones y marketing<\/strong> de OLA en el Theatro Municipal de S\u00e3o Paulo los d\u00edas 15 y 16 de mayo.<\/span><\/p>\n<p>[\/et_pb_text][\/et_pb_column][\/et_pb_row][et_pb_row _builder_version=\u00bb4.20.0&#8243; _module_preset=\u00bbdefault\u00bb custom_padding=\u00bb80px||60px|||\u00bb global_colors_info=\u00bb{}\u00bb][et_pb_column type=\u00bb4_4&#8243; _builder_version=\u00bb4.20.0&#8243; _module_preset=\u00bbdefault\u00bb global_colors_info=\u00bb{}\u00bb][et_pb_text _builder_version=\u00bb4.20.0&#8243; _module_preset=\u00bbdefault\u00bb text_orientation=\u00bbcenter\u00bb global_colors_info=\u00bb{}\u00bb]<\/p>\n<h2>Participantes<\/h2>\n<p>[\/et_pb_text][\/et_pb_column][\/et_pb_row][et_pb_row column_structure=\u00bb1_4,1_4,1_4,1_4&#8243; custom_padding_last_edited=\u00bbon|phone\u00bb _builder_version=\u00bb4.20.2&#8243; _module_preset=\u00bbdefault\u00bb module_alignment=\u00bbcenter\u00bb custom_padding=\u00bb6px||80px||false|false\u00bb custom_padding_tablet=\u00bb6px||80px||false|false\u00bb custom_padding_phone=\u00bb0px|||10%|false|false\u00bb module_alignment_last_edited=\u00bboff|desktop\u00bb global_colors_info=\u00bb{}\u00bb][et_pb_column type=\u00bb1_4&#8243; _builder_version=\u00bb4.20.0&#8243; _module_preset=\u00bbdefault\u00bb global_colors_info=\u00bb{}\u00bb][et_pb_text module_class=\u00bbbox\u00bb _builder_version=\u00bb4.20.2&#8243; _module_preset=\u00bbdefault\u00bb text_font_size=\u00bb18px\u00bb background_color=\u00bbrgba(94,223,181,0.1)\u00bb width=\u00bb250px\u00bb height=\u00bb200px\u00bb custom_padding=\u00bb20px|15px|20px|20px|false|false\u00bb border_radii=\u00bbon|20px|20px|20px|20px\u00bb border_color_all=\u00bbRGBA(255,255,255,0)\u00bb border_width_right=\u00bb1px\u00bb box_shadow_style=\u00bbpreset3&#8243; box_shadow_horizontal=\u00bb-3px\u00bb box_shadow_vertical=\u00bb5px\u00bb box_shadow_blur=\u00bb14px\u00bb box_shadow_spread=\u00bb-8px\u00bb global_colors_info=\u00bb{}\u00bb]<\/p>\n<p><span style=\"font-weight: 400;\"><strong>M\u00e1s de 50 teatros de \u00f3pera<\/strong>, teatros y festivales de 11 pa\u00edses de Am\u00e9rica Latina, Espa\u00f1a y Estados Unidos<\/span><\/p>\n<p>[\/et_pb_text][\/et_pb_column][et_pb_column type=\u00bb1_4&#8243; _builder_version=\u00bb4.20.0&#8243; _module_preset=\u00bbdefault\u00bb global_colors_info=\u00bb{}\u00bb][et_pb_text module_class=\u00bbbox\u00bb _builder_version=\u00bb4.20.2&#8243; _module_preset=\u00bbdefault\u00bb text_font_size=\u00bb18px\u00bb background_color=\u00bbrgba(94,223,181,0.1)\u00bb width=\u00bb250px\u00bb height=\u00bb200px\u00bb custom_padding=\u00bb20px|15px|20px|20px|false|false\u00bb border_radii=\u00bbon|20px|20px|20px|20px\u00bb border_color_all=\u00bbRGBA(255,255,255,0)\u00bb border_width_right=\u00bb1px\u00bb box_shadow_style=\u00bbpreset3&#8243; box_shadow_horizontal=\u00bb-3px\u00bb box_shadow_vertical=\u00bb5px\u00bb box_shadow_blur=\u00bb14px\u00bb box_shadow_spread=\u00bb-8px\u00bb global_colors_info=\u00bb{}\u00bb]<\/p>\n<p><strong>80% de asistentes:<\/strong> tomadores de decisiones en los teatros Iberoamericanos<\/p>\n<p>[\/et_pb_text][\/et_pb_column][et_pb_column type=\u00bb1_4&#8243; _builder_version=\u00bb4.20.0&#8243; _module_preset=\u00bbdefault\u00bb global_colors_info=\u00bb{}\u00bb][et_pb_text module_class=\u00bbbox\u00bb _builder_version=\u00bb4.20.2&#8243; _module_preset=\u00bbdefault\u00bb text_font_size=\u00bb18px\u00bb background_color=\u00bbrgba(94,223,181,0.1)\u00bb width=\u00bb250px\u00bb height=\u00bb200px\u00bb custom_padding=\u00bb20px|15px|20px|20px|false|false\u00bb border_radii=\u00bbon|20px|20px|20px|20px\u00bb border_color_all=\u00bbRGBA(255,255,255,0)\u00bb border_width_right=\u00bb1px\u00bb box_shadow_style=\u00bbpreset3&#8243; box_shadow_horizontal=\u00bb-3px\u00bb box_shadow_vertical=\u00bb5px\u00bb box_shadow_blur=\u00bb14px\u00bb box_shadow_spread=\u00bb-8px\u00bb global_colors_info=\u00bb{}\u00bb]<\/p>\n<p><span style=\"font-weight: 400;\"><strong>Directores<\/strong> <strong>generales,<\/strong> directores art\u00edsticos, directores de comunicaciones y marketing entre otros<\/span><\/p>\n<p>[\/et_pb_text][\/et_pb_column][et_pb_column type=\u00bb1_4&#8243; _builder_version=\u00bb4.20.0&#8243; _module_preset=\u00bbdefault\u00bb global_colors_info=\u00bb{}\u00bb][et_pb_text module_class=\u00bbbox\u00bb _builder_version=\u00bb4.20.2&#8243; _module_preset=\u00bbdefault\u00bb text_font_size=\u00bb18px\u00bb background_color=\u00bbrgba(94,223,181,0.1)\u00bb width=\u00bb250px\u00bb height=\u00bb200px\u00bb custom_padding=\u00bb20px|15px|20px|20px|false|false\u00bb border_radii=\u00bbon|20px|20px|20px|20px\u00bb border_color_all=\u00bbRGBA(255,255,255,0)\u00bb border_width_right=\u00bb1px\u00bb box_shadow_style=\u00bbpreset3&#8243; box_shadow_horizontal=\u00bb-3px\u00bb box_shadow_vertical=\u00bb5px\u00bb box_shadow_blur=\u00bb14px\u00bb box_shadow_spread=\u00bb-8px\u00bb global_colors_info=\u00bb{}\u00bb]<\/p>\n<p><span style=\"font-weight: 400;\"><strong>Artistas y<\/strong> <strong>gestores<\/strong> del \u00e1mbito musical Iberoamericano y representantes de instituciones locales de Brasil<\/span><span style=\"font-weight: 400;\"><\/span><\/p>\n<p>[\/et_pb_text][\/et_pb_column][\/et_pb_row][et_pb_row disabled_on=\u00bbon|off|off\u00bb _builder_version=\u00bb4.20.2&#8243; _module_preset=\u00bbdefault\u00bb module_alignment=\u00bbcenter\u00bb custom_margin=\u00bb||||false|false\u00bb custom_padding=\u00bb||81px||false|false\u00bb locked=\u00bboff\u00bb global_colors_info=\u00bb{}\u00bb][et_pb_column type=\u00bb4_4&#8243; _builder_version=\u00bb4.20.2&#8243; _module_preset=\u00bbdefault\u00bb global_colors_info=\u00bb{}\u00bb][ba_logo_carousel slide_count=\u00bb4&#8243; carousel_spacing_top=\u00bb35px\u00bb carousel_spacing_bottom=\u00bb35px\u00bb logo_height=\u00bb100px\u00bb logo_width=\u00bb100%\u00bb _builder_version=\u00bb4.20.2&#8243; _module_preset=\u00bbdefault\u00bb module_alignment=\u00bbleft\u00bb custom_margin=\u00bb0px||0px||false|false\u00bb custom_padding=\u00bb0px||0px||false|false\u00bb custom_css_main_element=\u00bbalign-items: center;\u00bb global_colors_info=\u00bb{}\u00bb][ba_logo_carousel_child logo=\u00bbhttps:\/\/www.operala.org\/encuentrosola\/wp-content\/uploads\/2023\/03\/Logo_Completo_OLA_Normal.png\u00bb brand_name=\u00bbOla\u00bb _builder_version=\u00bb4.20.2&#8243; _module_preset=\u00bbdefault\u00bb global_colors_info=\u00bb{}\u00bb][\/ba_logo_carousel_child][ba_logo_carousel_child logo=\u00bbhttps:\/\/www.operala.org\/encuentrosola\/wp-content\/uploads\/2023\/03\/LOGO-FAO-1.png\u00bb brand_name=\u00bbFestival Amazonas de \u00d3pera\u00bb _builder_version=\u00bb4.20.2&#8243; _module_preset=\u00bbdefault\u00bb global_colors_info=\u00bb{}\u00bb][\/ba_logo_carousel_child][ba_logo_carousel_child logo=\u00bbhttps:\/\/www.operala.org\/encuentrosola\/wp-content\/uploads\/2023\/03\/LOGOS-CULTURA-e-GOVERNO-2022-COLOR.png\u00bb brand_name=\u00bbSecretar\u00eda de Cultura y Econom\u00eda Creativa\u00bb _builder_version=\u00bb4.20.2&#8243; _module_preset=\u00bbdefault\u00bb global_colors_info=\u00bb{}\u00bb][\/ba_logo_carousel_child][ba_logo_carousel_child logo=\u00bbhttps:\/\/www.operala.org\/encuentrosola\/wp-content\/uploads\/2023\/03\/OEI_marca_rgb.png\u00bb _builder_version=\u00bb4.20.2&#8243; _module_preset=\u00bbdefault\u00bb global_colors_info=\u00bb{}\u00bb][\/ba_logo_carousel_child][ba_logo_carousel_child logo=\u00bbhttps:\/\/www.operala.org\/encuentrosola\/wp-content\/uploads\/2023\/03\/logo-bid-2.png\u00bb _builder_version=\u00bb4.20.2&#8243; _module_preset=\u00bbdefault\u00bb global_colors_info=\u00bb{}\u00bb][\/ba_logo_carousel_child][ba_logo_carousel_child logo=\u00bbhttps:\/\/www.operala.org\/encuentrosola\/wp-content\/uploads\/2023\/03\/logo-TM-SP.png\u00bb _builder_version=\u00bb4.20.2&#8243; _module_preset=\u00bbdefault\u00bb global_colors_info=\u00bb{}\u00bb][\/ba_logo_carousel_child][ba_logo_carousel_child logo=\u00bbhttps:\/\/www.operala.org\/encuentrosola\/wp-content\/uploads\/2023\/03\/LOGO-OPERA-XXI-ok.jpeg\u00bb _builder_version=\u00bb4.20.2&#8243; _module_preset=\u00bbdefault\u00bb global_colors_info=\u00bb{}\u00bb][\/ba_logo_carousel_child][ba_logo_carousel_child logo=\u00bbhttps:\/\/www.operala.org\/encuentrosola\/wp-content\/uploads\/2023\/04\/Bolero-Logo-Resterized-1.png\u00bb _builder_version=\u00bb4.20.2&#8243; _module_preset=\u00bbdefault\u00bb global_colors_info=\u00bb{}\u00bb][\/ba_logo_carousel_child][\/ba_logo_carousel][ba_logo_grid _builder_version=\u00bb4.20.2&#8243; _module_preset=\u00bbdefault\u00bb global_colors_info=\u00bb{}\u00bb][\/ba_logo_grid][\/et_pb_column][\/et_pb_row][\/et_pb_section][et_pb_section fb_built=\u00bb1&#8243; _builder_version=\u00bb4.20.0&#8243; _module_preset=\u00bbdefault\u00bb background_color=\u00bb#000000&#8243; background_image=\u00bbhttps:\/\/www.operala.org\/encuentrosola\/wp-content\/uploads\/2023\/03\/teatro-amazonas-manaus-0854.jpeg\u00bb parallax=\u00bbon\u00bb custom_margin=\u00bb0px||0px||false|false\u00bb custom_padding=\u00bb0px||0px||false|false\u00bb global_colors_info=\u00bb{}\u00bb][et_pb_row column_structure=\u00bb1_5,3_5,1_5&#8243; _builder_version=\u00bb4.20.0&#8243; _module_preset=\u00bbdefault\u00bb background_color=\u00bbrgba(0,0,0,0.4)\u00bb width=\u00bb100%\u00bb max_width=\u00bb100%\u00bb height=\u00bb100%\u00bb max_height=\u00bb100%\u00bb custom_padding=\u00bb80px||100px|||\u00bb global_colors_info=\u00bb{}\u00bb][et_pb_column type=\u00bb1_5&#8243; _builder_version=\u00bb4.20.0&#8243; _module_preset=\u00bbdefault\u00bb global_colors_info=\u00bb{}\u00bb][\/et_pb_column][et_pb_column type=\u00bb3_5&#8243; _builder_version=\u00bb4.20.0&#8243; _module_preset=\u00bbdefault\u00bb global_colors_info=\u00bb{}\u00bb][et_pb_text admin_label=\u00bbTexto\u00bb _builder_version=\u00bb4.20.2&#8243; _module_preset=\u00bbdefault\u00bb header_text_color=\u00bb#FFFFFF\u00bb text_orientation=\u00bbcenter\u00bb width_tablet=\u00bb\u00bb width_phone=\u00bb65%\u00bb width_last_edited=\u00bbon|phone\u00bb max_width_tablet=\u00bb\u00bb max_width_phone=\u00bb65%\u00bb max_width_last_edited=\u00bbon|phone\u00bb module_alignment=\u00bbcenter\u00bb global_colors_info=\u00bb{}\u00bb]<\/p>\n<h1><span style=\"color: #ffffff;\">Anfitri\u00f3n 2023<\/span><\/h1>\n<h1><span style=\"color: #ffffff;\">Festival Amazonas de \u00d3pera<\/span><\/h1>\n<p>[\/et_pb_text][et_pb_text _builder_version=\u00bb4.20.2&#8243; _module_preset=\u00bbdefault\u00bb text_text_color=\u00bb#FFFFFF\u00bb text_font_size=\u00bb18px\u00bb width_tablet=\u00bb\u00bb width_phone=\u00bb65%\u00bb width_last_edited=\u00bbon|phone\u00bb max_width_tablet=\u00bb\u00bb max_width_phone=\u00bb65%\u00bb max_width_last_edited=\u00bbon|phone\u00bb module_alignment=\u00bbcenter\u00bb text_text_shadow_style=\u00bbpreset2&#8243; global_colors_info=\u00bb{}\u00bb]<\/p>\n<p><span style=\"font-weight: 500;\"><strong>El Festival Amazonas de \u00d3pera <\/strong>es un festival anual de \u00f3pera presentado en el Teatro Amazonas en Manaos, Brasil.<\/span><\/p>\n<p><span style=\"font-weight: 500;\">Fundado en 1997, el Festival Amazonas de \u00d3pera es una prestigiosa instancia que ha apostado, desde sus inicios, por programar \u00f3peras del repertorio tradicional y t\u00edtulos contempor\u00e1neos. El Teatro Amazonas de Manaos es, desde su \u00faltima restauraci\u00f3n, el escenario que acoge el festival.\u00a0<\/span><\/p>\n<p><span style=\"font-weight: 500;\">La Filarm\u00f3nica de Amazonas es la orquesta oficial del Festival, que se realiza todos los a\u00f1os de marzo a mayo. En 2011 la orquesta cumpli\u00f3 15 a\u00f1os consecutivos de participaci\u00f3n en el festival.<\/span><\/p>\n<p>[\/et_pb_text][et_pb_button button_url=\u00bbhttps:\/\/www.operala.org\/encuentrosola\/wp-content\/uploads\/2023\/09\/ProgramaManaos_Web-1.pdf\u00bb url_new_window=\u00bbon\u00bb button_text=\u00bbDescargar el programa\u00bb button_alignment=\u00bbcenter\u00bb _builder_version=\u00bb4.20.2&#8243; _module_preset=\u00bbdefault\u00bb custom_button=\u00bbon\u00bb button_bg_color=\u00bb#FFFFFF\u00bb button_border_color=\u00bbRGBA(255,255,255,0)\u00bb button_border_radius=\u00bb25px\u00bb button_font=\u00bbRaleway|600|||||||\u00bb button_icon=\u00bb&#x24;||divi||400&#8243; button_icon_color=\u00bb#000000&#8243; button_on_hover=\u00bboff\u00bb custom_margin=\u00bb||30px|||\u00bb custom_padding=\u00bb|65px||25px|false|false\u00bb hover_enabled=\u00bb0&#8243; box_shadow_style=\u00bbpreset3&#8243; locked=\u00bboff\u00bb global_colors_info=\u00bb{}\u00bb sticky_enabled=\u00bb0&#8243;][\/et_pb_button][\/et_pb_column][et_pb_column type=\u00bb1_5&#8243; _builder_version=\u00bb4.20.0&#8243; _module_preset=\u00bbdefault\u00bb global_colors_info=\u00bb{}\u00bb][\/et_pb_column][\/et_pb_row][\/et_pb_section][et_pb_section fb_built=\u00bb1&#8243; module_id=\u00bbsumate\u00bb _builder_version=\u00bb4.20.0&#8243; _module_preset=\u00bbdefault\u00bb background_color=\u00bb#2a2a2a\u00bb custom_padding=\u00bb60px||45px|||\u00bb global_colors_info=\u00bb{}\u00bb][et_pb_row _builder_version=\u00bb4.20.0&#8243; _module_preset=\u00bbdefault\u00bb global_colors_info=\u00bb{}\u00bb][et_pb_column type=\u00bb4_4&#8243; _builder_version=\u00bb4.20.0&#8243; _module_preset=\u00bbdefault\u00bb global_colors_info=\u00bb{}\u00bb][et_pb_text content_tablet=\u00bb<\/p>\n<h1>\u00a1Construyamos juntos el futuro creativo de Iberoam\u00e9rica, siendo parte de nuestra Conferencia 2023!<\/h1>\n<\/p>\n<p><span style=%22font-weight: 400;%22>En la Conferencia se re\u00fanen quienes toman las decisiones en estos espacios culturales iberoamericanos. El encuentro anual de OLA es una plataforma dise\u00f1ada para discutir los desaf\u00edos y oportunidades futuras para el sector y, por ende, para sus p\u00fablicos. Al asociarse con \u00d3pera Latinoam\u00e9rica como patrocinador, tu organizaci\u00f3n tendr\u00e1 la oportunidad de ser parte de esos debates, adem\u00e1s de establecer nuevas redes de trabajo y conocer en profundidad el sector cultural.<\/span><\/p>\n<p>\u00bb content_phone=\u00bb<\/p>\n<h3>\u00a1Construyamos juntos el futuro creativo de Iberoam\u00e9rica, siendo parte de nuestra Conferencia 2023!<\/h3>\n<p><span style=%22font-weight: 400;%22><\/span><\/p>\n<p><span style=%22font-weight: 400;%22>En la Conferencia se re\u00fanen quienes toman las decisiones en estos espacios culturales iberoamericanos. El encuentro anual de OLA es una plataforma dise\u00f1ada para discutir los desaf\u00edos y oportunidades futuras para el sector y, por ende, para sus p\u00fablicos. Al asociarse con \u00d3pera Latinoam\u00e9rica como patrocinador, tu organizaci\u00f3n tendr\u00e1 la oportunidad de ser parte de esos debates, adem\u00e1s de establecer nuevas redes de trabajo y conocer en profundidad el sector cultural.<\/span><\/p>\n<p>\u00bb content_last_edited=\u00bbon|phone\u00bb _builder_version=\u00bb4.20.2&#8243; _module_preset=\u00bbdefault\u00bb text_text_color=\u00bb#FFFFFF\u00bb text_orientation=\u00bbcenter\u00bb background_layout=\u00bbdark\u00bb max_width=\u00bb75%\u00bb module_alignment=\u00bbcenter\u00bb text_font_size_tablet=\u00bb\u00bb text_font_size_phone=\u00bb18px\u00bb text_font_size_last_edited=\u00bbon|phone\u00bb global_colors_info=\u00bb{}\u00bb]<\/p>\n<h1>\u00a1Construyamos juntos el futuro creativo de Iberoam\u00e9rica, siendo parte de nuestra Conferencia 2023!<\/h1>\n<p>&nbsp;<\/p>\n<p><span style=\"font-weight: 400;\">En la Conferencia se re\u00fanen quienes toman las decisiones en estos espacios culturales iberoamericanos. El encuentro anual de OLA es una plataforma dise\u00f1ada para discutir los desaf\u00edos y oportunidades futuras para el sector y, por ende, para sus p\u00fablicos. Al asociarse con \u00d3pera Latinoam\u00e9rica como patrocinador, tu organizaci\u00f3n tendr\u00e1 la oportunidad de ser parte de esos debates, adem\u00e1s de establecer nuevas redes de trabajo y conocer en profundidad el sector cultural.<\/span><\/p>\n<p>[\/et_pb_text][\/et_pb_column][\/et_pb_row][\/et_pb_section][et_pb_section fb_built=\u00bb1&#8243; _builder_version=\u00bb4.20.0&#8243; _module_preset=\u00bbdefault\u00bb background_color=\u00bb#f7f7f7&#8243; global_colors_info=\u00bb{}\u00bb][et_pb_row _builder_version=\u00bb4.20.0&#8243; _module_preset=\u00bbdefault\u00bb global_colors_info=\u00bb{}\u00bb][et_pb_column type=\u00bb4_4&#8243; _builder_version=\u00bb4.20.0&#8243; _module_preset=\u00bbdefault\u00bb global_colors_info=\u00bb{}\u00bb][et_pb_text _builder_version=\u00bb4.20.2&#8243; _module_preset=\u00bbdefault\u00bb text_font_size=\u00bb18px\u00bb max_width=\u00bb75%\u00bb module_alignment=\u00bbcenter\u00bb global_colors_info=\u00bb{}\u00bb]<\/p>\n<p>Por primera vez en nuestra historia, abrimos las puertas de la <strong>Conferencia Anual de OLA<\/strong> en Manaos para que organizaciones, compa\u00f1\u00edas, festivales y empresas sean parte de nuestro Encuentro. Conoce a continuaci\u00f3n las formas de participar:<\/p>\n<p>[\/et_pb_text][\/et_pb_column][\/et_pb_row][et_pb_row column_structure=\u00bb1_2,1_2&#8243; _builder_version=\u00bb4.20.0&#8243; _module_preset=\u00bbdefault\u00bb global_colors_info=\u00bb{}\u00bb][et_pb_column type=\u00bb1_2&#8243; _builder_version=\u00bb4.20.0&#8243; _module_preset=\u00bbdefault\u00bb global_colors_info=\u00bb{}\u00bb][et_pb_text content_tablet=\u00bb<\/p>\n<h2 style=%22text-align: center;%22>Organizaciones y agentes culturales<\/h2>\n<\/p>\n<p>Esta categor\u00eda est\u00e1 abierta a todos aquellos profesionales, artistas, empresas y particulares que deseen ampliar su red de contactos, conectar con pares y conocer mejor las tendencias del sector.<\/p>\n<p>\u00bb content_phone=\u00bb<\/p>\n<h2 style=%22text-align: center;%22>Organizaciones y agentes culturales<\/h2>\n<p>\u00bb content_last_edited=\u00bbon|phone\u00bb _builder_version=\u00bb4.20.2&#8243; _module_preset=\u00bbdefault\u00bb height=\u00bb350px\u00bb height_tablet=\u00bb350px\u00bb height_phone=\u00bb100%\u00bb height_last_edited=\u00bbon|phone\u00bb custom_margin=\u00bb||50px|||\u00bb custom_padding=\u00bb20px||20px||false|false\u00bb border_width_top=\u00bb4px\u00bb border_color_top=\u00bb#5edfb5&#8243; border_width_bottom=\u00bb4px\u00bb border_color_bottom=\u00bb#5edfb5&#8243; global_colors_info=\u00bb{}\u00bb]<\/p>\n<h2 style=\"text-align: center;\">Organizaciones y agentes culturales<\/h2>\n<p>&nbsp;<\/p>\n<p>Esta categor\u00eda est\u00e1 abierta a todos aquellos profesionales, artistas, empresas y particulares que deseen ampliar su red de contactos, conectar con pares y conocer mejor las tendencias del sector.<\/p>\n<p>[\/et_pb_text][\/et_pb_column][et_pb_column type=\u00bb1_2&#8243; _builder_version=\u00bb4.20.1&#8243; _module_preset=\u00bbdefault\u00bb global_colors_info=\u00bb{}\u00bb][et_pb_tabs active_tab_background_color=\u00bb#FFFFFF\u00bb inactive_tab_background_color=\u00bb#FFFFFF\u00bb active_tab_text_color=\u00bb#5edfb5&#8243; _builder_version=\u00bb4.20.2&#8243; _module_preset=\u00bbdefault\u00bb tab_font_size=\u00bb16px\u00bb tab_line_height=\u00bb1.4em\u00bb height=\u00bb476px\u00bb height_tablet=\u00bb350px\u00bb height_phone=\u00bb100%\u00bb height_last_edited=\u00bbon|phone\u00bb custom_margin=\u00bb||50px|||\u00bb custom_padding=\u00bb||50px||false|false\u00bb custom_css_tabs_controls=\u00bbheight: 50px;||\u00bb custom_css_tab=\u00bbwidth:100%;||text-align: center;||padding-top: 30px;||border: none;\u00bb border_radii=\u00bbon|10px|10px|10px|10px\u00bb border_width_all=\u00bb0px\u00bb border_color_all=\u00bbRGBA(255,255,255,0)\u00bb box_shadow_style=\u00bbpreset3&#8243; box_shadow_spread=\u00bb-13px\u00bb global_colors_info=\u00bb{}\u00bb][et_pb_tab title=\u00bbOrganizaciones y agentes culturales\u00bb _builder_version=\u00bb4.20.0&#8243; _module_preset=\u00bbdefault\u00bb tab_font=\u00bb|700|||||||\u00bb tab_font_size=\u00bb18px\u00bb custom_padding=\u00bb||||false|false\u00bb global_colors_info=\u00bb{}\u00bb]<\/p>\n<p><strong>\u2014 Participaci\u00f3n en las actividades de la conferencia:<\/strong><\/p>\n<ul>\n<li>Asistencia a todas las actividades de la Conferencia, excepto la Asamblea general de OLA.<\/li>\n<li>Coffee breaks.<\/li>\n<li>Entradas para cuatro estrenos del Festival Amazonas de \u00d3pera, una por persona.<\/li>\n<\/ul>\n<p><strong>\u2014 Precio: 300 USD por persona, <\/strong>para la conferencias de Manaos. <br \/>Participante adicional de la misma organizaci\u00f3n: 200 USD por persona.<\/p>\n<p><strong>*La Conferencia de S\u00e3o Paulo es exclusiva para miembros de OLA.<\/strong><\/p>\n<p>[\/et_pb_tab][\/et_pb_tabs][et_pb_tabs active_tab_background_color=\u00bb#5edfb5&#8243; inactive_tab_background_color=\u00bb#FFFFFF\u00bb active_tab_text_color=\u00bb#FFFFFF\u00bb disabled_on=\u00bbon|on|on\u00bb _builder_version=\u00bb4.20.0&#8243; _module_preset=\u00bbdefault\u00bb tab_font_size=\u00bb16px\u00bb tab_line_height=\u00bb1.4em\u00bb custom_padding=\u00bb|||30px|false|false\u00bb custom_css_tabs_controls=\u00bbheight: 50px;||\u00bb custom_css_tab=\u00bbwidth:50%;||text-align: center;||padding-top: 30px;||\u00bb border_radii=\u00bbon|10px|10px|10px|10px\u00bb border_width_all=\u00bb0px\u00bb border_color_all=\u00bbRGBA(255,255,255,0)\u00bb box_shadow_style=\u00bbpreset3&#8243; box_shadow_spread=\u00bb-13px\u00bb disabled=\u00bbon\u00bb global_colors_info=\u00bb{}\u00bb][et_pb_tab title=\u00bbPatrocinador principal\u00bb _builder_version=\u00bb4.20.0&#8243; _module_preset=\u00bbdefault\u00bb global_colors_info=\u00bb{}\u00bb]<\/p>\n<p><strong>\u2014 Participaci\u00f3n en las actividades de la conferencia:<\/strong><\/p>\n<ul>\n<li>Anfitri\u00f3n de la recepci\u00f3n de bienvenida, actividad que lleva el nombre de la empresa.<\/li>\n<li>Presentaci\u00f3n de una conferencia de la empresa o participaci\u00f3n de un representante de la empresa en un panel de conversaci\u00f3n.<\/li>\n<li>Stand de la empresa en el sal\u00f3n principal del Palacio de Justicia donde se llevar\u00e1 a cabo la conferencia.<\/li>\n<li>Asistencia a todas las actividades de la Conferencia, excepto la Asamblea general de OLA.<\/li>\n<li>Entradas para cuatro estrenos del Festival Amazonas de \u00d3pera, una por persona.<\/li>\n<li>Art\u00edculo especial en el sitio web y bolet\u00edn OLA.<\/li>\n<\/ul>\n<p><strong>\u2014 Presencia de marca:<\/strong><\/p>\n<ul>\n<li>Logo de la empresa en los dossier, sitio web, cartas, newsletter y redes sociales de OLA durante un a\u00f1o.<\/li>\n<li>Inclusi\u00f3n del logo de la empresa el kit digital que se comparte con los teatros que participan, para la difusi\u00f3n que ellos hacen de la Conferencia en sus plataformas.<\/li>\n<li>Logo de la empresa en las bolsas y etiquetas de bienvenida.<\/li>\n<li>Entradas para cuatro estrenos del Festival Amazonas de \u00d3pera, para dos personas.<\/li>\n<\/ul>\n<p><strong>\u2014 Precio: X.000 USD<\/strong><\/p>\n<p>[\/et_pb_tab][et_pb_tab title=\u00bbAuspiciador\u00bb _builder_version=\u00bb4.20.0&#8243; _module_preset=\u00bbdefault\u00bb global_colors_info=\u00bb{}\u00bb]<\/p>\n<p><strong>\u2014 Participaci\u00f3n en las actividades de la conferencia:<\/strong><\/p>\n<ul>\n<li>Participaci\u00f3n de un representante de la empresa en un panel de conversaci\u00f3n.<\/li>\n<li>Anfitri\u00f3n de los coffee break.<\/li>\n<li>Stand de la empresa en el sal\u00f3n principal del Palacio de Justicia donde se llevar\u00e1 a cabo la conferencia.<\/li>\n<li>Asistencia a todas las actividades de la Conferencia, excepto la Asamblea general de OLA.<\/li>\n<li>Entradas para cuatro estrenos del Festival Amazonas de \u00d3pera, una por persona.<\/li>\n<\/ul>\n<p><strong>\u2014 Presencia de marca:<\/strong><\/p>\n<ul>\n<li>Inclusi\u00f3n de un art\u00edculo promocional en la bolsa de bienvenida.<\/li>\n<li>Logo de la empresa en los dossier, sitio web, cartas, newsletter y redes sociales de<br \/>OLA durante los meses previos a la conferencia.<\/li>\n<li>Entradas para cuatro estrenos del Festival Amazonas de \u00d3pera, para dos personas.<\/li>\n<\/ul>\n<p><strong>\u2014 Precio: x.000 USD<\/strong><\/p>\n<p>[\/et_pb_tab][\/et_pb_tabs][\/et_pb_column][\/et_pb_row][\/et_pb_section][et_pb_section fb_built=\u00bb1&#8243; _builder_version=\u00bb4.20.2&#8243; _module_preset=\u00bbdefault\u00bb background_color=\u00bb#5edfb5&#8243; custom_padding=\u00bb50px||0px||false|false\u00bb global_colors_info=\u00bb{}\u00bb][et_pb_row _builder_version=\u00bb4.20.0&#8243; _module_preset=\u00bbdefault\u00bb global_colors_info=\u00bb{}\u00bb][et_pb_column type=\u00bb4_4&#8243; _builder_version=\u00bb4.20.0&#8243; _module_preset=\u00bbdefault\u00bb global_colors_info=\u00bb{}\u00bb][et_pb_text _builder_version=\u00bb4.20.2&#8243; _module_preset=\u00bbdefault\u00bb max_width=\u00bb65%\u00bb module_alignment=\u00bbcenter\u00bb custom_margin=\u00bb||50px|||\u00bb custom_padding=\u00bb20px||||false|false\u00bb border_color_all=\u00bb#FFFFFF\u00bb global_colors_info=\u00bb{}\u00bb]<\/p>\n<h2 style=\"text-align: center;\">Participaci\u00f3n para<br \/>Empresas<\/h2>\n<p>&nbsp;<\/p>\n<p>Patrocinar la <strong>Conferencia Anual de \u00d3pera Latinoam\u00e9rica 2023<\/strong> implica ser parte de una red internacional de organizaciones culturales que se vinculan con miles de personas de sus territorios a trav\u00e9s de la m\u00fasica y las artes esc\u00e9nicas y que, con ello, contribuyen a reforzar el desarrollo integral de las personas.<\/p>\n<p>[\/et_pb_text][et_pb_divider color=\u00bb#000000&#8243; divider_weight=\u00bb3px\u00bb _builder_version=\u00bb4.20.0&#8243; _module_preset=\u00bbdefault\u00bb width=\u00bb100px\u00bb max_width=\u00bb100px\u00bb module_alignment=\u00bbcenter\u00bb global_colors_info=\u00bb{}\u00bb][\/et_pb_divider][\/et_pb_column][\/et_pb_row][et_pb_row column_structure=\u00bb1_2,1_2&#8243; _builder_version=\u00bb4.20.0&#8243; _module_preset=\u00bbdefault\u00bb width=\u00bb70%\u00bb global_colors_info=\u00bb{}\u00bb][et_pb_column type=\u00bb1_2&#8243; _builder_version=\u00bb4.20.0&#8243; _module_preset=\u00bbdefault\u00bb global_colors_info=\u00bb{}\u00bb][et_pb_text _builder_version=\u00bb4.20.2&#8243; _module_preset=\u00bbdefault\u00bb text_text_color=\u00bb#000000&#8243; text_font_size=\u00bb14px\u00bb text_letter_spacing=\u00bb0.3px\u00bb min_height=\u00bb990px\u00bb min_height_tablet=\u00bb990px\u00bb min_height_phone=\u00bb100%\u00bb min_height_last_edited=\u00bbon|phone\u00bb height=\u00bb100vh\u00bb height_tablet=\u00bb100vh\u00bb height_phone=\u00bb100%\u00bb height_last_edited=\u00bbon|phone\u00bb custom_margin=\u00bb|0px|||false|false\u00bb custom_padding=\u00bb15px|15px|15px|15px|false|false\u00bb border_radii=\u00bbon|10px|10px|10px|10px\u00bb border_width_all=\u00bb2px\u00bb border_color_all=\u00bb#FFFFFF\u00bb global_colors_info=\u00bb{}\u00bb]<\/p>\n<h1 style=\"text-align: center;\"><span style=\"color: #ffffff;\">Patrocinador principal<\/span><\/h1>\n<p style=\"text-align: center;\">\n<hr style=\"border-color: #ffffff; border-top: 0px;\" \/>\n<p>&nbsp;<\/p>\n<h6>\u2014Participaci\u00f3n en las actividades de la conferencia:<\/h6>\n<ul>\n<li>Anfitri\u00f3n de la recepci\u00f3n de bienvenida, actividad que lleva el nombre de la empresa.<\/li>\n<li>Presentaci\u00f3n de una conferencia de la empresa o participaci\u00f3n de un representante de la empresa en un panel de conversaci\u00f3n.<\/li>\n<li>Stand de la empresa en el sal\u00f3n principal del Palacio de Justicia donde se llevar\u00e1 a cabo la conferencia.<\/li>\n<li>Asistencia a todas las actividades de la Conferencia, excepto la Asamblea general de OLA.<\/li>\n<li>Entradas para cuatro estrenos del Festival Amazonas de \u00d3pera, para dos personas.<\/li>\n<\/ul>\n<h6>\u2014Art\u00edculo especial en el sitio web y bolet\u00edn OLA.<\/h6>\n<h6>\u2014Presencia de marca:<\/h6>\n<ul>\n<li>Logo de la empresa en los dossier, sitio web, newsletter y redes sociales de OLA durante un a\u00f1o.<\/li>\n<li>Inclusi\u00f3n del logo de la empresa en el kit digital que se comparte con los teatros que participan, para la difusi\u00f3n que ellos hacen de la Conferencia en sus plataformas.<\/li>\n<li>Logo de la empresa en las bolsas y credenciales de los participantes.<\/li>\n<\/ul>\n<p>&nbsp;<\/p>\n<p>[\/et_pb_text][\/et_pb_column][et_pb_column type=\u00bb1_2&#8243; _builder_version=\u00bb4.20.0&#8243; _module_preset=\u00bbdefault\u00bb global_colors_info=\u00bb{}\u00bb][et_pb_text _builder_version=\u00bb4.20.2&#8243; _module_preset=\u00bbdefault\u00bb text_text_color=\u00bb#000000&#8243; text_font_size=\u00bb14px\u00bb text_letter_spacing=\u00bb0.3px\u00bb min_height=\u00bb990px\u00bb min_height_tablet=\u00bb990px\u00bb min_height_phone=\u00bb100%\u00bb min_height_last_edited=\u00bbon|phone\u00bb height=\u00bb100vh\u00bb height_tablet=\u00bb100vh\u00bb height_phone=\u00bb100%\u00bb height_last_edited=\u00bbon|phone\u00bb custom_margin=\u00bb|0px|||false|false\u00bb custom_padding=\u00bb15px|15px|15px|15px|false|false\u00bb border_radii=\u00bbon|10px|10px|10px|10px\u00bb border_width_all=\u00bb2px\u00bb border_color_all=\u00bb#FFFFFF\u00bb global_colors_info=\u00bb{}\u00bb]<\/p>\n<h1 style=\"text-align: center;\"><span style=\"color: #ffffff;\">Auspiciador<\/span><\/h1>\n<hr style=\"border-color: #ffffff; border-top: 0px;\" \/>\n<p>&nbsp;<\/p>\n<h6>\u2014Participaci\u00f3n en las actividades de la conferencia:<\/h6>\n<ul>\n<li>Participaci\u00f3n de un representante de la empresa en un panel de conversaci\u00f3n.<\/li>\n<li>Anfitri\u00f3n de los coffee break.<\/li>\n<li>Stand de la empresa en el sal\u00f3n principal del Palacio de Justicia donde se llevar\u00e1 a cabo la conferencia.<\/li>\n<li>Asistencia a todas las actividades de la Conferencia, excepto la Asamblea general de OLA.<\/li>\n<li>Entradas para cuatro estrenos del Festival Amazonas de \u00d3pera, una por persona.<\/li>\n<\/ul>\n<h6>\u2014Presencia de marca:<\/h6>\n<ul>\n<li>Inclusi\u00f3n de un art\u00edculo promocional en la bolsa de bienvenida.<\/li>\n<li>Logo de la empresa en los dossier, sitio web, cartas, newsletter y redes sociales de<br \/>OLA durante los meses previos a la conferencia.<\/li>\n<\/ul>\n<p>&nbsp;<\/p>\n<p>[\/et_pb_text][\/et_pb_column][\/et_pb_row][et_pb_row _builder_version=\u00bb4.20.2&#8243; _module_preset=\u00bbdefault\u00bb custom_padding=\u00bb60px||60px|||\u00bb global_colors_info=\u00bb{}\u00bb][et_pb_column type=\u00bb4_4&#8243; _builder_version=\u00bb4.20.2&#8243; _module_preset=\u00bbdefault\u00bb global_colors_info=\u00bb{}\u00bb][\/et_pb_column][\/et_pb_row][et_pb_row _builder_version=\u00bb4.20.2&#8243; _module_preset=\u00bbdefault\u00bb background_color=\u00bb#FFFFFF\u00bb width=\u00bb100%\u00bb max_width=\u00bb100%\u00bb custom_margin=\u00bb||0px||false|false\u00bb custom_padding=\u00bb50px||50px||false|false\u00bb global_colors_info=\u00bb{}\u00bb][et_pb_column type=\u00bb4_4&#8243; _builder_version=\u00bb4.20.2&#8243; _module_preset=\u00bbdefault\u00bb global_colors_info=\u00bb{}\u00bb][et_pb_blurb use_icon=\u00bbon\u00bb font_icon=\u00bb&#xf0e0;||fa||400&#8243; icon_placement=\u00bbleft\u00bb content_max_width=\u00bb638px\u00bb font_icon_tablet=\u00bb\uf0e0||fa||400&#8243; font_icon_phone=\u00bb\uf0e0||fa||400&#8243; font_icon_last_edited=\u00bbon|phone\u00bb icon_placement_tablet=\u00bbleft\u00bb icon_placement_phone=\u00bbtop\u00bb icon_placement_last_edited=\u00bbon|phone\u00bb image_icon_width_tablet=\u00bb\u00bb image_icon_width_phone=\u00bb55px\u00bb image_icon_width_last_edited=\u00bbon|phone\u00bb content_max_width_tablet=\u00bb638px\u00bb content_max_width_phone=\u00bb100%\u00bb content_max_width_last_edited=\u00bbon|phone\u00bb _builder_version=\u00bb4.20.2&#8243; _module_preset=\u00bbdefault\u00bb header_font=\u00bbDM Sans||||||||\u00bb header_text_align=\u00bbleft\u00bb header_font_size=\u00bb18px\u00bb body_font_size=\u00bb18px\u00bb image_icon_custom_margin=\u00bb0px||0px||false|false\u00bb image_icon_custom_padding=\u00bb0px||0px||false|false\u00bb module_alignment=\u00bbleft\u00bb custom_padding=\u00bb0px||2px||false|false\u00bb header_text_align_tablet=\u00bbleft\u00bb header_text_align_phone=\u00bbcenter\u00bb header_text_align_last_edited=\u00bbon|phone\u00bb header_font_size_tablet=\u00bb18px\u00bb header_font_size_phone=\u00bb18px\u00bb header_font_size_last_edited=\u00bbon|phone\u00bb text_orientation_tablet=\u00bb\u00bb text_orientation_phone=\u00bbcenter\u00bb text_orientation_last_edited=\u00bbon|phone\u00bb custom_css_blurb_content=\u00bbpadding-top:0px;\u00bb global_colors_info=\u00bb{}\u00bb]<\/p>\n<p><strong>Solicita m\u00e1s informaci\u00f3n en<\/strong>: pricciardi@operala.org<\/p>\n<p>[\/et_pb_blurb][\/et_pb_column][\/et_pb_row][\/et_pb_section][et_pb_section fb_built=\u00bb1&#8243; disabled_on=\u00bbon|on|on\u00bb admin_label=\u00bbschedules section\u00bb module_id=\u00bbprograma\u00bb module_class=\u00bbno-traducir\u00bb _builder_version=\u00bb4.20.2&#8243; custom_padding=\u00bb100px||100px|\u00bb animation_style=\u00bbzoom\u00bb animation_intensity_zoom=\u00bb10%\u00bb disabled=\u00bbon\u00bb locked=\u00bboff\u00bb global_colors_info=\u00bb{}\u00bb][et_pb_row _builder_version=\u00bb4.16&#8243; custom_padding=\u00bb10px|0px|10px|0px\u00bb border_color_all=\u00bb#4646c4&#8243; border_width_bottom=\u00bb3px\u00bb global_colors_info=\u00bb{}\u00bb][et_pb_column type=\u00bb4_4&#8243; _builder_version=\u00bb4.16&#8243; custom_padding=\u00bb|||\u00bb global_colors_info=\u00bb{}\u00bb custom_padding__hover=\u00bb|||\u00bb][et_pb_text _builder_version=\u00bb4.16&#8243; text_font=\u00bb||||||||\u00bb header_font=\u00bb||||||||\u00bb header_2_font=\u00bb|700|||||||\u00bb header_2_line_height=\u00bb1.4em\u00bb global_colors_info=\u00bb{}\u00bb]<\/p>\n<h2>Programa<\/h2>\n<p>[\/et_pb_text][et_pb_text _builder_version=\u00bb4.16&#8243; text_font=\u00bb||||||||\u00bb header_font=\u00bb||||||||\u00bb header_2_font=\u00bb|700|||||||\u00bb header_2_line_height=\u00bb1.4em\u00bb global_colors_info=\u00bb{}\u00bb]<\/p>\n<h2>Day 1 &#8211; Wednesday Nov, 23<\/h2>\n<p>[\/et_pb_text][\/et_pb_column][\/et_pb_row][et_pb_row column_structure=\u00bb1_4,3_4&#8243; admin_label=\u00bbTiming and speaker\u00bb _builder_version=\u00bb4.16&#8243; custom_padding=\u00bb40px|0px|40px|0px\u00bb border_color_all=\u00bb#e1e3e5&#8243; border_width_top=\u00bb1px\u00bb global_colors_info=\u00bb{}\u00bb][et_pb_column type=\u00bb1_4&#8243; _builder_version=\u00bb4.16&#8243; custom_padding=\u00bb|||\u00bb global_colors_info=\u00bb{}\u00bb custom_padding__hover=\u00bb|||\u00bb][et_pb_blurb title=\u00bb9:00am \u2013 9:30am\u00bb use_icon=\u00bbon\u00bb font_icon=\u00bb&#x7d;||divi||400&#8243; icon_color=\u00bb#a9aab7&#8243; icon_placement=\u00bbleft\u00bb image_icon_width=\u00bb24px\u00bb _builder_version=\u00bb4.16&#8243; header_font=\u00bb|||on|||||\u00bb header_font_size=\u00bb14px\u00bb header_letter_spacing=\u00bb1px\u00bb header_line_height=\u00bb24px\u00bb body_font=\u00bb||||||||\u00bb custom_margin=\u00bb|||\u00bb icon_font_size=\u00bb24px\u00bb global_colors_info=\u00bb{}\u00bb][\/et_pb_blurb][et_pb_blurb title=\u00bbMain Hall\u00bb use_icon=\u00bbon\u00bb font_icon=\u00bb&#xe01d;||divi||400&#8243; icon_color=\u00bb#a9aab7&#8243; icon_placement=\u00bbleft\u00bb image_icon_width=\u00bb24px\u00bb _builder_version=\u00bb4.16&#8243; header_font=\u00bb|||on|||||\u00bb header_font_size=\u00bb14px\u00bb header_letter_spacing=\u00bb1px\u00bb header_line_height=\u00bb24px\u00bb body_font=\u00bb||||||||\u00bb custom_margin=\u00bb|||\u00bb icon_font_size=\u00bb24px\u00bb global_colors_info=\u00bb{}\u00bb][\/et_pb_blurb][\/et_pb_column][et_pb_column type=\u00bb3_4&#8243; _builder_version=\u00bb4.16&#8243; custom_padding=\u00bb|||\u00bb global_colors_info=\u00bb{}\u00bb custom_padding__hover=\u00bb|||\u00bb][et_pb_text _builder_version=\u00bb4.16&#8243; text_font=\u00bb||||||||\u00bb text_line_height=\u00bb1.8em\u00bb link_font=\u00bb||||||||\u00bb link_text_color=\u00bb#4646c4&#8243; header_font=\u00bb||||||||\u00bb header_3_font=\u00bbMerriweather|700|||||||\u00bb header_3_text_color=\u00bb#4646c4&#8243; header_3_line_height=\u00bb1.3em\u00bb custom_margin=\u00bb||20px|\u00bb global_colors_info=\u00bb{}\u00bb]<\/p>\n<h3>Opening Statements<\/h3>\n<p>By <a href=\"#\">Amir Ali ,<\/a>Event Coordinator<br \/>\n[\/et_pb_text][et_pb_toggle title=\u00bbMauris id finibus tortor sed urna velit sagittis ut tristique a finibus id mauris\u00bb closed_toggle_background_color=\u00bb#ffffff\u00bb icon_color=\u00bb#4646c4&#8243; open_icon_color=\u00bb#4646c4&#8243; _builder_version=\u00bb4.16&#8243; title_font=\u00bb||||||||\u00bb title_font_size=\u00bb18px\u00bb title_line_height=\u00bb1.8em\u00bb body_font=\u00bb||||||||\u00bb body_font_size=\u00bb18px\u00bb body_line_height=\u00bb1.8em\u00bb custom_margin=\u00bb|||\u00bb custom_padding=\u00bb0px|0px|0px|0px\u00bb border_width_all=\u00bb0px\u00bb global_colors_info=\u00bb{}\u00bb]Mauris id finibus tortor. Sed urna velit, sagittis ut tristique a, finibus id mauris. Morbi euismod purus eget orci lobortis, consequat tempus nisi iaculis. Sed porta odio vitae nunc molestie euismod. Ut dui erat, faucibus non ipsum quis, aliquet odio.\u00a0Mauris id finibus tortor. Sed urna velit, sagittis ut tristique a, finibus id mauris. Morbi euismod purus eget orci lobortis, consequat tempus nisi iaculis. Sed porta odio vitae nunc molestie euismod.<br \/>\n[\/et_pb_toggle][\/et_pb_column][\/et_pb_row][et_pb_row column_structure=\u00bb1_4,3_4&#8243; admin_label=\u00bbTiming and speaker\u00bb _builder_version=\u00bb4.16&#8243; custom_padding=\u00bb40px|0px|40px|0px\u00bb border_color_all=\u00bb#e1e3e5&#8243; border_width_top=\u00bb1px\u00bb global_colors_info=\u00bb{}\u00bb][et_pb_column type=\u00bb1_4&#8243; _builder_version=\u00bb4.16&#8243; custom_padding=\u00bb|||\u00bb global_colors_info=\u00bb{}\u00bb custom_padding__hover=\u00bb|||\u00bb][et_pb_blurb title=\u00bb11:00am \u2013 12:00pm\u00bb use_icon=\u00bbon\u00bb font_icon=\u00bb&#x7d;||divi||400&#8243; icon_color=\u00bb#a9aab7&#8243; icon_placement=\u00bbleft\u00bb image_icon_width=\u00bb24px\u00bb _builder_version=\u00bb4.16&#8243; header_font=\u00bb|||on|||||\u00bb header_font_size=\u00bb14px\u00bb header_letter_spacing=\u00bb1px\u00bb header_line_height=\u00bb24px\u00bb body_font=\u00bb||||||||\u00bb custom_margin=\u00bb|||\u00bb icon_font_size=\u00bb24px\u00bb global_colors_info=\u00bb{}\u00bb][\/et_pb_blurb][et_pb_blurb title=\u00bbRoom 3&#8243; use_icon=\u00bbon\u00bb font_icon=\u00bb&#xe01d;||divi||400&#8243; icon_color=\u00bb#a9aab7&#8243; icon_placement=\u00bbleft\u00bb image_icon_width=\u00bb24px\u00bb _builder_version=\u00bb4.16&#8243; header_font=\u00bb|||on|||||\u00bb header_font_size=\u00bb14px\u00bb header_letter_spacing=\u00bb1px\u00bb header_line_height=\u00bb24px\u00bb body_font=\u00bb||||||||\u00bb custom_margin=\u00bb|||\u00bb icon_font_size=\u00bb24px\u00bb global_colors_info=\u00bb{}\u00bb][\/et_pb_blurb][\/et_pb_column][et_pb_column type=\u00bb3_4&#8243; _builder_version=\u00bb4.16&#8243; custom_padding=\u00bb|||\u00bb global_colors_info=\u00bb{}\u00bb custom_padding__hover=\u00bb|||\u00bb][et_pb_text _builder_version=\u00bb4.16&#8243; text_font=\u00bb||||||||\u00bb text_line_height=\u00bb1.8em\u00bb link_font=\u00bb||||||||\u00bb link_text_color=\u00bb#4646c4&#8243; header_font=\u00bb||||||||\u00bb header_3_font=\u00bbMerriweather|700|||||||\u00bb header_3_text_color=\u00bb#4646c4&#8243; header_3_line_height=\u00bb1.3em\u00bb custom_margin=\u00bb||20px|\u00bb global_colors_info=\u00bb{}\u00bb]<\/p>\n<h3>Designing For Mobile Devices<\/h3>\n<p>By <a href=\"#\">John Doe<\/a>, Mobile Designer<br \/>\n[\/et_pb_text][et_pb_toggle title=\u00bbMauris id finibus tortor sed urna velit sagittis ut tristique a finibus id mauris\u00bb closed_toggle_background_color=\u00bb#ffffff\u00bb icon_color=\u00bb#4646c4&#8243; open_icon_color=\u00bb#4646c4&#8243; _builder_version=\u00bb4.16&#8243; title_font=\u00bb||||||||\u00bb title_font_size=\u00bb18px\u00bb title_line_height=\u00bb1.8em\u00bb body_font=\u00bb||||||||\u00bb body_font_size=\u00bb18px\u00bb body_line_height=\u00bb1.8em\u00bb custom_margin=\u00bb|||\u00bb custom_padding=\u00bb0px|0px|0px|0px\u00bb border_width_all=\u00bb0px\u00bb locked=\u00bboff\u00bb global_colors_info=\u00bb{}\u00bb]Mauris id finibus tortor. Sed urna velit, sagittis ut tristique a, finibus id mauris. Morbi euismod purus eget orci lobortis, consequat tempus nisi iaculis. Sed porta odio vitae nunc molestie euismod. Ut dui erat, faucibus non ipsum quis, aliquet odio.<br \/>\n[\/et_pb_toggle][\/et_pb_column][\/et_pb_row][et_pb_row column_structure=\u00bb1_4,3_4&#8243; admin_label=\u00bbTiming and speaker\u00bb _builder_version=\u00bb4.16&#8243; custom_padding=\u00bb40px|0px|40px|0px\u00bb border_color_all=\u00bb#e1e3e5&#8243; border_width_top=\u00bb1px\u00bb global_colors_info=\u00bb{}\u00bb][et_pb_column type=\u00bb1_4&#8243; _builder_version=\u00bb4.16&#8243; custom_padding=\u00bb|||\u00bb global_colors_info=\u00bb{}\u00bb custom_padding__hover=\u00bb|||\u00bb][et_pb_blurb title=\u00bb1:30PM \u2013 2:3pm\u00bb use_icon=\u00bbon\u00bb font_icon=\u00bb&#x7d;||divi||400&#8243; icon_color=\u00bb#a9aab7&#8243; icon_placement=\u00bbleft\u00bb image_icon_width=\u00bb24px\u00bb _builder_version=\u00bb4.16&#8243; header_font=\u00bb|||on|||||\u00bb header_font_size=\u00bb14px\u00bb header_letter_spacing=\u00bb1px\u00bb header_line_height=\u00bb24px\u00bb body_font=\u00bb||||||||\u00bb custom_margin=\u00bb|||\u00bb icon_font_size=\u00bb24px\u00bb global_colors_info=\u00bb{}\u00bb][\/et_pb_blurb][et_pb_blurb title=\u00bbRoom 2&#8243; use_icon=\u00bbon\u00bb font_icon=\u00bb&#xe01d;||divi||400&#8243; icon_color=\u00bb#a9aab7&#8243; icon_placement=\u00bbleft\u00bb image_icon_width=\u00bb24px\u00bb _builder_version=\u00bb4.16&#8243; header_font=\u00bb|||on|||||\u00bb header_font_size=\u00bb14px\u00bb header_letter_spacing=\u00bb1px\u00bb header_line_height=\u00bb24px\u00bb body_font=\u00bb||||||||\u00bb custom_margin=\u00bb|||\u00bb icon_font_size=\u00bb24px\u00bb global_colors_info=\u00bb{}\u00bb][\/et_pb_blurb][\/et_pb_column][et_pb_column type=\u00bb3_4&#8243; _builder_version=\u00bb4.16&#8243; custom_padding=\u00bb|||\u00bb global_colors_info=\u00bb{}\u00bb custom_padding__hover=\u00bb|||\u00bb][et_pb_text _builder_version=\u00bb4.16&#8243; text_font=\u00bb||||||||\u00bb text_line_height=\u00bb1.8em\u00bb link_font=\u00bb||||||||\u00bb link_text_color=\u00bb#4646c4&#8243; header_font=\u00bb||||||||\u00bb header_3_font=\u00bbMerriweather|700|||||||\u00bb header_3_text_color=\u00bb#4646c4&#8243; header_3_line_height=\u00bb1.3em\u00bb custom_margin=\u00bb||20px|\u00bb global_colors_info=\u00bb{}\u00bb]<\/p>\n<h3>Giving Your Brand a Voice<\/h3>\n<p>By <a href=\"#\">Jason Roberts<\/a>, Content Strategist<br \/>\n[\/et_pb_text][et_pb_toggle title=\u00bbMauris id finibus tortor sed urna velit sagittis ut tristique a finibus id mauris\u00bb closed_toggle_background_color=\u00bb#ffffff\u00bb icon_color=\u00bb#4646c4&#8243; open_icon_color=\u00bb#4646c4&#8243; _builder_version=\u00bb4.16&#8243; title_font=\u00bb||||||||\u00bb title_font_size=\u00bb18px\u00bb title_line_height=\u00bb1.8em\u00bb body_font=\u00bb||||||||\u00bb body_font_size=\u00bb18px\u00bb body_line_height=\u00bb1.8em\u00bb custom_margin=\u00bb|||\u00bb custom_padding=\u00bb0px|0px|0px|0px\u00bb border_width_all=\u00bb0px\u00bb locked=\u00bboff\u00bb global_colors_info=\u00bb{}\u00bb]Mauris id finibus tortor. Sed urna velit, sagittis ut tristique a, finibus id mauris. Morbi euismod purus eget orci lobortis, consequat tempus nisi iaculis. Sed porta odio vitae nunc molestie euismod. Ut dui erat, faucibus non ipsum quis, aliquet odio.<br \/>\n[\/et_pb_toggle][\/et_pb_column][\/et_pb_row][et_pb_row _builder_version=\u00bb4.20.0&#8243; _module_preset=\u00bbdefault\u00bb global_colors_info=\u00bb{}\u00bb][et_pb_column type=\u00bb4_4&#8243; _builder_version=\u00bb4.20.0&#8243; _module_preset=\u00bbdefault\u00bb global_colors_info=\u00bb{}\u00bb][et_pb_button button_text=\u00bbDescarga el programa\u00bb _builder_version=\u00bb4.20.0&#8243; _module_preset=\u00bbdefault\u00bb global_colors_info=\u00bb{}\u00bb][\/et_pb_button][\/et_pb_column][\/et_pb_row][\/et_pb_section][et_pb_section fb_built=\u00bb1&#8243; module_id=\u00bbspeakers\u00bb module_class=\u00bbno-traducir\u00bb _builder_version=\u00bb4.20.2&#8243; _module_preset=\u00bbdefault\u00bb background_color=\u00bb#f7f7f7&#8243; custom_padding=\u00bb||120px|||\u00bb global_colors_info=\u00bb{}\u00bb][et_pb_row _builder_version=\u00bb4.20.0&#8243; _module_preset=\u00bbdefault\u00bb global_colors_info=\u00bb{}\u00bb][et_pb_column type=\u00bb4_4&#8243; _builder_version=\u00bb4.20.0&#8243; _module_preset=\u00bbdefault\u00bb global_colors_info=\u00bb{}\u00bb][et_pb_text content_tablet=\u00bb<\/p>\n<h1>Panelistas Manaos<\/h1>\n<p>\u00bb content_phone=\u00bb<\/p>\n<h1 style=%22text-align: center;%22>Panelistas Manaos<\/h1>\n<p>\u00bb content_last_edited=\u00bbon|phone\u00bb _builder_version=\u00bb4.20.2&#8243; _module_preset=\u00bbdefault\u00bb global_colors_info=\u00bb{}\u00bb]<\/p>\n<h1>Panelistas Manaos<\/h1>\n<p>[\/et_pb_text][\/et_pb_column][\/et_pb_row][et_pb_row column_structure=\u00bb1_4,1_4,1_4,1_4&#8243; _builder_version=\u00bb4.20.0&#8243; _module_preset=\u00bbdefault\u00bb global_colors_info=\u00bb{}\u00bb][et_pb_column type=\u00bb1_4&#8243; _builder_version=\u00bb4.20.0&#8243; _module_preset=\u00bbdefault\u00bb global_colors_info=\u00bb{}\u00bb][et_pb_image src=\u00bbhttps:\/\/www.operala.org\/encuentrosola\/wp-content\/uploads\/2023\/03\/isidora-cabezon-e1678173107568.jpeg\u00bb title_text=\u00bbisidora-cabezon\u00bb disabled_on=\u00bbon|off|off\u00bb module_class=\u00bbpanelista\u00bb _builder_version=\u00bb4.20.2&#8243; _module_preset=\u00bbdefault\u00bb global_colors_info=\u00bb{}\u00bb background__hover_enabled=\u00bboff|desktop\u00bb][\/et_pb_image][et_pb_toggle title=\u00bbIsidora Cabez\u00f3n, Centro de Revoluci\u00f3n de las Industrias Creativas Chile\u00bb open_toggle_background_color=\u00bbRGBA(255,255,255,0)\u00bb closed_toggle_background_color=\u00bbRGBA(255,255,255,0)\u00bb icon_color=\u00bb#000000&#8243; toggle_icon=\u00bb&#x50;||divi||400&#8243; use_icon_font_size=\u00bbon\u00bb icon_font_size=\u00bb32px\u00bb open_toggle_icon=\u00bb&#x4f;||divi||400&#8243; open_use_icon_font_size=\u00bbon\u00bb open_icon_font_size=\u00bb32px\u00bb _builder_version=\u00bb4.20.2&#8243; _module_preset=\u00bbdefault\u00bb title_level=\u00bbh6&#8243; title_font=\u00bbRaleway||||||||\u00bb title_text_align=\u00bbcenter\u00bb title_font_size=\u00bb18px\u00bb closed_title_font=\u00bbRaleway||||||||\u00bb custom_margin=\u00bb0px|0px|0px|0px|false|false\u00bb custom_padding=\u00bb0px|0px|0px|0px|false|false\u00bb border_width_all=\u00bb0px\u00bb border_color_all=\u00bbRGBA(255,255,255,0)\u00bb global_colors_info=\u00bb{}\u00bb]<\/p>\n<p>Mar\u00eda Isidora Cabez\u00f3n Papic es una periodista, gestora cultural y actriz chilena. Su trayectoria profesional ha estado ligada a la creaci\u00f3n, gesti\u00f3n cultural y las comunicaciones, en cargos en el \u00e1mbito p\u00fablico y privado. Ha trabajado en televisi\u00f3n como guionista y realizadora audiovisual; fue editora de la revista especializada en artes visuales \u201cArte Al L\u00edmite\u201d; fundadora y directora del Festival de Cine de Isla de Pascua \u201cRapa Nui Film Fest\u201d; Jefa de Coordinaci\u00f3n Regional del Consejo Nacional de la Cultura y las Artes de Chile (actual Ministerio de las Culturas, las Artes y el Patrimonio) y Coordinadora de Programaci\u00f3n Art\u00edstica de Fundaci\u00f3n CorpArtes. Actualmente es Coordinadora de Econom\u00eda Creativa de CORFO. Tiene experiencia en la gesti\u00f3n y articulaci\u00f3n de proyectos culturales vinculados al desarrollo territorial, creaci\u00f3n art\u00edstica, emprendimientos creativos y dise\u00f1o de pol\u00edticas p\u00fablicas para el sector.<\/p>\n<p>[\/et_pb_toggle][\/et_pb_column][et_pb_column type=\u00bb1_4&#8243; _builder_version=\u00bb4.20.0&#8243; _module_preset=\u00bbdefault\u00bb global_colors_info=\u00bb{}\u00bb][et_pb_image src=\u00bbhttps:\/\/www.operala.org\/encuentrosola\/wp-content\/uploads\/2023\/03\/Andrea-caruso.jpeg\u00bb title_text=\u00bbAndrea caruso\u00bb disabled_on=\u00bbon|off|off\u00bb module_class=\u00bbpanelista\u00bb _builder_version=\u00bb4.20.2&#8243; _module_preset=\u00bbdefault\u00bb global_colors_info=\u00bb{}\u00bb background__hover_enabled=\u00bboff|desktop\u00bb][\/et_pb_image][et_pb_toggle title=\u00bbAndrea Caruso, Theatro Municipal de S\u00e3o Paulo, Brasil\u00bb open_toggle_background_color=\u00bbRGBA(255,255,255,0)\u00bb closed_toggle_background_color=\u00bbRGBA(255,255,255,0)\u00bb icon_color=\u00bb#000000&#8243; toggle_icon=\u00bb&#x50;||divi||400&#8243; use_icon_font_size=\u00bbon\u00bb icon_font_size=\u00bb32px\u00bb open_toggle_icon=\u00bb&#x4f;||divi||400&#8243; open_use_icon_font_size=\u00bbon\u00bb open_icon_font_size=\u00bb32px\u00bb _builder_version=\u00bb4.20.2&#8243; _module_preset=\u00bbdefault\u00bb title_level=\u00bbh6&#8243; title_font=\u00bbRaleway||||||||\u00bb title_text_align=\u00bbcenter\u00bb title_font_size=\u00bb18px\u00bb closed_title_font=\u00bbRaleway||||||||\u00bb custom_margin=\u00bb0px|0px|0px|0px|false|false\u00bb custom_padding=\u00bb0px|0px|0px|0px|false|false\u00bb border_width_all=\u00bb0px\u00bb border_color_all=\u00bbRGBA(255,255,255,0)\u00bb global_colors_info=\u00bb{}\u00bb]<\/p>\n<p>Andrea Caruso Saturnino Licenciada en Letras por la UFMG, Mag\u00edster en Artes Esc\u00e9nicas<br \/>de la Sorbonne Nouvelle (Par\u00eds) y un doctorado en Artes esc\u00e9nicas por la USP. Es gerente, directora general del Teatro Municipal de S\u00e3o Paulo, curadora art\u00edstica, fundadora de la plataforma y festival Brasil Cena Aberta. y productora art\u00edstica, encargada de presentar a grandes nombres de las artes esc\u00e9nicas internacionales en Brasil y por crear proyectos expositivos y multidisciplinarios. Desarrolla investigaciones en campo de las artes esc\u00e9nicas contempor\u00e1neas, es autor de varios art\u00edculos y del libro Ligeiro Deslocamento do Real \u2013 Experi\u00eancia, Dispositivo e Utopia em Cena, Ediciones Sesc.<\/p>\n<p>[\/et_pb_toggle][\/et_pb_column][et_pb_column type=\u00bb1_4&#8243; _builder_version=\u00bb4.20.0&#8243; _module_preset=\u00bbdefault\u00bb global_colors_info=\u00bb{}\u00bb][et_pb_image src=\u00bbhttps:\/\/www.operala.org\/encuentrosola\/wp-content\/uploads\/2023\/03\/Copia-de-jorge-culla-bw.jpg\u00bb title_text=\u00bbCopia de jorge-culla-bw\u00bb disabled_on=\u00bbon|off|off\u00bb module_class=\u00bbpanelista\u00bb _builder_version=\u00bb4.20.2&#8243; _module_preset=\u00bbdefault\u00bb global_colors_info=\u00bb{}\u00bb background__hover_enabled=\u00bboff|desktop\u00bb][\/et_pb_image][et_pb_toggle title=\u00bbJorge Culla, Palau de les Arts Reina Sof\u00eda, Espa\u00f1a\u00bb open_toggle_background_color=\u00bbRGBA(255,255,255,0)\u00bb closed_toggle_background_color=\u00bbRGBA(255,255,255,0)\u00bb icon_color=\u00bb#000000&#8243; toggle_icon=\u00bb&#x50;||divi||400&#8243; use_icon_font_size=\u00bbon\u00bb icon_font_size=\u00bb32px\u00bb open_toggle_icon=\u00bb&#x4f;||divi||400&#8243; open_use_icon_font_size=\u00bbon\u00bb open_icon_font_size=\u00bb32px\u00bb _builder_version=\u00bb4.20.2&#8243; _module_preset=\u00bbdefault\u00bb title_level=\u00bbh6&#8243; title_font=\u00bbRaleway||||||||\u00bb title_text_align=\u00bbcenter\u00bb title_font_size=\u00bb18px\u00bb closed_title_font=\u00bbRaleway||||||||\u00bb custom_margin=\u00bb0px|0px|0px|0px|false|false\u00bb custom_padding=\u00bb0px|0px|0px|0px|false|false\u00bb border_width_all=\u00bb0px\u00bb border_color_all=\u00bbRGBA(255,255,255,0)\u00bb global_colors_info=\u00bb{}\u00bb]<\/p>\n<p>Nacido en Valencia, Jorge Culla Bayarri es hijo y nieto de empresarios teatrales vinculados a los teatros Ruzafa y Apolo, a compa\u00f1\u00edas de zarzuela y de revista, y a la comedia valenciana. Comenz\u00f3 su andadura profesional en 1987 como coordinador de Producci\u00f3n en el Palau de la M\u00fasica de Valencia, dos a\u00f1os m\u00e1s fue nombrado director adjunto del Centro Dram\u00e1tico Nacional, y a finales de 1991 regres\u00f3 al Palau de la M\u00fasica como subdirector.<\/p>\n<p>En 1997 asumi\u00f3 la gerencia y direcci\u00f3n t\u00e9cnica de la Orquesta y Coro de la Comunidad de Madrid. Desde 2009 y hasta agosto pasado ocup\u00f3 el cargo de intendente de Teatros del Canal y del Teatro Auditorio de San Lorenzo de El Escorial, donde tambi\u00e9n fue el director del Festival de San Lorenzo de El Escorial.<\/p>\n<p>Ha ocupado diferentes cargos de responsabilidad en algunas instituciones del sector de las artes esc\u00e9nicas y de la m\u00fasica. Ha presidido la Asociaci\u00f3n Espa\u00f1ola de Orquestas Sinf\u00f3nicas y la Asociaci\u00f3n Espa\u00f1ola de Festivales de M\u00fasica Cl\u00e1sica (Festcl\u00e1sica). Ha sido miembro del Consejo de Cultura de la Comunidad de Madrid y del Consejo Estatal de las Artes Esc\u00e9nicas y la M\u00fasica. Es miembro fundador de la Academia de las Artes Esc\u00e9nicas de Espa\u00f1a.<\/p>\n<p>[\/et_pb_toggle][\/et_pb_column][et_pb_column type=\u00bb1_4&#8243; _builder_version=\u00bb4.20.0&#8243; _module_preset=\u00bbdefault\u00bb global_colors_info=\u00bb{}\u00bb][et_pb_image src=\u00bbhttps:\/\/www.operala.org\/encuentrosola\/wp-content\/uploads\/2023\/04\/WhatsApp-Image-2023-04-13-at-12.36.57.jpeg\u00bb title_text=\u00bbWhatsApp Image 2023-04-13 at 12.36.57&#8243; disabled_on=\u00bbon|off|off\u00bb module_class=\u00bbpanelista\u00bb _builder_version=\u00bb4.20.2&#8243; _module_preset=\u00bbdefault\u00bb global_colors_info=\u00bb{}\u00bb background__hover_enabled=\u00bboff|desktop\u00bb][\/et_pb_image][et_pb_toggle title=\u00bbAlonso Escalante, \u00d3pera Bellas Artes de M\u00e9xico\u00bb open_toggle_background_color=\u00bbRGBA(255,255,255,0)\u00bb closed_toggle_background_color=\u00bbRGBA(255,255,255,0)\u00bb icon_color=\u00bb#000000&#8243; toggle_icon=\u00bb&#x50;||divi||400&#8243; use_icon_font_size=\u00bbon\u00bb icon_font_size=\u00bb32px\u00bb open_toggle_icon=\u00bb&#x4f;||divi||400&#8243; open_use_icon_font_size=\u00bbon\u00bb open_icon_font_size=\u00bb32px\u00bb _builder_version=\u00bb4.20.0&#8243; _module_preset=\u00bbdefault\u00bb title_level=\u00bbh6&#8243; title_font=\u00bbRaleway||||||||\u00bb title_text_align=\u00bbcenter\u00bb title_font_size=\u00bb18px\u00bb closed_title_font=\u00bbRaleway||||||||\u00bb custom_margin=\u00bb0px|0px|0px|0px|false|false\u00bb custom_padding=\u00bb0px|0px|0px|0px|false|false\u00bb border_width_all=\u00bb0px\u00bb border_color_all=\u00bbRGBA(255,255,255,0)\u00bb global_colors_info=\u00bb{}\u00bb]Nacido en la Ciudad de M\u00e9xico, Alonso Escalante Mendiola inici\u00f3 sus estudios musicales en el Coro de Infantes de la Bas\u00edlica de Guadalupe, mismos que prosigui\u00f3 m\u00e1s tarde con los maestros Antonio L\u00f3pez y Alicia Torrez Garza, en t\u00e9cnica vocal, y Tito Enr\u00edquez, en piano, as\u00ed como en el Centro de Investigaci\u00f3n y Estudios de la M\u00fasica (CIEM).<\/p>\n<p>Posteriormente estudi\u00f3 una maestr\u00eda en Gesti\u00f3n Cultural en la Universidad de Catalu\u00f1a y en la Universidad de Girona. Ha sido becario de The National Endowment for the Arts y el Kennedy Center for the Arts, para Administraci\u00f3n de las Artes y Administraci\u00f3n Teatral, respectivamente.<\/p>\n<p>Como promotor cultural destaca su desempe\u00f1o como Subdirector de Apoyo al Desarrollo Art\u00edstico del Fondo Nacional para la Cultura y las Artes, Subdirector de Programaci\u00f3n Art\u00edstica de la Direcci\u00f3n General de M\u00fasica de la Universidad Nacional Aut\u00f3noma de M\u00e9xico.<\/p>\n<p>En el Instituto Nacional de Bellas Artes ha ocupado la Direcci\u00f3n de la Compa\u00f1\u00eda Nacional de \u00d3pera y la Coordinaci\u00f3n Nacional de M\u00fasica y \u00d3pera. Su m\u00e1s reciente cargo, ha sido el de Director del Teatro del Bicentenario.[\/et_pb_toggle][\/et_pb_column][\/et_pb_row][et_pb_row column_structure=\u00bb1_4,1_4,1_4,1_4&#8243; _builder_version=\u00bb4.20.0&#8243; _module_preset=\u00bbdefault\u00bb global_colors_info=\u00bb{}\u00bb][et_pb_column type=\u00bb1_4&#8243; _builder_version=\u00bb4.20.0&#8243; _module_preset=\u00bbdefault\u00bb global_colors_info=\u00bb{}\u00bb][et_pb_image src=\u00bbhttps:\/\/www.operala.org\/encuentrosola\/wp-content\/uploads\/2023\/03\/FlaviaFurtado-e1678039750175.jpeg\u00bb title_text=\u00bbFlaviaFurtado\u00bb disabled_on=\u00bbon|off|off\u00bb module_class=\u00bbpanelista\u00bb _builder_version=\u00bb4.20.0&#8243; _module_preset=\u00bbdefault\u00bb global_colors_info=\u00bb{}\u00bb background__hover_enabled=\u00bboff|desktop\u00bb][\/et_pb_image][et_pb_toggle title=\u00bbFlavia Furtado, Festival Amazonas de \u00d3pera, Brasil\u00bb open_toggle_background_color=\u00bbRGBA(255,255,255,0)\u00bb closed_toggle_background_color=\u00bbRGBA(255,255,255,0)\u00bb icon_color=\u00bb#000000&#8243; toggle_icon=\u00bb&#x50;||divi||400&#8243; use_icon_font_size=\u00bbon\u00bb icon_font_size=\u00bb32px\u00bb open_toggle_icon=\u00bb&#x4f;||divi||400&#8243; open_use_icon_font_size=\u00bbon\u00bb open_icon_font_size=\u00bb32px\u00bb _builder_version=\u00bb4.20.2&#8243; _module_preset=\u00bbdefault\u00bb title_level=\u00bbh6&#8243; title_font=\u00bbRaleway||||||||\u00bb title_text_align=\u00bbcenter\u00bb title_font_size=\u00bb18px\u00bb closed_title_font=\u00bbRaleway||||||||\u00bb custom_margin=\u00bb0px|0px|0px|0px|false|false\u00bb custom_padding=\u00bb0px|0px|0px|0px|false|false\u00bb border_width_all=\u00bb0px\u00bb border_color_all=\u00bbRGBA(255,255,255,0)\u00bb global_colors_info=\u00bb{}\u00bb]<\/p>\n<p>Flavia Furtado, pianista de formaci\u00f3n, se gradu\u00f3 en Comercio Exterior y desde entonces gestiona y desarrolla trabajos con la econom\u00eda de la cultura en diferentes \u00e1reas, junto con el Foro Brasile\u00f1o de Derechos Culturales, \u00d3pera Latinoam\u00e9rica y como directoria ejecutiva del Festival Amazonas de \u00d3pera.<\/p>\n<p>[\/et_pb_toggle][\/et_pb_column][et_pb_column type=\u00bb1_4&#8243; _builder_version=\u00bb4.20.0&#8243; _module_preset=\u00bbdefault\u00bb global_colors_info=\u00bb{}\u00bb][et_pb_image src=\u00bbhttps:\/\/www.operala.org\/encuentrosola\/wp-content\/uploads\/2023\/03\/Martin-Inthamoussu-BID..jpeg\u00bb title_text=\u00bbMartin Inthamoussu\u0301, BID.\u00bb disabled_on=\u00bbon|off|off\u00bb module_class=\u00bbpanelista\u00bb _builder_version=\u00bb4.20.2&#8243; _module_preset=\u00bbdefault\u00bb global_colors_info=\u00bb{}\u00bb background__hover_enabled=\u00bboff|desktop\u00bb][\/et_pb_image][et_pb_toggle title=\u00bbMartin Inthamouss\u00fa, Banco Inter Americano de Desarrollo, Uruguay\u00bb open_toggle_background_color=\u00bbRGBA(255,255,255,0)\u00bb closed_toggle_background_color=\u00bbRGBA(255,255,255,0)\u00bb icon_color=\u00bb#000000&#8243; toggle_icon=\u00bb&#x50;||divi||400&#8243; use_icon_font_size=\u00bbon\u00bb icon_font_size=\u00bb32px\u00bb open_toggle_icon=\u00bb&#x4f;||divi||400&#8243; open_use_icon_font_size=\u00bbon\u00bb open_icon_font_size=\u00bb32px\u00bb _builder_version=\u00bb4.20.2&#8243; _module_preset=\u00bbdefault\u00bb title_level=\u00bbh6&#8243; title_font=\u00bbRaleway||||||||\u00bb title_text_align=\u00bbcenter\u00bb title_font_size=\u00bb18px\u00bb closed_title_font=\u00bbRaleway||||||||\u00bb custom_margin=\u00bb0px|0px|0px|0px|false|false\u00bb custom_padding=\u00bb0px|0px|0px|0px|false|false\u00bb border_width_all=\u00bb0px\u00bb border_color_all=\u00bbRGBA(255,255,255,0)\u00bb global_colors_info=\u00bb{}\u00bb]<\/p>\n<p>Consultor en Econom\u00eda Creativa. Uruguayo, con m\u00e1s de 20 a\u00f1os de experiencia en la gesti\u00f3n cultural y las pol\u00edticas p\u00fablicas culturales como motor de la transformaci\u00f3n social y econ\u00f3mica. Es Licenciado en Estudios Teatrales por la Universidad de Manchester, Reino Unido. Tiene una Maestr\u00eda en Comunicaci\u00f3n con \u00e9nfasis en Recepci\u00f3n y Cultura y un MBA de la Universidad Cat\u00f3lica de Uruguay. Tambi\u00e9n tiene un Diploma de Postgrado en Asuntos Culturales Internacionales de la Universidad de Girona, Espa\u00f1a. Tiene un Diploma en Desarrollo de P\u00fablicos por la Universidad Aut\u00f3noma de M\u00e9xico, un Diploma en Gesti\u00f3n de Directorios por la ORT en Uruguay y un Diploma en Econom\u00eda Pol\u00edtica por el Centro de Estudios para el Desarrollo de Uruguay. Es World Fellow en Yale y alumno de DeVos Institute en University of Maryland.<\/p>\n<p>[\/et_pb_toggle][\/et_pb_column][et_pb_column type=\u00bb1_4&#8243; _builder_version=\u00bb4.20.0&#8243; _module_preset=\u00bbdefault\u00bb global_colors_info=\u00bb{}\u00bb][et_pb_image src=\u00bbhttps:\/\/www.operala.org\/encuentrosola\/wp-content\/uploads\/2023\/03\/Copia-de-Carmen-gloria-e1678173074563.jpg\u00bb title_text=\u00bbCopia de Carmen gloria\u00bb disabled_on=\u00bbon|off|off\u00bb module_class=\u00bbpanelista\u00bb _builder_version=\u00bb4.20.2&#8243; _module_preset=\u00bbdefault\u00bb global_colors_info=\u00bb{}\u00bb background__hover_enabled=\u00bboff|desktop\u00bb][\/et_pb_image][et_pb_toggle title=\u00bbCarmen Gloria Larenas, Teatro Municipal de Santiago, Chile\u00bb open_toggle_background_color=\u00bbRGBA(255,255,255,0)\u00bb closed_toggle_background_color=\u00bbRGBA(255,255,255,0)\u00bb icon_color=\u00bb#000000&#8243; toggle_icon=\u00bb&#x50;||divi||400&#8243; use_icon_font_size=\u00bbon\u00bb icon_font_size=\u00bb32px\u00bb open_toggle_icon=\u00bb&#x4f;||divi||400&#8243; open_use_icon_font_size=\u00bbon\u00bb open_icon_font_size=\u00bb32px\u00bb _builder_version=\u00bb4.20.2&#8243; _module_preset=\u00bbdefault\u00bb title_level=\u00bbh6&#8243; title_font=\u00bbRaleway||||||||\u00bb title_text_align=\u00bbcenter\u00bb title_font_size=\u00bb18px\u00bb closed_title_font=\u00bbRaleway||||||||\u00bb custom_margin=\u00bb0px|0px|0px|0px|false|false\u00bb custom_padding=\u00bb0px|0px|0px|0px|false|false\u00bb border_width_all=\u00bb0px\u00bb border_color_all=\u00bbRGBA(255,255,255,0)\u00bb global_colors_info=\u00bb{}\u00bb]<\/p>\n<p>Carmen Gloria Larenas es periodista y gestora cultural, pero adem\u00e1s fue bailarina profesional del Ballet de Santiago durante diez a\u00f1os e incluso lleg\u00f3 a ser bailarina solista. Actualmente es directora art\u00edstica de Teatro del Lago y miembro del Consejo Asesor del Cap\u00edtulo Chileno del National Museum of Women in the Arts, con sede en Washington.<\/p>\n<p>Como gestora cultural fue gerente general de la Corporaci\u00f3n Cultural de Lo Barnechea y en 2009 se incorpor\u00f3 al Teatro del Lago en Frutillar, asumiendo luego la direcci\u00f3n art\u00edstica hace tres a\u00f1os.<\/p>\n<p>[\/et_pb_toggle][\/et_pb_column][et_pb_column type=\u00bb1_4&#8243; _builder_version=\u00bb4.20.0&#8243; _module_preset=\u00bbdefault\u00bb global_colors_info=\u00bb{}\u00bb][et_pb_image src=\u00bbhttps:\/\/www.operala.org\/encuentrosola\/wp-content\/uploads\/2023\/03\/widget-lenoci.png\u00bb title_text=\u00bbwidget-lenoci\u00bb disabled_on=\u00bbon|off|off\u00bb module_class=\u00bbpanelista\u00bb _builder_version=\u00bb4.20.2&#8243; _module_preset=\u00bbdefault\u00bb global_colors_info=\u00bb{}\u00bb background__hover_enabled=\u00bboff|desktop\u00bb][\/et_pb_image][et_pb_toggle title=\u00bbSabino Lenocci, L&#8217;Opera, Italia\u00bb open_toggle_background_color=\u00bbRGBA(255,255,255,0)\u00bb closed_toggle_background_color=\u00bbRGBA(255,255,255,0)\u00bb icon_color=\u00bb#000000&#8243; toggle_icon=\u00bb&#x50;||divi||400&#8243; use_icon_font_size=\u00bbon\u00bb icon_font_size=\u00bb32px\u00bb open_toggle_icon=\u00bb&#x4f;||divi||400&#8243; open_use_icon_font_size=\u00bbon\u00bb open_icon_font_size=\u00bb32px\u00bb _builder_version=\u00bb4.20.2&#8243; _module_preset=\u00bbdefault\u00bb title_level=\u00bbh6&#8243; title_font=\u00bbRaleway||||||||\u00bb title_text_align=\u00bbcenter\u00bb title_font_size=\u00bb18px\u00bb closed_title_font=\u00bbRaleway||||||||\u00bb custom_margin=\u00bb0px|0px|0px|0px|false|false\u00bb custom_padding=\u00bb0px|0px|0px|0px|false|false\u00bb border_width_all=\u00bb0px\u00bb border_color_all=\u00bbRGBA(255,255,255,0)\u00bb global_colors_info=\u00bb{}\u00bb][\/et_pb_toggle][\/et_pb_column][\/et_pb_row][et_pb_row column_structure=\u00bb1_4,1_4,1_4,1_4&#8243; _builder_version=\u00bb4.20.0&#8243; _module_preset=\u00bbdefault\u00bb global_colors_info=\u00bb{}\u00bb][et_pb_column type=\u00bb1_4&#8243; _builder_version=\u00bb4.20.0&#8243; _module_preset=\u00bbdefault\u00bb global_colors_info=\u00bb{}\u00bb][et_pb_image src=\u00bbhttps:\/\/www.operala.org\/encuentrosola\/wp-content\/uploads\/2023\/03\/ricardo-levisky-2.jpeg\u00bb title_text=\u00bbricardo levisky 2&#8243; disabled_on=\u00bbon|off|off\u00bb module_class=\u00bbpanelista\u00bb _builder_version=\u00bb4.20.2&#8243; _module_preset=\u00bbdefault\u00bb global_colors_info=\u00bb{}\u00bb background__hover_enabled=\u00bboff|desktop\u00bb][\/et_pb_image][et_pb_toggle title=\u00bbRicardo Blay Levisky, Levisky Legado, Brasil\u00bb open_toggle_background_color=\u00bbRGBA(255,255,255,0)\u00bb closed_toggle_background_color=\u00bbRGBA(255,255,255,0)\u00bb icon_color=\u00bb#000000&#8243; toggle_icon=\u00bb&#x50;||divi||400&#8243; use_icon_font_size=\u00bbon\u00bb icon_font_size=\u00bb32px\u00bb open_toggle_icon=\u00bb&#x4f;||divi||400&#8243; open_use_icon_font_size=\u00bbon\u00bb open_icon_font_size=\u00bb32px\u00bb _builder_version=\u00bb4.20.2&#8243; _module_preset=\u00bbdefault\u00bb title_level=\u00bbh6&#8243; title_font=\u00bbRaleway||||||||\u00bb title_text_align=\u00bbcenter\u00bb title_font_size=\u00bb18px\u00bb closed_title_font=\u00bbRaleway||||||||\u00bb custom_margin=\u00bb0px|0px|0px|0px|false|false\u00bb custom_padding=\u00bb0px|0px|0px|0px|false|false\u00bb border_width_all=\u00bb0px\u00bb border_color_all=\u00bbRGBA(255,255,255,0)\u00bb global_colors_info=\u00bb{}\u00bb]<\/p>\n<p>M\u00fasico por la Universidad de S\u00e3o Paulo (USP), con especializaci\u00f3n en canto l\u00edrico, publicitario por la Fundaci\u00f3n Armando \u00c1lvares Penteado (FAAP) y MBA en Relaciones Internacionales de la Fundaci\u00f3n Get\u00falio Vargas (FGV \u2013 RJ), Ricardo Blay Levisky se especializ\u00f3 en planificaci\u00f3n estrat\u00e9gica, fundraising y compromiso con juntas directivas empresariales, l\u00edderes del tercer sector y fil\u00e1ntropos UHNWI (ultra-high-net-worth-individual) en cursos abiertos en la League of American Orchestras (NY) y el International Executive Group (IEG &#8211; Chicago).<\/p>\n<p>Se desempe\u00f1\u00f3 como director de marketing, comunicaci\u00f3n y nuevos negocios de la Orquesta Sinf\u00f3nica del Estado de S\u00e3o Paulo (OSESP) y la Sala S\u00e3o Paulo y como Superintendente de la Fundaci\u00f3n Orquesta Sinf\u00f3nica Brasile\u00f1a (OSB). Fue miembro asociado del International Society of Performing Arts (ISPA &#8211; EUA) y del Consejo de Cultura de la Asociaci\u00f3n Comercial de R\u00edo de Janeiro. Es el fundador y presidente de Levisky Legacy desde 2002 y del Foro Internacional de Endowments para Legados desde 2014.<\/p>\n<p>[\/et_pb_toggle][\/et_pb_column][et_pb_column type=\u00bb1_4&#8243; _builder_version=\u00bb4.20.0&#8243; _module_preset=\u00bbdefault\u00bb global_colors_info=\u00bb{}\u00bb][et_pb_image src=\u00bbhttps:\/\/www.operala.org\/encuentrosola\/wp-content\/uploads\/2023\/03\/WhatsApp-Image-2023-02-22-at-18.47.46-e1678335135818.jpeg\u00bb title_text=\u00bbWhatsApp Image 2023-02-22 at 18.47.46&#8243; disabled_on=\u00bbon|off|off\u00bb module_class=\u00bbpanelista\u00bb _builder_version=\u00bb4.20.2&#8243; _module_preset=\u00bbdefault\u00bb global_colors_info=\u00bb{}\u00bb background__hover_enabled=\u00bboff|desktop\u00bb][\/et_pb_image][et_pb_toggle title=\u00bbDavid Lomeli, Santa Fe Opera, USA\u00bb open_toggle_background_color=\u00bbRGBA(255,255,255,0)\u00bb closed_toggle_background_color=\u00bbRGBA(255,255,255,0)\u00bb icon_color=\u00bb#000000&#8243; toggle_icon=\u00bb&#x50;||divi||400&#8243; use_icon_font_size=\u00bbon\u00bb icon_font_size=\u00bb32px\u00bb open_toggle_icon=\u00bb&#x4f;||divi||400&#8243; open_use_icon_font_size=\u00bbon\u00bb open_icon_font_size=\u00bb32px\u00bb _builder_version=\u00bb4.20.0&#8243; _module_preset=\u00bbdefault\u00bb title_level=\u00bbh6&#8243; title_font=\u00bbRaleway||||||||\u00bb title_text_align=\u00bbcenter\u00bb title_font_size=\u00bb18px\u00bb closed_title_font=\u00bbRaleway||||||||\u00bb custom_margin=\u00bb0px|0px|0px|0px|false|false\u00bb custom_padding=\u00bb0px|0px|0px|0px|false|false\u00bb border_width_all=\u00bb0px\u00bb border_color_all=\u00bbRGBA(255,255,255,0)\u00bb global_colors_info=\u00bb{}\u00bb]Actual Director art\u00edstico de la \u00d3pera de Santa Fe. Se ha desempe\u00f1ado en la \u00d3pera de Dallas en varios puestos desde 2014, m\u00e1s recientemente como Director de Administraci\u00f3n Art\u00edstica. Adem\u00e1s de su papel en la \u00d3pera de Dallas, act\u00faa como consultor de casting para la \u00d3pera Estatal de Baviera en Munich, Alemania. <\/p>\n<p>Antes de unirse a la \u00d3pera de Dallas, actu\u00f3 como un tenor de renombre mundial con muchas compa\u00f1\u00edas l\u00edderes, incluida la \u00d3pera de Santa Fe, donde hizo su debut en la compa\u00f1\u00eda en el papel de Rodolfo en la producci\u00f3n de Paul Curran de La boh\u00e8me de Puccini en 2011. Puntos destacados adicionales en su carrera de actuaci\u00f3n incluyen la Filarm\u00f3nica de Berl\u00edn, la Orquesta Sinf\u00f3nica de la Radio de Baviera, la Filarm\u00f3nica de Los \u00c1ngeles, el Festival de Glyndebourne, la \u00d3pera de Los \u00c1ngeles y la \u00d3pera de San Francisco. Recibi\u00f3 el Premio Nacional de la Juventud en las Artes, otorgado por el gobierno de M\u00e9xico, y gan\u00f3 el primer premio en las dos categor\u00edas de \u00f3pera y zarzuela en el Concurso Operalia 2006. Fue alumno de algunos de los programas de capacitaci\u00f3n m\u00e1s prestigiosos para artistas de \u00f3pera, incluido el Programa de J\u00f3venes Artistas Domingo-Colburn-Stein en LA Opera, el Programa de \u00d3pera de Merola y la Beca Adler en la \u00d3pera de San Francisco y la Sociedad Internacional de Arte Mexicano. y Valores en la Ciudad de M\u00e9xico.<\/p>\n<p>Adem\u00e1s de su talento musical,  trae consigo t\u00edtulos en Marketing Internacional y Ciencias de la Computaci\u00f3n, que lo ayudaron a desarrollar nuevas estrategias de programaci\u00f3n de redes sociales a trav\u00e9s de TDO Network de The Dallas Opera, un canal de redes sociales que obtuvo 70 millones de visitas \u00fanicas en 2020.<\/p>\n<p>Nacido en la Ciudad de M\u00e9xico y criado en Monterrey, M\u00e9xico, la permanencia del Sr. Lomel\u00ed en la \u00d3pera de Dallas represent\u00f3 la primera vez en la historia de los Estados Unidos que un latino ocupa una posici\u00f3n superior en una compa\u00f1\u00eda de \u00f3pera de Nivel 1. Se desempe\u00f1a como miembro del Comit\u00e9 Estrat\u00e9gico del Comit\u00e9 Directivo ALAANA (\u00c1frica, Latina, \u00c1rabe, Asi\u00e1tica y Nativa Americana) de OPERA Am\u00e9rica y est\u00e1 comprometido a enriquecer la forma y la industria del arte oper\u00edstico a trav\u00e9s de una mayor diversidad y pr\u00e1cticas equitativas. Bajo su liderazgo, The Dallas Opera logr\u00f3 la mayor diversidad en el casting en la historia de su compa\u00f1\u00eda de 2017 a 2019.<\/p>\n<p>Continuar\u00e1 su participaci\u00f3n en la \u00d3pera de Dallas como consultor art\u00edstico, en particular con el Instituto Hart para Mujeres Directoras, junto con su nuevo cargo en la \u00d3pera de Santa Fe, lo que permitir\u00e1 una mayor colaboraci\u00f3n entre las dos compa\u00f1\u00edas y, lo que es m\u00e1s importante, creando nuevas oportunidades para las mujeres conductoras.[\/et_pb_toggle][\/et_pb_column][et_pb_column type=\u00bb1_4&#8243; _builder_version=\u00bb4.20.0&#8243; _module_preset=\u00bbdefault\u00bb global_colors_info=\u00bb{}\u00bb][et_pb_image src=\u00bbhttps:\/\/www.operala.org\/encuentrosola\/wp-content\/uploads\/2023\/03\/Ferran-Lopez.jpg\u00bb title_text=\u00bbFerran Lo\u0301pez\u00bb disabled_on=\u00bbon|off|off\u00bb module_class=\u00bbpanelista\u00bb _builder_version=\u00bb4.20.2&#8243; _module_preset=\u00bbdefault\u00bb global_colors_info=\u00bb{}\u00bb background__hover_enabled=\u00bboff|desktop\u00bb][\/et_pb_image][et_pb_toggle title=\u00bbFerran L\u00f3pez, TekneCultura, Espa\u00f1a\u00bb open_toggle_background_color=\u00bbRGBA(255,255,255,0)\u00bb closed_toggle_background_color=\u00bbRGBA(255,255,255,0)\u00bb icon_color=\u00bb#000000&#8243; toggle_icon=\u00bb&#x50;||divi||400&#8243; use_icon_font_size=\u00bbon\u00bb icon_font_size=\u00bb32px\u00bb open_toggle_icon=\u00bb&#x4f;||divi||400&#8243; open_use_icon_font_size=\u00bbon\u00bb open_icon_font_size=\u00bb32px\u00bb _builder_version=\u00bb4.20.2&#8243; _module_preset=\u00bbdefault\u00bb title_level=\u00bbh6&#8243; title_font=\u00bbRaleway||||||||\u00bb title_text_align=\u00bbcenter\u00bb title_font_size=\u00bb18px\u00bb closed_title_font=\u00bbRaleway||||||||\u00bb custom_margin=\u00bb0px|0px|0px|0px|false|false\u00bb custom_padding=\u00bb0px|0px|0px|0px|false|false\u00bb border_width_all=\u00bb0px\u00bb border_color_all=\u00bbRGBA(255,255,255,0)\u00bb global_colors_info=\u00bb{}\u00bb]<\/p>\n<p>Director de Teknecultura, consultora especializada en el an\u00e1lisis de datos y el desarrollo de audiencias para el sector cultural, responsable del desarrollo del software de Bussines Intelligence Teknedata. Formador en el curso An\u00e1lisis de datos para la Gesti\u00f3n Cultural de la Universidad de Barcelona. Ha estudiado Ciencias F\u00edsicas (Universidad de Barcelona), Gesti\u00f3n de empresas culturales (Universidad Pompeu Fabra), MBA (Universitat Oberta de Catalunya) y postgrado en Data Science (Universidad de Barcelona).<\/p>\n<p>[\/et_pb_toggle][\/et_pb_column][et_pb_column type=\u00bb1_4&#8243; _builder_version=\u00bb4.20.0&#8243; _module_preset=\u00bbdefault\u00bb global_colors_info=\u00bb{}\u00bb][et_pb_image src=\u00bbhttps:\/\/www.operala.org\/encuentrosola\/wp-content\/uploads\/2023\/03\/Igor-Lozada-e1678173033457.jpg\u00bb title_text=\u00bbIgor Lozada\u00bb disabled_on=\u00bbon|off|off\u00bb module_class=\u00bbpanelista\u00bb _builder_version=\u00bb4.20.2&#8243; _module_preset=\u00bbdefault\u00bb global_colors_info=\u00bb{}\u00bb background__hover_enabled=\u00bboff|desktop\u00bb][\/et_pb_image][et_pb_toggle title=\u00bbIgor Lozada, Universidad de Guadalajara, M\u00e9xico\u00bb open_toggle_background_color=\u00bbRGBA(255,255,255,0)\u00bb closed_toggle_background_color=\u00bbRGBA(255,255,255,0)\u00bb icon_color=\u00bb#000000&#8243; toggle_icon=\u00bb&#x50;||divi||400&#8243; use_icon_font_size=\u00bbon\u00bb icon_font_size=\u00bb32px\u00bb open_toggle_icon=\u00bb&#x4f;||divi||400&#8243; open_use_icon_font_size=\u00bbon\u00bb open_icon_font_size=\u00bb32px\u00bb _builder_version=\u00bb4.20.2&#8243; _module_preset=\u00bbdefault\u00bb title_level=\u00bbh6&#8243; title_font=\u00bbRaleway||||||||\u00bb title_text_align=\u00bbcenter\u00bb title_font_size=\u00bb18px\u00bb closed_title_font=\u00bbRaleway||||||||\u00bb custom_margin=\u00bb0px|0px|0px|0px|false|false\u00bb custom_padding=\u00bb0px|0px|0px|0px|false|false\u00bb border_width_all=\u00bb0px\u00bb border_color_all=\u00bbRGBA(255,255,255,0)\u00bb global_colors_info=\u00bb{}\u00bb]<\/p>\n<p>Igor Lozada cuenta con m\u00e1s de quince a\u00f1os de experiencia en producci\u00f3n teatral y de festivales. Es fundador de la compa\u00f1\u00eda internacional Teatro de Ciertos Habitantes. Durante seis a\u00f1os fue productor ejecutivo y coordinador de teatro del Festival Internacional Cervantino.<\/p>\n<p>Ha participado en el programa \u00ab\u00bbThe Chief Executive Program\u00bb\u00bb en Harvard Business School, adem\u00e1s de haber sido tutor y jurado en M\u00e9xico para el Fondo Nacional para la Cultura y las Artes, as\u00ed como en Efiteatro, Efiartes y el Consejo Consultivo del Centro Cultural Hel\u00e9nico.<\/p>\n<p>Actualmente es Secretario de Vinculaci\u00f3n y Difusi\u00f3n Cultural de la Universidad de Guadalajara y miembro activo del programa National Arts Strategies y forma de la mesa directiva del International Society of the Performing Arts.<\/p>\n<p>[\/et_pb_toggle][\/et_pb_column][\/et_pb_row][et_pb_row column_structure=\u00bb1_4,1_4,1_4,1_4&#8243; _builder_version=\u00bb4.20.0&#8243; _module_preset=\u00bbdefault\u00bb global_colors_info=\u00bb{}\u00bb][et_pb_column type=\u00bb1_4&#8243; _builder_version=\u00bb4.20.0&#8243; _module_preset=\u00bbdefault\u00bb global_colors_info=\u00bb{}\u00bb][et_pb_image src=\u00bbhttps:\/\/www.operala.org\/encuentrosola\/wp-content\/uploads\/2023\/03\/alejandra_marti.jpeg\u00bb title_text=\u00bbalejandra_marti\u00bb disabled_on=\u00bbon|off|off\u00bb module_class=\u00bbpanelista\u00bb _builder_version=\u00bb4.20.2&#8243; _module_preset=\u00bbdefault\u00bb global_colors_info=\u00bb{}\u00bb background__hover_enabled=\u00bboff|desktop\u00bb][\/et_pb_image][et_pb_toggle title=\u00bbAlejandra Mart\u00ed, \u00d3pera Latinoam\u00e9rica, Chile\u00bb open_toggle_background_color=\u00bbRGBA(255,255,255,0)\u00bb closed_toggle_background_color=\u00bbRGBA(255,255,255,0)\u00bb icon_color=\u00bb#000000&#8243; toggle_icon=\u00bb&#x50;||divi||400&#8243; use_icon_font_size=\u00bbon\u00bb icon_font_size=\u00bb32px\u00bb open_toggle_icon=\u00bb&#x4f;||divi||400&#8243; open_use_icon_font_size=\u00bbon\u00bb open_icon_font_size=\u00bb32px\u00bb _builder_version=\u00bb4.20.2&#8243; _module_preset=\u00bbdefault\u00bb title_level=\u00bbh6&#8243; title_font=\u00bbRaleway||||||||\u00bb title_text_align=\u00bbcenter\u00bb title_font_size=\u00bb18px\u00bb closed_title_font=\u00bbRaleway||||||||\u00bb custom_margin=\u00bb0px|0px|0px|0px|false|false\u00bb custom_padding=\u00bb0px|0px|0px|0px|false|false\u00bb border_width_all=\u00bb0px\u00bb border_color_all=\u00bbRGBA(255,255,255,0)\u00bb global_colors_info=\u00bb{}\u00bb]<\/p>\n<p>Con 16 a\u00f1os de experiencia en gesti\u00f3n cultural especializada en artes esc\u00e9nicas, Alejandra es Directora Ejecutiva de la Asociaci\u00f3n de Teatros de Latinoam\u00e9rica: \u00d3pera Latinoam\u00e9rica, OLA. Comenz\u00f3 su carrera en gesti\u00f3n de teatros el a\u00f1o 2004 en el Gran Teatro del Liceu de Barcelona. Al volver a Chile trabaj\u00f3 durante 11 a\u00f1os en el Teatro Municipal de Santiago como Directora de Desarrollo Institucional hasta marzo de 2017.<\/p>\n<p>Ha visitado y hecho pasant\u00edas en importantes teatros en USA y Am\u00e9rica Latina, estudiando proyectos art\u00edsticos, educativos, de marketing y de comunicaci\u00f3n digital. El a\u00f1o 2009 fue invitada por el programa de Liderazgo Internacional del Departamento de Estado de los Estados Unidos para observar 15 teatros en las ciudades de Nueva York, Washington y Houston. Durante los a\u00f1os siguientes, por medio de becas del Ministerio de Cultura de Chile y otras invitaciones ha asistido a visitas especiales al Royal Opera House, Dutch National Opera and Dance en \u00c1msterdam, Teatro Real de Madrid, Staatsoper de Berl\u00edn, \u00d3pera de Par\u00eds, Ciudad de La M\u00fasica de Par\u00eds, Los Angeles Opera House, Teatro Argentino de La Plata y Teatro Sol\u00eds de Montevideo, Teatro Col\u00f3n de Buenos Aires, Teatro Mayor de Bogot\u00e1, Palacio Bellas Artes de M\u00e9xico, entre otros.<\/p>\n<p>[\/et_pb_toggle][\/et_pb_column][et_pb_column type=\u00bb1_4&#8243; _builder_version=\u00bb4.20.0&#8243; _module_preset=\u00bbdefault\u00bb global_colors_info=\u00bb{}\u00bb][et_pb_image src=\u00bbhttps:\/\/www.operala.org\/encuentrosola\/wp-content\/uploads\/2023\/05\/Ramiro-Osorio.jpeg\u00bb title_text=\u00bbRamiro Osorio\u00bb disabled_on=\u00bbon|off|off\u00bb module_class=\u00bbpanelista\u00bb _builder_version=\u00bb4.20.2&#8243; _module_preset=\u00bbdefault\u00bb global_colors_info=\u00bb{}\u00bb background__hover_enabled=\u00bboff|desktop\u00bb][\/et_pb_image][et_pb_toggle title=\u00bbRamiro Osorio, Teatro Mayor Julio Mario Santo Domingo, Colombia\u00bb open_toggle_background_color=\u00bbRGBA(255,255,255,0)\u00bb closed_toggle_background_color=\u00bbRGBA(255,255,255,0)\u00bb icon_color=\u00bb#000000&#8243; toggle_icon=\u00bb&#x50;||divi||400&#8243; use_icon_font_size=\u00bbon\u00bb icon_font_size=\u00bb32px\u00bb open_toggle_icon=\u00bb&#x4f;||divi||400&#8243; open_use_icon_font_size=\u00bbon\u00bb open_icon_font_size=\u00bb32px\u00bb _builder_version=\u00bb4.20.2&#8243; _module_preset=\u00bbdefault\u00bb title_level=\u00bbh6&#8243; title_font=\u00bbRaleway||||||||\u00bb title_text_align=\u00bbcenter\u00bb title_font_size=\u00bb18px\u00bb closed_title_font=\u00bbRaleway||||||||\u00bb custom_margin=\u00bb0px|0px|0px|0px|false|false\u00bb custom_padding=\u00bb0px|0px|0px|0px|false|false\u00bb border_width_all=\u00bb0px\u00bb border_color_all=\u00bbRGBA(255,255,255,0)\u00bb global_colors_info=\u00bb{}\u00bb]<\/p>\n<p>Maestro en Letras Espa\u00f1olas de la Universidad de Guanajuato, M\u00e9xico. Director y Maestro de Teatro. Ha dirigido m\u00e1s de 30 obras teatrales, de autores cl\u00e1sicos y contempor\u00e1neos. Durante m\u00e1s de 40 a\u00f1os ha combinado el trabajo art\u00edstico con el de la gesti\u00f3n y promoci\u00f3n cultural. Fundador y Director del Festival Iberoamericano de Teatro de Bogot\u00e1 y del Festival Internacional de Teatro de San Jos\u00e9 por la Paz, Costa Rica. Fue Director del Festival Sevilla entre Culturas, del Gran Festival Ciudad de M\u00e9xico y del Festival Internacional Cervantino de Guanajuato, entre otros festivales internacionales.<\/p>\n<p>En las \u00faltimas tres d\u00e9cadas ha desempe\u00f1ado en Colombia las siguientes responsabilidades p\u00fablicas: Director General del Instituto Colombiano de Cultura, Embajador de Colombia en M\u00e9xico, Asesor del Presidente de la Rep\u00fablica para la Ley General de Cultura y Ministro de Cultura. Entre 2006 y 2009 fue el Director de Cultura de la Secretar\u00eda General Iberoamericana en Madrid e impuls\u00f3 la creaci\u00f3n de los programas Iberescena, Iberorquestas Juveniles e Ibermuseos. Desde el 2010 es el Director General del Teatro Mayor Julio Mario Santo Domingo de Bogot\u00e1.<\/p>\n<p>[\/et_pb_toggle][\/et_pb_column][et_pb_column type=\u00bb1_4&#8243; _builder_version=\u00bb4.20.0&#8243; _module_preset=\u00bbdefault\u00bb global_colors_info=\u00bb{}\u00bb][et_pb_image src=\u00bbhttps:\/\/www.operala.org\/encuentrosola\/wp-content\/uploads\/2023\/05\/WhatsApp-Image-2023-05-04-at-14.12.55.jpeg\u00bb title_text=\u00bbWhatsApp Image 2023-05-04 at 14.12.55&#8243; disabled_on=\u00bbon|off|off\u00bb module_class=\u00bbpanelista\u00bb _builder_version=\u00bb4.20.2&#8243; _module_preset=\u00bbdefault\u00bb global_colors_info=\u00bb{}\u00bb background__hover_enabled=\u00bboff|desktop\u00bb][\/et_pb_image][et_pb_toggle title=\u00bbRicardo Apezzato, Gestor art\u00edstico, Theatro S\u00e3o Pedro, Brasil\u00bb open_toggle_background_color=\u00bbRGBA(255,255,255,0)\u00bb closed_toggle_background_color=\u00bbRGBA(255,255,255,0)\u00bb icon_color=\u00bb#000000&#8243; toggle_icon=\u00bb&#x50;||divi||400&#8243; use_icon_font_size=\u00bbon\u00bb icon_font_size=\u00bb32px\u00bb open_toggle_icon=\u00bb&#x4f;||divi||400&#8243; open_use_icon_font_size=\u00bbon\u00bb open_icon_font_size=\u00bb32px\u00bb _builder_version=\u00bb4.20.2&#8243; _module_preset=\u00bbdefault\u00bb title_level=\u00bbh6&#8243; title_font=\u00bbRaleway||||||||\u00bb title_text_align=\u00bbcenter\u00bb title_font_size=\u00bb18px\u00bb closed_title_font=\u00bbRaleway||||||||\u00bb custom_margin=\u00bb0px|0px|0px|0px|false|false\u00bb custom_padding=\u00bb0px|0px|0px|0px|false|false\u00bb border_width_all=\u00bb0px\u00bb border_color_all=\u00bbRGBA(255,255,255,0)\u00bb global_colors_info=\u00bb{}\u00bb]<\/p>\n<p>Ricardo Appezzato es gerente art\u00edstico de Santa Marcelina Cultura, organizaci\u00f3n social responsable de la gesti\u00f3n del Theatro S\u00e3o Pedro, la Escuela de M\u00fasica del Estado de S\u00e3o Paulo &#8211; Tom Jobim y Guri Santa Marcelina y miembro de la Junta Directiva del Foro Brasile\u00f1o. de \u00d3pera, Danza y M\u00fasica de Conciert<\/p>\n<p>[\/et_pb_toggle][\/et_pb_column][et_pb_column type=\u00bb1_4&#8243; _builder_version=\u00bb4.20.0&#8243; _module_preset=\u00bbdefault\u00bb global_colors_info=\u00bb{}\u00bb][et_pb_image src=\u00bbhttps:\/\/www.operala.org\/encuentrosola\/wp-content\/uploads\/2023\/03\/Pedro-Salazar-Compania-Estable-de-Colombia.-e1678173196437.jpeg\u00bb title_text=\u00bbPedro Salazar, Compan\u0303i\u0301a Estable de Colombia.\u00bb disabled_on=\u00bbon|off|off\u00bb module_class=\u00bbpanelista\u00bb _builder_version=\u00bb4.20.2&#8243; _module_preset=\u00bbdefault\u00bb global_colors_info=\u00bb{}\u00bb background__hover_enabled=\u00bboff|desktop\u00bb][\/et_pb_image][et_pb_toggle title=\u00bbPedro Salazar, La Compa\u00f1\u00eda Estable, Colombia\u00bb open_toggle_background_color=\u00bbRGBA(255,255,255,0)\u00bb closed_toggle_background_color=\u00bbRGBA(255,255,255,0)\u00bb icon_color=\u00bb#000000&#8243; toggle_icon=\u00bb&#x50;||divi||400&#8243; use_icon_font_size=\u00bbon\u00bb icon_font_size=\u00bb32px\u00bb open_toggle_icon=\u00bb&#x4f;||divi||400&#8243; open_use_icon_font_size=\u00bbon\u00bb open_icon_font_size=\u00bb32px\u00bb _builder_version=\u00bb4.20.2&#8243; _module_preset=\u00bbdefault\u00bb title_level=\u00bbh6&#8243; title_font=\u00bbRaleway||||||||\u00bb title_text_align=\u00bbcenter\u00bb title_font_size=\u00bb18px\u00bb closed_title_font=\u00bbRaleway||||||||\u00bb custom_margin=\u00bb0px|0px|0px|0px|false|false\u00bb custom_padding=\u00bb0px|0px|0px|0px|false|false\u00bb border_width_all=\u00bb0px\u00bb border_color_all=\u00bbRGBA(255,255,255,0)\u00bb global_colors_info=\u00bb{}\u00bb]<\/p>\n<p>Director colombiano de teatro, \u00f3pera y teatro musical. Ha dirigido m\u00e1s de una veintena de obras de distintos g\u00e9neros. Desde 2007 dirige en Bogot\u00e1 su propia productora, La Compa\u00f1\u00eda Estable, en asociaci\u00f3n con algunos de los principales teatros de la ciudad. Algunas de sus principales producciones incluyen: Macbeth, estrenada en el Teatro Col\u00f3n por encargo del Ministerio de Cultura, la \u00f3pera Tosca, en el Teatro Mayor, adem\u00e1s de Otelo, La forma de las cosas, Piedras en los bolsillos, The Pillowman, El feo y La vida es sue\u00f1o.<\/p>\n<p>Es el director del \u00e1rea de Artes Esc\u00e9nicas en la Facultad de Artes y Humanidades de la Universidad de Los Andes. Egresado en Artes Teatrales por la Universidad de Brown (1996) y en Teatro F\u00edsico por la Escuela Internacional de Teatro de Jacques Lecoq (1999), se ha especializado en direcci\u00f3n teatral con un MFA de la Universidad de Columbia.<\/p>\n<p>[\/et_pb_toggle][\/et_pb_column][\/et_pb_row][et_pb_row column_structure=\u00bb1_4,1_4,1_4,1_4&#8243; _builder_version=\u00bb4.20.0&#8243; _module_preset=\u00bbdefault\u00bb global_colors_info=\u00bb{}\u00bb][et_pb_column type=\u00bb1_4&#8243; _builder_version=\u00bb4.20.0&#8243; _module_preset=\u00bbdefault\u00bb global_colors_info=\u00bb{}\u00bb][et_pb_image src=\u00bbhttps:\/\/www.operala.org\/encuentrosola\/wp-content\/uploads\/2023\/03\/Catalina-Tejero.jpeg\u00bb title_text=\u00bbCatalina Tejero\u00bb disabled_on=\u00bbon|off|off\u00bb module_class=\u00bbpanelista\u00bb _builder_version=\u00bb4.20.2&#8243; _module_preset=\u00bbdefault\u00bb global_colors_info=\u00bb{}\u00bb background__hover_enabled=\u00bboff|desktop\u00bb][\/et_pb_image][et_pb_toggle title=\u00bbCatalina Tejero, Decana Universidad IE para Cultura y Business, Espa\u00f1a\u00bb open_toggle_background_color=\u00bbRGBA(255,255,255,0)\u00bb closed_toggle_background_color=\u00bbRGBA(255,255,255,0)\u00bb icon_color=\u00bb#000000&#8243; toggle_icon=\u00bb&#x50;||divi||400&#8243; use_icon_font_size=\u00bbon\u00bb icon_font_size=\u00bb32px\u00bb open_toggle_icon=\u00bb&#x4f;||divi||400&#8243; open_use_icon_font_size=\u00bbon\u00bb open_icon_font_size=\u00bb32px\u00bb _builder_version=\u00bb4.20.2&#8243; _module_preset=\u00bbdefault\u00bb title_level=\u00bbh6&#8243; title_font=\u00bbRaleway||||||||\u00bb title_text_align=\u00bbcenter\u00bb title_font_size=\u00bb18px\u00bb closed_title_font=\u00bbRaleway||||||||\u00bb custom_margin=\u00bb0px|0px|0px|0px|false|false\u00bb custom_padding=\u00bb0px|0px|0px|0px|false|false\u00bb border_width_all=\u00bb0px\u00bb border_color_all=\u00bbRGBA(255,255,255,0)\u00bb global_colors_info=\u00bb{}\u00bb]<\/p>\n<p>Catalina Tejero imparte clases en IE University sobre arte desde una perspectiva social y de negocio. Actualmente est\u00e1 realizando su doctorado en IE University sobre el mecenazgo corporativo en el arte. Es adem\u00e1s la Vicedecana de la Divisi\u00f3n de Artes y Humanidades en IE University.<\/p>\n<p>Catalina es miembro del jurado del Premio de Humanidades de la Fundaci\u00f3n IE y Miembro de Honor de la Fundaci\u00f3n de Amigos del Museo del Prado en Madrid.<\/p>\n<p>[\/et_pb_toggle][\/et_pb_column][et_pb_column type=\u00bb1_4&#8243; _builder_version=\u00bb4.20.2&#8243; _module_preset=\u00bbdefault\u00bb global_colors_info=\u00bb{}\u00bb][et_pb_image src=\u00bbhttps:\/\/www.operala.org\/encuentrosola\/wp-content\/uploads\/2023\/03\/WhatsApp-Image-2023-03-20-at-15.53.17.jpeg\u00bb title_text=\u00bbWhatsApp Image 2023-03-20 at 15.53.17&#8243; disabled_on=\u00bbon|off|off\u00bb module_class=\u00bbpanelista\u00bb _builder_version=\u00bb4.20.2&#8243; _module_preset=\u00bbdefault\u00bb global_colors_info=\u00bb{}\u00bb background__hover_enabled=\u00bboff|desktop\u00bb][\/et_pb_image][et_pb_toggle title=\u00bbJorge Telerman, Teatro Col\u00f3n Buenos Aires, Argentina\u00bb open_toggle_background_color=\u00bbRGBA(255,255,255,0)\u00bb closed_toggle_background_color=\u00bbRGBA(255,255,255,0)\u00bb icon_color=\u00bb#000000&#8243; toggle_icon=\u00bb&#x50;||divi||400&#8243; use_icon_font_size=\u00bbon\u00bb icon_font_size=\u00bb32px\u00bb open_toggle_icon=\u00bb&#x4f;||divi||400&#8243; open_use_icon_font_size=\u00bbon\u00bb open_icon_font_size=\u00bb32px\u00bb _builder_version=\u00bb4.20.2&#8243; _module_preset=\u00bbdefault\u00bb title_level=\u00bbh6&#8243; title_font=\u00bbRaleway||||||||\u00bb title_text_align=\u00bbcenter\u00bb title_font_size=\u00bb18px\u00bb closed_title_font=\u00bbRaleway||||||||\u00bb custom_margin=\u00bb0px|0px|0px|0px|false|false\u00bb custom_padding=\u00bb0px|0px|0px|0px|false|false\u00bb border_width_all=\u00bb0px\u00bb border_color_all=\u00bbRGBA(255,255,255,0)\u00bb global_colors_info=\u00bb{}\u00bb][\/et_pb_toggle][\/et_pb_column][et_pb_column type=\u00bb1_4&#8243; _builder_version=\u00bb4.20.0&#8243; _module_preset=\u00bbdefault\u00bb global_colors_info=\u00bb{}\u00bb][et_pb_image src=\u00bbhttps:\/\/www.operala.org\/encuentrosola\/wp-content\/uploads\/2023\/03\/ZJYJcAZA_400x400.jpeg\u00bb title_text=\u00bbZJYJcAZA_400x400&#8243; disabled_on=\u00bbon|off|off\u00bb module_class=\u00bbpanelista\u00bb _builder_version=\u00bb4.20.2&#8243; _module_preset=\u00bbdefault\u00bb global_colors_info=\u00bb{}\u00bb background__hover_enabled=\u00bboff|desktop\u00bb][\/et_pb_image][et_pb_toggle title=\u00bbTrinidad Zaldivar, Banco Inter Americano de Desarrollo, USA\u00bb open_toggle_background_color=\u00bbRGBA(255,255,255,0)\u00bb closed_toggle_background_color=\u00bbRGBA(255,255,255,0)\u00bb icon_color=\u00bb#000000&#8243; toggle_icon=\u00bb&#x50;||divi||400&#8243; use_icon_font_size=\u00bbon\u00bb icon_font_size=\u00bb32px\u00bb open_toggle_icon=\u00bb&#x4f;||divi||400&#8243; open_use_icon_font_size=\u00bbon\u00bb open_icon_font_size=\u00bb32px\u00bb _builder_version=\u00bb4.20.2&#8243; _module_preset=\u00bbdefault\u00bb title_level=\u00bbh6&#8243; title_font=\u00bbRaleway||||||||\u00bb title_text_align=\u00bbcenter\u00bb title_font_size=\u00bb18px\u00bb closed_title_font=\u00bbRaleway||||||||\u00bb custom_margin=\u00bb0px|0px|0px|0px|false|false\u00bb custom_padding=\u00bb0px|0px|0px|0px|false|false\u00bb border_width_all=\u00bb0px\u00bb border_color_all=\u00bbRGBA(255,255,255,0)\u00bb global_colors_info=\u00bb{}\u00bb]<\/p>\n<p>Trinidad Zald\u00edvar, Ph.D., es Jefa de la Divisi\u00f3n de Asuntos Culturales, Solidaridad y Creatividad en la Oficina de Relaciones Externas del BID. Desde all\u00ed, a trav\u00e9s de la cultura, la creatividad y el voluntariado busca crear soluciones innovadoras a los diferentes sectores del Banco. Lidera una plataforma que le da visibilidad a creadores, artistas emergentes y emprendedores que est\u00e1n impactando vidas en \u00e1reas vitales para el desarrollo de la regi\u00f3n. Tiene experiencia en gesti\u00f3n del cambio, pr\u00e1cticas internacionales de desarrollo y an\u00e1lisis cultural. Es autora de m\u00e1s de 20 art\u00edculos y varios libros sobre la cultura de Chile. Zald\u00edvar tiene un Doctorado en Historia de la Pontificia Universidad Cat\u00f3lica de Chile y la Universidad Sorbonne Par\u00eds 1. Cuenta con 20 a\u00f1os de experiencia en diversas organizaciones, incluyendo multilaterales y centros culturales. Anteriormente colabor\u00f3 con IMAGO Global Grassroots y la Organizaci\u00f3n de Estados Americanos en el desarrollo de programas culturales, exhibiciones de arte, educaci\u00f3n entre otros proyectos.<\/p>\n<p>[\/et_pb_toggle][\/et_pb_column][et_pb_column type=\u00bb1_4&#8243; _builder_version=\u00bb4.20.0&#8243; _module_preset=\u00bbdefault\u00bb global_colors_info=\u00bb{}\u00bb][\/et_pb_column][\/et_pb_row][et_pb_row _builder_version=\u00bb4.20.0&#8243; _module_preset=\u00bbdefault\u00bb global_colors_info=\u00bb{}\u00bb][et_pb_column type=\u00bb4_4&#8243; _builder_version=\u00bb4.20.0&#8243; _module_preset=\u00bbdefault\u00bb global_colors_info=\u00bb{}\u00bb][et_pb_text content_tablet=\u00bb<\/p>\n<h1>Panelistas S\u00e3o Paulo<\/h1>\n<p>\u00bb content_phone=\u00bb<\/p>\n<h1 style=%22text-align: center;%22>Panelistas S\u00e3o Paulo<\/h1>\n<p>\u00bb content_last_edited=\u00bbon|phone\u00bb _builder_version=\u00bb4.20.2&#8243; _module_preset=\u00bbdefault\u00bb global_colors_info=\u00bb{}\u00bb]<\/p>\n<h1>Panelistas S\u00e3o Paulo<\/h1>\n<p>[\/et_pb_text][\/et_pb_column][\/et_pb_row][et_pb_row column_structure=\u00bb1_4,1_4,1_4,1_4&#8243; _builder_version=\u00bb4.20.0&#8243; _module_preset=\u00bbdefault\u00bb global_colors_info=\u00bb{}\u00bb][et_pb_column type=\u00bb1_4&#8243; _builder_version=\u00bb4.20.0&#8243; _module_preset=\u00bbdefault\u00bb global_colors_info=\u00bb{}\u00bb][et_pb_image src=\u00bbhttps:\/\/www.operala.org\/encuentrosola\/wp-content\/uploads\/2023\/03\/Annastina-Haapasaari-Finnish-National-Opera-and-Ballet-Finlandia-1.jpeg\u00bb title_text=\u00bbAnnastina Haapasaari, Finnish National Opera and Ballet, Finlandia\u00bb disabled_on=\u00bbon|off|off\u00bb module_class=\u00bbpanelista\u00bb _builder_version=\u00bb4.20.2&#8243; _module_preset=\u00bbdefault\u00bb global_colors_info=\u00bb{}\u00bb background__hover_enabled=\u00bboff|desktop\u00bb][\/et_pb_image][et_pb_toggle title=\u00bbAnnastina Haapasaari, Opera y Ballet Nacional de Finlandia\u00bb open_toggle_background_color=\u00bbRGBA(255,255,255,0)\u00bb closed_toggle_background_color=\u00bbRGBA(255,255,255,0)\u00bb icon_color=\u00bb#000000&#8243; toggle_icon=\u00bb&#x50;||divi||400&#8243; use_icon_font_size=\u00bbon\u00bb icon_font_size=\u00bb32px\u00bb open_toggle_icon=\u00bb&#x4f;||divi||400&#8243; open_use_icon_font_size=\u00bbon\u00bb open_icon_font_size=\u00bb32px\u00bb _builder_version=\u00bb4.20.2&#8243; _module_preset=\u00bbdefault\u00bb title_level=\u00bbh6&#8243; title_font=\u00bbRaleway||||||||\u00bb title_text_align=\u00bbcenter\u00bb title_font_size=\u00bb18px\u00bb closed_title_font=\u00bbRaleway||||||||\u00bb custom_margin=\u00bb0px|0px|0px|0px|false|false\u00bb custom_padding=\u00bb0px|0px|0px|0px|false|false\u00bb border_width_all=\u00bb0px\u00bb border_color_all=\u00bbRGBA(255,255,255,0)\u00bb global_colors_info=\u00bb{}\u00bb][\/et_pb_toggle][\/et_pb_column][et_pb_column type=\u00bb1_4&#8243; _builder_version=\u00bb4.20.2&#8243; _module_preset=\u00bbdefault\u00bb global_colors_info=\u00bb{}\u00bb][et_pb_image src=\u00bbhttps:\/\/www.operala.org\/encuentrosola\/wp-content\/uploads\/2023\/03\/WhatsApp-Image-2023-03-20-at-19.12.19.jpeg\u00bb title_text=\u00bbWhatsApp Image 2023-03-20 at 19.12.19&#8243; disabled_on=\u00bbon|off|off\u00bb module_class=\u00bbpanelista\u00bb _builder_version=\u00bb4.20.2&#8243; _module_preset=\u00bbdefault\u00bb global_colors_info=\u00bb{}\u00bb background__hover_enabled=\u00bboff|desktop\u00bb][\/et_pb_image][et_pb_toggle title=\u00bbJavier Ibacache, RED LAP, Chile\u00bb open_toggle_background_color=\u00bbRGBA(255,255,255,0)\u00bb closed_toggle_background_color=\u00bbRGBA(255,255,255,0)\u00bb icon_color=\u00bb#000000&#8243; toggle_icon=\u00bb&#x50;||divi||400&#8243; use_icon_font_size=\u00bbon\u00bb icon_font_size=\u00bb32px\u00bb open_toggle_icon=\u00bb&#x4f;||divi||400&#8243; open_use_icon_font_size=\u00bbon\u00bb open_icon_font_size=\u00bb32px\u00bb _builder_version=\u00bb4.20.2&#8243; _module_preset=\u00bbdefault\u00bb title_level=\u00bbh6&#8243; title_font=\u00bbRaleway||||||||\u00bb title_text_align=\u00bbcenter\u00bb title_font_size=\u00bb18px\u00bb closed_title_font=\u00bbRaleway||||||||\u00bb custom_margin=\u00bb0px|0px|0px|0px|false|false\u00bb custom_padding=\u00bb0px|0px|0px|0px|false|false\u00bb border_width_all=\u00bb0px\u00bb border_color_all=\u00bbRGBA(255,255,255,0)\u00bb global_colors_info=\u00bb{}\u00bb][\/et_pb_toggle][\/et_pb_column][et_pb_column type=\u00bb1_4&#8243; _builder_version=\u00bb4.20.0&#8243; _module_preset=\u00bbdefault\u00bb global_colors_info=\u00bb{}\u00bb][et_pb_image src=\u00bbhttps:\/\/www.operala.org\/encuentrosola\/wp-content\/uploads\/2023\/03\/Pepe-Zapata-TRESC-la-Comunitat-de-Cultura-Espana-e1679396456616.jpeg\u00bb title_text=\u00bbPepe Zapata, TRESC, la Comunitat de Cultura, Espan\u0303a\u00bb disabled_on=\u00bbon|off|off\u00bb module_class=\u00bbpanelista\u00bb _builder_version=\u00bb4.20.2&#8243; _module_preset=\u00bbdefault\u00bb global_colors_info=\u00bb{}\u00bb background__hover_enabled=\u00bboff|desktop\u00bb][\/et_pb_image][et_pb_toggle title=\u00bbPepe Zapata, TRESC, la Comunitat de Cultura, Espa\u00f1a\u00bb open_toggle_background_color=\u00bbRGBA(255,255,255,0)\u00bb closed_toggle_background_color=\u00bbRGBA(255,255,255,0)\u00bb icon_color=\u00bb#000000&#8243; toggle_icon=\u00bb&#x50;||divi||400&#8243; use_icon_font_size=\u00bbon\u00bb icon_font_size=\u00bb32px\u00bb open_toggle_icon=\u00bb&#x4f;||divi||400&#8243; open_use_icon_font_size=\u00bbon\u00bb open_icon_font_size=\u00bb32px\u00bb _builder_version=\u00bb4.20.2&#8243; _module_preset=\u00bbdefault\u00bb title_level=\u00bbh6&#8243; title_font=\u00bbRaleway||||||||\u00bb title_text_align=\u00bbcenter\u00bb title_font_size=\u00bb18px\u00bb closed_title_font=\u00bbRaleway||||||||\u00bb custom_margin=\u00bb0px|0px|0px|0px|false|false\u00bb custom_padding=\u00bb0px|0px|0px|0px|false|false\u00bb border_width_all=\u00bb0px\u00bb border_color_all=\u00bbRGBA(255,255,255,0)\u00bb global_colors_info=\u00bb{}\u00bb][\/et_pb_toggle][\/et_pb_column][et_pb_column type=\u00bb1_4&#8243; _builder_version=\u00bb4.20.0&#8243; _module_preset=\u00bbdefault\u00bb global_colors_info=\u00bb{}\u00bb][et_pb_image src=\u00bbhttps:\/\/www.operala.org\/encuentrosola\/wp-content\/uploads\/2023\/03\/WhatsApp-Image-2023-03-20-at-15.48.40-e1679396726284.jpeg\u00bb title_text=\u00bbWhatsApp Image 2023-03-20 at 15.48.40&#8243; disabled_on=\u00bbon|off|off\u00bb module_class=\u00bbpanelista\u00bb _builder_version=\u00bb4.20.2&#8243; _module_preset=\u00bbdefault\u00bb global_colors_info=\u00bb{}\u00bb background__hover_enabled=\u00bboff|desktop\u00bb][\/et_pb_image][et_pb_toggle title=\u00bbPreto Zez\u00e9, Central \u00danicas das Favelas, Brasil\u00bb open_toggle_background_color=\u00bbRGBA(255,255,255,0)\u00bb closed_toggle_background_color=\u00bbRGBA(255,255,255,0)\u00bb icon_color=\u00bb#000000&#8243; toggle_icon=\u00bb&#x50;||divi||400&#8243; use_icon_font_size=\u00bbon\u00bb icon_font_size=\u00bb32px\u00bb open_toggle_icon=\u00bb&#x4f;||divi||400&#8243; open_use_icon_font_size=\u00bbon\u00bb open_icon_font_size=\u00bb32px\u00bb _builder_version=\u00bb4.20.2&#8243; _module_preset=\u00bbdefault\u00bb title_level=\u00bbh6&#8243; title_font=\u00bbRaleway||||||||\u00bb title_text_align=\u00bbcenter\u00bb title_font_size=\u00bb18px\u00bb closed_title_font=\u00bbRaleway||||||||\u00bb custom_margin=\u00bb0px|0px|0px|0px|false|false\u00bb custom_padding=\u00bb0px|0px|0px|0px|false|false\u00bb border_width_all=\u00bb0px\u00bb border_color_all=\u00bbRGBA(255,255,255,0)\u00bb global_colors_info=\u00bb{}\u00bb][\/et_pb_toggle][\/et_pb_column][\/et_pb_row][et_pb_row column_structure=\u00bb1_4,1_4,1_4,1_4&#8243; _builder_version=\u00bb4.20.0&#8243; _module_preset=\u00bbdefault\u00bb global_colors_info=\u00bb{}\u00bb][et_pb_column type=\u00bb1_4&#8243; _builder_version=\u00bb4.20.0&#8243; _module_preset=\u00bbdefault\u00bb global_colors_info=\u00bb{}\u00bb][et_pb_image src=\u00bbhttps:\/\/www.operala.org\/encuentrosola\/wp-content\/uploads\/2023\/05\/Heloisa-Mota.jpeg\u00bb title_text=\u00bbHeloisa Mota\u00bb disabled_on=\u00bbon|off|off\u00bb module_class=\u00bbpanelista\u00bb _builder_version=\u00bb4.20.2&#8243; _module_preset=\u00bbdefault\u00bb global_colors_info=\u00bb{}\u00bb background__hover_enabled=\u00bboff|desktop\u00bb][\/et_pb_image][et_pb_toggle title=\u00bbHeloisa Mota, Theatro Municipal de S\u00e3o Paulo, Brasil\u00bb open_toggle_background_color=\u00bbRGBA(255,255,255,0)\u00bb closed_toggle_background_color=\u00bbRGBA(255,255,255,0)\u00bb icon_color=\u00bb#000000&#8243; toggle_icon=\u00bb&#x50;||divi||400&#8243; use_icon_font_size=\u00bbon\u00bb icon_font_size=\u00bb32px\u00bb open_toggle_icon=\u00bb&#x4f;||divi||400&#8243; open_use_icon_font_size=\u00bbon\u00bb open_icon_font_size=\u00bb32px\u00bb _builder_version=\u00bb4.20.2&#8243; _module_preset=\u00bbdefault\u00bb title_level=\u00bbh6&#8243; title_font=\u00bbRaleway||||||||\u00bb title_text_align=\u00bbcenter\u00bb title_font_size=\u00bb18px\u00bb closed_title_font=\u00bbRaleway||||||||\u00bb custom_margin=\u00bb0px|0px|0px|0px|false|false\u00bb custom_padding=\u00bb0px|0px|0px|0px|false|false\u00bb border_width_all=\u00bb0px\u00bb border_color_all=\u00bbRGBA(255,255,255,0)\u00bb global_colors_info=\u00bb{}\u00bb][\/et_pb_toggle][\/et_pb_column][et_pb_column type=\u00bb1_4&#8243; _builder_version=\u00bb4.20.2&#8243; _module_preset=\u00bbdefault\u00bb global_colors_info=\u00bb{}\u00bb][et_pb_image src=\u00bbhttps:\/\/www.operala.org\/encuentrosola\/wp-content\/uploads\/2023\/05\/Evelyn-Aravena-TMS.jpg\u00bb title_text=\u00bbEvelyn Aravena &#8211; TMS\u00bb disabled_on=\u00bbon|off|off\u00bb module_class=\u00bbpanelista\u00bb _builder_version=\u00bb4.20.2&#8243; _module_preset=\u00bbdefault\u00bb global_colors_info=\u00bb{}\u00bb background__hover_enabled=\u00bboff|desktop\u00bb][\/et_pb_image][et_pb_toggle title=\u00bbEvelyn Aravena, Teatro Municipal de Santiago, Chile\u00bb open_toggle_background_color=\u00bbRGBA(255,255,255,0)\u00bb closed_toggle_background_color=\u00bbRGBA(255,255,255,0)\u00bb icon_color=\u00bb#000000&#8243; toggle_icon=\u00bb&#x50;||divi||400&#8243; use_icon_font_size=\u00bbon\u00bb icon_font_size=\u00bb32px\u00bb open_toggle_icon=\u00bb&#x4f;||divi||400&#8243; open_use_icon_font_size=\u00bbon\u00bb open_icon_font_size=\u00bb32px\u00bb _builder_version=\u00bb4.20.2&#8243; _module_preset=\u00bbdefault\u00bb title_level=\u00bbh6&#8243; title_font=\u00bbRaleway||||||||\u00bb title_text_align=\u00bbcenter\u00bb title_font_size=\u00bb18px\u00bb closed_title_font=\u00bbRaleway||||||||\u00bb custom_margin=\u00bb0px|0px|0px|0px|false|false\u00bb custom_padding=\u00bb0px|0px|0px|0px|false|false\u00bb border_width_all=\u00bb0px\u00bb border_color_all=\u00bbRGBA(255,255,255,0)\u00bb global_colors_info=\u00bb{}\u00bb][\/et_pb_toggle][\/et_pb_column][et_pb_column type=\u00bb1_4&#8243; _builder_version=\u00bb4.20.0&#8243; _module_preset=\u00bbdefault\u00bb global_colors_info=\u00bb{}\u00bb][et_pb_image src=\u00bbhttps:\/\/www.operala.org\/encuentrosola\/wp-content\/uploads\/2023\/05\/Josep-R.-Cerda.jpeg\u00bb title_text=\u00bbJosep R. Cerda\u00bb disabled_on=\u00bbon|off|off\u00bb module_class=\u00bbpanelista\u00bb _builder_version=\u00bb4.20.2&#8243; _module_preset=\u00bbdefault\u00bb global_colors_info=\u00bb{}\u00bb background__hover_enabled=\u00bboff|desktop\u00bb][\/et_pb_image][et_pb_toggle title=\u00bbJosep R. Cerd\u00e0, Teatre Principal, Espa\u00f1a\u00bb open_toggle_background_color=\u00bbRGBA(255,255,255,0)\u00bb closed_toggle_background_color=\u00bbRGBA(255,255,255,0)\u00bb icon_color=\u00bb#000000&#8243; toggle_icon=\u00bb&#x50;||divi||400&#8243; use_icon_font_size=\u00bbon\u00bb icon_font_size=\u00bb32px\u00bb open_toggle_icon=\u00bb&#x4f;||divi||400&#8243; open_use_icon_font_size=\u00bbon\u00bb open_icon_font_size=\u00bb32px\u00bb _builder_version=\u00bb4.20.2&#8243; _module_preset=\u00bbdefault\u00bb title_level=\u00bbh6&#8243; title_font=\u00bbRaleway||||||||\u00bb title_text_align=\u00bbcenter\u00bb title_font_size=\u00bb18px\u00bb closed_title_font=\u00bbRaleway||||||||\u00bb custom_margin=\u00bb0px|0px|0px|0px|false|false\u00bb custom_padding=\u00bb0px|0px|0px|0px|false|false\u00bb border_width_all=\u00bb0px\u00bb border_color_all=\u00bbRGBA(255,255,255,0)\u00bb global_colors_info=\u00bb{}\u00bb][\/et_pb_toggle][\/et_pb_column][et_pb_column type=\u00bb1_4&#8243; _builder_version=\u00bb4.20.0&#8243; _module_preset=\u00bbdefault\u00bb global_colors_info=\u00bb{}\u00bb][et_pb_image src=\u00bbhttps:\/\/www.operala.org\/encuentrosola\/wp-content\/uploads\/2023\/05\/Manuel-Ubilla.jpeg\u00bb title_text=\u00bbManuel Ubilla\u00bb disabled_on=\u00bbon|off|off\u00bb module_class=\u00bbpanelista\u00bb _builder_version=\u00bb4.20.2&#8243; _module_preset=\u00bbdefault\u00bb global_colors_info=\u00bb{}\u00bb background__hover_enabled=\u00bboff|desktop\u00bb][\/et_pb_image][et_pb_toggle title=\u00bbManuel Ubilla, Teatro Biobio, Chile\u00bb open_toggle_background_color=\u00bbRGBA(255,255,255,0)\u00bb closed_toggle_background_color=\u00bbRGBA(255,255,255,0)\u00bb icon_color=\u00bb#000000&#8243; toggle_icon=\u00bb&#x50;||divi||400&#8243; use_icon_font_size=\u00bbon\u00bb icon_font_size=\u00bb32px\u00bb open_toggle_icon=\u00bb&#x4f;||divi||400&#8243; open_use_icon_font_size=\u00bbon\u00bb open_icon_font_size=\u00bb32px\u00bb _builder_version=\u00bb4.20.2&#8243; _module_preset=\u00bbdefault\u00bb title_level=\u00bbh6&#8243; title_font=\u00bbRaleway||||||||\u00bb title_text_align=\u00bbcenter\u00bb title_font_size=\u00bb18px\u00bb closed_title_font=\u00bbRaleway||||||||\u00bb custom_margin=\u00bb0px|0px|0px|0px|false|false\u00bb custom_padding=\u00bb0px|0px|0px|0px|false|false\u00bb border_width_all=\u00bb0px\u00bb border_color_all=\u00bbRGBA(255,255,255,0)\u00bb global_colors_info=\u00bb{}\u00bb][\/et_pb_toggle][\/et_pb_column][\/et_pb_row][et_pb_row column_structure=\u00bb1_4,1_4,1_4,1_4&#8243; _builder_version=\u00bb4.20.0&#8243; _module_preset=\u00bbdefault\u00bb global_colors_info=\u00bb{}\u00bb][et_pb_column type=\u00bb1_4&#8243; _builder_version=\u00bb4.20.0&#8243; _module_preset=\u00bbdefault\u00bb global_colors_info=\u00bb{}\u00bb][et_pb_image src=\u00bbhttps:\/\/www.operala.org\/encuentrosola\/wp-content\/uploads\/2023\/05\/Irvin-Pena-3-1.jpeg\u00bb title_text=\u00bbIrvin Pe\u00f1a 3&#8243; disabled_on=\u00bbon|off|off\u00bb module_class=\u00bbpanelista\u00bb _builder_version=\u00bb4.20.2&#8243; _module_preset=\u00bbdefault\u00bb global_colors_info=\u00bb{}\u00bb background__hover_enabled=\u00bboff|desktop\u00bb][\/et_pb_image][et_pb_toggle title=\u00bbIrvin Pe\u00f1a, Teatro Teresa Carre\u00f1o, Venezuela\u00bb open_toggle_background_color=\u00bbRGBA(255,255,255,0)\u00bb closed_toggle_background_color=\u00bbRGBA(255,255,255,0)\u00bb icon_color=\u00bb#000000&#8243; toggle_icon=\u00bb&#x50;||divi||400&#8243; use_icon_font_size=\u00bbon\u00bb icon_font_size=\u00bb32px\u00bb open_toggle_icon=\u00bb&#x4f;||divi||400&#8243; open_use_icon_font_size=\u00bbon\u00bb open_icon_font_size=\u00bb32px\u00bb _builder_version=\u00bb4.20.2&#8243; _module_preset=\u00bbdefault\u00bb title_level=\u00bbh6&#8243; title_font=\u00bbRaleway||||||||\u00bb title_text_align=\u00bbcenter\u00bb title_font_size=\u00bb18px\u00bb closed_title_font=\u00bbRaleway||||||||\u00bb custom_margin=\u00bb0px|0px|0px|0px|false|false\u00bb custom_padding=\u00bb0px|0px|0px|0px|false|false\u00bb border_width_all=\u00bb0px\u00bb border_color_all=\u00bbRGBA(255,255,255,0)\u00bb global_colors_info=\u00bb{}\u00bb][\/et_pb_toggle][\/et_pb_column][et_pb_column type=\u00bb1_4&#8243; _builder_version=\u00bb4.20.2&#8243; _module_preset=\u00bbdefault\u00bb global_colors_info=\u00bb{}\u00bb][et_pb_image src=\u00bbhttps:\/\/www.operala.org\/encuentrosola\/wp-content\/uploads\/2023\/05\/Mri-Emil-Saldana.jpg\u00bb title_text=\u00bbMr\u00ed Emil Salda\u00f1a\u00bb disabled_on=\u00bbon|off|off\u00bb module_class=\u00bbpanelista\u00bb _builder_version=\u00bb4.20.2&#8243; _module_preset=\u00bbdefault\u00bb global_colors_info=\u00bb{}\u00bb background__hover_enabled=\u00bboff|desktop\u00bb][\/et_pb_image][et_pb_toggle title=\u00bbMar\u00eda Emil Salda\u00f1a, SODRE, Uruguay\u00bb open_toggle_background_color=\u00bbRGBA(255,255,255,0)\u00bb closed_toggle_background_color=\u00bbRGBA(255,255,255,0)\u00bb icon_color=\u00bb#000000&#8243; toggle_icon=\u00bb&#x50;||divi||400&#8243; use_icon_font_size=\u00bbon\u00bb icon_font_size=\u00bb32px\u00bb open_toggle_icon=\u00bb&#x4f;||divi||400&#8243; open_use_icon_font_size=\u00bbon\u00bb open_icon_font_size=\u00bb32px\u00bb _builder_version=\u00bb4.20.2&#8243; _module_preset=\u00bbdefault\u00bb title_level=\u00bbh6&#8243; title_font=\u00bbRaleway||||||||\u00bb title_text_align=\u00bbcenter\u00bb title_font_size=\u00bb18px\u00bb closed_title_font=\u00bbRaleway||||||||\u00bb custom_margin=\u00bb0px|0px|0px|0px|false|false\u00bb custom_padding=\u00bb0px|0px|0px|0px|false|false\u00bb border_width_all=\u00bb0px\u00bb border_color_all=\u00bbRGBA(255,255,255,0)\u00bb global_colors_info=\u00bb{}\u00bb][\/et_pb_toggle][\/et_pb_column][et_pb_column type=\u00bb1_4&#8243; _builder_version=\u00bb4.20.0&#8243; _module_preset=\u00bbdefault\u00bb global_colors_info=\u00bb{}\u00bb][et_pb_image src=\u00bbhttps:\/\/www.operala.org\/encuentrosola\/wp-content\/uploads\/2023\/05\/Margarita-Mora-Teatro-Mayor-Julio-Mario-Santo-Dominco-Colombia-e1683923636516.jpeg\u00bb title_text=\u00bbMargarita Mora, Teatro Mayor Julio Mario Santo Dominco, Colombia\u00bb disabled_on=\u00bbon|off|off\u00bb module_class=\u00bbpanelista\u00bb _builder_version=\u00bb4.20.2&#8243; _module_preset=\u00bbdefault\u00bb global_colors_info=\u00bb{}\u00bb background__hover_enabled=\u00bboff|desktop\u00bb][\/et_pb_image][et_pb_toggle title=\u00bbMargarita Mora, Teatro Mayor Julio Mario Santo Domingo, Colombia\u00bb open_toggle_background_color=\u00bbRGBA(255,255,255,0)\u00bb closed_toggle_background_color=\u00bbRGBA(255,255,255,0)\u00bb icon_color=\u00bb#000000&#8243; toggle_icon=\u00bb&#x50;||divi||400&#8243; use_icon_font_size=\u00bbon\u00bb icon_font_size=\u00bb32px\u00bb open_toggle_icon=\u00bb&#x4f;||divi||400&#8243; open_use_icon_font_size=\u00bbon\u00bb open_icon_font_size=\u00bb32px\u00bb _builder_version=\u00bb4.20.2&#8243; _module_preset=\u00bbdefault\u00bb title_level=\u00bbh6&#8243; title_font=\u00bbRaleway||||||||\u00bb title_text_align=\u00bbcenter\u00bb title_font_size=\u00bb18px\u00bb closed_title_font=\u00bbRaleway||||||||\u00bb custom_margin=\u00bb0px|0px|0px|0px|false|false\u00bb custom_padding=\u00bb0px|0px|0px|0px|false|false\u00bb border_width_all=\u00bb0px\u00bb border_color_all=\u00bbRGBA(255,255,255,0)\u00bb global_colors_info=\u00bb{}\u00bb][\/et_pb_toggle][\/et_pb_column][et_pb_column type=\u00bb1_4&#8243; _builder_version=\u00bb4.20.0&#8243; _module_preset=\u00bbdefault\u00bb global_colors_info=\u00bb{}\u00bb][\/et_pb_column][\/et_pb_row][\/et_pb_section][et_pb_section fb_built=\u00bb1&#8243; _builder_version=\u00bb4.20.2&#8243; _module_preset=\u00bbdefault\u00bb global_colors_info=\u00bb{}\u00bb][et_pb_row _builder_version=\u00bb4.20.2&#8243; _module_preset=\u00bbdefault\u00bb module_alignment=\u00bbcenter\u00bb custom_margin=\u00bb||||false|false\u00bb custom_padding=\u00bb||||false|false\u00bb global_colors_info=\u00bb{}\u00bb][et_pb_column type=\u00bb4_4&#8243; _builder_version=\u00bb4.20.2&#8243; _module_preset=\u00bbdefault\u00bb global_colors_info=\u00bb{}\u00bb][et_pb_text _builder_version=\u00bb4.20.2&#8243; _module_preset=\u00bbdefault\u00bb custom_margin=\u00bb0px||0px||false|false\u00bb custom_padding=\u00bb0px||0px||false|false\u00bb global_colors_info=\u00bb{}\u00bb]<\/p>\n<p><strong>Organizan:<\/strong><\/p>\n<p>[\/et_pb_text][ba_logo_carousel slide_count=\u00bb4&#8243; carousel_spacing_top=\u00bb35px\u00bb carousel_spacing_bottom=\u00bb35px\u00bb logo_height=\u00bb100px\u00bb logo_width=\u00bb100%\u00bb disabled_on=\u00bbon|off|off\u00bb _builder_version=\u00bb4.20.2&#8243; _module_preset=\u00bbdefault\u00bb module_alignment=\u00bbleft\u00bb custom_margin=\u00bb0px||0px||false|false\u00bb custom_padding=\u00bb0px||0px||false|false\u00bb custom_css_main_element=\u00bbalign-items: center;\u00bb global_colors_info=\u00bb{}\u00bb][ba_logo_carousel_child logo=\u00bbhttps:\/\/www.operala.org\/encuentrosola\/wp-content\/uploads\/2023\/03\/Logo_Completo_OLA_Normal.png\u00bb brand_name=\u00bbOla\u00bb _builder_version=\u00bb4.20.2&#8243; _module_preset=\u00bbdefault\u00bb global_colors_info=\u00bb{}\u00bb][\/ba_logo_carousel_child][ba_logo_carousel_child logo=\u00bbhttps:\/\/www.operala.org\/encuentrosola\/wp-content\/uploads\/2023\/03\/LOGO-FAO-1.png\u00bb brand_name=\u00bbFestival Amazonas de \u00d3pera\u00bb _builder_version=\u00bb4.20.2&#8243; _module_preset=\u00bbdefault\u00bb global_colors_info=\u00bb{}\u00bb][\/ba_logo_carousel_child][ba_logo_carousel_child logo=\u00bbhttps:\/\/www.operala.org\/encuentrosola\/wp-content\/uploads\/2023\/03\/LOGOS-CULTURA-e-GOVERNO-2022-COLOR.png\u00bb brand_name=\u00bbSecretar\u00eda de Cultura y Econom\u00eda Creativa\u00bb _builder_version=\u00bb4.20.2&#8243; _module_preset=\u00bbdefault\u00bb global_colors_info=\u00bb{}\u00bb][\/ba_logo_carousel_child][ba_logo_carousel_child logo=\u00bbhttps:\/\/www.operala.org\/encuentrosola\/wp-content\/uploads\/2023\/03\/logo-TM-SP.png\u00bb brand_name=\u00bbTheatro Municipal de Sao Paulo\u00bb _builder_version=\u00bb4.20.2&#8243; _module_preset=\u00bbdefault\u00bb global_colors_info=\u00bb{}\u00bb][\/ba_logo_carousel_child][\/ba_logo_carousel][ba_logo_grid column_count=\u00bb2&#8243; grid_gap=\u00bb15px\u00bb disabled_on=\u00bboff|on|on\u00bb _builder_version=\u00bb4.20.2&#8243; _module_preset=\u00bbdefault\u00bb custom_margin=\u00bb||35px|||\u00bb global_colors_info=\u00bb{}\u00bb][ba_logo_grid_child logo_url=\u00bbhttps:\/\/www.operala.org\/encuentrosola\/wp-content\/uploads\/2023\/03\/Logo_Completo_OLA_Normal.png\u00bb _builder_version=\u00bb4.20.2&#8243; _module_preset=\u00bbdefault\u00bb global_colors_info=\u00bb{}\u00bb][\/ba_logo_grid_child][ba_logo_grid_child logo_url=\u00bbhttps:\/\/www.operala.org\/encuentrosola\/wp-content\/uploads\/2023\/03\/LOGO-FAO-1.png\u00bb _builder_version=\u00bb4.20.2&#8243; _module_preset=\u00bbdefault\u00bb global_colors_info=\u00bb{}\u00bb][\/ba_logo_grid_child][ba_logo_grid_child logo_url=\u00bbhttps:\/\/www.operala.org\/encuentrosola\/wp-content\/uploads\/2023\/03\/LOGOS-CULTURA-e-GOVERNO-2022-COLOR.png\u00bb _builder_version=\u00bb4.20.2&#8243; _module_preset=\u00bbdefault\u00bb global_colors_info=\u00bb{}\u00bb][\/ba_logo_grid_child][ba_logo_grid_child logo_url=\u00bbhttps:\/\/www.operala.org\/encuentrosola\/wp-content\/uploads\/2023\/03\/logo-TM-SP.png\u00bb _builder_version=\u00bb4.20.2&#8243; _module_preset=\u00bbdefault\u00bb global_colors_info=\u00bb{}\u00bb][\/ba_logo_grid_child][\/ba_logo_grid][\/et_pb_column][\/et_pb_row][et_pb_row _builder_version=\u00bb4.20.2&#8243; _module_preset=\u00bbdefault\u00bb custom_margin=\u00bb0px||0px||false|false\u00bb custom_padding=\u00bb0px||0px||false|false\u00bb global_colors_info=\u00bb{}\u00bb][et_pb_column type=\u00bb4_4&#8243; _builder_version=\u00bb4.20.2&#8243; _module_preset=\u00bbdefault\u00bb global_colors_info=\u00bb{}\u00bb][et_pb_text _builder_version=\u00bb4.20.2&#8243; _module_preset=\u00bbdefault\u00bb custom_margin=\u00bb0px||0px||false|false\u00bb custom_padding=\u00bb0px||0px||false|false\u00bb global_colors_info=\u00bb{}\u00bb]<\/p>\n<p><strong>Auspicia:<\/strong><\/p>\n<p>[\/et_pb_text][ba_logo_carousel slide_count=\u00bb4&#8243; logo_height=\u00bb100px\u00bb logo_width=\u00bb90%\u00bb disabled_on=\u00bbon|off|off\u00bb _builder_version=\u00bb4.20.2&#8243; _module_preset=\u00bbdefault\u00bb module_alignment=\u00bbleft\u00bb custom_margin=\u00bb0px||0px||false|false\u00bb custom_padding=\u00bb0px||0px||false|false\u00bb global_colors_info=\u00bb{}\u00bb][ba_logo_carousel_child logo=\u00bbhttps:\/\/www.operala.org\/encuentrosola\/wp-content\/uploads\/2023\/04\/Bolero-Logo-Resterized-1.png\u00bb brand_name=\u00bbOEI\u00bb _builder_version=\u00bb4.20.2&#8243; _module_preset=\u00bbdefault\u00bb custom_css_main_element=\u00bbfloat:left;\u00bb global_colors_info=\u00bb{}\u00bb][\/ba_logo_carousel_child][ba_logo_carousel_child _builder_version=\u00bb4.20.2&#8243; _module_preset=\u00bbdefault\u00bb global_colors_info=\u00bb{}\u00bb][\/ba_logo_carousel_child][ba_logo_carousel_child _builder_version=\u00bb4.20.2&#8243; _module_preset=\u00bbdefault\u00bb global_colors_info=\u00bb{}\u00bb][\/ba_logo_carousel_child][\/ba_logo_carousel][\/et_pb_column][\/et_pb_row][et_pb_row _builder_version=\u00bb4.20.2&#8243; _module_preset=\u00bbdefault\u00bb custom_margin=\u00bb0px||0px||false|false\u00bb custom_padding=\u00bb0px||0px||false|false\u00bb global_colors_info=\u00bb{}\u00bb][et_pb_column type=\u00bb4_4&#8243; _builder_version=\u00bb4.20.2&#8243; _module_preset=\u00bbdefault\u00bb global_colors_info=\u00bb{}\u00bb][et_pb_text _builder_version=\u00bb4.20.2&#8243; _module_preset=\u00bbdefault\u00bb custom_margin=\u00bb0px||0px||false|false\u00bb custom_padding=\u00bb0px||0px||false|false\u00bb global_colors_info=\u00bb{}\u00bb]<\/p>\n<p><strong>Colaboran:<\/strong><\/p>\n<p>[\/et_pb_text][ba_logo_carousel slide_count=\u00bb4&#8243; logo_height=\u00bb100px\u00bb logo_width=\u00bb90%\u00bb disabled_on=\u00bbon|off|off\u00bb _builder_version=\u00bb4.20.2&#8243; _module_preset=\u00bbdefault\u00bb module_alignment=\u00bbleft\u00bb custom_margin=\u00bb0px||0px||false|false\u00bb custom_padding=\u00bb0px||0px||false|false\u00bb global_colors_info=\u00bb{}\u00bb][ba_logo_carousel_child logo=\u00bbhttps:\/\/www.operala.org\/encuentrosola\/wp-content\/uploads\/2023\/03\/OEI_marca_rgb.png\u00bb brand_name=\u00bbOEI\u00bb _builder_version=\u00bb4.20.2&#8243; _module_preset=\u00bbdefault\u00bb custom_css_main_element=\u00bbfloat:left;\u00bb global_colors_info=\u00bb{}\u00bb][\/ba_logo_carousel_child][ba_logo_carousel_child logo=\u00bbhttps:\/\/www.operala.org\/encuentrosola\/wp-content\/uploads\/2023\/03\/logo-bid-2.png\u00bb brand_name=\u00bbFestival Amazonas de \u00d3pera\u00bb _builder_version=\u00bb4.20.2&#8243; _module_preset=\u00bbdefault\u00bb custom_css_main_element=\u00bbfloat:left;\u00bb global_colors_info=\u00bb{}\u00bb][\/ba_logo_carousel_child][ba_logo_carousel_child _builder_version=\u00bb4.20.2&#8243; _module_preset=\u00bbdefault\u00bb global_colors_info=\u00bb{}\u00bb][\/ba_logo_carousel_child][ba_logo_carousel_child _builder_version=\u00bb4.20.2&#8243; _module_preset=\u00bbdefault\u00bb global_colors_info=\u00bb{}\u00bb][\/ba_logo_carousel_child][\/ba_logo_carousel][\/et_pb_column][\/et_pb_row][et_pb_row _builder_version=\u00bb4.20.2&#8243; _module_preset=\u00bbdefault\u00bb custom_margin=\u00bb||100px||false|false\u00bb global_colors_info=\u00bb{}\u00bb][et_pb_column type=\u00bb4_4&#8243; _builder_version=\u00bb4.20.2&#8243; _module_preset=\u00bbdefault\u00bb global_colors_info=\u00bb{}\u00bb][et_pb_text _builder_version=\u00bb4.20.2&#8243; _module_preset=\u00bbdefault\u00bb custom_margin=\u00bb0px||0px||false|false\u00bb custom_padding=\u00bb0px||0px||false|false\u00bb global_colors_info=\u00bb{}\u00bb]<\/p>\n<p><strong>Partner:<\/strong><\/p>\n<p>[\/et_pb_text][ba_logo_grid _builder_version=\u00bb4.20.2&#8243; _module_preset=\u00bbdefault\u00bb custom_margin=\u00bb20px|||||\u00bb global_colors_info=\u00bb{}\u00bb][ba_logo_grid_child logo_url=\u00bbhttps:\/\/www.operala.org\/encuentrosola\/wp-content\/uploads\/2023\/03\/LOGO-OPERA-XXI-ok.jpeg\u00bb _builder_version=\u00bb4.20.2&#8243; _module_preset=\u00bbdefault\u00bb global_colors_info=\u00bb{}\u00bb][\/ba_logo_grid_child][ba_logo_grid_child _builder_version=\u00bb4.20.2&#8243; _module_preset=\u00bbdefault\u00bb global_colors_info=\u00bb{}\u00bb][\/ba_logo_grid_child][\/ba_logo_grid][\/et_pb_column][\/et_pb_row][\/et_pb_section][et_pb_section fb_built=\u00bb1&#8243; _builder_version=\u00bb4.20.2&#8243; _module_preset=\u00bbdefault\u00bb global_colors_info=\u00bb{}\u00bb][et_pb_row _builder_version=\u00bb4.20.2&#8243; _module_preset=\u00bbdefault\u00bb global_colors_info=\u00bb{}\u00bb][et_pb_column type=\u00bb4_4&#8243; _builder_version=\u00bb4.20.2&#8243; _module_preset=\u00bbdefault\u00bb global_colors_info=\u00bb{}\u00bb][\/et_pb_column][\/et_pb_row][\/et_pb_section]<\/p>\n","protected":false},"excerpt":{"rendered":"<p>\u00d3pera Latinoam\u00e9rica (OLA), el Festival Amazonas de \u00d3pera y la Secretar\u00eda de Cultura y Econom\u00eda Creativa de Amazonas dan la bienvenida a la industria de la \u00f3pera y la m\u00fasica a la16\u00aa Conferencia Anual \u00d3pera Latinoam\u00e9rica 2023. El 15 y 16 de Mayo, \u00d3pera Latinoam\u00e9rica (OLA) junto al Theatro Municipal S\u00e3o Paulo realizar\u00e1n el Foro [&hellip;]<\/p>\n","protected":false},"author":1,"featured_media":0,"parent":0,"menu_order":0,"comment_status":"closed","ping_status":"closed","template":"","meta":{"_acf_changed":false,"_et_pb_use_builder":"on","_et_pb_old_content":"<!-- wp:paragraph -->\n<p>This is an example page. It's different from a blog post because it will stay in one place and will show up in your site navigation (in most themes). Most people start with an About page that introduces them to potential site visitors. It might say something like this:<\/p>\n<!-- \/wp:paragraph -->\n\n<!-- wp:quote -->\n<blockquote class=\"wp-block-quote\"><p>Hi there! I'm a bike messenger by day, aspiring actor by night, and this is my website. I live in Los Angeles, have a great dog named Jack, and I like pi&#241;a coladas. (And gettin' caught in the rain.)<\/p><\/blockquote>\n<!-- \/wp:quote -->\n\n<!-- wp:paragraph -->\n<p>...or something like this:<\/p>\n<!-- \/wp:paragraph -->\n\n<!-- wp:quote -->\n<blockquote class=\"wp-block-quote\"><p>The XYZ Doohickey Company was founded in 1971, and has been providing quality doohickeys to the public ever since. Located in Gotham City, XYZ employs over 2,000 people and does all kinds of awesome things for the Gotham community.<\/p><\/blockquote>\n<!-- \/wp:quote -->\n\n<!-- wp:paragraph -->\n<p>As a new WordPress user, you should go to <a href=\"https:\/\/www.operala.org\/encuentrosola\/wp-admin\/\">your dashboard<\/a> to delete this page and create new pages for your content. Have fun!<\/p>\n<!-- \/wp:paragraph -->","_et_gb_content_width":"","footnotes":""},"class_list":["post-535","page","type-page","status-publish","hentry"],"acf":[],"_links":{"self":[{"href":"https:\/\/www.operala.org\/encuentrosola\/wp-json\/wp\/v2\/pages\/535","targetHints":{"allow":["GET"]}}],"collection":[{"href":"https:\/\/www.operala.org\/encuentrosola\/wp-json\/wp\/v2\/pages"}],"about":[{"href":"https:\/\/www.operala.org\/encuentrosola\/wp-json\/wp\/v2\/types\/page"}],"author":[{"embeddable":true,"href":"https:\/\/www.operala.org\/encuentrosola\/wp-json\/wp\/v2\/users\/1"}],"replies":[{"embeddable":true,"href":"https:\/\/www.operala.org\/encuentrosola\/wp-json\/wp\/v2\/comments?post=535"}],"version-history":[{"count":7,"href":"https:\/\/www.operala.org\/encuentrosola\/wp-json\/wp\/v2\/pages\/535\/revisions"}],"predecessor-version":[{"id":1371,"href":"https:\/\/www.operala.org\/encuentrosola\/wp-json\/wp\/v2\/pages\/535\/revisions\/1371"}],"wp:attachment":[{"href":"https:\/\/www.operala.org\/encuentrosola\/wp-json\/wp\/v2\/media?parent=535"}],"curies":[{"name":"wp","href":"https:\/\/api.w.org\/{rel}","templated":true}]}}