{"id":2,"date":"2023-02-26T03:00:48","date_gmt":"2023-02-26T03:00:48","guid":{"rendered":"https:\/\/www.operala.org\/encuentrosola\/?page_id=2"},"modified":"2025-05-05T13:39:38","modified_gmt":"2025-05-05T13:39:38","slug":"conferencia-2024","status":"publish","type":"page","link":"https:\/\/www.operala.org\/encuentrosola\/conferencia-2024\/","title":{"rendered":"Conferencia 2024"},"content":{"rendered":"<p>[et_pb_section fb_built=\u00bb1&#8243; admin_label=\u00bbsection\u00bb _builder_version=\u00bb4.27.0&#8243; custom_margin=\u00bb0px|0px|0px|0px|false|false\u00bb custom_padding=\u00bb0px|0px|0px|0px|false|false\u00bb global_colors_info=\u00bb{}\u00bb][et_pb_row admin_label=\u00bbrow\u00bb _builder_version=\u00bb4.27.0&#8243; background_size=\u00bbinitial\u00bb background_position=\u00bbtop_left\u00bb background_repeat=\u00bbrepeat\u00bb width=\u00bb100%\u00bb max_width=\u00bb100%\u00bb custom_margin=\u00bb0px|0px|0px|0px|false|false\u00bb custom_padding=\u00bb0px|0px|0px|0px|false|false\u00bb global_colors_info=\u00bb{}\u00bb][et_pb_column type=\u00bb4_4&#8243; _builder_version=\u00bb4.27.0&#8243; custom_padding=\u00bb|||\u00bb global_colors_info=\u00bb{}\u00bb custom_padding__hover=\u00bb|||\u00bb][et_pb_slider show_arrows=\u00bboff\u00bb show_pagination=\u00bboff\u00bb use_bg_overlay=\u00bboff\u00bb use_text_overlay=\u00bboff\u00bb module_class=\u00bbnormal\u00bb _builder_version=\u00bb4.27.0&#8243; _module_preset=\u00bbdefault\u00bb header_line_height=\u00bb0.1em\u00bb body_font_size=\u00bb18px\u00bb background_color=\u00bbRGBA(255,255,255,0)\u00bb background_enable_video_mp4=\u00bboff\u00bb custom_button=\u00bbon\u00bb button_custom_margin=\u00bb100px||||false|false\u00bb min_height=\u00bb500px\u00bb custom_margin=\u00bb0px|0px|0px|0px|false|false\u00bb custom_padding=\u00bb0px|0px|0px|0px|false|false\u00bb custom_padding_tablet=\u00bb170px||85px|||\u00bb custom_padding_phone=\u00bb0px||0px||false|false\u00bb custom_padding_last_edited=\u00bbon|phone\u00bb header_font_size_tablet=\u00bb\u00bb header_font_size_phone=\u00bb35px\u00bb header_font_size_last_edited=\u00bbon|phone\u00bb body_font_size_tablet=\u00bb18px\u00bb body_font_size_phone=\u00bb14px\u00bb body_font_size_last_edited=\u00bbon|phone\u00bb text_shadow_style=\u00bbpreset2&#8243; global_colors_info=\u00bb{}\u00bb][et_pb_slide button_link=\u00bbhttps:\/\/www.operala.org\/encuentrosola\/wp-content\/uploads\/2024\/09\/Agenda-Conferencia-OLA-agosto-24.pdf\u00bb url_new_window=\u00bbon\u00bb admin_title=\u00bbImagen principal\u00bb _builder_version=\u00bb4.27.0&#8243; _module_preset=\u00bbdefault\u00bb header_level=\u00bbh2&#8243; header_font=\u00bbPlayfair Display|700|||||||\u00bb header_font_size=\u00bb50px\u00bb header_letter_spacing=\u00bb1px\u00bb header_line_height=\u00bb1.1em\u00bb background_enable_color=\u00bboff\u00bb background_image=\u00bbhttps:\/\/www.operala.org\/encuentrosola\/wp-content\/uploads\/2024\/09\/OLA24_Adapt-Web_OLA-espanol_Landing.jpg\u00bb background_enable_image=\u00bbon\u00bb background_size=\u00bbstretch\u00bb background_blend=\u00bbmultiply\u00bb custom_button=\u00bbon\u00bb button_text_color=\u00bb#000000&#8243; button_bg_color=\u00bbrgba(94,223,181,0.87)\u00bb button_border_width=\u00bb2px\u00bb button_border_color=\u00bbRGBA(255,255,255,0)\u00bb button_border_radius=\u00bb41px\u00bb button_font=\u00bbRaleway||||||||\u00bb button_use_icon=\u00bbon\u00bb button_icon=\u00bb&#x24;||divi||400&#8243; button_icon_color=\u00bb#000000&#8243; button_icon_placement=\u00bbright\u00bb button_on_hover=\u00bboff\u00bb button_custom_margin=\u00bb30px||||false|false\u00bb button_custom_padding=\u00bb|45px||30px|false|false\u00bb width=\u00bb75%\u00bb width_tablet=\u00bb75%\u00bb width_phone=\u00bb90%\u00bb width_last_edited=\u00bbon|phone\u00bb custom_padding=\u00bb||100px||false|false\u00bb background_last_edited=\u00bbon|phone\u00bb background_image_tablet=\u00bbhttps:\/\/www.operala.org\/encuentrosola\/wp-content\/uploads\/2024\/09\/OLA24_Adapt-Web_OLA-espanol_Web.jpg\u00bb background_image_phone=\u00bbhttps:\/\/www.operala.org\/encuentrosola\/wp-content\/uploads\/2024\/09\/OLA24_Adapt-Web_OLA-espanol_Web.jpg\u00bb background_enable_image_tablet=\u00bbon\u00bb background_enable_image_phone=\u00bbon\u00bb background_size_phone=\u00bbcontain\u00bb custom_css_main_element=\u00bbword-break: normal;\u00bb header_text_shadow_style=\u00bbpreset2&#8243; header_text_shadow_horizontal_length=\u00bb0.04em\u00bb global_colors_info=\u00bb{}\u00bb button_bg_color__hover_enabled=\u00bbon|desktop\u00bb button_bg_color__hover=\u00bb#FFFFFF\u00bb button_bg_enable_color__hover=\u00bbon\u00bb button_border_color__hover_enabled=\u00bbon|desktop\u00bb button_border_color__hover=\u00bbRGBA(255,255,255,0)\u00bb sticky_transition=\u00bbon\u00bb][\/et_pb_slide][\/et_pb_slider][\/et_pb_column][\/et_pb_row][\/et_pb_section][et_pb_section fb_built=\u00bb1&#8243; _builder_version=\u00bb4.20.0&#8243; _module_preset=\u00bbdefault\u00bb custom_padding=\u00bb||3px|||\u00bb global_colors_info=\u00bb{}\u00bb][et_pb_row _builder_version=\u00bb4.20.2&#8243; _module_preset=\u00bbdefault\u00bb global_colors_info=\u00bb{}\u00bb][et_pb_column type=\u00bb4_4&#8243; _builder_version=\u00bb4.20.2&#8243; _module_preset=\u00bbdefault\u00bb global_colors_info=\u00bb{}\u00bb][et_pb_text _builder_version=\u00bb4.20.2&#8243; _module_preset=\u00bbdefault\u00bb global_colors_info=\u00bb{}\u00bb]<\/p>\n<h1 style=\"text-align: center;\">Bienvenidos a la 17\u00aa conferencia OLA 2024<\/h1>\n<p>[\/et_pb_text][\/et_pb_column][\/et_pb_row][et_pb_row column_structure=\u00bb1_2,1_2&#8243; _builder_version=\u00bb4.20.0&#8243; _module_preset=\u00bbdefault\u00bb global_colors_info=\u00bb{}\u00bb][et_pb_column type=\u00bb1_2&#8243; _builder_version=\u00bb4.20.0&#8243; _module_preset=\u00bbdefault\u00bb global_colors_info=\u00bb{}\u00bb][et_pb_text _builder_version=\u00bb4.20.2&#8243; _module_preset=\u00bbdefault\u00bb global_colors_info=\u00bb{}\u00bb]<\/p>\n<p>Los teatros son espacios de comunidad y agentes de cambio que generan una mayor cohesi\u00f3n social en nuestros pa\u00edses, dado que se vinculan con miles de personas en sus territorios a trav\u00e9s de la m\u00fasica y las artes esc\u00e9nicas. Son a su vez, polos de creatividad y \u00a0escenarios para colaborar en las grandes transformaciones que la sociedad necesita en el siglo XXI, con miras a la agenda de desarrollo sostenible que la Organizaci\u00f3n de las Naciones Unidas (ONU) ha propuesto cumplir en 2030, con objetivos y metas (ODS) de las que el sector cultural puede \u2013y debe\u2013 ser parte.<\/p>\n<p>La crisis medioambiental y su consecuente impacto en nuestra ciudades,\u00a0 naturaleza y ecosistema, el avance de la inteligencia artificial, la migraci\u00f3n y la diversidad, son temas cada vez m\u00e1s presentes en la agenda mundial. En ese sentido, <strong>las organizaciones culturales son<\/strong> \u2013hoy, m\u00e1s que nunca\u2013 <strong>epicentros de pensamiento cr\u00edtico, laboratorios de innovaci\u00f3n y espacios de articulaci\u00f3n p\u00fablica, privada y social para avanzar hacia un desarrollo integral y equitativo,<\/strong> que cuide nuestro planeta para las futuras generaciones.<\/p>\n<p>Esa reflexi\u00f3n ser\u00e1 el hilo conductor de la 17\u00aa Conferencia Anual de \u00d3pera Latinoam\u00e9rica (OLA), que se desarrollar\u00e1 entre el <strong>17 y el 20 de noviembre 2024 en la ciudad de Santiago de Chile.<\/strong><\/p>\n<p>[\/et_pb_text][\/et_pb_column][et_pb_column type=\u00bb1_2&#8243; _builder_version=\u00bb4.20.0&#8243; _module_preset=\u00bbdefault\u00bb global_colors_info=\u00bb{}\u00bb][et_pb_text _builder_version=\u00bb4.20.2&#8243; _module_preset=\u00bbdefault\u00bb custom_padding=\u00bb||4px|||\u00bb global_colors_info=\u00bb{}\u00bb]<\/p>\n<p>Como cada a\u00f1o, los m\u00e1s de 45 miembros de la red \u2013representados por directores, gestores, artistas, <em>managers<\/em> y especialistas de organizaciones iberoamericanas\u2013, junto a expertos vinculados a las industrias creativas, se dar\u00e1n cita por tres d\u00edas para trabajar en torno a temas relevantes de su quehacer y, en particular, para reflexionar sobre la forma en que las artes se pueden sumar al cumplimiento de los ODS.\u00a0<\/p>\n<p>Cada vez enfrentamos un futuro m\u00e1s desafiante, que requiere de una mayor articulaci\u00f3n de todos los sectores, y por ello \u2013tal como ocurri\u00f3 por primera vez en el \u00faltimo encuentro en Manaos, Brasil\u2013, OLA volver\u00e1 a abrir las puertas de su encuentro anual a otras organizaciones, teatros, compa\u00f1\u00edas, festivales, productoras, empresas e instituciones que no son parte de la red, pero que comparten el prop\u00f3sito de promover la creatividad, la circulaci\u00f3n, la innovaci\u00f3n iberoamericana y la importancia de la sostenibilidad.<\/p>\n<p>El programa de la\u00a0<strong>Conferencia Anual de OLA 2024<\/strong><strong>\u00a0<\/strong>contar\u00e1 con una nutrida agenda de actividades, entre ellas, la reuni\u00f3n anual de la asociaci\u00f3n, conferencias, ruedas de negocios, mercados para compa\u00f1\u00edas independientes y nueva creaci\u00f3n, visitas a espacios culturales y participaci\u00f3n en espect\u00e1culos, varias de ellas organizadas con la colaboraci\u00f3n con importante entidades internacionales.<\/p>\n<p>&nbsp;<\/p>\n<p>[\/et_pb_text][\/et_pb_column][\/et_pb_row][et_pb_row _builder_version=\u00bb4.20.0&#8243; _module_preset=\u00bbdefault\u00bb global_colors_info=\u00bb{}\u00bb][et_pb_column type=\u00bb4_4&#8243; _builder_version=\u00bb4.20.0&#8243; _module_preset=\u00bbdefault\u00bb global_colors_info=\u00bb{}\u00bb][et_pb_divider color=\u00bb#000000&#8243; divider_weight=\u00bb3px\u00bb _builder_version=\u00bb4.20.0&#8243; _module_preset=\u00bbdefault\u00bb width=\u00bb100px\u00bb max_width=\u00bb100px\u00bb module_alignment=\u00bbcenter\u00bb global_colors_info=\u00bb{}\u00bb][\/et_pb_divider][\/et_pb_column][\/et_pb_row][\/et_pb_section][et_pb_section fb_built=\u00bb1&#8243; _builder_version=\u00bb4.27.4&#8243; _module_preset=\u00bbdefault\u00bb background_color=\u00bb#FFFFFF\u00bb min_height=\u00bb135px\u00bb custom_margin=\u00bb0px|0px|0px|0px|false|false\u00bb custom_padding=\u00bb40px|0px|0px|0px|false|false\u00bb border_color_all=\u00bbRGBA(255,255,255,0)\u00bb global_colors_info=\u00bb{}\u00bb][et_pb_row _builder_version=\u00bb4.27.4&#8243; _module_preset=\u00bbdefault\u00bb global_colors_info=\u00bb{}\u00bb][et_pb_column type=\u00bb4_4&#8243; _builder_version=\u00bb4.27.4&#8243; _module_preset=\u00bbdefault\u00bb global_colors_info=\u00bb{}\u00bb][et_pb_text _builder_version=\u00bb4.27.4&#8243; _module_preset=\u00bbdefault\u00bb text_text_color=\u00bb#2a2a2a\u00bb header_text_color=\u00bb#FFFFFF\u00bb text_orientation=\u00bbcenter\u00bb background_layout=\u00bbdark\u00bb max_width=\u00bb75%\u00bb module_alignment=\u00bbcenter\u00bb locked=\u00bboff\u00bb global_colors_info=\u00bb{}\u00bb]<\/p>\n<h1><span style=\"color: #000000;\">17\u00aa Conferencia \u00d3pera Latinoam\u00e9rica<\/span><\/h1>\n<p>[\/et_pb_text][\/et_pb_column][\/et_pb_row][et_pb_row _builder_version=\u00bb4.27.0&#8243; _module_preset=\u00bbdefault\u00bb global_colors_info=\u00bb{}\u00bb][et_pb_column type=\u00bb4_4&#8243; _builder_version=\u00bb4.27.0&#8243; _module_preset=\u00bbdefault\u00bb background_color=\u00bbRGBA(255,255,255,0)\u00bb global_colors_info=\u00bb{}\u00bb][et_pb_video src=\u00bbhttps:\/\/www.youtube.com\/live\/NQ367-IpYOU?si=u4yfaVfZGz9BMJ5H\u00bb _builder_version=\u00bb4.27.4&#8243; _module_preset=\u00bbdefault\u00bb hover_enabled=\u00bb0&#8243; global_colors_info=\u00bb{}\u00bb sticky_enabled=\u00bb0&#8243;][\/et_pb_video][\/et_pb_column][\/et_pb_row][\/et_pb_section][et_pb_section fb_built=\u00bb1&#8243; module_id=\u00bbola\u00bb _builder_version=\u00bb4.20.0&#8243; _module_preset=\u00bbdefault\u00bb background_color=\u00bb#f7f7f7&#8243; custom_padding=\u00bb100px||0px|||\u00bb global_colors_info=\u00bb{}\u00bb][et_pb_row column_structure=\u00bb1_2,1_2&#8243; _builder_version=\u00bb4.20.2&#8243; _module_preset=\u00bbdefault\u00bb vertical_offset=\u00bb-25px\u00bb min_height=\u00bb602.7px\u00bb custom_margin=\u00bb|auto|-2px|auto||\u00bb custom_padding=\u00bb||0px|||\u00bb global_colors_info=\u00bb{}\u00bb][et_pb_column type=\u00bb1_2&#8243; disabled_on=\u00bbon|off|off\u00bb _builder_version=\u00bb4.20.2&#8243; _module_preset=\u00bbdefault\u00bb custom_padding=\u00bb0px||0px||false|false\u00bb global_colors_info=\u00bb{}\u00bb][et_pb_image src=\u00bbhttps:\/\/www.operala.org\/encuentrosola\/wp-content\/uploads\/2023\/09\/DSC03402-scaled.jpg\u00bb title_text=\u00bbDSC03402&#8243; _builder_version=\u00bb4.20.2&#8243; _module_preset=\u00bbdefault\u00bb positioning=\u00bbrelative\u00bb horizontal_offset=\u00bb-90px\u00bb z_index=\u00bb10&#8243; width=\u00bb100%\u00bb height=\u00bb300px\u00bb custom_margin=\u00bb||0px|||\u00bb scroll_vertical_motion_enable=\u00bbon\u00bb scroll_vertical_motion=\u00bb0|50|50|100|0.5|0|-1&#8243; global_colors_info=\u00bb{}\u00bb][\/et_pb_image][et_pb_image src=\u00bbhttps:\/\/www.operala.org\/encuentrosola\/wp-content\/uploads\/2023\/09\/www-sergipanizo-cat_220408_ola-operaxxi_w_000-scaled.jpg\u00bb title_text=\u00bbwww-sergipanizo-cat_220408_ola-operaxxi_w_000&#8243; _builder_version=\u00bb4.20.2&#8243; _module_preset=\u00bbdefault\u00bb positioning=\u00bbrelative\u00bb vertical_offset=\u00bb-140px\u00bb horizontal_offset=\u00bb30px\u00bb z_index=\u00bb5&#8243; width=\u00bb100%\u00bb height=\u00bb300px\u00bb scroll_vertical_motion=\u00bb0|50|50|100|1|0|-4&#8243; motion_trigger_start=\u00bbtop\u00bb global_colors_info=\u00bb{}\u00bb][\/et_pb_image][et_pb_image src=\u00bbhttps:\/\/www.operala.org\/encuentrosola\/wp-content\/uploads\/2023\/09\/DJI_0552-scaled.jpg\u00bb _builder_version=\u00bb4.20.2&#8243; _module_preset=\u00bbdefault\u00bb positioning=\u00bbrelative\u00bb vertical_offset=\u00bb-232px\u00bb horizontal_offset=\u00bb-56px\u00bb z_index=\u00bb10&#8243; width=\u00bb100%\u00bb height=\u00bb300px\u00bb scroll_vertical_motion_enable=\u00bbon\u00bb scroll_vertical_motion=\u00bb0|50|50|100|0.5|0|-1&#8243; global_colors_info=\u00bb{}\u00bb][\/et_pb_image][\/et_pb_column][et_pb_column type=\u00bb1_2&#8243; _builder_version=\u00bb4.20.0&#8243; _module_preset=\u00bbdefault\u00bb global_colors_info=\u00bb{}\u00bb][et_pb_text content_tablet=\u00bb<\/p>\n<h1>\u00d3pera Latinoam\u00e9rica<\/h1>\n<p>\u00bb content_phone=\u00bb<\/p>\n<h1 style=%22text-align: center;%22><span style=%22color: #5edfb5;%22>\u00d3pera Latinoam\u00e9rica<\/span><\/h1>\n<p>\u00bb content_last_edited=\u00bbon|phone\u00bb _builder_version=\u00bb4.20.2&#8243; _module_preset=\u00bbdefault\u00bb text_font=\u00bbRaleway|700|||||||\u00bb custom_margin=\u00bb|||50px|false|false\u00bb custom_margin_tablet=\u00bb|||50px|false|false\u00bb custom_margin_phone=\u00bb0px|||0px|false|false\u00bb custom_margin_last_edited=\u00bbon|phone\u00bb custom_padding=\u00bb||||false|false\u00bb custom_padding_tablet=\u00bb||||false|false\u00bb custom_padding_phone=\u00bb0px||||false|false\u00bb custom_padding_last_edited=\u00bbon|phone\u00bb global_colors_info=\u00bb{}\u00bb]<\/p>\n<h1>\u00d3pera Latinoam\u00e9rica<\/h1>\n<p>[\/et_pb_text][et_pb_text _builder_version=\u00bb4.20.2&#8243; _module_preset=\u00bbdefault\u00bb text_font=\u00bbRaleway||||||||\u00bb custom_margin=\u00bb|||0px|false|false\u00bb custom_margin_tablet=\u00bb|||0px|false|false\u00bb custom_margin_phone=\u00bb|||0px|false|false\u00bb custom_margin_last_edited=\u00bbon|desktop\u00bb global_colors_info=\u00bb{}\u00bb]<\/p>\n<p>\u00d3pera Latinoam\u00e9rica (OLA) es una organizaci\u00f3n sin fines de lucro y la red de teatros m\u00e1s grande de Iberoam\u00e9rica, que re\u00fane a m\u00e1s de 45 teatros, festivales y compa\u00f1\u00edas de \u00f3pera y otras disciplinas. Est\u00e1 integrada por instituciones de Argentina, Brasil, Chile, Colombia, Costa Rica, Ecuador, Espa\u00f1a, M\u00e9xico, Per\u00fa, Rep\u00fablica Dominicana, Uruguay y Venezuela.<\/p>\n<p>Tiene como prop\u00f3sito promover la actividad de los teatros y de las artes de la representaci\u00f3n cl\u00e1sicas en la regi\u00f3n iberoamericana. En sus principales ejes de acci\u00f3n est\u00e1n la creaci\u00f3n de redes de <em>networking<\/em>, fomento de la innovaci\u00f3n, la comunicaci\u00f3n digital, la internacionalizaci\u00f3n y el impacto social, el compartir buenas pr\u00e1cticas y la producci\u00f3n asociativa.<\/p>\n<p>[\/et_pb_text][\/et_pb_column][\/et_pb_row][et_pb_row _builder_version=\u00bb4.20.0&#8243; _module_preset=\u00bbdefault\u00bb locked=\u00bboff\u00bb global_colors_info=\u00bb{}\u00bb][et_pb_column type=\u00bb4_4&#8243; _builder_version=\u00bb4.20.0&#8243; _module_preset=\u00bbdefault\u00bb global_colors_info=\u00bb{}\u00bb][et_pb_divider color=\u00bb#000000&#8243; divider_weight=\u00bb3px\u00bb _builder_version=\u00bb4.20.0&#8243; _module_preset=\u00bbdefault\u00bb width=\u00bb100px\u00bb max_width=\u00bb100px\u00bb module_alignment=\u00bbcenter\u00bb global_colors_info=\u00bb{}\u00bb][\/et_pb_divider][\/et_pb_column][\/et_pb_row][\/et_pb_section][et_pb_section fb_built=\u00bb1&#8243; module_id=\u00bb2023&#8243; _builder_version=\u00bb4.27.0&#8243; _module_preset=\u00bbdefault\u00bb custom_margin=\u00bb0px|0px|0px|0px|false|false\u00bb custom_padding=\u00bb0px|0px|0px|0px|false|false\u00bb global_colors_info=\u00bb{}\u00bb][et_pb_row _builder_version=\u00bb4.27.0&#8243; _module_preset=\u00bbdefault\u00bb background_color=\u00bb#5edfb5&#8243; background_enable_image=\u00bboff\u00bb parallax=\u00bbon\u00bb background_blend=\u00bbmultiply\u00bb width=\u00bb100%\u00bb max_width=\u00bb100%\u00bb height_tablet=\u00bb\u00bb height_phone=\u00bb\u00bb height_last_edited=\u00bbon|desktop\u00bb custom_padding=\u00bb99px||20px|||\u00bb global_colors_info=\u00bb{}\u00bb][et_pb_column type=\u00bb4_4&#8243; _builder_version=\u00bb4.27.0&#8243; _module_preset=\u00bbdefault\u00bb background_enable_color=\u00bboff\u00bb global_colors_info=\u00bb{}\u00bb][et_pb_text _builder_version=\u00bb4.20.2&#8243; _module_preset=\u00bbdefault\u00bb text_text_color=\u00bb#2a2a2a\u00bb header_text_color=\u00bb#FFFFFF\u00bb text_orientation=\u00bbcenter\u00bb background_layout=\u00bbdark\u00bb max_width=\u00bb75%\u00bb module_alignment=\u00bbcenter\u00bb global_colors_info=\u00bb{}\u00bb]<\/p>\n<h1>17\u00aa Conferencia Anual OLA 2024<\/h1>\n<p>[\/et_pb_text][et_pb_text _builder_version=\u00bb4.27.0&#8243; _module_preset=\u00bbdefault\u00bb text_text_color=\u00bb#2a2a2a\u00bb text_font_size=\u00bb18px\u00bb header_text_align=\u00bbcenter\u00bb header_text_color=\u00bb#FFFFFF\u00bb max_width=\u00bb65%\u00bb module_alignment=\u00bbcenter\u00bb custom_margin=\u00bb||60px||false|false\u00bb global_colors_info=\u00bb{}\u00bb]<\/p>\n<p><span style=\"font-weight: 400; color: #ffffff;\">Desde el a\u00f1o 2007, <strong>\u00d3pera Latinoam\u00e9rica realiza encuentros anuales de teatros con sedes rotativas<\/strong>. Santiago de Chile, Buenos Aires, Ciudad de M\u00e9xico, Bogot\u00e1, Quito, Montevideo, Barcelona y Manaos han sido ciudades anfitrionas. Durante 17 a\u00f1os, hemos reunido a cientos de gestores, directores y agentes de la m\u00fasica y las artes esc\u00e9nicas. <strong>Del 17 al 21 de noviembre 2024, la ciudad de Santiago de Chile<\/strong> recibir\u00e1 a profesionales de m\u00e1s de 14 pa\u00edses.<\/span><span style=\"font-weight: 400;\"><\/span><\/p>\n<p>[\/et_pb_text][\/et_pb_column][\/et_pb_row][et_pb_row _builder_version=\u00bb4.20.0&#8243; _module_preset=\u00bbdefault\u00bb custom_padding=\u00bb80px||60px|||\u00bb global_colors_info=\u00bb{}\u00bb][et_pb_column type=\u00bb4_4&#8243; _builder_version=\u00bb4.20.0&#8243; _module_preset=\u00bbdefault\u00bb global_colors_info=\u00bb{}\u00bb][et_pb_text _builder_version=\u00bb4.20.0&#8243; _module_preset=\u00bbdefault\u00bb text_orientation=\u00bbcenter\u00bb global_colors_info=\u00bb{}\u00bb]<\/p>\n<h2>Participantes<\/h2>\n<p>[\/et_pb_text][\/et_pb_column][\/et_pb_row][et_pb_row column_structure=\u00bb1_4,1_4,1_4,1_4&#8243; custom_padding_last_edited=\u00bbon|phone\u00bb _builder_version=\u00bb4.20.2&#8243; _module_preset=\u00bbdefault\u00bb module_alignment=\u00bbcenter\u00bb custom_padding=\u00bb6px||80px||false|false\u00bb custom_padding_tablet=\u00bb6px||80px||false|false\u00bb custom_padding_phone=\u00bb0px|||10%|false|false\u00bb module_alignment_last_edited=\u00bboff|desktop\u00bb global_colors_info=\u00bb{}\u00bb][et_pb_column type=\u00bb1_4&#8243; _builder_version=\u00bb4.20.0&#8243; _module_preset=\u00bbdefault\u00bb global_colors_info=\u00bb{}\u00bb][et_pb_text module_class=\u00bbbox\u00bb _builder_version=\u00bb4.27.0&#8243; _module_preset=\u00bbdefault\u00bb text_font_size=\u00bb18px\u00bb background_color=\u00bb#5edfb5&#8243; width=\u00bb250px\u00bb height=\u00bb200px\u00bb custom_padding=\u00bb20px|15px|20px|20px|false|false\u00bb border_radii=\u00bbon|20px|20px|20px|20px\u00bb border_color_all=\u00bbRGBA(255,255,255,0)\u00bb border_width_right=\u00bb1px\u00bb box_shadow_style=\u00bbpreset3&#8243; box_shadow_horizontal=\u00bb-3px\u00bb box_shadow_vertical=\u00bb5px\u00bb box_shadow_blur=\u00bb14px\u00bb box_shadow_spread=\u00bb-8px\u00bb global_colors_info=\u00bb{}\u00bb]<\/p>\n<p><span style=\"font-weight: 400; color: #ffffff;\"><strong>M\u00e1s de 50 teatros de \u00f3pera<\/strong>, teatros y festivales de 11 pa\u00edses de Am\u00e9rica Latina, Espa\u00f1a y Estados Unidos<\/span><\/p>\n<p>[\/et_pb_text][\/et_pb_column][et_pb_column type=\u00bb1_4&#8243; _builder_version=\u00bb4.20.0&#8243; _module_preset=\u00bbdefault\u00bb global_colors_info=\u00bb{}\u00bb][et_pb_text module_class=\u00bbbox\u00bb _builder_version=\u00bb4.27.0&#8243; _module_preset=\u00bbdefault\u00bb text_font_size=\u00bb18px\u00bb background_color=\u00bb#5edfb5&#8243; width=\u00bb250px\u00bb height=\u00bb200px\u00bb custom_padding=\u00bb20px|15px|20px|20px|false|false\u00bb border_radii=\u00bbon|20px|20px|20px|20px\u00bb border_color_all=\u00bbRGBA(255,255,255,0)\u00bb border_width_right=\u00bb1px\u00bb box_shadow_style=\u00bbpreset3&#8243; box_shadow_horizontal=\u00bb-3px\u00bb box_shadow_vertical=\u00bb5px\u00bb box_shadow_blur=\u00bb14px\u00bb box_shadow_spread=\u00bb-8px\u00bb global_colors_info=\u00bb{}\u00bb]<\/p>\n<p><span style=\"color: #ffffff;\"><strong>80% de asistentes:<\/strong> tomadores de decisiones en los teatros Iberoamericanos<\/span><\/p>\n<p>[\/et_pb_text][\/et_pb_column][et_pb_column type=\u00bb1_4&#8243; _builder_version=\u00bb4.20.0&#8243; _module_preset=\u00bbdefault\u00bb global_colors_info=\u00bb{}\u00bb][et_pb_text module_class=\u00bbbox\u00bb _builder_version=\u00bb4.27.0&#8243; _module_preset=\u00bbdefault\u00bb text_font_size=\u00bb18px\u00bb background_color=\u00bb#5edfb5&#8243; width=\u00bb250px\u00bb height=\u00bb200px\u00bb custom_padding=\u00bb20px|15px|20px|20px|false|false\u00bb border_radii=\u00bbon|20px|20px|20px|20px\u00bb border_color_all=\u00bbRGBA(255,255,255,0)\u00bb border_width_right=\u00bb1px\u00bb box_shadow_style=\u00bbpreset3&#8243; box_shadow_horizontal=\u00bb-3px\u00bb box_shadow_vertical=\u00bb5px\u00bb box_shadow_blur=\u00bb14px\u00bb box_shadow_spread=\u00bb-8px\u00bb global_colors_info=\u00bb{}\u00bb]<\/p>\n<p><span style=\"font-weight: 400; color: #ffffff;\"><strong>Directores<\/strong> <strong>generales,<\/strong> directores art\u00edsticos, directores de comunicaciones y marketing entre otros<\/span><\/p>\n<p>[\/et_pb_text][\/et_pb_column][et_pb_column type=\u00bb1_4&#8243; _builder_version=\u00bb4.20.0&#8243; _module_preset=\u00bbdefault\u00bb global_colors_info=\u00bb{}\u00bb][et_pb_text module_class=\u00bbbox\u00bb _builder_version=\u00bb4.27.0&#8243; _module_preset=\u00bbdefault\u00bb text_font_size=\u00bb18px\u00bb background_color=\u00bb#5edfb5&#8243; width=\u00bb250px\u00bb height=\u00bb200px\u00bb custom_padding=\u00bb20px|15px|20px|20px|false|false\u00bb border_radii=\u00bbon|20px|20px|20px|20px\u00bb border_color_all=\u00bbRGBA(255,255,255,0)\u00bb border_width_right=\u00bb1px\u00bb box_shadow_style=\u00bbpreset3&#8243; box_shadow_horizontal=\u00bb-3px\u00bb box_shadow_vertical=\u00bb5px\u00bb box_shadow_blur=\u00bb14px\u00bb box_shadow_spread=\u00bb-8px\u00bb global_colors_info=\u00bb{}\u00bb]<\/p>\n<p><span style=\"font-weight: 400; color: #ffffff;\"><strong>Artistas y<\/strong> <strong>gestores<\/strong> del \u00e1mbito musical Iberoamericano y representantes de instituciones locales de Chile<\/span><span style=\"font-weight: 400;\"><\/span><\/p>\n<p>[\/et_pb_text][\/et_pb_column][\/et_pb_row][\/et_pb_section][et_pb_section fb_built=\u00bb1&#8243; _builder_version=\u00bb4.20.0&#8243; _module_preset=\u00bbdefault\u00bb background_color=\u00bb#000000&#8243; background_image=\u00bbhttps:\/\/www.operala.org\/encuentrosola\/wp-content\/uploads\/2023\/03\/teatro-amazonas-manaus-0854.jpeg\u00bb parallax=\u00bbon\u00bb custom_margin=\u00bb0px||0px||false|false\u00bb custom_padding=\u00bb0px||0px||false|false\u00bb global_colors_info=\u00bb{}\u00bb][et_pb_row column_structure=\u00bb1_5,3_5,1_5&#8243; _builder_version=\u00bb4.22.1&#8243; _module_preset=\u00bbdefault\u00bb background_color=\u00bbrgba(0,0,0,0.4)\u00bb background_image=\u00bbhttps:\/\/www.operala.org\/encuentrosola\/wp-content\/uploads\/2023\/09\/Frontis-TMS_-P.-Melo-scaled.jpg\u00bb background_blend=\u00bboverlay\u00bb width=\u00bb100%\u00bb max_width=\u00bb100%\u00bb height=\u00bb100%\u00bb max_height=\u00bb100%\u00bb custom_padding=\u00bb80px||100px|||\u00bb global_colors_info=\u00bb{}\u00bb][et_pb_column type=\u00bb1_5&#8243; _builder_version=\u00bb4.20.0&#8243; _module_preset=\u00bbdefault\u00bb global_colors_info=\u00bb{}\u00bb][\/et_pb_column][et_pb_column type=\u00bb3_5&#8243; _builder_version=\u00bb4.20.0&#8243; _module_preset=\u00bbdefault\u00bb global_colors_info=\u00bb{}\u00bb][et_pb_text admin_label=\u00bbTexto\u00bb _builder_version=\u00bb4.22.1&#8243; _module_preset=\u00bbdefault\u00bb header_text_color=\u00bb#FFFFFF\u00bb text_orientation=\u00bbcenter\u00bb width_tablet=\u00bb\u00bb width_phone=\u00bb65%\u00bb width_last_edited=\u00bbon|phone\u00bb max_width_tablet=\u00bb\u00bb max_width_phone=\u00bb65%\u00bb max_width_last_edited=\u00bbon|phone\u00bb module_alignment=\u00bbcenter\u00bb global_colors_info=\u00bb{}\u00bb]<\/p>\n<h1><span style=\"color: #ffffff;\">Anfitri\u00f3n 2024<\/span><\/h1>\n<h1><span style=\"color: #ffffff;\">Teatro Municipal de Santiago, <\/span><\/h1>\n<h1><span style=\"color: #ffffff;\">\u00d3pera Nacional de Chile<\/span><\/h1>\n<p>[\/et_pb_text][et_pb_text _builder_version=\u00bb4.20.2&#8243; _module_preset=\u00bbdefault\u00bb text_text_color=\u00bb#FFFFFF\u00bb text_font_size=\u00bb18px\u00bb width_tablet=\u00bb\u00bb width_phone=\u00bb65%\u00bb width_last_edited=\u00bbon|phone\u00bb max_width_tablet=\u00bb\u00bb max_width_phone=\u00bb65%\u00bb max_width_last_edited=\u00bbon|phone\u00bb module_alignment=\u00bbcenter\u00bb custom_padding=\u00bb||0px|||\u00bb text_text_shadow_style=\u00bbpreset2&#8243; global_colors_info=\u00bb{}\u00bb]<\/p>\n<p>El\u00a0Teatro Municipal de Santiago es el centro cultural con m\u00e1s a\u00f1os de trayectoria de Chile y escenario fundamental de obras, creadores e int\u00e9rpretes de todo el mundo. Cuenta con nutridas temporadas de \u00f3pera, ballet, conciertos sinf\u00f3nicos y de c\u00e1mara, adem\u00e1s de teatro, dirigidos a p\u00fablicos de diversas edades.<\/p>\n<p>Perteneciente a la Ilustre Municipalidad de Santiago y\u00a0Monumento Nacional\u00a0desde 1974, su edificio fue dise\u00f1ado por el arquitecto\u00a0Francisco Brunet des Baines, inspirado en el estilo\u00a0neocl\u00e1sico franc\u00e9s.\u00a0Fue inaugurado el\u00a017 de septiembre de 1857, d\u00eda en que se levant\u00f3 el tel\u00f3n, ante la presencia de las 1848 personas (capacidad inicial de su sala principal). Su inauguraci\u00f3n\u00a0fue una celebraci\u00f3n muy esperada, que comenz\u00f3 con la presentaci\u00f3n de Sof\u00eda Amic-Gazan,\u00a0quien cant\u00f3 el Himno Nacional junto a otras 12 mujeres, para luego participar en la \u00f3pera\u00a0Ernani\u00a0de Giuseppe Verdi<strong>.<\/strong><span style=\"font-weight: 500;\"><\/span><\/p>\n<p>[\/et_pb_text][et_pb_button button_url=\u00bbhttps:\/\/www.operala.org\/teatro-municipal-de-santiago-tradicion-innovacion\u00bb url_new_window=\u00bbon\u00bb button_text=\u00bbConoce m\u00e1s informaci\u00f3n\u00bb button_alignment=\u00bbcenter\u00bb _builder_version=\u00bb4.27.0&#8243; _module_preset=\u00bbdefault\u00bb custom_button=\u00bbon\u00bb button_bg_color=\u00bb#FFFFFF\u00bb button_border_color=\u00bbRGBA(255,255,255,0)\u00bb button_border_radius=\u00bb25px\u00bb button_font=\u00bbRaleway|600|||||||\u00bb button_icon=\u00bb&#x24;||divi||400&#8243; button_icon_color=\u00bb#000000&#8243; button_on_hover=\u00bboff\u00bb custom_margin=\u00bb||30px||false|false\u00bb custom_margin_tablet=\u00bb||30px||false|false\u00bb custom_margin_phone=\u00bb|30px|30px|30px|false|false\u00bb custom_margin_last_edited=\u00bbon|phone\u00bb custom_padding=\u00bb|65px||25px|false|false\u00bb custom_padding_tablet=\u00bb|65px||25px|false|false\u00bb custom_padding_phone=\u00bb|10px||10px|false|false\u00bb custom_padding_last_edited=\u00bbon|phone\u00bb box_shadow_style=\u00bbpreset3&#8243; locked=\u00bboff\u00bb global_colors_info=\u00bb{}\u00bb][\/et_pb_button][\/et_pb_column][et_pb_column type=\u00bb1_5&#8243; _builder_version=\u00bb4.20.0&#8243; _module_preset=\u00bbdefault\u00bb global_colors_info=\u00bb{}\u00bb][\/et_pb_column][\/et_pb_row][\/et_pb_section][et_pb_section fb_built=\u00bb1&#8243; disabled_on=\u00bboff|off|off\u00bb module_id=\u00bbsumate\u00bb _builder_version=\u00bb4.27.0&#8243; _module_preset=\u00bbdefault\u00bb background_color=\u00bb#b81643&#8243; custom_padding=\u00bb60px||45px|||\u00bb global_colors_info=\u00bb{}\u00bb][et_pb_row _builder_version=\u00bb4.22.1&#8243; _module_preset=\u00bbdefault\u00bb width_tablet=\u00bb\u00bb width_phone=\u00bb90%\u00bb width_last_edited=\u00bbon|phone\u00bb global_colors_info=\u00bb{}\u00bb][et_pb_column type=\u00bb4_4&#8243; _builder_version=\u00bb4.20.0&#8243; _module_preset=\u00bbdefault\u00bb global_colors_info=\u00bb{}\u00bb][et_pb_text content_tablet=\u00bb<\/p>\n<h1>\u00a1Construyamos juntos el futuro creativo de Iberoam\u00e9rica, siendo parte de nuestra Conferencia 2023!<\/h1>\n<\/p>\n<p><span style=%22font-weight: 400;%22>En la Conferencia se re\u00fanen quienes toman las decisiones en estos espacios culturales iberoamericanos. El encuentro anual de OLA es una plataforma dise\u00f1ada para discutir los desaf\u00edos y oportunidades futuras para el sector y, por ende, para sus p\u00fablicos. Al asociarse con \u00d3pera Latinoam\u00e9rica como patrocinador, tu organizaci\u00f3n tendr\u00e1 la oportunidad de ser parte de esos debates, adem\u00e1s de establecer nuevas redes de trabajo y conocer en profundidad el sector cultural.<\/span><\/p>\n<p>\u00bb content_phone=\u00bb<\/p>\n<h3>\u00a1Construyamos juntos el futuro creativo de Iberoam\u00e9rica, siendo parte de nuestra Conferencia 2023!<\/h3>\n<p><span style=%22font-weight: 400;%22><\/span><\/p>\n<p><span style=%22font-weight: 400;%22>En la Conferencia se re\u00fanen quienes toman las decisiones en estos espacios culturales iberoamericanos. El encuentro anual de OLA es una plataforma dise\u00f1ada para discutir los desaf\u00edos y oportunidades futuras para el sector y, por ende, para sus p\u00fablicos. Al asociarse con \u00d3pera Latinoam\u00e9rica como patrocinador, tu organizaci\u00f3n tendr\u00e1 la oportunidad de ser parte de esos debates, adem\u00e1s de establecer nuevas redes de trabajo y conocer en profundidad el sector cultural.<\/span><\/p>\n<p>\u00bb content_last_edited=\u00bbon|phone\u00bb _builder_version=\u00bb4.27.0&#8243; _module_preset=\u00bbdefault\u00bb text_text_color=\u00bb#ffffff\u00bb header_text_color=\u00bb#FFFFFF\u00bb text_orientation=\u00bbcenter\u00bb background_layout=\u00bbdark\u00bb max_width=\u00bb75%\u00bb module_alignment=\u00bbcenter\u00bb custom_padding=\u00bb||4px|||\u00bb text_font_size_tablet=\u00bb\u00bb text_font_size_phone=\u00bb18px\u00bb text_font_size_last_edited=\u00bbon|phone\u00bb global_colors_info=\u00bb{}\u00bb]<\/p>\n<h1>\u00a1Construyamos juntos el futuro creativo y sostenible de Iberoam\u00e9rica, siendo parte de nuestra Conferencia 2024!<\/h1>\n<p><span style=\"color: #000000;\">\u00a0<\/span><\/p>\n<p><span style=\"color: #000000;\">\u00a0<\/span><\/p>\n<p>En la Conferencia Anual de OLA se re\u00fanen quienes toman las decisiones en los espacios y organizaciones iberoamericanas que son parte de la red. Es una plataforma dise\u00f1ada para discutir los desaf\u00edos y oportunidades futuras para el sector y, por ende, para sus p\u00fablicos. Al participar en la conferencia\u00a0 de OLA, tu organizaci\u00f3n tendr\u00e1 la oportunidad de ser parte de esos debates, adem\u00e1s de establecer nuevas redes de trabajo y conocer en profundidad el sector cultural.<\/p>\n<p>A continuaci\u00f3n descubre las posibilidades de participar si es que eres un agente cultural, una organizaci\u00f3n cultural, una empresa de servicio asociada a nuestro sector o una empresa con inter\u00e9s en ser patrocinadora del evento.<span style=\"color: #ffffff;\"><\/span><\/p>\n<p>&nbsp;<\/p>\n<p>&nbsp;<\/p>\n<p>[\/et_pb_text][\/et_pb_column][\/et_pb_row][\/et_pb_section][et_pb_section fb_built=\u00bb1&#8243; disabled_on=\u00bboff|off|off\u00bb _builder_version=\u00bb4.20.0&#8243; _module_preset=\u00bbdefault\u00bb background_color=\u00bb#f7f7f7&#8243; global_colors_info=\u00bb{}\u00bb][et_pb_row _builder_version=\u00bb4.22.1&#8243; _module_preset=\u00bbdefault\u00bb custom_margin=\u00bb||||false|false\u00bb global_colors_info=\u00bb{}\u00bb][et_pb_column type=\u00bb4_4&#8243; _builder_version=\u00bb4.20.0&#8243; _module_preset=\u00bbdefault\u00bb global_colors_info=\u00bb{}\u00bb][et_pb_text _builder_version=\u00bb4.27.0&#8243; _module_preset=\u00bbdefault\u00bb text_font_size=\u00bb18px\u00bb max_width=\u00bb75%\u00bb module_alignment=\u00bbcenter\u00bb custom_padding=\u00bb||9px|||\u00bb global_colors_info=\u00bb{}\u00bb]<\/p>\n<h2 style=\"text-align: center;\">Expande tu agenda en Santiago de Chile<\/h2>\n<p>[\/et_pb_text][\/et_pb_column][\/et_pb_row][et_pb_row column_structure=\u00bb1_2,1_2&#8243; _builder_version=\u00bb4.22.1&#8243; _module_preset=\u00bbdefault\u00bb global_colors_info=\u00bb{}\u00bb][et_pb_column type=\u00bb1_2&#8243; _builder_version=\u00bb4.20.0&#8243; _module_preset=\u00bbdefault\u00bb global_colors_info=\u00bb{}\u00bb][ba_card photo=\u00bbhttps:\/\/www.operala.org\/encuentrosola\/wp-content\/uploads\/2024\/09\/header-3.jpg\u00bb title=\u00bbFestival de Nueva \u00d3pera y M\u00fasica\u00bb description=\u00bb<\/p>\n<p>El Festival de nueva \u00f3pera y m\u00fasica (N\u00f3M) es una iniciativa colaborativa y nace en Chile para dar visibilidad internacional a una industria de extensa y antigua tradici\u00f3n.<\/p>\n<p>\u00bb use_button=\u00bbon\u00bb button_text=\u00bbConoce m\u00e1s aqu\u00ed\u00bb button_link=\u00bbhttps:\/\/festivalnom.cl\u00bb is_new_window=\u00bbon\u00bb image_padding=\u00bb0px|0px|30px|0px|false|false\u00bb btn_spacing_top=\u00bb20px\u00bb content_overflow=\u00bbhidden\u00bb content_alignment=\u00bbcenter\u00bb content_padding=\u00bb0px|0px|0px|0px|false|false\u00bb overlay_on_hover=\u00bboff\u00bb _builder_version=\u00bb4.27.0&#8243; _module_preset=\u00bbdefault\u00bb title_font=\u00bb|700|||||||\u00bb title_text_color=\u00bb#2ac1af\u00bb title_font_size=\u00bb1.5rem\u00bb background_color=\u00bb#FFFFFF\u00bb custom_button=\u00bbon\u00bb button_text_size=\u00bb1rem\u00bb button_text_color=\u00bb#2ac1af\u00bb button_bg_color=\u00bb#ffffff\u00bb button_border_width=\u00bb2px\u00bb button_border_color=\u00bb#2ac1af\u00bb button_border_radius=\u00bb50px\u00bb button_font=\u00bb|700|||||||\u00bb button_use_icon=\u00bboff\u00bb button_custom_margin=\u00bb||20px||false|false\u00bb custom_padding=\u00bb30px|30px|30px|30px|false|false\u00bb link_option_url=\u00bbhttps:\/\/festivalnom.cl\u00bb link_option_url_new_window=\u00bbon\u00bb custom_css_free_form=\u00bb.ba_card_1 .dtq-overlay, .ba_card_0 .dtq-overlay {||    display: none !important;||}\u00bb border_radii_card=\u00bbon|9px|9px|9px|9px\u00bb border_color_all_card=\u00bb#2ac1af\u00bb border_style_all_card=\u00bbsolid\u00bb border_width_right_card=\u00bb1px\u00bb global_colors_info=\u00bb{}\u00bb][\/ba_card][\/et_pb_column][et_pb_column type=\u00bb1_2&#8243; _builder_version=\u00bb4.20.1&#8243; _module_preset=\u00bbdefault\u00bb global_colors_info=\u00bb{}\u00bb][ba_card photo=\u00bbhttps:\/\/www.operala.org\/encuentrosola\/wp-content\/uploads\/2024\/09\/OLA-Imagen-destacada.png\u00bb title=\u00bbDi\u00e1logos academia e industria\u00bb description=\u00bb<\/p>\n<p>Convocatoria Creative Lab Latinoamericano de Nueva \u00d3pera: Instituto de M\u00fasica UC, \u00d3pera Latinoam\u00e9rica, el Teatro Municipal de Santiago y el Centro de Innovaci\u00f3n UC.<\/p>\n<p>\u00bb use_button=\u00bbon\u00bb button_text=\u00bbConoce m\u00e1s aqu\u00ed\u00bb button_link=\u00bbhttps:\/\/www.operala.org\/creative-lab-latinoamericano-de-nueva-opera\/\u00bb is_new_window=\u00bbon\u00bb image_padding=\u00bb0px|0px|30px|0px|false|false\u00bb btn_spacing_top=\u00bb20px\u00bb content_alignment=\u00bbcenter\u00bb content_padding=\u00bb0px|0px|0px|0px|false|false\u00bb overlay_on_hover=\u00bboff\u00bb _builder_version=\u00bb4.27.0&#8243; _module_preset=\u00bbdefault\u00bb title_font=\u00bb|700|||||||\u00bb title_text_color=\u00bb#2ac1af\u00bb title_font_size=\u00bb1.5rem\u00bb background_color=\u00bb#FFFFFF\u00bb custom_button=\u00bbon\u00bb button_text_size=\u00bb1rem\u00bb button_text_color=\u00bb#2ac1af\u00bb button_bg_color=\u00bb#ffffff\u00bb button_border_width=\u00bb2px\u00bb button_border_color=\u00bb#2ac1af\u00bb button_border_radius=\u00bb50px\u00bb button_font=\u00bb|700|||||||\u00bb button_use_icon=\u00bboff\u00bb button_custom_margin=\u00bb||20px||false|false\u00bb custom_padding=\u00bb30px|30px|30px|30px|false|false\u00bb link_option_url=\u00bbhttps:\/\/www.operala.org\/creative-lab-latinoamericano-de-nueva-opera\/\u00bb link_option_url_new_window=\u00bbon\u00bb custom_css_free_form=\u00bb.ba_card_1 .dtq-overlay, .ba_card_0 .dtq-overlay {||    display: none !important;||}\u00bb border_radii_card=\u00bbon|9px|9px|9px|9px\u00bb border_color_all_card=\u00bb#2ac1af\u00bb border_style_all_card=\u00bbsolid\u00bb border_width_right_card=\u00bb1px\u00bb global_colors_info=\u00bb{}\u00bb][\/ba_card][\/et_pb_column][\/et_pb_row][\/et_pb_section][et_pb_section fb_built=\u00bb1&#8243; _builder_version=\u00bb4.27.0&#8243; _module_preset=\u00bbdefault\u00bb background_color=\u00bb#5edfb5&#8243; custom_padding=\u00bb50px||0px||false|false\u00bb global_colors_info=\u00bb{}\u00bb][et_pb_row _builder_version=\u00bb4.22.1&#8243; _module_preset=\u00bbdefault\u00bb width=\u00bb91.5%\u00bb width_tablet=\u00bb\u00bb width_phone=\u00bb90%\u00bb width_last_edited=\u00bbon|phone\u00bb custom_padding=\u00bb||0px|||\u00bb global_colors_info=\u00bb{}\u00bb][et_pb_column type=\u00bb4_4&#8243; _builder_version=\u00bb4.20.0&#8243; _module_preset=\u00bbdefault\u00bb global_colors_info=\u00bb{}\u00bb][et_pb_text _builder_version=\u00bb4.22.1&#8243; _module_preset=\u00bbdefault\u00bb max_width=\u00bb91.2%\u00bb module_alignment=\u00bbcenter\u00bb custom_margin=\u00bb||50px|61px||\u00bb custom_padding=\u00bb20px||0px|0px|false|false\u00bb border_color_all=\u00bb#FFFFFF\u00bb global_colors_info=\u00bb{}\u00bb]<\/p>\n<h2 style=\"text-align: center;\"><span style=\"color: #ffffff;\">Conoce las formas de participar<\/span><\/h2>\n<p>[\/et_pb_text][et_pb_divider color=\u00bb#FFFFFF\u00bb divider_weight=\u00bb3px\u00bb _builder_version=\u00bb4.22.1&#8243; _module_preset=\u00bbdefault\u00bb width=\u00bb100px\u00bb max_width=\u00bb100px\u00bb module_alignment=\u00bbcenter\u00bb global_colors_info=\u00bb{}\u00bb][\/et_pb_divider][\/et_pb_column][\/et_pb_row][et_pb_row column_structure=\u00bb1_2,1_2&#8243; _builder_version=\u00bb4.22.1&#8243; _module_preset=\u00bbdefault\u00bb width=\u00bb67%\u00bb width_tablet=\u00bb49.8%\u00bb width_phone=\u00bb80%\u00bb width_last_edited=\u00bbon|phone\u00bb custom_padding=\u00bb|28px||||\u00bb global_colors_info=\u00bb{}\u00bb][et_pb_column type=\u00bb1_2&#8243; _builder_version=\u00bb4.20.0&#8243; _module_preset=\u00bbdefault\u00bb global_colors_info=\u00bb{}\u00bb][et_pb_text _builder_version=\u00bb4.27.0&#8243; _module_preset=\u00bbdefault\u00bb text_text_color=\u00bb#000000&#8243; text_font_size=\u00bb14px\u00bb text_letter_spacing=\u00bb0.3px\u00bb width=\u00bb99.6%\u00bb min_height=\u00bb1022px\u00bb min_height_tablet=\u00bb990px\u00bb min_height_phone=\u00bb100%\u00bb min_height_last_edited=\u00bbon|phone\u00bb height=\u00bb100vh\u00bb height_tablet=\u00bb100vh\u00bb height_phone=\u00bb100%\u00bb height_last_edited=\u00bbon|phone\u00bb custom_margin=\u00bb|0px|120px||false|false\u00bb custom_padding=\u00bb15px|15px|78px|15px|false|false\u00bb border_radii=\u00bbon|10px|10px|10px|10px\u00bb border_width_all=\u00bb2px\u00bb border_color_all=\u00bb#FFFFFF\u00bb global_colors_info=\u00bb{}\u00bb]<\/p>\n<h1 style=\"text-align: center;\"><span style=\"color: #ffffff;\">Organizaciones y agentes culturales<\/span><\/h1>\n<p><span style=\"color: #ffffff;\"><\/span><\/p>\n<p style=\"text-align: justify;\"><span style=\"color: #ffffff;\">Esta categor\u00eda est\u00e1 dirigida a todos aquellos profesionales, artistas y particulares que deseen ampliar su red de contactos, conectar con pares y conocer mejor las tendencias del sector.<\/span><\/p>\n<p><span style=\"color: #ffffff;\"><\/span><\/p>\n<p><span style=\"color: #ffffff;\">\u00a0<\/span><\/p>\n<p><span style=\"color: #ffffff;\">\u00a0<\/span><\/p>\n<p><span style=\"color: #ffffff;\"><strong>\u2014 Participaci\u00f3n en las actividades de la conferencia:<\/strong><\/span><\/p>\n<p><span style=\"color: #ffffff;\">1. Asistencia a todas las actividades de la Conferencia, excepto la Asamblea general y reuniones privadas de OLA.<\/span><\/p>\n<p><span style=\"color: #ffffff;\">2. Coffee breaks.<\/span><\/p>\n<p><span style=\"color: #ffffff;\">3. Dos entradas para espect\u00e1culos, una por persona durante los d\u00edas de la conferencia y Festival N\u00f3M.<\/span><\/p>\n<p><span style=\"color: #ffffff;\"><strong>Valor: $400 USD por persona*<\/strong>.<\/span><br \/><span style=\"color: #ffffff;\">Participante adicional de la misma organizaci\u00f3n: $300 USD por persona.<\/span><\/p>\n<p><span style=\"color: #ffffff;\">*La comunidad art\u00edstica chilena tendr\u00e1 acceso liberado a las actividades. Cupos limitados presenciales por capacidad de la sala.\u00a0<\/span><\/p>\n<p style=\"text-align: left;\">\n<p>[\/et_pb_text][\/et_pb_column][et_pb_column type=\u00bb1_2&#8243; _builder_version=\u00bb4.20.0&#8243; _module_preset=\u00bbdefault\u00bb global_colors_info=\u00bb{}\u00bb][et_pb_text _builder_version=\u00bb4.27.0&#8243; _module_preset=\u00bbdefault\u00bb text_text_color=\u00bb#000000&#8243; text_font_size=\u00bb14px\u00bb text_letter_spacing=\u00bb0.3px\u00bb width=\u00bb99.6%\u00bb min_height=\u00bb1022px\u00bb min_height_tablet=\u00bb990px\u00bb min_height_phone=\u00bb100%\u00bb min_height_last_edited=\u00bbon|phone\u00bb height=\u00bb100vh\u00bb height_tablet=\u00bb100vh\u00bb height_phone=\u00bb100%\u00bb height_last_edited=\u00bbon|phone\u00bb custom_margin=\u00bb|0px|120px||false|false\u00bb custom_padding=\u00bb15px|15px||15px|false|false\u00bb border_radii=\u00bbon|10px|10px|10px|10px\u00bb border_width_all=\u00bb2px\u00bb border_color_all=\u00bb#FFFFFF\u00bb global_colors_info=\u00bb{}\u00bb]<\/p>\n<h1 style=\"text-align: center;\"><span style=\"color: #ffffff;\">Empresas auspiciadoras<\/span><\/h1>\n<p style=\"text-align: justify;\"><span style=\"color: #ffffff;\"><\/span><\/p>\n<p style=\"text-align: justify;\"><span style=\"color: #ffffff;\">Esta categor\u00eda est\u00e1 dirigida especialmente a aquellas empresas que buscan ser parte de una red internacional de organizaciones culturales que se vinculan con miles de personas de sus territorios a trav\u00e9s de la m\u00fasica y las artes esc\u00e9nicas. Organizaciones que con su trabajo contribuyen al desarrollo integral de las personas y el desarrollo sostenible de latinoam\u00e9rica.<\/span><\/p>\n<hr style=\"border-color: #ffffff; border-top: 0px;\" \/>\n<h5 style=\"text-align: left;\"><\/h5>\n<h5 style=\"text-align: left;\"><\/h5>\n<h5 style=\"text-align: left;\"><span style=\"color: #ffffff;\">\u2014Participaci\u00f3n en las actividades de la conferencia:<\/span><\/h5>\n<p style=\"text-align: left;\"><span style=\"color: #ffffff;\">1.\u00a0Asistencia a todas las actividades de la Conferencia, excepto la Asamblea general y reuniones privadas de OLA.<\/span><\/p>\n<p style=\"text-align: left;\"><span style=\"color: #ffffff;\">2. Asistencia al coctail de bienvenida y coffee breaks.<\/span><\/p>\n<p style=\"text-align: left;\"><span style=\"color: #ffffff;\">3. Posibilidad de exponer en una de las charlas, previo an\u00e1lisis del comit\u00e9 curatorial del contenido del programa.<\/span><\/p>\n<p style=\"text-align: left;\"><span style=\"color: #ffffff;\">4. Entradas para 2 personas de la empresa a la \u00f3pera estreno de la conferencia.<\/span><\/p>\n<h5 style=\"text-align: left;\"><span style=\"color: #ffffff;\">\u2014Presencia de marca:<\/span><\/h5>\n<p style=\"text-align: left;\"><span style=\"color: #ffffff;\">1.Stand de la empresa en uno de los salones donde se desarrollar\u00e1 la conferencia en el Teatro Municipal de Santiago <\/span><\/p>\n<p style=\"text-align: left;\"><span style=\"color: #ffffff;\">2. Inclusi\u00f3n de un art\u00edculo promocional en la bolsa de bienvenida que se entrega a los directores invitados por OLA.<\/span><\/p>\n<p style=\"text-align: left;\"><span style=\"color: #ffffff;\">3. Logo y menci\u00f3n de la empresa en los dossier, sitio web, newsletter y redes sociales de<\/span><br \/><span style=\"color: #ffffff;\">OLA durante los meses previos, durante\u00a0 la conferencia y al cierre. Aproximadamente 6 meses.<\/span><\/p>\n<p style=\"text-align: left;\">[\/et_pb_text][\/et_pb_column][\/et_pb_row][et_pb_row _builder_version=\u00bb4.20.2&#8243; _module_preset=\u00bbdefault\u00bb background_color=\u00bb#FFFFFF\u00bb width=\u00bb100%\u00bb max_width=\u00bb100%\u00bb custom_margin=\u00bb||0px||false|false\u00bb custom_padding=\u00bb50px||50px||false|false\u00bb global_colors_info=\u00bb{}\u00bb][et_pb_column type=\u00bb4_4&#8243; _builder_version=\u00bb4.20.2&#8243; _module_preset=\u00bbdefault\u00bb global_colors_info=\u00bb{}\u00bb][et_pb_blurb use_icon=\u00bbon\u00bb font_icon=\u00bb&#xf0e0;||fa||400&#8243; icon_placement=\u00bbleft\u00bb content_max_width=\u00bb638px\u00bb font_icon_tablet=\u00bb\uf0e0||fa||400&#8243; font_icon_phone=\u00bb\uf0e0||fa||400&#8243; font_icon_last_edited=\u00bbon|phone\u00bb icon_placement_tablet=\u00bbleft\u00bb icon_placement_phone=\u00bbtop\u00bb icon_placement_last_edited=\u00bbon|phone\u00bb image_icon_width_tablet=\u00bb\u00bb image_icon_width_phone=\u00bb55px\u00bb image_icon_width_last_edited=\u00bbon|phone\u00bb content_max_width_tablet=\u00bb638px\u00bb content_max_width_phone=\u00bb100%\u00bb content_max_width_last_edited=\u00bbon|phone\u00bb _builder_version=\u00bb4.20.2&#8243; _module_preset=\u00bbdefault\u00bb header_font=\u00bbDM Sans||||||||\u00bb header_text_align=\u00bbleft\u00bb header_font_size=\u00bb18px\u00bb body_font_size=\u00bb18px\u00bb image_icon_custom_margin=\u00bb0px||0px||false|false\u00bb image_icon_custom_padding=\u00bb0px||0px||false|false\u00bb module_alignment=\u00bbleft\u00bb custom_padding=\u00bb0px||2px||false|false\u00bb header_text_align_tablet=\u00bbleft\u00bb header_text_align_phone=\u00bbcenter\u00bb header_text_align_last_edited=\u00bbon|phone\u00bb header_font_size_tablet=\u00bb18px\u00bb header_font_size_phone=\u00bb18px\u00bb header_font_size_last_edited=\u00bbon|phone\u00bb text_orientation_tablet=\u00bb\u00bb text_orientation_phone=\u00bbcenter\u00bb text_orientation_last_edited=\u00bbon|phone\u00bb custom_css_blurb_content=\u00bbpadding-top:0px;\u00bb global_colors_info=\u00bb{}\u00bb]<\/p>\n<p><strong>Solicita m\u00e1s informaci\u00f3n en<\/strong>: pricciardi@operala.org<\/p>\n<p>[\/et_pb_blurb][\/et_pb_column][\/et_pb_row][\/et_pb_section][et_pb_section fb_built=\u00bb1&#8243; disabled_on=\u00bbon|on|on\u00bb _builder_version=\u00bb4.20.2&#8243; _module_preset=\u00bbdefault\u00bb background_color=\u00bb#46adac\u00bb custom_padding=\u00bb50px||0px||false|false\u00bb disabled=\u00bbon\u00bb global_colors_info=\u00bb{}\u00bb][et_pb_row _builder_version=\u00bb4.22.1&#8243; _module_preset=\u00bbdefault\u00bb width_tablet=\u00bb\u00bb width_phone=\u00bb90%\u00bb width_last_edited=\u00bbon|phone\u00bb global_colors_info=\u00bb{}\u00bb][et_pb_column type=\u00bb4_4&#8243; _builder_version=\u00bb4.20.0&#8243; _module_preset=\u00bbdefault\u00bb global_colors_info=\u00bb{}\u00bb][et_pb_text _builder_version=\u00bb4.20.2&#8243; _module_preset=\u00bbdefault\u00bb max_width=\u00bb65%\u00bb module_alignment=\u00bbcenter\u00bb custom_margin=\u00bb||50px|||\u00bb custom_padding=\u00bb20px||||false|false\u00bb border_color_all=\u00bb#FFFFFF\u00bb global_colors_info=\u00bb{}\u00bb]<\/p>\n<h2 style=\"text-align: center;\"><span style=\"color: #ffffff;\">Participaci\u00f3n para<\/span><br \/><span style=\"color: #ffffff;\">Empresas<\/span><\/h2>\n<p><span style=\"color: #ffffff;\">\u00a0<\/span><\/p>\n<p><span style=\"color: #ffffff;\">Patrocinar la <strong>Conferencia Anual de \u00d3pera Latinoam\u00e9rica 2024<\/strong>\u00a0implica ser parte de una red internacional de organizaciones culturales que se vinculan con miles de personas de sus territorios a trav\u00e9s de la m\u00fasica y las artes esc\u00e9nicas y que, con ello, contribuyen a reforzar el desarrollo integral de las personas.<\/span><\/p>\n<p>[\/et_pb_text][et_pb_divider color=\u00bb#FFFFFF\u00bb divider_weight=\u00bb3px\u00bb _builder_version=\u00bb4.22.1&#8243; _module_preset=\u00bbdefault\u00bb width=\u00bb100px\u00bb max_width=\u00bb100px\u00bb module_alignment=\u00bbcenter\u00bb global_colors_info=\u00bb{}\u00bb][\/et_pb_divider][\/et_pb_column][\/et_pb_row][et_pb_row _builder_version=\u00bb4.22.1&#8243; _module_preset=\u00bbdefault\u00bb width=\u00bb49.8%\u00bb width_tablet=\u00bb49.8%\u00bb width_phone=\u00bb80%\u00bb width_last_edited=\u00bbon|phone\u00bb custom_padding=\u00bb|28px||||\u00bb global_colors_info=\u00bb{}\u00bb][et_pb_column type=\u00bb4_4&#8243; _builder_version=\u00bb4.20.0&#8243; _module_preset=\u00bbdefault\u00bb global_colors_info=\u00bb{}\u00bb][et_pb_text _builder_version=\u00bb4.20.2&#8243; _module_preset=\u00bbdefault\u00bb text_text_color=\u00bb#000000&#8243; text_font_size=\u00bb14px\u00bb text_letter_spacing=\u00bb0.3px\u00bb width=\u00bb99.6%\u00bb min_height=\u00bb732px\u00bb min_height_tablet=\u00bb990px\u00bb min_height_phone=\u00bb100%\u00bb min_height_last_edited=\u00bbon|phone\u00bb height=\u00bb100vh\u00bb height_tablet=\u00bb100vh\u00bb height_phone=\u00bb100%\u00bb height_last_edited=\u00bbon|phone\u00bb custom_margin=\u00bb|0px|121px||false|false\u00bb custom_padding=\u00bb15px|15px|1px|15px|false|false\u00bb border_radii=\u00bbon|10px|10px|10px|10px\u00bb border_width_all=\u00bb2px\u00bb border_color_all=\u00bb#FFFFFF\u00bb global_colors_info=\u00bb{}\u00bb]<\/p>\n<h1 style=\"text-align: center;\"><span style=\"color: #ffffff;\">Auspiciador<\/span><\/h1>\n<hr style=\"border-color: #ffffff; border-top: 0px;\" \/>\n<p style=\"text-align: left;\"><span style=\"color: #ffffff;\">\u00a0<\/span><\/p>\n<h6 style=\"text-align: left;\"><span style=\"color: #ffffff;\">\u2014Participaci\u00f3n en las actividades de la conferencia:<\/span><\/h6>\n<p style=\"text-align: left;\"><span style=\"color: #ffffff;\">1.\u00a0<\/span><span style=\"color: #ffffff;\">Asistencia a todas las actividades de la Conferencia, excepto la Asamblea general y reuniones privadas de OLA.<\/span><\/p>\n<p style=\"text-align: left;\"><span style=\"color: #ffffff;\">2. Asistencia al coctail de bienvenida y coffee breaks.<\/span><\/p>\n<p style=\"text-align: left;\"><span style=\"color: #ffffff;\">3. Posibilidad de exponer en una de las charlas, previo an\u00e1lisis del comit\u00e9 curatorial del contenido del programa.<\/span><\/p>\n<p style=\"text-align: left;\"><span style=\"color: #ffffff;\">4. Entradas para 2 personas de la empresa a la \u00f3pera estreno de la conferencia.<\/span><\/p>\n<h6 style=\"text-align: left;\"><span style=\"color: #ffffff;\">\u2014Presencia de marca:<\/span><\/h6>\n<p style=\"text-align: left;\"><span style=\"color: #ffffff;\">1.Stand de la empresa en uno de los salones donde se desarrollar\u00e1 la conferencia en el Teatro Municipal de Santiago <\/span><\/p>\n<p style=\"text-align: left;\"><span style=\"color: #ffffff;\">2. Inclusi\u00f3n de un art\u00edculo promocional en la bolsa de bienvenida que se entrega a los directores invitados por OLA.<\/span><\/p>\n<p style=\"text-align: left;\"><span style=\"color: #ffffff;\">3. Logo y menci\u00f3n de la empresa en los dossier, sitio web, newsletter y redes sociales de<\/span><br \/><span style=\"color: #ffffff;\">OLA durante los meses previos, durante\u00a0 la conferencia y al cierre. Aproximadamente 6 meses.<\/span><\/p>\n<p style=\"text-align: left;\">\n<p>[\/et_pb_text][\/et_pb_column][\/et_pb_row][et_pb_row _builder_version=\u00bb4.20.2&#8243; _module_preset=\u00bbdefault\u00bb background_color=\u00bb#FFFFFF\u00bb width=\u00bb100%\u00bb max_width=\u00bb100%\u00bb custom_margin=\u00bb||0px||false|false\u00bb custom_padding=\u00bb50px||50px||false|false\u00bb global_colors_info=\u00bb{}\u00bb][et_pb_column type=\u00bb4_4&#8243; _builder_version=\u00bb4.20.2&#8243; _module_preset=\u00bbdefault\u00bb global_colors_info=\u00bb{}\u00bb][et_pb_blurb use_icon=\u00bbon\u00bb font_icon=\u00bb&#xf0e0;||fa||400&#8243; icon_placement=\u00bbleft\u00bb content_max_width=\u00bb638px\u00bb font_icon_tablet=\u00bb\uf0e0||fa||400&#8243; font_icon_phone=\u00bb\uf0e0||fa||400&#8243; font_icon_last_edited=\u00bbon|phone\u00bb icon_placement_tablet=\u00bbleft\u00bb icon_placement_phone=\u00bbtop\u00bb icon_placement_last_edited=\u00bbon|phone\u00bb image_icon_width_tablet=\u00bb\u00bb image_icon_width_phone=\u00bb55px\u00bb image_icon_width_last_edited=\u00bbon|phone\u00bb content_max_width_tablet=\u00bb638px\u00bb content_max_width_phone=\u00bb100%\u00bb content_max_width_last_edited=\u00bbon|phone\u00bb _builder_version=\u00bb4.20.2&#8243; _module_preset=\u00bbdefault\u00bb header_font=\u00bbDM Sans||||||||\u00bb header_text_align=\u00bbleft\u00bb header_font_size=\u00bb18px\u00bb body_font_size=\u00bb18px\u00bb image_icon_custom_margin=\u00bb0px||0px||false|false\u00bb image_icon_custom_padding=\u00bb0px||0px||false|false\u00bb module_alignment=\u00bbleft\u00bb custom_padding=\u00bb0px||2px||false|false\u00bb header_text_align_tablet=\u00bbleft\u00bb header_text_align_phone=\u00bbcenter\u00bb header_text_align_last_edited=\u00bbon|phone\u00bb header_font_size_tablet=\u00bb18px\u00bb header_font_size_phone=\u00bb18px\u00bb header_font_size_last_edited=\u00bbon|phone\u00bb text_orientation_tablet=\u00bb\u00bb text_orientation_phone=\u00bbcenter\u00bb text_orientation_last_edited=\u00bbon|phone\u00bb custom_css_blurb_content=\u00bbpadding-top:0px;\u00bb global_colors_info=\u00bb{}\u00bb]<\/p>\n<p><strong>Solicita m\u00e1s informaci\u00f3n en<\/strong>: pricciardi@operala.org<\/p>\n<p>[\/et_pb_blurb][\/et_pb_column][\/et_pb_row][\/et_pb_section][et_pb_section fb_built=\u00bb1&#8243; disabled_on=\u00bbon|on|on\u00bb admin_label=\u00bbschedules section\u00bb module_id=\u00bbprograma\u00bb module_class=\u00bbno-traducir\u00bb _builder_version=\u00bb4.20.2&#8243; custom_padding=\u00bb100px||100px|\u00bb animation_style=\u00bbzoom\u00bb animation_intensity_zoom=\u00bb10%\u00bb disabled=\u00bbon\u00bb locked=\u00bboff\u00bb global_colors_info=\u00bb{}\u00bb][et_pb_row _builder_version=\u00bb4.16&#8243; custom_padding=\u00bb10px|0px|10px|0px\u00bb border_color_all=\u00bb#4646c4&#8243; border_width_bottom=\u00bb3px\u00bb global_colors_info=\u00bb{}\u00bb][et_pb_column type=\u00bb4_4&#8243; _builder_version=\u00bb4.16&#8243; custom_padding=\u00bb|||\u00bb global_colors_info=\u00bb{}\u00bb custom_padding__hover=\u00bb|||\u00bb][et_pb_text _builder_version=\u00bb4.16&#8243; text_font=\u00bb||||||||\u00bb header_font=\u00bb||||||||\u00bb header_2_font=\u00bb|700|||||||\u00bb header_2_line_height=\u00bb1.4em\u00bb global_colors_info=\u00bb{}\u00bb]<\/p>\n<h2>Programa<\/h2>\n<p>[\/et_pb_text][et_pb_text _builder_version=\u00bb4.16&#8243; text_font=\u00bb||||||||\u00bb header_font=\u00bb||||||||\u00bb header_2_font=\u00bb|700|||||||\u00bb header_2_line_height=\u00bb1.4em\u00bb global_colors_info=\u00bb{}\u00bb]<\/p>\n<h2>Day 1 &#8211; Wednesday Nov, 23<\/h2>\n<p>[\/et_pb_text][\/et_pb_column][\/et_pb_row][et_pb_row column_structure=\u00bb1_4,3_4&#8243; admin_label=\u00bbTiming and speaker\u00bb _builder_version=\u00bb4.16&#8243; custom_padding=\u00bb40px|0px|40px|0px\u00bb border_color_all=\u00bb#e1e3e5&#8243; border_width_top=\u00bb1px\u00bb global_colors_info=\u00bb{}\u00bb][et_pb_column type=\u00bb1_4&#8243; _builder_version=\u00bb4.16&#8243; custom_padding=\u00bb|||\u00bb global_colors_info=\u00bb{}\u00bb custom_padding__hover=\u00bb|||\u00bb][et_pb_blurb title=\u00bb9:00am \u2013 9:30am\u00bb use_icon=\u00bbon\u00bb font_icon=\u00bb&#x7d;||divi||400&#8243; icon_color=\u00bb#a9aab7&#8243; icon_placement=\u00bbleft\u00bb image_icon_width=\u00bb24px\u00bb _builder_version=\u00bb4.16&#8243; header_font=\u00bb|||on|||||\u00bb header_font_size=\u00bb14px\u00bb header_letter_spacing=\u00bb1px\u00bb header_line_height=\u00bb24px\u00bb body_font=\u00bb||||||||\u00bb custom_margin=\u00bb|||\u00bb icon_font_size=\u00bb24px\u00bb global_colors_info=\u00bb{}\u00bb][\/et_pb_blurb][et_pb_blurb title=\u00bbMain Hall\u00bb use_icon=\u00bbon\u00bb font_icon=\u00bb&#xe01d;||divi||400&#8243; icon_color=\u00bb#a9aab7&#8243; icon_placement=\u00bbleft\u00bb image_icon_width=\u00bb24px\u00bb _builder_version=\u00bb4.16&#8243; header_font=\u00bb|||on|||||\u00bb header_font_size=\u00bb14px\u00bb header_letter_spacing=\u00bb1px\u00bb header_line_height=\u00bb24px\u00bb body_font=\u00bb||||||||\u00bb custom_margin=\u00bb|||\u00bb icon_font_size=\u00bb24px\u00bb global_colors_info=\u00bb{}\u00bb][\/et_pb_blurb][\/et_pb_column][et_pb_column type=\u00bb3_4&#8243; _builder_version=\u00bb4.16&#8243; custom_padding=\u00bb|||\u00bb global_colors_info=\u00bb{}\u00bb custom_padding__hover=\u00bb|||\u00bb][et_pb_text _builder_version=\u00bb4.16&#8243; text_font=\u00bb||||||||\u00bb text_line_height=\u00bb1.8em\u00bb link_font=\u00bb||||||||\u00bb link_text_color=\u00bb#4646c4&#8243; header_font=\u00bb||||||||\u00bb header_3_font=\u00bbMerriweather|700|||||||\u00bb header_3_text_color=\u00bb#4646c4&#8243; header_3_line_height=\u00bb1.3em\u00bb custom_margin=\u00bb||20px|\u00bb global_colors_info=\u00bb{}\u00bb]<\/p>\n<h3>Opening Statements<\/h3>\n<p>By <a href=\"#\">Amir Ali ,<\/a>Event Coordinator<br \/>\n[\/et_pb_text][et_pb_toggle title=\u00bbMauris id finibus tortor sed urna velit sagittis ut tristique a finibus id mauris\u00bb closed_toggle_background_color=\u00bb#ffffff\u00bb icon_color=\u00bb#4646c4&#8243; open_icon_color=\u00bb#4646c4&#8243; _builder_version=\u00bb4.16&#8243; title_font=\u00bb||||||||\u00bb title_font_size=\u00bb18px\u00bb title_line_height=\u00bb1.8em\u00bb body_font=\u00bb||||||||\u00bb body_font_size=\u00bb18px\u00bb body_line_height=\u00bb1.8em\u00bb custom_margin=\u00bb|||\u00bb custom_padding=\u00bb0px|0px|0px|0px\u00bb border_width_all=\u00bb0px\u00bb global_colors_info=\u00bb{}\u00bb]Mauris id finibus tortor. Sed urna velit, sagittis ut tristique a, finibus id mauris. Morbi euismod purus eget orci lobortis, consequat tempus nisi iaculis. Sed porta odio vitae nunc molestie euismod. Ut dui erat, faucibus non ipsum quis, aliquet odio.\u00a0Mauris id finibus tortor. Sed urna velit, sagittis ut tristique a, finibus id mauris. Morbi euismod purus eget orci lobortis, consequat tempus nisi iaculis. Sed porta odio vitae nunc molestie euismod.<br \/>\n[\/et_pb_toggle][\/et_pb_column][\/et_pb_row][et_pb_row column_structure=\u00bb1_4,3_4&#8243; admin_label=\u00bbTiming and speaker\u00bb _builder_version=\u00bb4.16&#8243; custom_padding=\u00bb40px|0px|40px|0px\u00bb border_color_all=\u00bb#e1e3e5&#8243; border_width_top=\u00bb1px\u00bb global_colors_info=\u00bb{}\u00bb][et_pb_column type=\u00bb1_4&#8243; _builder_version=\u00bb4.16&#8243; custom_padding=\u00bb|||\u00bb global_colors_info=\u00bb{}\u00bb custom_padding__hover=\u00bb|||\u00bb][et_pb_blurb title=\u00bb11:00am \u2013 12:00pm\u00bb use_icon=\u00bbon\u00bb font_icon=\u00bb&#x7d;||divi||400&#8243; icon_color=\u00bb#a9aab7&#8243; icon_placement=\u00bbleft\u00bb image_icon_width=\u00bb24px\u00bb _builder_version=\u00bb4.16&#8243; header_font=\u00bb|||on|||||\u00bb header_font_size=\u00bb14px\u00bb header_letter_spacing=\u00bb1px\u00bb header_line_height=\u00bb24px\u00bb body_font=\u00bb||||||||\u00bb custom_margin=\u00bb|||\u00bb icon_font_size=\u00bb24px\u00bb global_colors_info=\u00bb{}\u00bb][\/et_pb_blurb][et_pb_blurb title=\u00bbRoom 3&#8243; use_icon=\u00bbon\u00bb font_icon=\u00bb&#xe01d;||divi||400&#8243; icon_color=\u00bb#a9aab7&#8243; icon_placement=\u00bbleft\u00bb image_icon_width=\u00bb24px\u00bb _builder_version=\u00bb4.16&#8243; header_font=\u00bb|||on|||||\u00bb header_font_size=\u00bb14px\u00bb header_letter_spacing=\u00bb1px\u00bb header_line_height=\u00bb24px\u00bb body_font=\u00bb||||||||\u00bb custom_margin=\u00bb|||\u00bb icon_font_size=\u00bb24px\u00bb global_colors_info=\u00bb{}\u00bb][\/et_pb_blurb][\/et_pb_column][et_pb_column type=\u00bb3_4&#8243; _builder_version=\u00bb4.16&#8243; custom_padding=\u00bb|||\u00bb global_colors_info=\u00bb{}\u00bb custom_padding__hover=\u00bb|||\u00bb][et_pb_text _builder_version=\u00bb4.16&#8243; text_font=\u00bb||||||||\u00bb text_line_height=\u00bb1.8em\u00bb link_font=\u00bb||||||||\u00bb link_text_color=\u00bb#4646c4&#8243; header_font=\u00bb||||||||\u00bb header_3_font=\u00bbMerriweather|700|||||||\u00bb header_3_text_color=\u00bb#4646c4&#8243; header_3_line_height=\u00bb1.3em\u00bb custom_margin=\u00bb||20px|\u00bb global_colors_info=\u00bb{}\u00bb]<\/p>\n<h3>Designing For Mobile Devices<\/h3>\n<p>By <a href=\"#\">John Doe<\/a>, Mobile Designer<br \/>\n[\/et_pb_text][et_pb_toggle title=\u00bbMauris id finibus tortor sed urna velit sagittis ut tristique a finibus id mauris\u00bb closed_toggle_background_color=\u00bb#ffffff\u00bb icon_color=\u00bb#4646c4&#8243; open_icon_color=\u00bb#4646c4&#8243; _builder_version=\u00bb4.16&#8243; title_font=\u00bb||||||||\u00bb title_font_size=\u00bb18px\u00bb title_line_height=\u00bb1.8em\u00bb body_font=\u00bb||||||||\u00bb body_font_size=\u00bb18px\u00bb body_line_height=\u00bb1.8em\u00bb custom_margin=\u00bb|||\u00bb custom_padding=\u00bb0px|0px|0px|0px\u00bb border_width_all=\u00bb0px\u00bb locked=\u00bboff\u00bb global_colors_info=\u00bb{}\u00bb]Mauris id finibus tortor. Sed urna velit, sagittis ut tristique a, finibus id mauris. Morbi euismod purus eget orci lobortis, consequat tempus nisi iaculis. Sed porta odio vitae nunc molestie euismod. Ut dui erat, faucibus non ipsum quis, aliquet odio.<br \/>\n[\/et_pb_toggle][\/et_pb_column][\/et_pb_row][et_pb_row column_structure=\u00bb1_4,3_4&#8243; admin_label=\u00bbTiming and speaker\u00bb _builder_version=\u00bb4.16&#8243; custom_padding=\u00bb40px|0px|40px|0px\u00bb border_color_all=\u00bb#e1e3e5&#8243; border_width_top=\u00bb1px\u00bb global_colors_info=\u00bb{}\u00bb][et_pb_column type=\u00bb1_4&#8243; _builder_version=\u00bb4.16&#8243; custom_padding=\u00bb|||\u00bb global_colors_info=\u00bb{}\u00bb custom_padding__hover=\u00bb|||\u00bb][et_pb_blurb title=\u00bb1:30PM \u2013 2:3pm\u00bb use_icon=\u00bbon\u00bb font_icon=\u00bb&#x7d;||divi||400&#8243; icon_color=\u00bb#a9aab7&#8243; icon_placement=\u00bbleft\u00bb image_icon_width=\u00bb24px\u00bb _builder_version=\u00bb4.16&#8243; header_font=\u00bb|||on|||||\u00bb header_font_size=\u00bb14px\u00bb header_letter_spacing=\u00bb1px\u00bb header_line_height=\u00bb24px\u00bb body_font=\u00bb||||||||\u00bb custom_margin=\u00bb|||\u00bb icon_font_size=\u00bb24px\u00bb global_colors_info=\u00bb{}\u00bb][\/et_pb_blurb][et_pb_blurb title=\u00bbRoom 2&#8243; use_icon=\u00bbon\u00bb font_icon=\u00bb&#xe01d;||divi||400&#8243; icon_color=\u00bb#a9aab7&#8243; icon_placement=\u00bbleft\u00bb image_icon_width=\u00bb24px\u00bb _builder_version=\u00bb4.16&#8243; header_font=\u00bb|||on|||||\u00bb header_font_size=\u00bb14px\u00bb header_letter_spacing=\u00bb1px\u00bb header_line_height=\u00bb24px\u00bb body_font=\u00bb||||||||\u00bb custom_margin=\u00bb|||\u00bb icon_font_size=\u00bb24px\u00bb global_colors_info=\u00bb{}\u00bb][\/et_pb_blurb][\/et_pb_column][et_pb_column type=\u00bb3_4&#8243; _builder_version=\u00bb4.16&#8243; custom_padding=\u00bb|||\u00bb global_colors_info=\u00bb{}\u00bb custom_padding__hover=\u00bb|||\u00bb][et_pb_text _builder_version=\u00bb4.16&#8243; text_font=\u00bb||||||||\u00bb text_line_height=\u00bb1.8em\u00bb link_font=\u00bb||||||||\u00bb link_text_color=\u00bb#4646c4&#8243; header_font=\u00bb||||||||\u00bb header_3_font=\u00bbMerriweather|700|||||||\u00bb header_3_text_color=\u00bb#4646c4&#8243; header_3_line_height=\u00bb1.3em\u00bb custom_margin=\u00bb||20px|\u00bb global_colors_info=\u00bb{}\u00bb]<\/p>\n<h3>Giving Your Brand a Voice<\/h3>\n<p>By <a href=\"#\">Jason Roberts<\/a>, Content Strategist<br \/>\n[\/et_pb_text][et_pb_toggle title=\u00bbMauris id finibus tortor sed urna velit sagittis ut tristique a finibus id mauris\u00bb closed_toggle_background_color=\u00bb#ffffff\u00bb icon_color=\u00bb#4646c4&#8243; open_icon_color=\u00bb#4646c4&#8243; _builder_version=\u00bb4.16&#8243; title_font=\u00bb||||||||\u00bb title_font_size=\u00bb18px\u00bb title_line_height=\u00bb1.8em\u00bb body_font=\u00bb||||||||\u00bb body_font_size=\u00bb18px\u00bb body_line_height=\u00bb1.8em\u00bb custom_margin=\u00bb|||\u00bb custom_padding=\u00bb0px|0px|0px|0px\u00bb border_width_all=\u00bb0px\u00bb locked=\u00bboff\u00bb global_colors_info=\u00bb{}\u00bb]Mauris id finibus tortor. Sed urna velit, sagittis ut tristique a, finibus id mauris. Morbi euismod purus eget orci lobortis, consequat tempus nisi iaculis. Sed porta odio vitae nunc molestie euismod. Ut dui erat, faucibus non ipsum quis, aliquet odio.<br \/>\n[\/et_pb_toggle][\/et_pb_column][\/et_pb_row][et_pb_row _builder_version=\u00bb4.20.0&#8243; _module_preset=\u00bbdefault\u00bb global_colors_info=\u00bb{}\u00bb][et_pb_column type=\u00bb4_4&#8243; _builder_version=\u00bb4.20.0&#8243; _module_preset=\u00bbdefault\u00bb global_colors_info=\u00bb{}\u00bb][et_pb_button button_text=\u00bbDescarga el programa\u00bb _builder_version=\u00bb4.20.0&#8243; _module_preset=\u00bbdefault\u00bb global_colors_info=\u00bb{}\u00bb][\/et_pb_button][\/et_pb_column][\/et_pb_row][\/et_pb_section][et_pb_section fb_built=\u00bb1&#8243; _builder_version=\u00bb4.27.4&#8243; _module_preset=\u00bbdefault\u00bb background_color=\u00bb#FFFFFF\u00bb min_height=\u00bb135px\u00bb custom_margin=\u00bb0px|0px|0px|0px|false|false\u00bb custom_padding=\u00bb40px|0px|0px|0px|false|false\u00bb border_color_all=\u00bbRGBA(255,255,255,0)\u00bb global_colors_info=\u00bb{}\u00bb][et_pb_row _builder_version=\u00bb4.27.4&#8243; _module_preset=\u00bbdefault\u00bb global_colors_info=\u00bb{}\u00bb][et_pb_column type=\u00bb4_4&#8243; _builder_version=\u00bb4.27.4&#8243; _module_preset=\u00bbdefault\u00bb global_colors_info=\u00bb{}\u00bb][et_pb_text _builder_version=\u00bb4.27.4&#8243; _module_preset=\u00bbdefault\u00bb text_text_color=\u00bb#2a2a2a\u00bb header_text_color=\u00bb#FFFFFF\u00bb text_orientation=\u00bbcenter\u00bb background_layout=\u00bbdark\u00bb max_width=\u00bb75%\u00bb module_alignment=\u00bbcenter\u00bb locked=\u00bboff\u00bb global_colors_info=\u00bb{}\u00bb]<\/p>\n<h1><span style=\"color: #000000;\">Revive todos los paneles de la conferencia<\/span><\/h1>\n<p>[\/et_pb_text][\/et_pb_column][\/et_pb_row][et_pb_row _builder_version=\u00bb4.27.0&#8243; _module_preset=\u00bbdefault\u00bb global_colors_info=\u00bb{}\u00bb][et_pb_column type=\u00bb4_4&#8243; _builder_version=\u00bb4.27.0&#8243; _module_preset=\u00bbdefault\u00bb background_color=\u00bbRGBA(255,255,255,0)\u00bb global_colors_info=\u00bb{}\u00bb][et_pb_video src=\u00bbhttps:\/\/youtube.com\/playlist?list=PL3ruDFUWMW3_NI4Wnm0p8GK_i9amhVCG_&#038;si=WEURFMYs1R1fam3x\u00bb _builder_version=\u00bb4.27.4&#8243; _module_preset=\u00bbdefault\u00bb global_colors_info=\u00bb{}\u00bb][\/et_pb_video][\/et_pb_column][\/et_pb_row][\/et_pb_section][et_pb_section fb_built=\u00bb1&#8243; module_id=\u00bbspeakers\u00bb module_class=\u00bbno-traducir\u00bb _builder_version=\u00bb4.20.2&#8243; _module_preset=\u00bbdefault\u00bb background_color=\u00bb#f7f7f7&#8243; custom_padding=\u00bb||120px|||\u00bb global_colors_info=\u00bb{}\u00bb][et_pb_row _builder_version=\u00bb4.20.0&#8243; _module_preset=\u00bbdefault\u00bb global_colors_info=\u00bb{}\u00bb][et_pb_column type=\u00bb4_4&#8243; _builder_version=\u00bb4.20.0&#8243; _module_preset=\u00bbdefault\u00bb global_colors_info=\u00bb{}\u00bb][et_pb_text content_tablet=\u00bb<\/p>\n<h1>Panelistas Conferencia Santiago 2024<\/h1>\n<p>\u00bb content_phone=\u00bb<\/p>\n<h1 style=%22text-align: center;%22>Panelistas Conferencia Santiago 2024<\/h1>\n<p>\u00bb content_last_edited=\u00bbon|phone\u00bb _builder_version=\u00bb4.27.0&#8243; _module_preset=\u00bbdefault\u00bb global_colors_info=\u00bb{}\u00bb]<\/p>\n<h1>Panelistas Conferencia Santiago 2024<\/h1>\n<p>[\/et_pb_text][\/et_pb_column][\/et_pb_row][et_pb_row column_structure=\u00bb1_5,1_5,1_5,1_5,1_5&#8243; _builder_version=\u00bb4.22.1&#8243; _module_preset=\u00bbdefault\u00bb global_colors_info=\u00bb{}\u00bb][et_pb_column type=\u00bb1_5&#8243; _builder_version=\u00bb4.20.0&#8243; _module_preset=\u00bbdefault\u00bb global_colors_info=\u00bb{}\u00bb][et_pb_image src=\u00bbhttps:\/\/www.operala.org\/encuentrosola\/wp-content\/uploads\/2024\/07\/ricardo-appezzato-2.png\u00bb title_text=\u00bbricardo appezzato 2&#8243; disabled_on=\u00bbon|off|off\u00bb module_class=\u00bbpanelista\u00bb _builder_version=\u00bb4.26.1&#8243; _module_preset=\u00bbdefault\u00bb global_colors_info=\u00bb{}\u00bb background__hover_enabled=\u00bboff|desktop\u00bb][\/et_pb_image][et_pb_toggle title=\u00bbRicardo Appezzato, Teatro Sao Pedro de Sao Paulo, Brasil\u00bb open_toggle_background_color=\u00bbRGBA(255,255,255,0)\u00bb closed_toggle_background_color=\u00bbRGBA(255,255,255,0)\u00bb icon_color=\u00bb#000000&#8243; toggle_icon=\u00bb&#x50;||divi||400&#8243; use_icon_font_size=\u00bbon\u00bb icon_font_size=\u00bb32px\u00bb open_toggle_icon=\u00bb&#x4f;||divi||400&#8243; open_use_icon_font_size=\u00bbon\u00bb open_icon_font_size=\u00bb32px\u00bb _builder_version=\u00bb4.26.1&#8243; _module_preset=\u00bbdefault\u00bb title_level=\u00bbh6&#8243; title_font=\u00bbRaleway||||||||\u00bb title_text_align=\u00bbcenter\u00bb title_font_size=\u00bb18px\u00bb closed_title_font=\u00bbRaleway||||||||\u00bb custom_margin=\u00bb0px|0px|0px|0px|false|false\u00bb custom_padding=\u00bb0px|0px|0px|0px|false|false\u00bb border_width_all=\u00bb0px\u00bb border_color_all=\u00bbRGBA(255,255,255,0)\u00bb global_colors_info=\u00bb{}\u00bb]<\/p>\n<p style=\"text-align: justify;\"><span>Director art\u00edstico de\u00a0<\/span><a href=\"https:\/\/www.santamarcelinacultura.org.br\/\" target=\"_blank\" rel=\"noopener\"><strong>Santa<\/strong><span>\u00a0<\/span><strong>Marcelina<\/strong><span>\u00a0<\/span><strong>Cultura<\/strong><\/a><span>\u00a0(Brasil), y\u00a0<\/span><strong>Francisca<\/strong><span>\u00a0<\/span><strong>Per\u00f3<\/strong><span>, directora ejecutiva de\u00a0<\/span><a href=\"https:\/\/teatrobiobio.cl\/\" target=\"_blank\" rel=\"noopener\"><strong>Teatro Biob\u00edo<\/strong><\/a><span>\u00a0(Chile), fueron los representantes de \u00d3pera Latinoam\u00e9rica que asistieron al Programa Intensivo de Liderazgo 2023. Ambos concuerdan en que la experiencia aborda una profunda formaci\u00f3n en t\u00e9rminos \u00e9ticos y humanos para crecer como l\u00edderes en el futuro de las artes y la \u00f3pera.<\/span><\/p>\n<p>[\/et_pb_toggle][\/et_pb_column][et_pb_column type=\u00bb1_5&#8243; _builder_version=\u00bb4.20.0&#8243; _module_preset=\u00bbdefault\u00bb global_colors_info=\u00bb{}\u00bb][et_pb_image src=\u00bbhttps:\/\/www.operala.org\/encuentrosola\/wp-content\/uploads\/2024\/07\/imagen_2024-07-10_091225551.png\u00bb title_text=\u00bbimagen_2024-07-10_091225551&#8243; disabled_on=\u00bbon|off|off\u00bb module_class=\u00bbpanelista\u00bb _builder_version=\u00bb4.26.1&#8243; _module_preset=\u00bbdefault\u00bb global_colors_info=\u00bb{}\u00bb background__hover_enabled=\u00bboff|desktop\u00bb][\/et_pb_image][et_pb_toggle title=\u00bbIsamay Benavente, Teatro de la Zarzuela, Espa\u00f1a\u00bb open_toggle_background_color=\u00bbRGBA(255,255,255,0)\u00bb closed_toggle_background_color=\u00bbRGBA(255,255,255,0)\u00bb icon_color=\u00bb#000000&#8243; toggle_icon=\u00bb&#x50;||divi||400&#8243; use_icon_font_size=\u00bbon\u00bb icon_font_size=\u00bb32px\u00bb open_toggle_icon=\u00bb&#x4f;||divi||400&#8243; open_use_icon_font_size=\u00bbon\u00bb open_icon_font_size=\u00bb32px\u00bb _builder_version=\u00bb4.26.1&#8243; _module_preset=\u00bbdefault\u00bb title_level=\u00bbh6&#8243; title_font=\u00bbRaleway||||||||\u00bb title_text_align=\u00bbcenter\u00bb title_font_size=\u00bb18px\u00bb closed_title_font=\u00bbRaleway||||||||\u00bb custom_margin=\u00bb0px|0px|0px|0px|false|false\u00bb custom_padding=\u00bb0px|0px|0px|0px|false|false\u00bb border_width_all=\u00bb0px\u00bb border_color_all=\u00bbRGBA(255,255,255,0)\u00bb global_colors_info=\u00bb{}\u00bb]<\/p>\n<p><span style=\"font-weight: 400;\">Licenciada en Derecho por la Universidad de Sevilla y gestora cultural. Desde el a\u00f1o 2008 ha estado al frente del Teatro Villamarta de Jerez como responsable de su direcci\u00f3n art\u00edstica. Desde este teatro, ha desarrollado una programaci\u00f3n amplia y plural, en la que dos eventos singulares han atra\u00eddo una gran proyecci\u00f3n nacional e internacional. Por un lado, el Centro L\u00edrico del Sur, un proyecto de temporada l\u00edrica que a\u00fana la producci\u00f3n propia con la programaci\u00f3n de espect\u00e1culos en gira. En el marco de esa programaci\u00f3n ha destacado el ciclo \u201cOto\u00f1o l\u00edrico jerezano\u201d, una exhibici\u00f3n anual de cuatro t\u00edtulos de g\u00e9nero l\u00edrico espa\u00f1ol, fundamentalmente zarzuela, as\u00ed como la creaci\u00f3n del Concurso de voces para repertorio espa\u00f1ol. Asimismo, ha sido directora art\u00edstica del Festival de Jerez, un relevante proyecto cultural de amplia repercusi\u00f3n nacional e internacional centrado en el baile flamenco y la danza espa\u00f1ola.<\/span><\/p>\n<p>[\/et_pb_toggle][\/et_pb_column][et_pb_column type=\u00bb1_5&#8243; _builder_version=\u00bb4.20.0&#8243; _module_preset=\u00bbdefault\u00bb global_colors_info=\u00bb{}\u00bb][et_pb_image src=\u00bbhttps:\/\/www.operala.org\/encuentrosola\/wp-content\/uploads\/2024\/08\/Jose-miguel-benavente.jpeg\u00bb title_text=\u00bbJose miguel benavente\u00bb disabled_on=\u00bbon|off|off\u00bb module_class=\u00bbpanelista\u00bb _builder_version=\u00bb4.27.0&#8243; _module_preset=\u00bbdefault\u00bb global_colors_info=\u00bb{}\u00bb background__hover_enabled=\u00bboff|desktop\u00bb][\/et_pb_image][et_pb_toggle title=\u00bbJos\u00e9 Miguel Benavente, Vicepresidente Ejecutivo CORFO\u00bb open_toggle_background_color=\u00bbRGBA(255,255,255,0)\u00bb closed_toggle_background_color=\u00bbRGBA(255,255,255,0)\u00bb icon_color=\u00bb#000000&#8243; toggle_icon=\u00bb&#x50;||divi||400&#8243; use_icon_font_size=\u00bbon\u00bb icon_font_size=\u00bb32px\u00bb open_toggle_icon=\u00bb&#x4f;||divi||400&#8243; open_use_icon_font_size=\u00bbon\u00bb open_icon_font_size=\u00bb32px\u00bb _builder_version=\u00bb4.26.1&#8243; _module_preset=\u00bbdefault\u00bb title_level=\u00bbh6&#8243; title_font=\u00bbRaleway||||||||\u00bb title_text_align=\u00bbcenter\u00bb title_font_size=\u00bb18px\u00bb closed_title_font=\u00bbRaleway||||||||\u00bb custom_margin=\u00bb0px|0px|0px|0px|false|false\u00bb custom_padding=\u00bb0px|0px|0px|0px|false|false\u00bb border_width_all=\u00bb0px\u00bb border_color_all=\u00bbRGBA(255,255,255,0)\u00bb global_colors_info=\u00bb{}\u00bb]<\/p>\n<p style=\"text-align: justify;\"><span style=\"font-weight: 400;\">Jos\u00e9 Miguel Benavente, Ingeniero Civil Industrial, Doctor en Econom\u00eda de la Universidad de Oxford y experto en temas de ciencia, innovaci\u00f3n y emprendimiento, asumi\u00f3 en marzo del 2022 la Vicepresidencia Ejecutiva de Corfo tras su designaci\u00f3n por parte del Presidente Gabriel Boric. <\/span><span style=\"font-weight: 400;\">Antes de llegar a Corfo, Benavente se desempe\u00f1aba como especialista l\u00edder de la Divisi\u00f3n de Competitividad e Innovaci\u00f3n del Banco Interamericano de Desarrollo (BID). Tambi\u00e9n fue vicepresidente del Consejo Nacional de Innovaci\u00f3n de Chile y ha sido profesor del Departamento de Econom\u00eda de la Universidad de Chile y en la Escuela de Negocios de la Universidad Adolfo Ib\u00e1\u00f1ez.\u00a0<\/span><\/p>\n<p>[\/et_pb_toggle][\/et_pb_column][et_pb_column type=\u00bb1_5&#8243; _builder_version=\u00bb4.20.0&#8243; _module_preset=\u00bbdefault\u00bb global_colors_info=\u00bb{}\u00bb][et_pb_image src=\u00bbhttps:\/\/www.operala.org\/encuentrosola\/wp-content\/uploads\/2024\/10\/Enrique-Bordolini.jpeg\u00bb title_text=\u00bbEnrique Bordolini\u00bb disabled_on=\u00bbon|off|off\u00bb module_class=\u00bbpanelista\u00bb _builder_version=\u00bb4.27.2&#8243; _module_preset=\u00bbdefault\u00bb global_colors_info=\u00bb{}\u00bb background__hover_enabled=\u00bboff|desktop\u00bb][\/et_pb_image][et_pb_toggle title=\u00bbEnrique Bordolini Director T\u00e9cnico Teatro Col\u00f3n Buenos Aires\u00bb open_toggle_background_color=\u00bbRGBA(255,255,255,0)\u00bb closed_toggle_background_color=\u00bbRGBA(255,255,255,0)\u00bb icon_color=\u00bb#000000&#8243; toggle_icon=\u00bb&#x50;||divi||400&#8243; use_icon_font_size=\u00bbon\u00bb icon_font_size=\u00bb32px\u00bb open_toggle_icon=\u00bb&#x4f;||divi||400&#8243; open_use_icon_font_size=\u00bbon\u00bb open_icon_font_size=\u00bb32px\u00bb _builder_version=\u00bb4.27.2&#8243; _module_preset=\u00bbdefault\u00bb title_level=\u00bbh6&#8243; title_font=\u00bbRaleway||||||||\u00bb title_text_align=\u00bbcenter\u00bb title_font_size=\u00bb18px\u00bb closed_title_font=\u00bbRaleway||||||||\u00bb custom_margin=\u00bb0px|0px|0px|0px|false|false\u00bb custom_padding=\u00bb0px|0px|0px|0px|false|false\u00bb border_width_all=\u00bb0px\u00bb border_color_all=\u00bbRGBA(255,255,255,0)\u00bb global_colors_info=\u00bb{}\u00bb]<\/p>\n<p>Enrique Bordolini ha sido Director T\u00e9cnico de los teatros Argentino de la Plata, Municipal de Santiago de Chile (en dos per\u00edodos) y Director Escenot\u00e9cnico del Teatro Col\u00f3n (1998).<\/p>\n<p>En 2016 asumi\u00f3 nuevamente la Direcci\u00f3n de Producci\u00f3n Escenot\u00e9cnica del Argentino de La Plata.<\/p>\n<p>Realiz\u00f3 el dise\u00f1o escenogr\u00e1fico de \u00f3peras como La Traviata, Le cantatrice villane, El barbero de Sevilla, El elixir del amor, Don Pasquale, Un ballo in maschera, Rigoletto, Ernani, Nabucco, La boh\u00e8me, Lucia di Lammermoor, Fedora, Attila, Die Soldaten y Julio C\u00e9sar en prestigiosos teatros de Am\u00e9rica, Europa y Medio Oriente.<\/p>\n<p>Una de sus m\u00e1s recientes producciones en el coliseo argentino fue la versi\u00f3n l\u00edrica del cl\u00e1sico de Tennessee Williams Un tranv\u00eda llamado deseo, y la nueva producci\u00f3n de la \u00f3pera bufa de Donizetti, Don Pasquale.<\/p>\n<p>Se form\u00f3 en el Instituto Superior de Arte del Teatro Col\u00f3n de Buenos Aires donde fue responsable del dise\u00f1o de los sistemas de iluminaci\u00f3n (1979), dirigi\u00f3 el proyecto de modernizaci\u00f3n esc\u00e9nica (1989) y fue Director de Producci\u00f3n Esc\u00e9nica.<\/p>\n<p>[\/et_pb_toggle][\/et_pb_column][et_pb_column type=\u00bb1_5&#8243; _builder_version=\u00bb4.20.0&#8243; _module_preset=\u00bbdefault\u00bb global_colors_info=\u00bb{}\u00bb][et_pb_image src=\u00bbhttps:\/\/www.operala.org\/encuentrosola\/wp-content\/uploads\/2024\/10\/alberto-browne.jpg\u00bb title_text=\u00bbalberto-browne\u00bb disabled_on=\u00bbon|off|off\u00bb module_class=\u00bbpanelista\u00bb _builder_version=\u00bb4.27.2&#8243; _module_preset=\u00bbdefault\u00bb global_colors_info=\u00bb{}\u00bb background__hover_enabled=\u00bboff|desktop\u00bb][\/et_pb_image][et_pb_toggle title=\u00bbAlberto\tBrowne\tDirector T\u00e9cnico\tTeatro Municipal de Santiago\u00bb open_toggle_background_color=\u00bbRGBA(255,255,255,0)\u00bb closed_toggle_background_color=\u00bbRGBA(255,255,255,0)\u00bb icon_color=\u00bb#000000&#8243; toggle_icon=\u00bb&#x50;||divi||400&#8243; use_icon_font_size=\u00bbon\u00bb icon_font_size=\u00bb32px\u00bb open_toggle_icon=\u00bb&#x4f;||divi||400&#8243; open_use_icon_font_size=\u00bbon\u00bb open_icon_font_size=\u00bb32px\u00bb _builder_version=\u00bb4.27.2&#8243; _module_preset=\u00bbdefault\u00bb title_level=\u00bbh6&#8243; title_font=\u00bbRaleway||||||||\u00bb title_text_align=\u00bbcenter\u00bb title_font_size=\u00bb18px\u00bb closed_title_font=\u00bbRaleway||||||||\u00bb custom_margin=\u00bb0px|0px|0px|0px|false|false\u00bb custom_padding=\u00bb0px|0px|0px|0px|false|false\u00bb border_width_all=\u00bb0px\u00bb border_color_all=\u00bbRGBA(255,255,255,0)\u00bb global_colors_info=\u00bb{}\u00bb]Alberto\tBrowne\tDirector T\u00e9cnico\tTeatro Municipal de Santiago[\/et_pb_toggle][\/et_pb_column][\/et_pb_row][et_pb_row column_structure=\u00bb1_5,1_5,1_5,1_5,1_5&#8243; _builder_version=\u00bb4.20.0&#8243; _module_preset=\u00bbdefault\u00bb global_colors_info=\u00bb{}\u00bb][et_pb_column type=\u00bb1_5&#8243; _builder_version=\u00bb4.20.0&#8243; _module_preset=\u00bbdefault\u00bb global_colors_info=\u00bb{}\u00bb][et_pb_image src=\u00bbhttps:\/\/www.operala.org\/encuentrosola\/wp-content\/uploads\/2024\/10\/isidora-cabezon.jpg\u00bb title_text=\u00bbisidora-cabezon\u00bb disabled_on=\u00bbon|off|off\u00bb module_class=\u00bbpanelista\u00bb _builder_version=\u00bb4.27.2&#8243; _module_preset=\u00bbdefault\u00bb global_colors_info=\u00bb{}\u00bb background__hover_enabled=\u00bboff|desktop\u00bb][\/et_pb_image][et_pb_toggle title=\u00bbIsidora Cabez\u00f3n\tDirectora Ejecutiva CRTIC\u00bb open_toggle_background_color=\u00bbRGBA(255,255,255,0)\u00bb closed_toggle_background_color=\u00bbRGBA(255,255,255,0)\u00bb icon_color=\u00bb#000000&#8243; toggle_icon=\u00bb&#x50;||divi||400&#8243; use_icon_font_size=\u00bbon\u00bb icon_font_size=\u00bb32px\u00bb open_toggle_icon=\u00bb&#x4f;||divi||400&#8243; open_use_icon_font_size=\u00bbon\u00bb open_icon_font_size=\u00bb32px\u00bb _builder_version=\u00bb4.27.2&#8243; _module_preset=\u00bbdefault\u00bb title_level=\u00bbh6&#8243; title_font=\u00bbRaleway||||||||\u00bb title_text_align=\u00bbcenter\u00bb title_font_size=\u00bb18px\u00bb closed_title_font=\u00bbRaleway||||||||\u00bb custom_margin=\u00bb0px|0px|0px|0px|false|false\u00bb custom_padding=\u00bb0px|0px|0px|0px|false|false\u00bb border_width_all=\u00bb0px\u00bb border_color_all=\u00bbRGBA(255,255,255,0)\u00bb global_colors_info=\u00bb{}\u00bb]Periodista y Magister en Comunicaci\u00f3n Social de la Pontificia Universidad Cat\u00f3lica de Chile, con certificado Acad\u00e9mico en Dramaturgia en la Escuela de Teatro de la misma casa de estudios.<\/p>\n<p>Durante su carrera ha estado ligada a la creaci\u00f3n, a la gesti\u00f3n cultural y a las comunicaciones, en cargos en el \u00e1mbito p\u00fablico y privado.<\/p>\n<p>Ha trabajado en televisi\u00f3n como guionista y realizadora audiovisual; fue editora de la revista especializada en artes visuales \u201cArte Al L\u00edmite\u201d; fundadora y directora del Festival de Cine de Isla de Pascua \u201cRapa Nui Film Fest\u201d; Jefa de Coordinaci\u00f3n Regional del Consejo Nacional de la Cultura y las Artes de Chile (actual Ministerio de las Culturas, las Artes y el Patrimonio); Coordinadora de Programaci\u00f3n Art\u00edstica de Fundaci\u00f3n CorpArtes y recientemente fue Coordinadora de Econom\u00eda Creativa en CORFO.[\/et_pb_toggle][\/et_pb_column][et_pb_column type=\u00bb1_5&#8243; _builder_version=\u00bb4.20.0&#8243; _module_preset=\u00bbdefault\u00bb global_colors_info=\u00bb{}\u00bb][et_pb_image src=\u00bbhttps:\/\/www.operala.org\/encuentrosola\/wp-content\/uploads\/2024\/08\/Yalile-Cardona.jpg\u00bb title_text=\u00bbYalile-Cardona\u00bb disabled_on=\u00bbon|off|off\u00bb module_class=\u00bbpanelista\u00bb _builder_version=\u00bb4.27.0&#8243; _module_preset=\u00bbdefault\u00bb global_colors_info=\u00bb{}\u00bb background__hover_enabled=\u00bboff|desktop\u00bb][\/et_pb_image][et_pb_toggle title=\u00bbYalil\u00e9 Cardona, Teatro Mayor Julio Mario Santo Domingo, Colombia\u00bb open_toggle_background_color=\u00bbRGBA(255,255,255,0)\u00bb closed_toggle_background_color=\u00bbRGBA(255,255,255,0)\u00bb icon_color=\u00bb#000000&#8243; toggle_icon=\u00bb&#x50;||divi||400&#8243; use_icon_font_size=\u00bbon\u00bb icon_font_size=\u00bb32px\u00bb open_toggle_icon=\u00bb&#x4f;||divi||400&#8243; open_use_icon_font_size=\u00bbon\u00bb open_icon_font_size=\u00bb32px\u00bb _builder_version=\u00bb4.27.0&#8243; _module_preset=\u00bbdefault\u00bb title_level=\u00bbh6&#8243; title_font=\u00bbRaleway||||||||\u00bb title_text_align=\u00bbcenter\u00bb title_font_size=\u00bb18px\u00bb closed_title_font=\u00bbRaleway||||||||\u00bb custom_margin=\u00bb0px|0px|0px|0px|false|false\u00bb custom_padding=\u00bb0px|0px|0px|0px|false|false\u00bb border_width_all=\u00bb0px\u00bb border_color_all=\u00bbRGBA(255,255,255,0)\u00bb global_colors_info=\u00bb{}\u00bb]<\/p>\n<p><span style=\"font-weight: 400;\">Directora festival internacional de m\u00fasica cl\u00e1sica de Bogot\u00e1, <\/span><span style=\"font-weight: 400;\">Soprano y gestora cultural. <\/span><span style=\"font-weight: 400;\">Naci\u00f3 en Bogot\u00e1 en el seno de una familia colombiana-espa<\/span><span style=\"font-weight: 400;\">\u00f1<\/span><span style=\"font-weight: 400;\">ola. Realiz\u00f3 su formaci\u00f3n en canto l\u00edrico en la Pontificia Universidad Javeriana, donde obtuvo grado meritorio. Seguidamente hizo un postgrado en el g\u00e9nero de recital en el Royal College of Music de Londres, donde gan\u00f3 el premio \u201cCentury Fund Prize\u201d como mejor int\u00e9rprete de m\u00fasica antigua.\u00a0<\/span><span style=\"font-weight: 400;\">Sus roles incluyen a Belinda y Dido (Dido y Aeneas), Susanna (Las bodas de Figaro), Helena (A Midsummernight\u00b4s Dream), Venus (Venus y Adonis), Gretel en (H\u00e4nsel y Gretel) y Tina (Flight).\u00a0<\/span><span style=\"font-weight: 400;\">Desde el a\u00f1o 2000 vive en Austria, donde primero se desempe\u00f1\u00f3 como pedagoga del canto y como int\u00e9rprete.\u00a0<\/span><span style=\"font-weight: 400;\">En 2005 finaliz\u00f3 la maestr\u00eda en Gesti\u00f3n Cultural en la Universidad de M\u00fasica y Artes Esc\u00e9nicas de Viena, donde obtuvo un grado con excelencia. Desde entonces se ha dedicado a reforzar el v\u00ednculo entre Europa y Latinoam\u00e9rica mediante las artes. <\/span><span style=\"font-weight: 400;\">Desde 2018 es directora del Festival Internacional de M\u00fasica Cl\u00e1sica de Bogot\u00e1. <\/span><span style=\"font-weight: 400;\">Yalil\u00e9 es feliz madre de cuatro hijos.<\/span><\/p>\n<p>[\/et_pb_toggle][\/et_pb_column][et_pb_column type=\u00bb1_5&#8243; _builder_version=\u00bb4.20.0&#8243; _module_preset=\u00bbdefault\u00bb global_colors_info=\u00bb{}\u00bb][et_pb_image src=\u00bbhttps:\/\/www.operala.org\/encuentrosola\/wp-content\/uploads\/2024\/07\/Andrea-Caruso-Theatro-Municipal-de-Sao-Paulo-Brasil.jpeg\u00bb title_text=\u00bbAndrea Caruso, Theatro Municipal de S\u00e3o Paulo, Brasil\u00bb disabled_on=\u00bbon|off|off\u00bb module_class=\u00bbpanelista\u00bb _builder_version=\u00bb4.26.1&#8243; _module_preset=\u00bbdefault\u00bb global_colors_info=\u00bb{}\u00bb background__hover_enabled=\u00bboff|desktop\u00bb][\/et_pb_image][et_pb_toggle title=\u00bbAndrea Caruso, Theatro Municipal de Sao Paulo\u00bb open_toggle_background_color=\u00bbRGBA(255,255,255,0)\u00bb closed_toggle_background_color=\u00bbRGBA(255,255,255,0)\u00bb icon_color=\u00bb#000000&#8243; toggle_icon=\u00bb&#x50;||divi||400&#8243; use_icon_font_size=\u00bbon\u00bb icon_font_size=\u00bb32px\u00bb open_toggle_icon=\u00bb&#x4f;||divi||400&#8243; open_use_icon_font_size=\u00bbon\u00bb open_icon_font_size=\u00bb32px\u00bb _builder_version=\u00bb4.26.1&#8243; _module_preset=\u00bbdefault\u00bb title_level=\u00bbh6&#8243; title_font=\u00bbRaleway||||||||\u00bb title_text_align=\u00bbcenter\u00bb title_font_size=\u00bb18px\u00bb closed_title_font=\u00bbRaleway||||||||\u00bb custom_margin=\u00bb0px|0px|0px|0px|false|false\u00bb custom_padding=\u00bb0px|0px|0px|0px|false|false\u00bb border_width_all=\u00bb0px\u00bb border_color_all=\u00bbRGBA(255,255,255,0)\u00bb global_colors_info=\u00bb{}\u00bb]<\/p>\n<p style=\"text-align: justify;\"><span style=\"font-weight: 400;\">Andrea Caruso Saturnino Licenciada en Letras por la UFMG, Mag\u00edster en Artes Esc\u00e9nicas <\/span><span style=\"font-weight: 400;\">de la Sorbonne Nouvelle (Par\u00eds) y un doctorado en Artes esc\u00e9nicas por la USP. Es gerente, directora general del Teatro Municipal de S\u00e3o Paulo, curadora art\u00edstica, fundadora de la plataforma y festival Brasil Cena Aberta. y productora art\u00edstica, encargada de presentar a grandes nombres de las artes esc\u00e9nicas internacionales en Brasil y por crear proyectos expositivos y multidisciplinarios. Desarrolla investigaciones en campo de las artes esc\u00e9nicas contempor\u00e1neas, es autor de varios art\u00edculos y del libro<\/span><i><span style=\"font-weight: 400;\"> Ligeiro Deslocamento do Real \u2013 Experi\u00eancia, Dispositivo e Utopia em Cena<\/span><\/i><span style=\"font-weight: 400;\">, Ediciones Sesc.<\/span><\/p>\n<p>[\/et_pb_toggle][\/et_pb_column][et_pb_column type=\u00bb1_5&#8243; _builder_version=\u00bb4.20.0&#8243; _module_preset=\u00bbdefault\u00bb global_colors_info=\u00bb{}\u00bb][et_pb_image src=\u00bbhttps:\/\/www.operala.org\/encuentrosola\/wp-content\/uploads\/2024\/10\/daniel-cerezo.jpg\u00bb title_text=\u00bbdaniel-cerezo\u00bb disabled_on=\u00bbon|off|off\u00bb module_class=\u00bbpanelista\u00bb _builder_version=\u00bb4.27.2&#8243; _module_preset=\u00bbdefault\u00bb global_colors_info=\u00bb{}\u00bb background__hover_enabled=\u00bboff|desktop\u00bb][\/et_pb_image][et_pb_toggle title=\u00bbDaniel Cerezo Gerente General Auditorio de Tenerife\u00bb open_toggle_background_color=\u00bbRGBA(255,255,255,0)\u00bb closed_toggle_background_color=\u00bbRGBA(255,255,255,0)\u00bb icon_color=\u00bb#000000&#8243; toggle_icon=\u00bb&#x50;||divi||400&#8243; use_icon_font_size=\u00bbon\u00bb icon_font_size=\u00bb32px\u00bb open_toggle_icon=\u00bb&#x4f;||divi||400&#8243; open_use_icon_font_size=\u00bbon\u00bb open_icon_font_size=\u00bb32px\u00bb _builder_version=\u00bb4.27.2&#8243; _module_preset=\u00bbdefault\u00bb title_level=\u00bbh6&#8243; title_font=\u00bbRaleway||||||||\u00bb title_text_align=\u00bbcenter\u00bb title_font_size=\u00bb18px\u00bb closed_title_font=\u00bbRaleway||||||||\u00bb custom_margin=\u00bb0px|0px|0px|0px|false|false\u00bb custom_padding=\u00bb0px|0px|0px|0px|false|false\u00bb border_width_all=\u00bb0px\u00bb border_color_all=\u00bbRGBA(255,255,255,0)\u00bb global_colors_info=\u00bb{}\u00bb]Daniel Cerezo Baelo ha sido consultor de direcci\u00f3n, gesti\u00f3n y estrategia en el sector privado. Especializado en el \u00e1mbito de la direcci\u00f3n y gesti\u00f3n p\u00fablica<br \/>\nprofesional, desde 2006 asume puestos de direcci\u00f3n en el Cabildo Insular de Tenerife, primero como Director en el IASS, y desde enero de 2016 como Gerente de Auditorio de Tenerife, labor que sigue ejerciendo.[\/et_pb_toggle][\/et_pb_column][et_pb_column type=\u00bb1_5&#8243; _builder_version=\u00bb4.20.0&#8243; _module_preset=\u00bbdefault\u00bb global_colors_info=\u00bb{}\u00bb][et_pb_image src=\u00bbhttps:\/\/www.operala.org\/encuentrosola\/wp-content\/uploads\/2024\/07\/imagen_2024-07-17_204558413.png\u00bb title_text=\u00bbimagen_2024-07-17_204558413&#8243; disabled_on=\u00bbon|off|off\u00bb module_class=\u00bbpanelista\u00bb _builder_version=\u00bb4.26.1&#8243; _module_preset=\u00bbdefault\u00bb global_colors_info=\u00bb{}\u00bb background__hover_enabled=\u00bboff|desktop\u00bb][\/et_pb_image][et_pb_toggle title=\u00bbJorge Culla, Palau de las Artes Reina Sof\u00eda, Espa\u00f1a\u00bb open_toggle_background_color=\u00bbRGBA(255,255,255,0)\u00bb closed_toggle_background_color=\u00bbRGBA(255,255,255,0)\u00bb icon_color=\u00bb#000000&#8243; toggle_icon=\u00bb&#x50;||divi||400&#8243; use_icon_font_size=\u00bbon\u00bb icon_font_size=\u00bb32px\u00bb open_toggle_icon=\u00bb&#x4f;||divi||400&#8243; open_use_icon_font_size=\u00bbon\u00bb open_icon_font_size=\u00bb32px\u00bb _builder_version=\u00bb4.26.1&#8243; _module_preset=\u00bbdefault\u00bb title_level=\u00bbh6&#8243; title_font=\u00bbRaleway||||||||\u00bb title_text_align=\u00bbcenter\u00bb title_font_size=\u00bb18px\u00bb closed_title_font=\u00bbRaleway||||||||\u00bb custom_margin=\u00bb0px|0px|0px|0px|false|false\u00bb custom_padding=\u00bb0px|0px|0px|0px|false|false\u00bb border_width_all=\u00bb0px\u00bb border_color_all=\u00bbRGBA(255,255,255,0)\u00bb global_colors_info=\u00bb{}\u00bb][\/et_pb_toggle][\/et_pb_column][\/et_pb_row][et_pb_row column_structure=\u00bb1_5,1_5,1_5,1_5,1_5&#8243; _builder_version=\u00bb4.20.0&#8243; _module_preset=\u00bbdefault\u00bb global_colors_info=\u00bb{}\u00bb][et_pb_column type=\u00bb1_5&#8243; _builder_version=\u00bb4.20.0&#8243; _module_preset=\u00bbdefault\u00bb global_colors_info=\u00bb{}\u00bb][et_pb_image src=\u00bbhttps:\/\/www.operala.org\/encuentrosola\/wp-content\/uploads\/2024\/07\/JUAN-CARLOS-EICHHOLZ-2.png\u00bb title_text=\u00bbJUAN CARLOS EICHHOLZ 2&#8243; disabled_on=\u00bbon|off|off\u00bb module_class=\u00bbpanelista\u00bb _builder_version=\u00bb4.27.0&#8243; _module_preset=\u00bbdefault\u00bb global_colors_info=\u00bb{}\u00bb background__hover_enabled=\u00bboff|desktop\u00bb][\/et_pb_image][et_pb_toggle title=\u00bbJuan Carlos Eichholz, Chile\u00bb open_toggle_background_color=\u00bbRGBA(255,255,255,0)\u00bb closed_toggle_background_color=\u00bbRGBA(255,255,255,0)\u00bb icon_color=\u00bb#000000&#8243; toggle_icon=\u00bb&#x50;||divi||400&#8243; use_icon_font_size=\u00bbon\u00bb icon_font_size=\u00bb32px\u00bb open_toggle_icon=\u00bb&#x4f;||divi||400&#8243; open_use_icon_font_size=\u00bbon\u00bb open_icon_font_size=\u00bb32px\u00bb _builder_version=\u00bb4.27.0&#8243; _module_preset=\u00bbdefault\u00bb title_level=\u00bbh6&#8243; title_font=\u00bbRaleway||||||||\u00bb title_text_align=\u00bbcenter\u00bb title_font_size=\u00bb18px\u00bb closed_title_font=\u00bbRaleway||||||||\u00bb custom_margin=\u00bb0px|0px|0px|0px|false|false\u00bb custom_padding=\u00bb0px|0px|0px|0px|false|false\u00bb border_width_all=\u00bb0px\u00bb border_color_all=\u00bbRGBA(255,255,255,0)\u00bb global_colors_info=\u00bb{}\u00bb]<\/p>\n<p>Profesor titular de la Escuela de Negocios de la Universidad Adolfo Ib\u00e1\u00f1ez y socio fundador de Adapsys (ex CLA Consulting), consultora internacional de alta direcci\u00f3n especializada en liderazgo y cambio organizacional, con un extenso trabajo en empresas e instituciones en Latinoam\u00e9rica y Australia. Autor del reconocido libro Adaptive Capacity y miembro del comit\u00e9 asesor de profesores de la Red Internacional de Liderazgo Adaptativo. Tambi\u00e9n es columnista del Diario Financiero y de El Mercurio, y panelista en programas de radio y televisi\u00f3n, conferencista internacional y miembro de la red Young Global Leaders del World Economic Forum. Abogado de la Universidad Cat\u00f3lica de Chile y Master en Pol\u00edticas P\u00fablicas de la Universidad de Harvard.<\/p>\n<p>[\/et_pb_toggle][\/et_pb_column][et_pb_column type=\u00bb1_5&#8243; _builder_version=\u00bb4.20.0&#8243; _module_preset=\u00bbdefault\u00bb global_colors_info=\u00bb{}\u00bb][et_pb_image src=\u00bbhttps:\/\/www.operala.org\/encuentrosola\/wp-content\/uploads\/2024\/07\/flavia-final-2.png\u00bb title_text=\u00bbflavia final 2&#8243; disabled_on=\u00bbon|off|off\u00bb module_class=\u00bbpanelista\u00bb _builder_version=\u00bb4.27.2&#8243; _module_preset=\u00bbdefault\u00bb global_colors_info=\u00bb{}\u00bb background__hover_enabled=\u00bboff|desktop\u00bb][\/et_pb_image][et_pb_toggle title=\u00bbFlavia Furtado Directora ejecutiva Festival Amazonas de \u00f3pera\u00bb open_toggle_background_color=\u00bbRGBA(255,255,255,0)\u00bb closed_toggle_background_color=\u00bbRGBA(255,255,255,0)\u00bb icon_color=\u00bb#000000&#8243; toggle_icon=\u00bb&#x50;||divi||400&#8243; use_icon_font_size=\u00bbon\u00bb icon_font_size=\u00bb32px\u00bb open_toggle_icon=\u00bb&#x4f;||divi||400&#8243; open_use_icon_font_size=\u00bbon\u00bb open_icon_font_size=\u00bb32px\u00bb _builder_version=\u00bb4.27.2&#8243; _module_preset=\u00bbdefault\u00bb title_level=\u00bbh6&#8243; title_font=\u00bbRaleway||||||||\u00bb title_text_align=\u00bbcenter\u00bb title_font_size=\u00bb18px\u00bb closed_title_font=\u00bbRaleway||||||||\u00bb custom_margin=\u00bb0px|0px|0px|0px|false|false\u00bb custom_padding=\u00bb0px|0px|0px|0px|false|false\u00bb border_width_all=\u00bb0px\u00bb border_color_all=\u00bbRGBA(255,255,255,0)\u00bb global_colors_info=\u00bb{}\u00bb]Flavia Furtado, pianista de formaci\u00f3n, estudi\u00f3 en Brasil con Linda Bustani y en B\u00e9lgica con Heidi Hendricks. Posteriormente, se gradu\u00f3 en Comercio Exterior y, desde entonces, gestiona y desarrolla trabajos con la econom\u00eda de la cultura en diferentes \u00e1reas, junto con el Foro Brasile\u00f1o de Derechos Culturales, \u00d3pera Latinoam\u00e9rica y el Festival Amazonas de \u00d3pera.<\/p>\n<p>En 2006 cre\u00f3 Vlaanderen Produ\u00e7\u00f5es Culturais, compa\u00f1\u00eda especializada en los grandes eventos de m\u00fasica cl\u00e1sica con m\u00e1s de 70 producciones en su curr\u00edculo, entre \u00f3peras, teatro, conciertos y festivales, trabajando con algunas de las instituciones m\u00e1s importantes del pa\u00eds, como Theatro Municipal do Rio de Janeiro, Theatro Municipal de S\u00e3o Paulo, Theatro S\u00e3o Pedro, Teatro Amazonas, Centro Cultural Banco do Brasil, Universidad Federal de Paran\u00e1 y Theatro da Paz.<\/p>\n<p>En 2020, Flavia fue una de las 10 finalistas del Classical Next &#8211; Innovation Award, por su trabajo en la promoci\u00f3n de todos los aspectos econ\u00f3micos y sociales de la industria de la \u00f3pera en Brasil. Es fundadora y una de las Directoras del Foro Brasile\u00f1o de \u00d3pera, Danza y M\u00fasica de Concierto.[\/et_pb_toggle][\/et_pb_column][et_pb_column type=\u00bb1_5&#8243; _builder_version=\u00bb4.20.0&#8243; _module_preset=\u00bbdefault\u00bb global_colors_info=\u00bb{}\u00bb][et_pb_image src=\u00bbhttps:\/\/www.operala.org\/encuentrosola\/wp-content\/uploads\/2024\/10\/Ignacio-garcia-belenguer.jpg\u00bb title_text=\u00bbIgnacio-garcia-belenguer\u00bb disabled_on=\u00bbon|off|off\u00bb module_class=\u00bbpanelista\u00bb _builder_version=\u00bb4.27.2&#8243; _module_preset=\u00bbdefault\u00bb global_colors_info=\u00bb{}\u00bb background__hover_enabled=\u00bboff|desktop\u00bb][\/et_pb_image][et_pb_toggle title=\u00bbIgnacio Garc\u00eda-Belenguer Director general Teatro Real \u00bb open_toggle_background_color=\u00bbRGBA(255,255,255,0)\u00bb closed_toggle_background_color=\u00bbRGBA(255,255,255,0)\u00bb icon_color=\u00bb#000000&#8243; toggle_icon=\u00bb&#x50;||divi||400&#8243; use_icon_font_size=\u00bbon\u00bb icon_font_size=\u00bb32px\u00bb open_toggle_icon=\u00bb&#x4f;||divi||400&#8243; open_use_icon_font_size=\u00bbon\u00bb open_icon_font_size=\u00bb32px\u00bb _builder_version=\u00bb4.27.2&#8243; _module_preset=\u00bbdefault\u00bb title_level=\u00bbh6&#8243; title_font=\u00bbRaleway||||||||\u00bb title_text_align=\u00bbcenter\u00bb title_font_size=\u00bb18px\u00bb closed_title_font=\u00bbRaleway||||||||\u00bb custom_margin=\u00bb0px|0px|0px|0px|false|false\u00bb custom_padding=\u00bb0px|0px|0px|0px|false|false\u00bb border_width_all=\u00bb0px\u00bb border_color_all=\u00bbRGBA(255,255,255,0)\u00bb global_colors_info=\u00bb{}\u00bb]Director general del Teatro Real desde abril de 2012, y ha renovado su puesto para un nuevo periodo de cinco a\u00f1os en febrero de 2019, despu\u00e9s de presentar el plan estrat\u00e9gico de la instituci\u00f3n para el periodo 2019-2024. En mayo de 2018, impuls\u00f3 la  organizaci\u00f3n de la primera reuni\u00f3n internacional de teatros de \u00f3pera del Mundo (World Opera Forum), que se celebr\u00f3 en el Teatro Real de Madrid. En esa reuni\u00f3n se acord\u00f3 desarrollar una estrategia de defensa de la \u00f3pera, \u201cadvocacy campaign\u201d, que ha dado como fruto la instauraci\u00f3n del 25 de octubre como \u201cWorld Opera Day\u201d (D\u00eda Internacional de la \u00d3pera).<\/p>\n<p>El director general del Teatro Real pertenece tambi\u00e9n a la junta directiva de \u00d3pera Latinoamericana y es vicepresidente de \u00d3pera XXI. Garc\u00eda-Belenguer es licenciado en derecho y pertenece al Cuerpo Superior de Administradores Civiles del Estado desde 1995. Durante su carrera profesional, ha desempe\u00f1ado puestos de alta responsabilidad en distintos organismos de la Administraci\u00f3n General del Estado y ha ejercido la docencia en la Universidad Carlos III, y las universidades Complutense y Aut\u00f3noma de Madrid.[\/et_pb_toggle][\/et_pb_column][et_pb_column type=\u00bb1_5&#8243; _builder_version=\u00bb4.20.0&#8243; _module_preset=\u00bbdefault\u00bb global_colors_info=\u00bb{}\u00bb][et_pb_image src=\u00bbhttps:\/\/www.operala.org\/encuentrosola\/wp-content\/uploads\/2024\/10\/gerardo-grieco-colon.jpg\u00bb title_text=\u00bbgerardo-grieco-colon\u00bb disabled_on=\u00bbon|off|off\u00bb module_class=\u00bbpanelista\u00bb _builder_version=\u00bb4.27.2&#8243; _module_preset=\u00bbdefault\u00bb global_colors_info=\u00bb{}\u00bb background__hover_enabled=\u00bboff|desktop\u00bb][\/et_pb_image][et_pb_toggle title=\u00bbGerardo Grieco Teatro Col\u00f3n de Buenos Aires\u00bb open_toggle_background_color=\u00bbRGBA(255,255,255,0)\u00bb closed_toggle_background_color=\u00bbRGBA(255,255,255,0)\u00bb icon_color=\u00bb#000000&#8243; toggle_icon=\u00bb&#x50;||divi||400&#8243; use_icon_font_size=\u00bbon\u00bb icon_font_size=\u00bb32px\u00bb open_toggle_icon=\u00bb&#x4f;||divi||400&#8243; open_use_icon_font_size=\u00bbon\u00bb open_icon_font_size=\u00bb32px\u00bb _builder_version=\u00bb4.27.2&#8243; _module_preset=\u00bbdefault\u00bb title_level=\u00bbh6&#8243; title_font=\u00bbRaleway||||||||\u00bb title_text_align=\u00bbcenter\u00bb title_font_size=\u00bb18px\u00bb closed_title_font=\u00bbRaleway||||||||\u00bb custom_margin=\u00bb0px|0px|0px|0px|false|false\u00bb custom_padding=\u00bb0px|0px|0px|0px|false|false\u00bb border_width_all=\u00bb0px\u00bb border_color_all=\u00bbRGBA(255,255,255,0)\u00bb global_colors_info=\u00bb{}\u00bb]Gerardo Grieco naci\u00f3 en Montevideo en 1964. Como gestor cultural tiene m\u00e1s de treinta a\u00f1os de experiencia. Fue productor art\u00edstico de espect\u00e1culos desde 1989, y director del Auditorio Nacional de Sodre entre 2012 y 2016. Antes, entre 2004 y 2012, hab\u00eda dise\u00f1ado el modelo de gesti\u00f3n y el plan estrat\u00e9gico del Teatro Sol\u00eds, que dirigi\u00f3 y puesto en marcha la Sala Zitarrosa. Tambi\u00e9n es director general y socio de la empresa Tinker, de Comunicaci\u00f3n y Gesti\u00f3n Cultural. Fue condecorado por el gobierno franc\u00e9s como Caballero de la Orden de las Artes y de las Letras.[\/et_pb_toggle][\/et_pb_column][et_pb_column type=\u00bb1_5&#8243; _builder_version=\u00bb4.20.0&#8243; _module_preset=\u00bbdefault\u00bb global_colors_info=\u00bb{}\u00bb][et_pb_image src=\u00bbhttps:\/\/www.operala.org\/encuentrosola\/wp-content\/uploads\/2024\/10\/eric-herrero.jpg\u00bb title_text=\u00bberic-herrero\u00bb disabled_on=\u00bbon|off|off\u00bb module_class=\u00bbpanelista\u00bb _builder_version=\u00bb4.27.2&#8243; _module_preset=\u00bbdefault\u00bb global_colors_info=\u00bb{}\u00bb background__hover_enabled=\u00bboff|desktop\u00bb][\/et_pb_image][et_pb_toggle title=\u00bbEric\tHerrero\tDirector Art\u00edstico Theatro Municipal de Rio de Janeiro\u00bb open_toggle_background_color=\u00bbRGBA(255,255,255,0)\u00bb closed_toggle_background_color=\u00bbRGBA(255,255,255,0)\u00bb icon_color=\u00bb#000000&#8243; toggle_icon=\u00bb&#x50;||divi||400&#8243; use_icon_font_size=\u00bbon\u00bb icon_font_size=\u00bb32px\u00bb open_toggle_icon=\u00bb&#x4f;||divi||400&#8243; open_use_icon_font_size=\u00bbon\u00bb open_icon_font_size=\u00bb32px\u00bb _builder_version=\u00bb4.27.2&#8243; _module_preset=\u00bbdefault\u00bb title_level=\u00bbh6&#8243; title_font=\u00bbRaleway||||||||\u00bb title_text_align=\u00bbcenter\u00bb title_font_size=\u00bb18px\u00bb closed_title_font=\u00bbRaleway||||||||\u00bb custom_margin=\u00bb0px|0px|0px|0px|false|false\u00bb custom_padding=\u00bb0px|0px|0px|0px|false|false\u00bb border_width_all=\u00bb0px\u00bb border_color_all=\u00bbRGBA(255,255,255,0)\u00bb global_colors_info=\u00bb{}\u00bb]Tenor &#8211; Diretor Art\u00edstico FTM\/RJ &#8211; MBA Gest\u00e3o P\u00fablica &#8211; Tecn\u00f3logo da Produ\u00e7\u00e3o Cultural &#8211; Embaixador do Turismo RJ &#8211; Vice-Presidente do Conselho Estadual de Pol\u00edtica Cultural RJ[\/et_pb_toggle][\/et_pb_column][\/et_pb_row][et_pb_row column_structure=\u00bb1_5,1_5,1_5,1_5,1_5&#8243; _builder_version=\u00bb4.20.0&#8243; _module_preset=\u00bbdefault\u00bb global_colors_info=\u00bb{}\u00bb][et_pb_column type=\u00bb1_5&#8243; _builder_version=\u00bb4.20.0&#8243; _module_preset=\u00bbdefault\u00bb global_colors_info=\u00bb{}\u00bb][et_pb_image src=\u00bbhttps:\/\/www.operala.org\/encuentrosola\/wp-content\/uploads\/2024\/07\/Javier-Ibacache.jpeg\u00bb title_text=\u00bbJavier Ibacache\u00bb disabled_on=\u00bbon|off|off\u00bb module_class=\u00bbpanelista\u00bb _builder_version=\u00bb4.27.0&#8243; _module_preset=\u00bbdefault\u00bb global_colors_info=\u00bb{}\u00bb background__hover_enabled=\u00bboff|desktop\u00bb][\/et_pb_image][et_pb_toggle title=\u00bbJavier Ibacache, CEINA, Chile\u00bb open_toggle_background_color=\u00bbRGBA(255,255,255,0)\u00bb closed_toggle_background_color=\u00bbRGBA(255,255,255,0)\u00bb icon_color=\u00bb#000000&#8243; toggle_icon=\u00bb&#x50;||divi||400&#8243; use_icon_font_size=\u00bbon\u00bb icon_font_size=\u00bb32px\u00bb open_toggle_icon=\u00bb&#x4f;||divi||400&#8243; open_use_icon_font_size=\u00bbon\u00bb open_icon_font_size=\u00bb32px\u00bb _builder_version=\u00bb4.27.0&#8243; _module_preset=\u00bbdefault\u00bb title_level=\u00bbh6&#8243; title_font=\u00bbRaleway||||||||\u00bb title_text_align=\u00bbcenter\u00bb title_font_size=\u00bb18px\u00bb closed_title_font=\u00bbRaleway||||||||\u00bb custom_margin=\u00bb0px|0px|0px|0px|false|false\u00bb custom_padding=\u00bb0px|0px|0px|0px|false|false\u00bb border_width_all=\u00bb0px\u00bb border_color_all=\u00bbRGBA(255,255,255,0)\u00bb global_colors_info=\u00bb{}\u00bb]<\/p>\n<p><span style=\"font-weight: 400;\">Cr\u00edtico y programador de artes esc\u00e9nicas especializado en Desarrollo de P\u00fablicos.<\/span><\/p>\n<p><span style=\"font-weight: 400;\">En la actualidad, Director de Programaci\u00f3n de CEINA (desde abril de 2023) y presidente de Directorio de Centro Cultural La Moneda (desde octubre de 2023).<\/span><\/p>\n<p><span style=\"font-weight: 400;\">Impulsor del programa Escuela de Espectadores en Chile (2007-2011). Director de Programaci\u00f3n y Audiencias de Centro Gabriela Mistral, GAM (2010-2016). Director de Programaci\u00f3n de Espacio Diana (2016-2018). Jefe de Unidad de Programaci\u00f3n y P\u00fablicos de Ministerio de las Culturas, las Artes y el Patrimonio (2018-2022). Cofundador de Red Latinoamericana para el Desarrollo de P\u00fablicos, REDLAP (2022). Director de revista Conectando Audiencias Am\u00e9rica Latina (2017-2022). Docente de Desarrollo de P\u00fablicos en programas de post grado de Gesti\u00f3n Cultural en Chile y Argentina.<\/span><\/p>\n<p>[\/et_pb_toggle][\/et_pb_column][et_pb_column type=\u00bb1_5&#8243; _builder_version=\u00bb4.27.2&#8243; _module_preset=\u00bbdefault\u00bb global_colors_info=\u00bb{}\u00bb][et_pb_image src=\u00bbhttps:\/\/www.operala.org\/encuentrosola\/wp-content\/uploads\/2024\/07\/Martin-Inthamoussu-BID.jpeg\u00bb title_text=\u00bbMartin Inthamoussu\u0301, BID.\u00bb disabled_on=\u00bbon|off|off\u00bb module_class=\u00bbpanelista\u00bb _builder_version=\u00bb4.27.0&#8243; _module_preset=\u00bbdefault\u00bb global_colors_info=\u00bb{}\u00bb background__hover_enabled=\u00bboff|desktop\u00bb][\/et_pb_image][et_pb_toggle title=\u00bbMart\u00edn Intamoussou, Gestor Cultural\u00bb open_toggle_background_color=\u00bbRGBA(255,255,255,0)\u00bb closed_toggle_background_color=\u00bbRGBA(255,255,255,0)\u00bb icon_color=\u00bb#000000&#8243; toggle_icon=\u00bb&#x50;||divi||400&#8243; use_icon_font_size=\u00bbon\u00bb icon_font_size=\u00bb32px\u00bb open_toggle_icon=\u00bb&#x4f;||divi||400&#8243; open_use_icon_font_size=\u00bbon\u00bb open_icon_font_size=\u00bb32px\u00bb _builder_version=\u00bb4.27.0&#8243; _module_preset=\u00bbdefault\u00bb title_level=\u00bbh6&#8243; title_font=\u00bbRaleway||||||||\u00bb title_text_align=\u00bbcenter\u00bb title_font_size=\u00bb18px\u00bb closed_title_font=\u00bbRaleway||||||||\u00bb custom_margin=\u00bb0px|0px|0px|0px|false|false\u00bb custom_padding=\u00bb0px|0px|0px|0px|false|false\u00bb border_width_all=\u00bb0px\u00bb border_color_all=\u00bbRGBA(255,255,255,0)\u00bb global_colors_info=\u00bb{}\u00bb]<\/p>\n<p><span style=\"font-weight: 400;\">Consultor en Econom\u00eda Creativa. Uruguayo, con m\u00e1s de 20 a\u00f1os de experiencia en la gesti\u00f3n cultural y las pol\u00edticas p\u00fablicas culturales como motor de la transformaci\u00f3n social y econ\u00f3mica. Es Licenciado en Estudios Teatrales por la Universidad de Manchester, Reino Unido. Tiene una Maestr\u00eda en Comunicaci\u00f3n con \u00e9nfasis en Recepci\u00f3n y Cultura y un MBA de la Universidad Cat\u00f3lica de Uruguay. Tambi\u00e9n tiene un Diploma de Postgrado en Asuntos Culturales Internacionales de la Universidad de Girona, Espa\u00f1a. Tiene un Diploma en Desarrollo de P\u00fablicos por la Universidad Aut\u00f3noma de M\u00e9xico, un Diploma en Gesti\u00f3n de Directorios por la ORT en Uruguay y un Diploma en Econom\u00eda Pol\u00edtica por el Centro de Estudios para el Desarrollo de Uruguay. Es World Fellow en Yale y alumno de DeVos Institute en University of Maryland.<\/span><\/p>\n<p>[\/et_pb_toggle][\/et_pb_column][et_pb_column type=\u00bb1_5&#8243; _builder_version=\u00bb4.20.0&#8243; _module_preset=\u00bbdefault\u00bb global_colors_info=\u00bb{}\u00bb][et_pb_image src=\u00bbhttps:\/\/www.operala.org\/encuentrosola\/wp-content\/uploads\/2024\/10\/hannu-jarvensivu.jpg\u00bb title_text=\u00bbhannu-jarvensivu\u00bb disabled_on=\u00bbon|off|off\u00bb module_class=\u00bbpanelista\u00bb _builder_version=\u00bb4.27.2&#8243; _module_preset=\u00bbdefault\u00bb global_colors_info=\u00bb{}\u00bb background__hover_enabled=\u00bboff|desktop\u00bb][\/et_pb_image][et_pb_toggle title=\u00bbHannu J\u00e4rvensivu Assisting head of the set workshop\/XR Stage Project Manager\u00bb open_toggle_background_color=\u00bbRGBA(255,255,255,0)\u00bb closed_toggle_background_color=\u00bbRGBA(255,255,255,0)\u00bb icon_color=\u00bb#000000&#8243; toggle_icon=\u00bb&#x50;||divi||400&#8243; use_icon_font_size=\u00bbon\u00bb icon_font_size=\u00bb32px\u00bb open_toggle_icon=\u00bb&#x4f;||divi||400&#8243; open_use_icon_font_size=\u00bbon\u00bb open_icon_font_size=\u00bb32px\u00bb _builder_version=\u00bb4.27.2&#8243; _module_preset=\u00bbdefault\u00bb title_level=\u00bbh6&#8243; title_font=\u00bbRaleway||||||||\u00bb title_text_align=\u00bbcenter\u00bb title_font_size=\u00bb18px\u00bb closed_title_font=\u00bbRaleway||||||||\u00bb custom_margin=\u00bb0px|0px|0px|0px|false|false\u00bb custom_padding=\u00bb0px|0px|0px|0px|false|false\u00bb border_width_all=\u00bb0px\u00bb border_color_all=\u00bbRGBA(255,255,255,0)\u00bb global_colors_info=\u00bb{}\u00bb]Gerente de proyecto de XR Stage y jefe asistente del taller de escenario en la \u00d3pera y Ballet Nacional de Finlandia desde marzo de 2020 con una larga experiencia en tecnolog\u00eda de la informaci\u00f3n. Impulsando fuertemente la modernizaci\u00f3n de la tecnolog\u00eda de producci\u00f3n y buscando nuevas formas de mejorar la calidad de las actuaciones a trav\u00e9s de la digitalizaci\u00f3n.<\/p>\n<p>XR Stage project manager and assisting head of set workshop at Finnish National Opera and Ballet since March 2020 with long background in the information technology. Driving strongly to modernize the production technology and looking forward for finding new ways to improve the quality of performances through digitalization.[\/et_pb_toggle][\/et_pb_column][et_pb_column type=\u00bb1_5&#8243; _builder_version=\u00bb4.20.0&#8243; _module_preset=\u00bbdefault\u00bb global_colors_info=\u00bb{}\u00bb][et_pb_image src=\u00bbhttps:\/\/www.operala.org\/encuentrosola\/wp-content\/uploads\/2024\/11\/jean-yves.jpg\u00bb title_text=\u00bbjean-yves\u00bb disabled_on=\u00bbon|off|off\u00bb module_class=\u00bbpanelista\u00bb _builder_version=\u00bb4.27.2&#8243; _module_preset=\u00bbdefault\u00bb global_colors_info=\u00bb{}\u00bb background__hover_enabled=\u00bboff|desktop\u00bb][\/et_pb_image][et_pb_toggle title=\u00bbJean-Yves Kaced, Director de desarrollo y patrocinio de la \u00d3pera Nacional de Par\u00eds, Director de la AROP (Francia)\u00bb open_toggle_background_color=\u00bbRGBA(255,255,255,0)\u00bb closed_toggle_background_color=\u00bbRGBA(255,255,255,0)\u00bb icon_color=\u00bb#000000&#8243; toggle_icon=\u00bb&#x50;||divi||400&#8243; use_icon_font_size=\u00bbon\u00bb icon_font_size=\u00bb32px\u00bb open_toggle_icon=\u00bb&#x4f;||divi||400&#8243; open_use_icon_font_size=\u00bbon\u00bb open_icon_font_size=\u00bb32px\u00bb _builder_version=\u00bb4.27.2&#8243; _module_preset=\u00bbdefault\u00bb title_level=\u00bbh6&#8243; title_font=\u00bbRaleway||||||||\u00bb title_text_align=\u00bbcenter\u00bb title_font_size=\u00bb18px\u00bb closed_title_font=\u00bbRaleway||||||||\u00bb custom_margin=\u00bb0px|0px|0px|0px|false|false\u00bb custom_padding=\u00bb0px|0px|0px|0px|false|false\u00bb border_width_all=\u00bb0px\u00bb border_color_all=\u00bbRGBA(255,255,255,0)\u00bb global_colors_info=\u00bb{}\u00bb][\/et_pb_toggle][\/et_pb_column][et_pb_column type=\u00bb1_5&#8243; _builder_version=\u00bb4.20.0&#8243; _module_preset=\u00bbdefault\u00bb global_colors_info=\u00bb{}\u00bb][et_pb_image src=\u00bbhttps:\/\/www.operala.org\/encuentrosola\/wp-content\/uploads\/2024\/10\/WhatsApp-Image-2024-10-23-at-11.32.52-1.jpeg\u00bb title_text=\u00bbWhatsApp Image 2024-10-23 at 11.32.52&#8243; disabled_on=\u00bbon|off|off\u00bb module_class=\u00bbpanelista\u00bb _builder_version=\u00bb4.27.2&#8243; _module_preset=\u00bbdefault\u00bb global_colors_info=\u00bb{}\u00bb background__hover_enabled=\u00bboff|desktop\u00bb][\/et_pb_image][et_pb_toggle title=\u00bbCarmen Gloria Larenas, Teatro Municipal de Santiago, Chile\u00bb open_toggle_background_color=\u00bbRGBA(255,255,255,0)\u00bb closed_toggle_background_color=\u00bbRGBA(255,255,255,0)\u00bb icon_color=\u00bb#000000&#8243; toggle_icon=\u00bb&#x50;||divi||400&#8243; use_icon_font_size=\u00bbon\u00bb icon_font_size=\u00bb32px\u00bb open_toggle_icon=\u00bb&#x4f;||divi||400&#8243; open_use_icon_font_size=\u00bbon\u00bb open_icon_font_size=\u00bb32px\u00bb _builder_version=\u00bb4.27.2&#8243; _module_preset=\u00bbdefault\u00bb title_level=\u00bbh6&#8243; title_font=\u00bbRaleway||||||||\u00bb title_text_align=\u00bbcenter\u00bb title_font_size=\u00bb18px\u00bb closed_title_font=\u00bbRaleway||||||||\u00bb custom_margin=\u00bb0px|0px|0px|0px|false|false\u00bb custom_padding=\u00bb0px|0px|0px|0px|false|false\u00bb border_width_all=\u00bb0px\u00bb border_color_all=\u00bbRGBA(255,255,255,0)\u00bb global_colors_info=\u00bb{}\u00bb]<\/p>\n<p><span style=\"font-weight: 400;\">Carmen Gloria Larenas es Directora General del Teatro Municipal de Santiago, \u00d3pera Nacioanl de Chile.<br \/>Bail\u00f3 en el Ballet de Santiago y posteriormente estudi\u00f3 periodismo y comunicaci\u00f3n social. Trabaj\u00f3 en diferentes medios de comunicaci\u00f3n y asumi\u00f3 la Jefatura de Prensa del Teatro Municipal de Santiago. Posteriormente, Gerente General de la Corporaci\u00f3n Cultural de Lo Barnechea, en 2009 ingres\u00f3 a Teatro del Lago, donde es nombrada Directora Art\u00edstica en 2016, tomando a su cargo la gesti\u00f3n del contenido art\u00edstico y educativo. En 2019, asume como Directora General del Teatro Municipal de Santiago, primera mujer en ese cargo en los 163 a\u00f1os de vida de esa instituci\u00f3n.<br \/>En dos oportunidades, ha sido distinguida como una de las Mujeres L\u00edderes Chile y en 2020, obtuvo el premio Energ\u00eda de Mujer. Forma parte del International Women Forum, del Cap\u00edtulo Chileno del National Museum of Women in the Arts y desde este a\u00f1o, es Consejera de Comunicadd Mujer.<br \/>En 2023 logra formalizar un acuerdo de colaboraci\u00f3n entre la \u00d3pera Nacional de Par\u00eds y el Teatro Municipal de Santiago por tres a\u00f1os, el primero en la historia de ambas instituciones de estas caracter\u00edsticas.<\/span><\/p>\n<p>[\/et_pb_toggle][\/et_pb_column][\/et_pb_row][et_pb_row column_structure=\u00bb1_5,1_5,1_5,1_5,1_5&#8243; _builder_version=\u00bb4.22.1&#8243; _module_preset=\u00bbdefault\u00bb global_colors_info=\u00bb{}\u00bb][et_pb_column type=\u00bb1_5&#8243; _builder_version=\u00bb4.20.0&#8243; _module_preset=\u00bbdefault\u00bb global_colors_info=\u00bb{}\u00bb][et_pb_image src=\u00bbhttps:\/\/www.operala.org\/encuentrosola\/wp-content\/uploads\/2024\/10\/gonzalo-larenas.jpg\u00bb title_text=\u00bbgonzalo-larenas\u00bb disabled_on=\u00bbon|off|off\u00bb module_class=\u00bbpanelista\u00bb _builder_version=\u00bb4.27.2&#8243; _module_preset=\u00bbdefault\u00bb global_colors_info=\u00bb{}\u00bb background__hover_enabled=\u00bboff|desktop\u00bb][\/et_pb_image][et_pb_toggle title=\u00bbGonzalo Larenas Director Ejecutivo Fundaci\u00f3n Teatro del Lago\u00bb open_toggle_background_color=\u00bbRGBA(255,255,255,0)\u00bb closed_toggle_background_color=\u00bbRGBA(255,255,255,0)\u00bb icon_color=\u00bb#000000&#8243; toggle_icon=\u00bb&#x50;||divi||400&#8243; use_icon_font_size=\u00bbon\u00bb icon_font_size=\u00bb32px\u00bb open_toggle_icon=\u00bb&#x4f;||divi||400&#8243; open_use_icon_font_size=\u00bbon\u00bb open_icon_font_size=\u00bb32px\u00bb _builder_version=\u00bb4.27.2&#8243; _module_preset=\u00bbdefault\u00bb title_level=\u00bbh6&#8243; title_font=\u00bbRaleway||||||||\u00bb title_text_align=\u00bbcenter\u00bb title_font_size=\u00bb18px\u00bb closed_title_font=\u00bbRaleway||||||||\u00bb custom_margin=\u00bb0px|0px|0px|0px|false|false\u00bb custom_padding=\u00bb0px|0px|0px|0px|false|false\u00bb border_width_all=\u00bb0px\u00bb border_color_all=\u00bbRGBA(255,255,255,0)\u00bb global_colors_info=\u00bb{}\u00bb]Como Director Ejecutivo de la Fundaci\u00f3n Teatro del Lago, me dedico a enriquecer la escena art\u00edstica, educativa y cultural de Chile, especialmente en la Regi\u00f3n de los Lagos. Mi enfoque est\u00e1 en liderar estrat\u00e9gicamente nuestra organizaci\u00f3n sin fines de lucro hacia un impacto social duradero y significativo, tanto a nivel local como nacional.<\/p>\n<p>Con una trayectoria de m\u00e1s de una d\u00e9cada en innovaci\u00f3n social y cultural, mi carrera ha estado marcada por la fundaci\u00f3n y liderazgo de iniciativas que entrelazan tecnolog\u00eda, educaci\u00f3n y arte para abordar desaf\u00edos sociales. Un ejemplo destacado es la Fundaci\u00f3n Patagonia Colab, que promueve el desarrollo sostenible en Patagonia conectando emprendedores, organizaciones y ciudadanos. Actualmente, me encuentro completando un doctorado en Educaci\u00f3n y Sociedad en la Universidad Nacional Andr\u00e9s Bello, con un especial inter\u00e9s en la transformaci\u00f3n digital en el \u00e1mbito empresarial. Mi pasi\u00f3n radica en la creaci\u00f3n y difusi\u00f3n de conocimientos para el progreso y bienestar de nuestra sociedad.[\/et_pb_toggle][\/et_pb_column][et_pb_column type=\u00bb1_5&#8243; _builder_version=\u00bb4.20.0&#8243; _module_preset=\u00bbdefault\u00bb global_colors_info=\u00bb{}\u00bb][et_pb_image src=\u00bbhttps:\/\/www.operala.org\/encuentrosola\/wp-content\/uploads\/2024\/08\/Jose_Maria_Lassalle-1.jpeg\u00bb title_text=\u00bbJose\u0301_Mari\u0301a_Lassalle (1)\u00bb disabled_on=\u00bbon|off|off\u00bb module_class=\u00bbpanelista\u00bb _builder_version=\u00bb4.27.0&#8243; _module_preset=\u00bbdefault\u00bb global_colors_info=\u00bb{}\u00bb background__hover_enabled=\u00bboff|desktop\u00bb][\/et_pb_image][et_pb_toggle title=\u00bbJos\u00e9 Mar\u00eda Lassalle, Espa\u00f1a\u00bb open_toggle_background_color=\u00bbRGBA(255,255,255,0)\u00bb closed_toggle_background_color=\u00bbRGBA(255,255,255,0)\u00bb icon_color=\u00bb#000000&#8243; toggle_icon=\u00bb&#x50;||divi||400&#8243; use_icon_font_size=\u00bbon\u00bb icon_font_size=\u00bb32px\u00bb open_toggle_icon=\u00bb&#x4f;||divi||400&#8243; open_use_icon_font_size=\u00bbon\u00bb open_icon_font_size=\u00bb32px\u00bb _builder_version=\u00bb4.27.2&#8243; _module_preset=\u00bbdefault\u00bb title_level=\u00bbh6&#8243; title_font=\u00bbRaleway||||||||\u00bb title_text_align=\u00bbcenter\u00bb title_font_size=\u00bb18px\u00bb closed_title_font=\u00bbRaleway||||||||\u00bb custom_margin=\u00bb0px|0px|0px|0px|false|false\u00bb custom_padding=\u00bb0px|0px|0px|0px|false|false\u00bb border_width_all=\u00bb0px\u00bb border_color_all=\u00bbRGBA(255,255,255,0)\u00bb global_colors_info=\u00bb{}\u00bb]<\/p>\n<p><span style=\"font-weight: 400;\">Jos\u00e9 Mar\u00eda Lassalle naci\u00f3 en Santander y vive en Madrid, pero con un pie siempre en Barcelona. Se doctor\u00f3 en Derecho y ahora es profesor de filosof\u00eda del derecho en la Universidad Pontificia de Comillas, consultor y director del Foro de Humanismo Tecnol\u00f3gico en Esade. Adem\u00e1s, escribe en <\/span><i><span style=\"font-weight: 400;\">La Vanguardia<\/span><\/i><span style=\"font-weight: 400;\"> y <\/span><i><span style=\"font-weight: 400;\">El Pa\u00eds<\/span><\/i><span style=\"font-weight: 400;\"> y colabora como analista en <\/span><i><span style=\"font-weight: 400;\">La Hora 1<\/span><\/i><span style=\"font-weight: 400;\"> de TVE, <\/span><i><span style=\"font-weight: 400;\">Las ma\u00f1anas <\/span><\/i><span style=\"font-weight: 400;\">de RNE y <\/span><i><span style=\"font-weight: 400;\">Hoy por hoy <\/span><\/i><span style=\"font-weight: 400;\">de la Cadena SER.<\/span><\/p>\n<p><span style=\"font-weight: 400;\">Es patrono del Instituto Hermes y vocal de la Junta del Cercle d\u2019Economia de Barcelona. Ha sido profesor en la Universidad de Cantabria, Carlos III de Madrid, San Pablo-CEU y Rey Juan Carlos. Fue Secretario de Estado de Cultura y de Agenda Digital, diputado en el Congreso y dirigi\u00f3 la Fundaci\u00f3n Carolina del Ministerio de Asuntos Exteriores. Dej\u00f3 la pol\u00edtica y su militancia en 2018. Su \u00faltimo libro es <\/span><i><span style=\"font-weight: 400;\">Ciberleviat\u00e1n<\/span><\/i><span style=\"font-weight: 400;\"> (Arpa, 2019).<\/span><\/p>\n<p>[\/et_pb_toggle][\/et_pb_column][et_pb_column type=\u00bb1_5&#8243; _builder_version=\u00bb4.20.0&#8243; _module_preset=\u00bbdefault\u00bb global_colors_info=\u00bb{}\u00bb][et_pb_image src=\u00bbhttps:\/\/www.operala.org\/encuentrosola\/wp-content\/uploads\/2024\/07\/Peter-Maniura-e1722974894783.jpg\u00bb title_text=\u00bbPeter Maniura\u00bb disabled_on=\u00bbon|off|off\u00bb module_class=\u00bbpanelista\u00bb _builder_version=\u00bb4.27.0&#8243; _module_preset=\u00bbdefault\u00bb global_colors_info=\u00bb{}\u00bb background__hover_enabled=\u00bboff|desktop\u00bb][\/et_pb_image][et_pb_toggle title=\u00bbPeter Maniura, IMZ Internation Music Media Centre, Austria &#8211; Inglaterra\u00bb open_toggle_background_color=\u00bbRGBA(255,255,255,0)\u00bb closed_toggle_background_color=\u00bbRGBA(255,255,255,0)\u00bb icon_color=\u00bb#000000&#8243; toggle_icon=\u00bb&#x50;||divi||400&#8243; use_icon_font_size=\u00bbon\u00bb icon_font_size=\u00bb32px\u00bb open_toggle_icon=\u00bb&#x4f;||divi||400&#8243; open_use_icon_font_size=\u00bbon\u00bb open_icon_font_size=\u00bb32px\u00bb _builder_version=\u00bb4.27.0&#8243; _module_preset=\u00bbdefault\u00bb title_level=\u00bbh6&#8243; title_font=\u00bbRaleway||||||||\u00bb title_text_align=\u00bbcenter\u00bb title_font_size=\u00bb18px\u00bb closed_title_font=\u00bbRaleway||||||||\u00bb custom_margin=\u00bb0px|0px|0px|0px|false|false\u00bb custom_padding=\u00bb0px|0px|0px|0px|false|false\u00bb border_width_all=\u00bb0px\u00bb border_color_all=\u00bbRGBA(255,255,255,0)\u00bb global_colors_info=\u00bb{}\u00bb]<\/p>\n<p style=\"text-align: justify;\"><span style=\"font-weight: 400;\">Peter es el director de la Academia IMZ (funci\u00f3n a tiempo parcial), que imparte cursos de desarrollo profesional para el sector de las artes y los medios. Es un productor y director de televisi\u00f3n galardonado con m\u00e1s de veinte a\u00f1os de experiencia en retransmisiones musicales y art\u00edsticas en la BBC y la UER. Tambi\u00e9n es consultor de medios digitales y conferenciante invitado. Entre sus clientes recientes se incluyen el British Council, la Orquesta Sinf\u00f3nica de Londres, la \u00d3pera Garsington y el Festival Grange Park. Se esfuerza por acercar la audiencia m\u00e1s amplia posible a las artes, como director y productor de documentales y programas de eventos en vivo, as\u00ed como a trav\u00e9s de medios digitales. Ha tenido una larga asociaci\u00f3n con la UER y dirigi\u00f3 el Coro de Eurovisi\u00f3n de Gotemburgo en el verano de 2019. Su puesto m\u00e1s reciente en la BBC fue el de director de proyectos, archivo cl\u00e1sico y estrategia digital de orquestas para BBC Music, que comenz\u00f3 en abril de 2018 e implic\u00f3 abrir las riquezas del archivo de m\u00fasica cl\u00e1sica de la BBC. Antes de esto, fue Jefe de Desarrollo Digital de BBC Arts, cubriendo festivales, eventos y actuaciones en todas las formas de arte. Tambi\u00e9n fue comisionado de BBC Arts Online, que lanz\u00f3 en mayo de 2014. Anteriormente, fue director creativo y curador del nuevo servicio experimental de artes digitales en l\u00ednea de la BBC\/Arts Council England, &#8216;The Space&#8217;, que se lanz\u00f3 en mayo de 2012 y finaliz\u00f3 su programa piloto. fase en octubre de 2013. Foment\u00f3 la innovaci\u00f3n digital y la creatividad en las artes. Es miembro de la Real Orden Victoriana, que le fue otorgada en los Honores del Jubileo de la Reina en 2003 en reconocimiento a su trabajo como productor de &#8216;Prom at the Palace&#8217;, que marc\u00f3 el Jubileo de Oro de la Reina Isabel II. Actualmente es miembro de la junta directiva de la Orquesta de C\u00e1mara de Escocia. Fue miembro del Patronato de Opera North durante 10 a\u00f1os hasta 2023 y tambi\u00e9n del National Opera Studio al que se incorpor\u00f3 en septiembre de 2019.<\/span><\/p>\n<p>[\/et_pb_toggle][\/et_pb_column][et_pb_column type=\u00bb1_5&#8243; _builder_version=\u00bb4.20.0&#8243; _module_preset=\u00bbdefault\u00bb global_colors_info=\u00bb{}\u00bb][et_pb_image src=\u00bbhttps:\/\/www.operala.org\/encuentrosola\/wp-content\/uploads\/2024\/07\/imagen_2024-07-14_201651578.png\u00bb title_text=\u00bbimagen_2024-07-14_201651578&#8243; disabled_on=\u00bbon|off|off\u00bb module_class=\u00bbpanelista\u00bb _builder_version=\u00bb4.27.0&#8243; _module_preset=\u00bbdefault\u00bb global_colors_info=\u00bb{}\u00bb background__hover_enabled=\u00bboff|desktop\u00bb][\/et_pb_image][et_pb_toggle title=\u00bbPatricia Mar\u00edn, Teatro Metropolitano Jos\u00e9 Gutierrez G\u00f3mez, Colombia\u00bb open_toggle_background_color=\u00bbRGBA(255,255,255,0)\u00bb closed_toggle_background_color=\u00bbRGBA(255,255,255,0)\u00bb icon_color=\u00bb#000000&#8243; toggle_icon=\u00bb&#x50;||divi||400&#8243; use_icon_font_size=\u00bbon\u00bb icon_font_size=\u00bb32px\u00bb open_toggle_icon=\u00bb&#x4f;||divi||400&#8243; open_use_icon_font_size=\u00bbon\u00bb open_icon_font_size=\u00bb32px\u00bb _builder_version=\u00bb4.27.0&#8243; _module_preset=\u00bbdefault\u00bb title_level=\u00bbh6&#8243; title_font=\u00bbRaleway||||||||\u00bb title_text_align=\u00bbcenter\u00bb title_font_size=\u00bb18px\u00bb closed_title_font=\u00bbRaleway||||||||\u00bb custom_margin=\u00bb0px|0px|0px|0px|false|false\u00bb custom_padding=\u00bb0px|0px|0px|0px|false|false\u00bb border_width_all=\u00bb0px\u00bb border_color_all=\u00bbRGBA(255,255,255,0)\u00bb global_colors_info=\u00bb{}\u00bb]<\/p>\n<p style=\"text-align: justify;\"><span style=\"font-weight: 400;\">Mar\u00eda Patricia Mar\u00edn Arango es reconocida como la directora del Teatro Metropolitano, una figura clave que ha impulsado significativamente el desarrollo y expansi\u00f3n de esta importante instituci\u00f3n cultural. Su liderazgo ha sido fundamental para enfrentar desaf\u00edos y aprovechar oportunidades, destac\u00e1ndose por su capacidad para establecer alianzas estrat\u00e9gicas con el sector privado. Bajo su direcci\u00f3n, el Teatro Metropolitano ha logrado no solo subsistir, sino crecer de manera notable, consolid\u00e1ndose como un referente cultural en la regi\u00f3n. Mar\u00eda Patricia Mar\u00edn Arango mira hacia el futuro con optimismo, anticipando un pr\u00f3spero 2024 lleno de proyectos emocionantes y oportunidades de expansi\u00f3n que prometen seguir enriqueciendo la oferta cultural de la comunidad.<\/span><\/p>\n<p>[\/et_pb_toggle][\/et_pb_column][et_pb_column type=\u00bb1_5&#8243; _builder_version=\u00bb4.20.0&#8243; _module_preset=\u00bbdefault\u00bb global_colors_info=\u00bb{}\u00bb][et_pb_image src=\u00bbhttps:\/\/www.operala.org\/encuentrosola\/wp-content\/uploads\/2024\/07\/alejandra-marti.jpg\u00bb title_text=\u00bbalejandra-marti\u00bb disabled_on=\u00bbon|off|off\u00bb module_class=\u00bbpanelista\u00bb _builder_version=\u00bb4.26.1&#8243; _module_preset=\u00bbdefault\u00bb global_colors_info=\u00bb{}\u00bb background__hover_enabled=\u00bboff|desktop\u00bb][\/et_pb_image][et_pb_toggle title=\u00bbAlejandra Mart\u00ed, \u00d3pera Latinoam\u00e9rica, Chile\u00bb open_toggle_background_color=\u00bbRGBA(255,255,255,0)\u00bb closed_toggle_background_color=\u00bbRGBA(255,255,255,0)\u00bb icon_color=\u00bb#000000&#8243; toggle_icon=\u00bb&#x50;||divi||400&#8243; use_icon_font_size=\u00bbon\u00bb icon_font_size=\u00bb32px\u00bb open_toggle_icon=\u00bb&#x4f;||divi||400&#8243; open_use_icon_font_size=\u00bbon\u00bb open_icon_font_size=\u00bb32px\u00bb _builder_version=\u00bb4.27.0&#8243; _module_preset=\u00bbdefault\u00bb title_level=\u00bbh6&#8243; title_font=\u00bbRaleway||||||||\u00bb title_text_align=\u00bbcenter\u00bb title_font_size=\u00bb18px\u00bb closed_title_font=\u00bbRaleway||||||||\u00bb custom_margin=\u00bb0px|0px|0px|0px|false|false\u00bb custom_padding=\u00bb0px|0px|0px|0px|false|false\u00bb border_width_all=\u00bb0px\u00bb border_color_all=\u00bbRGBA(255,255,255,0)\u00bb global_colors_info=\u00bb{}\u00bb]<\/p>\n<p style=\"text-align: justify;\">Con 16 a\u00f1os de experiencia en gesti\u00f3n cultural especializada en artes esc\u00e9nicas, Alejandra es Directora Ejecutiva de la Asociaci\u00f3n de Teatros de Latinoam\u00e9rica: \u00d3pera Latinoam\u00e9rica, OLA. Comenz\u00f3 su carrera en gesti\u00f3n de teatros el a\u00f1o 2004 en el Gran Teatro del Liceu de Barcelona. Al volver a Chile trabaj\u00f3 durante 11 a\u00f1os en el Teatro Municipal de Santiago como Directora de Desarrollo Institucional hasta marzo de 2017.<br \/>Ha visitado y hecho pasant\u00edas en importantes teatros en USA y Am\u00e9rica Latina, estudiando proyectos art\u00edsticos, educativos, de marketing y de comunicaci\u00f3n digital. El a\u00f1o 2009 fue invitada por el programa de Liderazgo Internacional del Departamento de Estado de los Estados Unidos para observar 15 teatros en las ciudades de Nueva York, Washington y Houston. Durante los a\u00f1os siguientes, por medio de becas del Ministerio de Cultura de Chile y otras invitaciones ha asistido a visitas especiales al Royal Opera House, Dutch National Opera and Dance en \u00c1msterdam, Teatro Real de Madrid, Staatsoper de Berl\u00edn, \u00d3pera de Par\u00eds, Ciudad de La M\u00fasica de Par\u00eds, Los Angeles Opera House, Teatro Argentino de La Plata y Teatro Sol\u00eds de Montevideo, Teatro Col\u00f3n de Buenos Aires, Teatro Mayor de Bogot\u00e1, Palacio Bellas Artes de M\u00e9xico, entre otros.<\/p>\n<p>[\/et_pb_toggle][\/et_pb_column][\/et_pb_row][et_pb_row column_structure=\u00bb1_5,1_5,1_5,1_5,1_5&#8243; _builder_version=\u00bb4.22.1&#8243; _module_preset=\u00bbdefault\u00bb global_colors_info=\u00bb{}\u00bb][et_pb_column type=\u00bb1_5&#8243; _builder_version=\u00bb4.20.0&#8243; _module_preset=\u00bbdefault\u00bb global_colors_info=\u00bb{}\u00bb][et_pb_image src=\u00bbhttps:\/\/www.operala.org\/encuentrosola\/wp-content\/uploads\/2024\/07\/1516887824685.jpeg\u00bb title_text=\u00bb1516887824685&#8243; disabled_on=\u00bbon|off|off\u00bb module_class=\u00bbpanelista\u00bb _builder_version=\u00bb4.26.1&#8243; _module_preset=\u00bbdefault\u00bb global_colors_info=\u00bb{}\u00bb background__hover_enabled=\u00bboff|desktop\u00bb][\/et_pb_image][et_pb_toggle title=\u00bbJohn McIllduff, Dumbworld, Irlanda\u00bb open_toggle_background_color=\u00bbRGBA(255,255,255,0)\u00bb closed_toggle_background_color=\u00bbRGBA(255,255,255,0)\u00bb icon_color=\u00bb#000000&#8243; toggle_icon=\u00bb&#x50;||divi||400&#8243; use_icon_font_size=\u00bbon\u00bb icon_font_size=\u00bb32px\u00bb open_toggle_icon=\u00bb&#x4f;||divi||400&#8243; open_use_icon_font_size=\u00bbon\u00bb open_icon_font_size=\u00bb32px\u00bb _builder_version=\u00bb4.27.0&#8243; _module_preset=\u00bbdefault\u00bb title_level=\u00bbh6&#8243; title_font=\u00bbRaleway||||||||\u00bb title_text_align=\u00bbcenter\u00bb title_font_size=\u00bb18px\u00bb closed_title_font=\u00bbRaleway||||||||\u00bb custom_margin=\u00bb0px|0px|0px|0px|false|false\u00bb custom_padding=\u00bb0px|0px|0px|0px|false|false\u00bb border_width_all=\u00bb0px\u00bb border_color_all=\u00bbRGBA(255,255,255,0)\u00bb global_colors_info=\u00bb{}\u00bb]<\/p>\n<p><span style=\"font-weight: 400;\">John es codirector art\u00edstico de Dumbworld, la productora creativa de Belfast Dumbworld y codirector creativo de su brazo de producci\u00f3n de medios Dumbworld Productions. Ha producido el documental multipremiado EL LIBRERO DE BELFAST que se proyect\u00f3 en BBC, ARTE (Francia) y RTS (Suiza) (Mejor Pel\u00edcula y Premio del P\u00fablico en el Festival Internacional de Cine de Florencia, Premio del P\u00fablico en Les Escales Documentaires, La Rochelle). y la animaci\u00f3n PETER, LILY AND THE NARIZ (Premio del P\u00fablico \u2013 Festival Sola Nua).<\/span><\/p>\n<p>[\/et_pb_toggle][\/et_pb_column][et_pb_column type=\u00bb1_5&#8243; _builder_version=\u00bb4.20.0&#8243; _module_preset=\u00bbdefault\u00bb global_colors_info=\u00bb{}\u00bb][et_pb_image src=\u00bbhttps:\/\/www.operala.org\/encuentrosola\/wp-content\/uploads\/2024\/07\/javie-menendez-4.png\u00bb title_text=\u00bbjavie menendez 4&#8243; disabled_on=\u00bbon|off|off\u00bb module_class=\u00bbpanelista\u00bb _builder_version=\u00bb4.26.1&#8243; _module_preset=\u00bbdefault\u00bb global_colors_info=\u00bb{}\u00bb background__hover_enabled=\u00bboff|desktop\u00bb][\/et_pb_image][et_pb_toggle title=\u00bbJavier Men\u00e9ndez, Teatro de la Maestranza, Espa\u00f1a\u00bb open_toggle_background_color=\u00bbRGBA(255,255,255,0)\u00bb closed_toggle_background_color=\u00bbRGBA(255,255,255,0)\u00bb icon_color=\u00bb#000000&#8243; toggle_icon=\u00bb&#x50;||divi||400&#8243; use_icon_font_size=\u00bbon\u00bb icon_font_size=\u00bb32px\u00bb open_toggle_icon=\u00bb&#x4f;||divi||400&#8243; open_use_icon_font_size=\u00bbon\u00bb open_icon_font_size=\u00bb32px\u00bb _builder_version=\u00bb4.26.1&#8243; _module_preset=\u00bbdefault\u00bb title_level=\u00bbh6&#8243; title_font=\u00bbRaleway||||||||\u00bb title_text_align=\u00bbcenter\u00bb title_font_size=\u00bb18px\u00bb closed_title_font=\u00bbRaleway||||||||\u00bb custom_margin=\u00bb0px|0px|0px|0px|false|false\u00bb custom_padding=\u00bb0px|0px|0px|0px|false|false\u00bb border_width_all=\u00bb0px\u00bb border_color_all=\u00bbRGBA(255,255,255,0)\u00bb global_colors_info=\u00bb{}\u00bb]<\/p>\n<p style=\"text-align: justify;\"><span>El flamante<\/span><strong><span>\u00a0<\/span>director general del Teatro de la Maestranza<span>\u00a0<\/span><\/strong><span>,\u00a0<\/span><strong>Javier Men\u00e9ndez<span>\u00a0<\/span><\/strong><span>, actual responsable de<\/span><strong><span>\u00a0<\/span>\u00d3pera de Oviedo<span>\u00a0<\/span><\/strong><span>, se mostraba el martes feliz con el nombramiento. \u00abEs un\u00a0<\/span><strong>gran est\u00edmulo<span>\u00a0<\/span><\/strong><span>y una\u00a0<\/span><strong>gran ilusi\u00f3n<span>\u00a0<\/span><\/strong><span>. Es un proyecto muy estimulante\u00bb, se\u00f1alaba a ABC de Sevilla, al poco de que se hiciera oficial la decisi\u00f3n del consejo de nombrarlo<\/span><a href=\"https:\/\/www.abc.es\/sevilla\/cultura\/sevi-sevilla-teatro-maestranza-ficha-como-nuevo-director-responsable-opera-oviedo-201901151057_noticia.html#ns_campaign=mod-lo-mas&amp;ns_mchannel=leido&amp;ns_source=cultura&amp;ns_linkname=portadilla.cultura&amp;ns_fee=pos-1&amp;vtm_loMas=si\" target=\"_blank\" data-voc-vtm-id=\"in-text-traffic\" title=\" nuevo director general del coliseo sevillano \" data-mrf-link=\"https:\/\/www.abc.es\/sevilla\/cultura\/sevi-sevilla-teatro-maestranza-ficha-como-nuevo-director-responsable-opera-oviedo-201901151057_noticia.html\" cmp-ltrk=\"Links art\u00edculos\" cmp-ltrk-idx=\"0\" mrfobservableid=\"7c2b6bec-c20d-4cda-863d-ce9d054e1c63\" rel=\"noopener\"><span>\u00a0<\/span>nuevo director general del coliseo sevillano<span>\u00a0<\/span><\/a><a href=\"https:\/\/www.abc.es\/sevilla\/cultura\/sevi-sevilla-teatro-maestranza-ficha-como-nuevo-director-responsable-opera-oviedo-201901151057_noticia.html\" data-voc-vtm-id=\"in-text-traffic\" title=\" .  \" data-mrf-link=\"https:\/\/www.abc.es\/sevilla\/cultura\/sevi-sevilla-teatro-maestranza-ficha-como-nuevo-director-responsable-opera-oviedo-201901151057_noticia.html\" cmp-ltrk=\"Links art\u00edculos\" cmp-ltrk-idx=\"0\" mrfobservableid=\"a24014a2-0537-48db-b52d-7c4964d1d200\">.<\/a><\/p>\n<p>[\/et_pb_toggle][\/et_pb_column][et_pb_column type=\u00bb1_5&#8243; _builder_version=\u00bb4.27.2&#8243; _module_preset=\u00bbdefault\u00bb global_colors_info=\u00bb{}\u00bb][et_pb_image src=\u00bbhttps:\/\/www.operala.org\/encuentrosola\/wp-content\/uploads\/2024\/07\/imagen_2024-07-14_202906789.png\u00bb title_text=\u00bbimagen_2024-07-14_202906789&#8243; disabled_on=\u00bbon|off|off\u00bb module_class=\u00bbpanelista\u00bb _builder_version=\u00bb4.26.1&#8243; _module_preset=\u00bbdefault\u00bb global_colors_info=\u00bb{}\u00bb background__hover_enabled=\u00bboff|desktop\u00bb][\/et_pb_image][et_pb_toggle title=\u00bbMalena Muyala, Teatro Sol\u00eds de Montevideo, Uruguay\u00bb open_toggle_background_color=\u00bbRGBA(255,255,255,0)\u00bb closed_toggle_background_color=\u00bbRGBA(255,255,255,0)\u00bb icon_color=\u00bb#000000&#8243; toggle_icon=\u00bb&#x50;||divi||400&#8243; use_icon_font_size=\u00bbon\u00bb icon_font_size=\u00bb32px\u00bb open_toggle_icon=\u00bb&#x4f;||divi||400&#8243; open_use_icon_font_size=\u00bbon\u00bb open_icon_font_size=\u00bb32px\u00bb _builder_version=\u00bb4.26.1&#8243; _module_preset=\u00bbdefault\u00bb title_level=\u00bbh6&#8243; title_font=\u00bbRaleway||||||||\u00bb title_text_align=\u00bbcenter\u00bb title_font_size=\u00bb18px\u00bb closed_title_font=\u00bbRaleway||||||||\u00bb custom_margin=\u00bb0px|0px|0px|0px|false|false\u00bb custom_padding=\u00bb0px|0px|0px|0px|false|false\u00bb border_width_all=\u00bb0px\u00bb border_color_all=\u00bbRGBA(255,255,255,0)\u00bb global_colors_info=\u00bb{}\u00bb]<\/p>\n<p style=\"text-align: justify;\"><b>Malena Muyala<\/b><span style=\"font-weight: 400;\">, <\/span><a href=\"https:\/\/es.wikipedia.org\/wiki\/Cantante\"><span style=\"font-weight: 400;\">cantante<\/span><\/a><span style=\"font-weight: 400;\"> y <\/span><a href=\"https:\/\/es.wikipedia.org\/wiki\/Compositora\"><span style=\"font-weight: 400;\">compositora<\/span><\/a> <a href=\"https:\/\/es.wikipedia.org\/wiki\/Uruguay\"><span style=\"font-weight: 400;\">uruguaya<\/span><\/a><span style=\"font-weight: 400;\"> de <\/span><a href=\"https:\/\/es.wikipedia.org\/wiki\/Tango\"><span style=\"font-weight: 400;\">tango<\/span><\/a><span style=\"font-weight: 400;\">, valses, milongas y milongones. Es una de las principales voces femeninas de Uruguay. Es tambi\u00e9n directora del <\/span><a href=\"https:\/\/es.wikipedia.org\/wiki\/Teatro_Sol%C3%ADs\"><span style=\"font-weight: 400;\">Teatro Sol\u00eds<\/span><\/a><span style=\"font-weight: 400;\"> de <\/span><a href=\"https:\/\/es.wikipedia.org\/wiki\/Montevideo\"><span style=\"font-weight: 400;\">Montevideo<\/span><\/a><span style=\"font-weight: 400;\">.<\/span><\/p>\n<p>[\/et_pb_toggle][\/et_pb_column][et_pb_column type=\u00bb1_5&#8243; _builder_version=\u00bb4.20.0&#8243; _module_preset=\u00bbdefault\u00bb global_colors_info=\u00bb{}\u00bb][et_pb_image src=\u00bbhttps:\/\/www.operala.org\/encuentrosola\/wp-content\/uploads\/2024\/08\/WhatsApp-Image-2024-08-28-at-09.30.10.jpeg\u00bb title_text=\u00bbWhatsApp Image 2024-08-28 at 09.30.10&#8243; disabled_on=\u00bbon|off|off\u00bb module_class=\u00bbpanelista\u00bb _builder_version=\u00bb4.27.0&#8243; _module_preset=\u00bbdefault\u00bb global_colors_info=\u00bb{}\u00bb background__hover_enabled=\u00bboff|desktop\u00bb][\/et_pb_image][et_pb_toggle title=\u00bbAdri\u00e1n Najera, Universidad de Texas Rio Grande Valley EE. UU.\u00bb open_toggle_background_color=\u00bbRGBA(255,255,255,0)\u00bb closed_toggle_background_color=\u00bbRGBA(255,255,255,0)\u00bb icon_color=\u00bb#000000&#8243; toggle_icon=\u00bb&#x50;||divi||400&#8243; use_icon_font_size=\u00bbon\u00bb icon_font_size=\u00bb32px\u00bb open_toggle_icon=\u00bb&#x4f;||divi||400&#8243; open_use_icon_font_size=\u00bbon\u00bb open_icon_font_size=\u00bb32px\u00bb _builder_version=\u00bb4.27.0&#8243; _module_preset=\u00bbdefault\u00bb title_level=\u00bbh6&#8243; title_font=\u00bbRaleway||||||||\u00bb title_text_align=\u00bbcenter\u00bb title_font_size=\u00bb18px\u00bb closed_title_font=\u00bbRaleway||||||||\u00bb custom_margin=\u00bb0px|0px|0px|0px|false|false\u00bb custom_padding=\u00bb0px|0px|0px|0px|false|false\u00bb border_width_all=\u00bb0px\u00bb border_color_all=\u00bbRGBA(255,255,255,0)\u00bb global_colors_info=\u00bb{}\u00bb]<\/p>\n<p><span style=\"font-weight: 400;\">Egresado de la Universidad de Costa Rica (2005), Western Illinois University (2007) y el Chicago College of Performing Arts de Roosevelt University (2009). Como miembro de la Youth Orchestra of the Americas (YOA), N\u00e1jera-Coto se present\u00f3 en escenarios de renombre mundial, incluyendo el Carnegie Hall en la ciudad de Nueva York, el Teatro Municipal de R\u00edo de Janeiro, el Teatro Nacional de Panam\u00e1, el Banco Interamericano de Desarrollo en Washington, D.C., y la Bas\u00edlica de San Pedro en la Ciudad del Vaticano. Entre 2010 y 2017, ocup\u00f3 el puesto de trombonista bajo principal en la Orquesta Sinf\u00f3nica de la Universidad Aut\u00f3noma de Nuevo Le\u00f3n. Adri\u00e1n ha ofrecido recitales, clases magistrales y ha servido como mediador pedag\u00f3gico en Argentina, Brasil, Chile, Colombia, Panam\u00e1, Per\u00fa, Rep\u00fablica Dominicana, Guatemala, M\u00e9xico y Costa Rica, as\u00ed como en diversas ciudades de los Estados Unidos.<\/span><\/p>\n<p><span style=\"font-weight: 400;\">Entre 2020 y 2022, Adri\u00e1n se desempe\u00f1\u00f3 como profesor de tiempo completo y director asociado del Departamento de Medios y Cultura Digital del Tecnol\u00f3gico de Monterrey, Campus Monterrey donde tambi\u00e9n tuvo una destacada participaci\u00f3n como l\u00edder de dise\u00f1o curricular de diversidad unidades de formaci\u00f3n del nuevo modelo educativo Tec21. En el per\u00edodo 2021-2022, form\u00f3 parte de la cohorte del Global Leaders Institute (anteriormente Global Leaders Program), un certificado de posgrado ejecutivo de doce meses en Emprendimiento Social, Agencia Cultural, Innovaci\u00f3n Art\u00edstica, Desarrollo Comunitario, Gesti\u00f3n Empresarial, Design Thinking y Liderazgo Educativo. Sus compromisos m\u00e1s recientes como teaching artist incluyen su participaci\u00f3n en la International Teaching Artists Collaborative Conference en Oslo en 2022 y la obtenci\u00f3n del fondo para proyectos ITAC6-7 de esta misma organizaci\u00f3n, liderando un equipo transdisciplinario conformado por artistas y educadores de Costa Rica, India y Noruega. Desde mayo de 2023, N\u00e1jera-Coto es miembro de la BMW Foundation Herbert Quandt Responsible Leaders Network. Actualmente, Adri\u00e1n cursa su tercer a\u00f1o de estudios de doctorado en el programa de Liderazgo Educativo, con \u00e9nfasis en Administraci\u00f3n Universitaria, en la University of Texas Rio Grande Valley.<\/span><\/p>\n<p>[\/et_pb_toggle][\/et_pb_column][et_pb_column type=\u00bb1_5&#8243; _builder_version=\u00bb4.20.0&#8243; _module_preset=\u00bbdefault\u00bb global_colors_info=\u00bb{}\u00bb][et_pb_image src=\u00bbhttps:\/\/www.operala.org\/encuentrosola\/wp-content\/uploads\/2024\/10\/wang-ning.jpg\u00bb title_text=\u00bbwang-ning\u00bb disabled_on=\u00bbon|off|off\u00bb module_class=\u00bbpanelista\u00bb _builder_version=\u00bb4.27.2&#8243; _module_preset=\u00bbdefault\u00bb global_colors_info=\u00bb{}\u00bb background__hover_enabled=\u00bboff|desktop\u00bb][\/et_pb_image][et_pb_toggle title=\u00bbWang Ning Director National centre for the performing arts (NCPA)\u00bb open_toggle_background_color=\u00bbRGBA(255,255,255,0)\u00bb closed_toggle_background_color=\u00bbRGBA(255,255,255,0)\u00bb icon_color=\u00bb#000000&#8243; toggle_icon=\u00bb&#x50;||divi||400&#8243; use_icon_font_size=\u00bbon\u00bb icon_font_size=\u00bb32px\u00bb open_toggle_icon=\u00bb&#x4f;||divi||400&#8243; open_use_icon_font_size=\u00bbon\u00bb open_icon_font_size=\u00bb32px\u00bb _builder_version=\u00bb4.27.2&#8243; _module_preset=\u00bbdefault\u00bb title_level=\u00bbh6&#8243; title_font=\u00bbRaleway||||||||\u00bb title_text_align=\u00bbcenter\u00bb title_font_size=\u00bb18px\u00bb closed_title_font=\u00bbRaleway||||||||\u00bb custom_margin=\u00bb0px|0px|0px|0px|false|false\u00bb custom_padding=\u00bb0px|0px|0px|0px|false|false\u00bb border_width_all=\u00bb0px\u00bb border_color_all=\u00bbRGBA(255,255,255,0)\u00bb global_colors_info=\u00bb{}\u00bb]WANG Ning estudi\u00f3 finanzas en la Universidad de Pek\u00edn y se gradu\u00f3 con una maestr\u00eda en econom\u00eda. Actualmente es presidente de la NCPA y vicepresidente de la Fundaci\u00f3n China Soong Ching Ling. Ha estado involucrado en asuntos deportivos y culturales durante mucho tiempo. Ha organizado muchos eventos deportivos internacionales y actividades culturales a gran escala. En 2022, fue jefe del Grupo de Trabajo para las Ceremonias de Apertura y Clausura de los Juegos Ol\u00edmpicos y Paral\u00edmpicos de Invierno de Beijing 2022. En 2008, fue productor de las ceremonias y director del Centro de Operaciones de Ceremonias de los Juegos Ol\u00edmpicos de Beijing. En los \u00faltimos a\u00f1os, ha sido el planificador jefe de actividades culturales para importantes eventos internacionales celebrados en China, como \u201cMillennial Road\u201d, la gala del Primer Foro de la Franja y la Ruta para la Cooperaci\u00f3n Internacional, la gala de la Cumbre de Beijing del Foro de Cooperaci\u00f3n China-\u00c1frica y la gala inaugural con el tema Beautiful Home de la Expo 2019, Beijing .[\/et_pb_toggle][\/et_pb_column][\/et_pb_row][et_pb_row column_structure=\u00bb1_5,1_5,1_5,1_5,1_5&#8243; _builder_version=\u00bb4.22.1&#8243; _module_preset=\u00bbdefault\u00bb global_colors_info=\u00bb{}\u00bb][et_pb_column type=\u00bb1_5&#8243; _builder_version=\u00bb4.20.0&#8243; _module_preset=\u00bbdefault\u00bb global_colors_info=\u00bb{}\u00bb][et_pb_image src=\u00bbhttps:\/\/www.operala.org\/encuentrosola\/wp-content\/uploads\/2024\/07\/Ramiro-osorio-3.png\u00bb title_text=\u00bbRamiro osorio 3&#8243; disabled_on=\u00bbon|off|off\u00bb module_class=\u00bbpanelista\u00bb _builder_version=\u00bb4.26.1&#8243; _module_preset=\u00bbdefault\u00bb global_colors_info=\u00bb{}\u00bb background__hover_enabled=\u00bboff|desktop\u00bb][\/et_pb_image][et_pb_toggle title=\u00bbRamiro Osorio, Teatro Mayor Julio Mario Santo Domingo, Colombia.\u00bb open_toggle_background_color=\u00bbRGBA(255,255,255,0)\u00bb closed_toggle_background_color=\u00bbRGBA(255,255,255,0)\u00bb icon_color=\u00bb#000000&#8243; toggle_icon=\u00bb&#x50;||divi||400&#8243; use_icon_font_size=\u00bbon\u00bb icon_font_size=\u00bb32px\u00bb open_toggle_icon=\u00bb&#x4f;||divi||400&#8243; open_use_icon_font_size=\u00bbon\u00bb open_icon_font_size=\u00bb32px\u00bb _builder_version=\u00bb4.26.1&#8243; _module_preset=\u00bbdefault\u00bb title_level=\u00bbh6&#8243; title_font=\u00bbRaleway||||||||\u00bb title_text_align=\u00bbcenter\u00bb title_font_size=\u00bb18px\u00bb closed_title_font=\u00bbRaleway||||||||\u00bb custom_margin=\u00bb0px|0px|0px|0px|false|false\u00bb custom_padding=\u00bb0px|0px|0px|0px|false|false\u00bb border_width_all=\u00bb0px\u00bb border_color_all=\u00bbRGBA(255,255,255,0)\u00bb global_colors_info=\u00bb{}\u00bb]<\/p>\n<p style=\"text-align: justify;\"><span style=\"font-weight: 400;\">Maestro en Letras Espa\u00f1olas de la Universidad de Guanajuato, M\u00e9xico. Director y Maestro de Teatro. Ha dirigido m\u00e1s de 30 obras teatrales, de autores cl\u00e1sicos y contempor\u00e1neos. Durante m\u00e1s de 40 a\u00f1os ha combinado el trabajo art\u00edstico con el de la gesti\u00f3n y promoci\u00f3n cultural. Fundador y Director del Festival Iberoamericano de Teatro de Bogot\u00e1 y del Festival Internacional de Teatro de San Jos\u00e9 por la Paz, Costa Rica. Fue Director del Festival Sevilla entre Culturas, del Gran Festival Ciudad de M\u00e9xico y del Festival Internacional Cervantino de Guanajuato, entre otros festivales internacionales.<\/span><\/p>\n<p>[\/et_pb_toggle][\/et_pb_column][et_pb_column type=\u00bb1_5&#8243; _builder_version=\u00bb4.20.0&#8243; _module_preset=\u00bbdefault\u00bb global_colors_info=\u00bb{}\u00bb][et_pb_image src=\u00bbhttps:\/\/www.operala.org\/encuentrosola\/wp-content\/uploads\/2024\/07\/valenti-oviedo.jpeg\u00bb title_text=\u00bbvalenti oviedo\u00bb disabled_on=\u00bbon|off|off\u00bb module_class=\u00bbpanelista\u00bb _builder_version=\u00bb4.26.1&#8243; _module_preset=\u00bbdefault\u00bb global_colors_info=\u00bb{}\u00bb background__hover_enabled=\u00bboff|desktop\u00bb][\/et_pb_image][et_pb_toggle title=\u00bbValent\u00ed Oviedo, Gran Teatre del Liceu, Espa\u00f1a\u00bb open_toggle_background_color=\u00bbRGBA(255,255,255,0)\u00bb closed_toggle_background_color=\u00bbRGBA(255,255,255,0)\u00bb icon_color=\u00bb#000000&#8243; toggle_icon=\u00bb&#x50;||divi||400&#8243; use_icon_font_size=\u00bbon\u00bb icon_font_size=\u00bb32px\u00bb open_toggle_icon=\u00bb&#x4f;||divi||400&#8243; open_use_icon_font_size=\u00bbon\u00bb open_icon_font_size=\u00bb32px\u00bb _builder_version=\u00bb4.26.1&#8243; _module_preset=\u00bbdefault\u00bb title_level=\u00bbh6&#8243; title_font=\u00bbRaleway||||||||\u00bb title_text_align=\u00bbcenter\u00bb title_font_size=\u00bb18px\u00bb closed_title_font=\u00bbRaleway||||||||\u00bb custom_margin=\u00bb0px|0px|0px|0px|false|false\u00bb custom_padding=\u00bb0px|0px|0px|0px|false|false\u00bb border_width_all=\u00bb0px\u00bb border_color_all=\u00bbRGBA(255,255,255,0)\u00bb global_colors_info=\u00bb{}\u00bb]<\/p>\n<p><span>Valent\u00ed Oviedo Cornejo, es un gestor cultural catal\u00e1n, y desde mayo de 2018 el director general del Gran Teatro del Liceo.<\/span><\/p>\n<p>[\/et_pb_toggle][\/et_pb_column][et_pb_column type=\u00bb1_5&#8243; _builder_version=\u00bb4.20.0&#8243; _module_preset=\u00bbdefault\u00bb global_colors_info=\u00bb{}\u00bb][et_pb_image src=\u00bbhttps:\/\/www.operala.org\/encuentrosola\/wp-content\/uploads\/2024\/07\/Francisca-Pero-2.png\u00bb title_text=\u00bbFrancisca Per\u00f3 2&#8243; disabled_on=\u00bbon|off|off\u00bb module_class=\u00bbpanelista\u00bb _builder_version=\u00bb4.26.1&#8243; _module_preset=\u00bbdefault\u00bb global_colors_info=\u00bb{}\u00bb background__hover_enabled=\u00bboff|desktop\u00bb][\/et_pb_image][et_pb_toggle title=\u00bbFrancisca Per\u00f3, Teatro Biob\u00edo, Chile\u00bb open_toggle_background_color=\u00bbRGBA(255,255,255,0)\u00bb closed_toggle_background_color=\u00bbRGBA(255,255,255,0)\u00bb icon_color=\u00bb#000000&#8243; toggle_icon=\u00bb&#x50;||divi||400&#8243; use_icon_font_size=\u00bbon\u00bb icon_font_size=\u00bb32px\u00bb open_toggle_icon=\u00bb&#x4f;||divi||400&#8243; open_use_icon_font_size=\u00bbon\u00bb open_icon_font_size=\u00bb32px\u00bb _builder_version=\u00bb4.26.1&#8243; _module_preset=\u00bbdefault\u00bb title_level=\u00bbh6&#8243; title_font=\u00bbRaleway||||||||\u00bb title_text_align=\u00bbcenter\u00bb title_font_size=\u00bb18px\u00bb closed_title_font=\u00bbRaleway||||||||\u00bb custom_margin=\u00bb0px|0px|0px|0px|false|false\u00bb custom_padding=\u00bb0px|0px|0px|0px|false|false\u00bb border_width_all=\u00bb0px\u00bb border_color_all=\u00bbRGBA(255,255,255,0)\u00bb global_colors_info=\u00bb{}\u00bb]<\/p>\n<p style=\"text-align: justify;\"><span style=\"font-weight: 400;\">Directora ejecutiva del Teatro Biobio desde el a\u00f1o 2017 a la fecha. Coordinadora de programaci\u00f3n art\u00edstica nacional e internacional de artes esc\u00e9nicas en GAM desde el a\u00f1o 2010 al 2017. Docente en la escuela de actuaci\u00f3n DUOC UC desde al a\u00f1o 2006 al 2016. Ha realizado cursos de formaci\u00f3n en gesti\u00f3n y programaci\u00f3n de espacios culturales para el CNCA y curso de internacionalizaci\u00f3n de artes esc\u00e9nicas para comitiva MICSUR 2016. Ha participado como programadora en los mercados de industrias culturales de FIBA 2019 y 2018, Fringe Festival Edhinburg 2017, APAM 2016, (Australia Performing arts market, Brisbane, Australia), Girart 2015 (C\u00f3rdoba Argentina), MICSUR 2014, (Mar del Plata, Argentina, delegaci\u00f3n chilena, invitaci\u00f3n auspiciada por el Consejo de la cultura y las artes del Gobierno de Chile), MICSUR 2011, (Buenos Aires, Argentina). Encargada de la gesti\u00f3n de programaci\u00f3n internacional tales como: Ciclo off Buenos Aires GAM 2012, 2013, 2014, Ciclo de danza n\u00f3rdico GAM , ciclo de circo Australiano en Chile 2015 y gira de Diminuto Circus a Australia 2016, financiada con un fondo DIRAC.<\/span><\/p>\n<p>[\/et_pb_toggle][\/et_pb_column][et_pb_column type=\u00bb1_5&#8243; _builder_version=\u00bb4.20.0&#8243; _module_preset=\u00bbdefault\u00bb global_colors_info=\u00bb{}\u00bb][et_pb_image src=\u00bbhttps:\/\/www.operala.org\/encuentrosola\/wp-content\/uploads\/2024\/10\/gabriela-perona.jpg\u00bb title_text=\u00bbgabriela-perona\u00bb disabled_on=\u00bbon|off|off\u00bb module_class=\u00bbpanelista\u00bb _builder_version=\u00bb4.27.2&#8243; _module_preset=\u00bbdefault\u00bb global_colors_info=\u00bb{}\u00bb background__hover_enabled=\u00bboff|desktop\u00bb src__hover_enabled=\u00bbon|desktop\u00bb src__hover=\u00bbhttps:\/\/www.operala.org\/encuentrosola\/wp-content\/uploads\/2024\/08\/richard-1.jpg\u00bb][\/et_pb_image][et_pb_toggle title=\u00bbGabriela Perona\tCEO Sinfon\u00eda por el Per\u00fa\u00bb open_toggle_background_color=\u00bbRGBA(255,255,255,0)\u00bb closed_toggle_background_color=\u00bbRGBA(255,255,255,0)\u00bb icon_color=\u00bb#000000&#8243; toggle_icon=\u00bb&#x50;||divi||400&#8243; use_icon_font_size=\u00bbon\u00bb icon_font_size=\u00bb32px\u00bb open_toggle_icon=\u00bb&#x4f;||divi||400&#8243; open_use_icon_font_size=\u00bbon\u00bb open_icon_font_size=\u00bb32px\u00bb _builder_version=\u00bb4.27.2&#8243; _module_preset=\u00bbdefault\u00bb title_level=\u00bbh6&#8243; title_font=\u00bbRaleway||||||||\u00bb title_text_align=\u00bbcenter\u00bb title_font_size=\u00bb18px\u00bb closed_title_font=\u00bbRaleway||||||||\u00bb custom_margin=\u00bb0px|0px|0px|0px|false|false\u00bb custom_padding=\u00bb0px|0px|0px|0px|false|false\u00bb border_width_all=\u00bb0px\u00bb border_color_all=\u00bbRGBA(255,255,255,0)\u00bb global_colors_info=\u00bb{}\u00bb]Licenciada en Comunicaci\u00f3n para el Desarrollo de la Pontificia Universidad Cat\u00f3lica del Per\u00fa (PUCP), egresada de la maestr\u00eda en Salud P\u00fablica y Global de la Universidad Cayetano Heredia y con certificaci\u00f3n en Social Impact Strategies por la Universidad de Pensilvania. Especialista con m\u00e1s de 10 a\u00f1os de experiencia laboral en el campo de la cultura, gesti\u00f3n publica y privada, inclusi\u00f3n social y proyectos de impacto. Entre las experiencias m\u00e1s destacadas de mi carrera profesional se encuentran: Asesora del despacho viceministerial y ministerial del Ministerio de Cultura del Per\u00fa, instituci\u00f3n en la que tambi\u00e9n tuve el cargo de directora de diversidad cultural y discriminaci\u00f3n \u00e9tnico racial; Directora ejecutiva del Proyecto Especial Bicentenario en la Presidencia del Consejo de Ministerios y actualmente Gerente General de Sinfon\u00eda por el Per\u00fa.[\/et_pb_toggle][\/et_pb_column][et_pb_column type=\u00bb1_5&#8243; _builder_version=\u00bb4.20.0&#8243; _module_preset=\u00bbdefault\u00bb global_colors_info=\u00bb{}\u00bb][et_pb_image src=\u00bbhttps:\/\/www.operala.org\/encuentrosola\/wp-content\/uploads\/2024\/10\/aloha-pinto.jpg\u00bb title_text=\u00bbaloha-pinto\u00bb disabled_on=\u00bbon|off|off\u00bb module_class=\u00bbpanelista\u00bb _builder_version=\u00bb4.27.2&#8243; _module_preset=\u00bbdefault\u00bb global_colors_info=\u00bb{}\u00bb background__hover_enabled=\u00bboff|desktop\u00bb][\/et_pb_image][et_pb_toggle title=\u00bbAloha Pinto Coordinaci\u00f3n Cultura y Deporte CAF\u00bb open_toggle_background_color=\u00bbRGBA(255,255,255,0)\u00bb closed_toggle_background_color=\u00bbRGBA(255,255,255,0)\u00bb icon_color=\u00bb#000000&#8243; toggle_icon=\u00bb&#x50;||divi||400&#8243; use_icon_font_size=\u00bbon\u00bb icon_font_size=\u00bb32px\u00bb open_toggle_icon=\u00bb&#x4f;||divi||400&#8243; open_use_icon_font_size=\u00bbon\u00bb open_icon_font_size=\u00bb32px\u00bb _builder_version=\u00bb4.27.2&#8243; _module_preset=\u00bbdefault\u00bb title_level=\u00bbh6&#8243; title_font=\u00bbRaleway||||||||\u00bb title_text_align=\u00bbcenter\u00bb title_font_size=\u00bb18px\u00bb closed_title_font=\u00bbRaleway||||||||\u00bb custom_margin=\u00bb0px|0px|0px|0px|false|false\u00bb custom_padding=\u00bb0px|0px|0px|0px|false|false\u00bb border_width_all=\u00bb0px\u00bb border_color_all=\u00bbRGBA(255,255,255,0)\u00bb global_colors_info=\u00bb{}\u00bb]Actualmente se desempe\u00f1a como ejecutivo principal de la Coordinaci\u00f3n de Cultura y Deporte de CAF, \u00e1rea adscrita a la Secretar\u00eda General de CAF \u2013 banco de desarrollo de Am\u00e9rica Latina y el Caribe \u2013 desde junio 2021.<\/p>\n<p>Magister en Estudios Pol\u00edticos y de Gobierno, Universidad Metropolitana, Venezuela (2024), Diplomado en Econom\u00eda Social de Mercado, Centro de Investigaci\u00f3n, Innovaci\u00f3n y Desarrollo Acad\u00e9mico de la Universidad Cat\u00f3lica Andr\u00e9s Bello, Venezuela (2018), Economista, Universidad Central de Venezuela (2009), con desarrollo en investigaciones sobre el PIB Cultural, consumo cultural, pol\u00edticas p\u00fablicas culturales. Se dedica a la gesti\u00f3n de proyectos culturales desde el a\u00f1o 2005, en el sector p\u00fablico y privado, acompa\u00f1ando y haciendo realidad procesos creativos a trav\u00e9s de metodolog\u00edas de planificaci\u00f3n estrat\u00e9gica, gesti\u00f3n de proyectos, formulaci\u00f3n presupuestaria, seguimiento, control y ejecuci\u00f3n de proyectos.[\/et_pb_toggle][\/et_pb_column][\/et_pb_row][et_pb_row column_structure=\u00bb1_5,1_5,1_5,1_5,1_5&#8243; disabled_on=\u00bboff|off|off\u00bb _builder_version=\u00bb4.22.1&#8243; _module_preset=\u00bbdefault\u00bb global_colors_info=\u00bb{}\u00bb][et_pb_column type=\u00bb1_5&#8243; _builder_version=\u00bb4.20.0&#8243; _module_preset=\u00bbdefault\u00bb global_colors_info=\u00bb{}\u00bb][et_pb_image src=\u00bbhttps:\/\/www.operala.org\/encuentrosola\/wp-content\/uploads\/2024\/10\/platel-elisabeth.jpg\u00bb title_text=\u00bbplatel-elisabeth\u00bb disabled_on=\u00bbon|off|off\u00bb module_class=\u00bbpanelista\u00bb _builder_version=\u00bb4.27.2&#8243; _module_preset=\u00bbdefault\u00bb global_colors_info=\u00bb{}\u00bb background__hover_enabled=\u00bboff|desktop\u00bb][\/et_pb_image][et_pb_toggle title=\u00bbElisabeth Platel Directora de la escuela de danza \u00d3pera de Par\u00eds\u00bb open_toggle_background_color=\u00bbRGBA(255,255,255,0)\u00bb closed_toggle_background_color=\u00bbRGBA(255,255,255,0)\u00bb icon_color=\u00bb#000000&#8243; toggle_icon=\u00bb&#x50;||divi||400&#8243; use_icon_font_size=\u00bbon\u00bb icon_font_size=\u00bb32px\u00bb open_toggle_icon=\u00bb&#x4f;||divi||400&#8243; open_use_icon_font_size=\u00bbon\u00bb open_icon_font_size=\u00bb32px\u00bb _builder_version=\u00bb4.27.2&#8243; _module_preset=\u00bbdefault\u00bb title_level=\u00bbh6&#8243; title_font=\u00bbRaleway||||||||\u00bb title_text_align=\u00bbcenter\u00bb title_font_size=\u00bb18px\u00bb closed_title_font=\u00bbRaleway||||||||\u00bb custom_margin=\u00bb0px|0px|0px|0px|false|false\u00bb custom_padding=\u00bb0px|0px|0px|0px|false|false\u00bb border_width_all=\u00bb0px\u00bb border_color_all=\u00bbRGBA(255,255,255,0)\u00bb global_colors_info=\u00bb{}\u00bb]\u00c9lisabeth Platel comenz\u00f3 a estudiar danza en el Conservatorio de Saint Germain-en-Laye, despu\u00e9s ingres\u00f3 en el Conservatorio Nacional Superior de M\u00fasica y Danza de Par\u00eds. Se gradu\u00f3 en 1975 con un Primer Premio, que le abre las puertas de la Escuela de Danza de la \u00d3pera de Par\u00eds.<\/p>\n<p>Al a\u00f1o siguiente ingresa en el Cuerpo de Baile y en 1979 es promovida a Premi\u00e8re Danse. Al final de su primera Giselle, el 23 de diciembre de 1981, fue nombrada bailarina \u00c9toile.[\/et_pb_toggle][\/et_pb_column][et_pb_column type=\u00bb1_5&#8243; _builder_version=\u00bb4.20.0&#8243; _module_preset=\u00bbdefault\u00bb global_colors_info=\u00bb{}\u00bb][et_pb_image src=\u00bbhttps:\/\/www.operala.org\/encuentrosola\/wp-content\/uploads\/2024\/07\/imagen_2024-07-15_085744162.png\u00bb title_text=\u00bbimagen_2024-07-15_085744162&#8243; disabled_on=\u00bbon|off|off\u00bb module_class=\u00bbpanelista\u00bb _builder_version=\u00bb4.26.1&#8243; _module_preset=\u00bbdefault\u00bb global_colors_info=\u00bb{}\u00bb background__hover_enabled=\u00bboff|desktop\u00bb][\/et_pb_image][et_pb_toggle title=\u00bbLauri Pokkinen,  Finnish National Opera, Finland\u00bb open_toggle_background_color=\u00bbRGBA(255,255,255,0)\u00bb closed_toggle_background_color=\u00bbRGBA(255,255,255,0)\u00bb icon_color=\u00bb#000000&#8243; toggle_icon=\u00bb&#x50;||divi||400&#8243; use_icon_font_size=\u00bbon\u00bb icon_font_size=\u00bb32px\u00bb open_toggle_icon=\u00bb&#x4f;||divi||400&#8243; open_use_icon_font_size=\u00bbon\u00bb open_icon_font_size=\u00bb32px\u00bb _builder_version=\u00bb4.26.1&#8243; _module_preset=\u00bbdefault\u00bb title_level=\u00bbh6&#8243; title_font=\u00bbRaleway||||||||\u00bb title_text_align=\u00bbcenter\u00bb title_font_size=\u00bb18px\u00bb closed_title_font=\u00bbRaleway||||||||\u00bb custom_margin=\u00bb0px|0px|0px|0px|false|false\u00bb custom_padding=\u00bb0px|0px|0px|0px|false|false\u00bb border_width_all=\u00bb0px\u00bb border_color_all=\u00bbRGBA(255,255,255,0)\u00bb global_colors_info=\u00bb{}\u00bb]<\/p>\n<p style=\"text-align: justify;\"><span style=\"font-weight: 400;\">Lauri Pokkinen es director de Relaciones Externas de la \u00d3pera y Ballet Nacionales de Finlandia, la organizaci\u00f3n art\u00edstica m\u00e1s grande de Finlandia.\u00a0 Es responsable de la cooperaci\u00f3n con cuatro ciudades asociadas en el \u00e1rea metropolitana de Helsinki, el trabajo de promoci\u00f3n y las relaciones con fundaciones y donantes privados. Se desempe\u00f1\u00f3 como miembro de la Junta Directiva de Opera Europa de 2017 a 2024. Pokkinen tiene una Maestr\u00eda en Artes con especializaci\u00f3n en musicolog\u00eda.<\/span><\/p>\n<p>[\/et_pb_toggle][\/et_pb_column][et_pb_column type=\u00bb1_5&#8243; _builder_version=\u00bb4.20.0&#8243; _module_preset=\u00bbdefault\u00bb global_colors_info=\u00bb{}\u00bb][et_pb_image src=\u00bbhttps:\/\/www.operala.org\/encuentrosola\/wp-content\/uploads\/2024\/07\/imagen_2024-07-15_090654612.png\u00bb title_text=\u00bbimagen_2024-07-15_090654612&#8243; disabled_on=\u00bbon|off|off\u00bb module_class=\u00bbpanelista\u00bb _builder_version=\u00bb4.26.1&#8243; _module_preset=\u00bbdefault\u00bb global_colors_info=\u00bb{}\u00bb background__hover_enabled=\u00bboff|desktop\u00bb][\/et_pb_image][et_pb_toggle title=\u00bbSebasti\u00e1n Rivas, Grame Lyon, Francia\u00bb open_toggle_background_color=\u00bbRGBA(255,255,255,0)\u00bb closed_toggle_background_color=\u00bbRGBA(255,255,255,0)\u00bb icon_color=\u00bb#000000&#8243; toggle_icon=\u00bb&#x50;||divi||400&#8243; use_icon_font_size=\u00bbon\u00bb icon_font_size=\u00bb32px\u00bb open_toggle_icon=\u00bb&#x4f;||divi||400&#8243; open_use_icon_font_size=\u00bbon\u00bb open_icon_font_size=\u00bb32px\u00bb _builder_version=\u00bb4.26.1&#8243; _module_preset=\u00bbdefault\u00bb title_level=\u00bbh6&#8243; title_font=\u00bbRaleway||||||||\u00bb title_text_align=\u00bbcenter\u00bb title_font_size=\u00bb18px\u00bb closed_title_font=\u00bbRaleway||||||||\u00bb custom_margin=\u00bb0px|0px|0px|0px|false|false\u00bb custom_padding=\u00bb0px|0px|0px|0px|false|false\u00bb border_width_all=\u00bb0px\u00bb border_color_all=\u00bbRGBA(255,255,255,0)\u00bb global_colors_info=\u00bb{}\u00bb]<\/p>\n<p><span style=\"font-weight: 400;\">Ha trabajado en danza, cine, teatro, as\u00ed como en literatura, arquitectura y artes visuales con Maylis de Kerangal, Antoine Gindt, Charles Berling, Alban Richard, G\u00e9raldine Kosiak, Marcelo Lombardero, Fran\u00e7ois Marthouret y Philippe Rahm. <\/span><span style=\"font-weight: 400;\">Es laureado de la Sociedad Internacional de M\u00fasica Contempor\u00e1nea en 2004, de la selecci\u00f3n Tremplin del Ensemble intercontemporain en 2008, del Premio Italia en 2012 por su \u00f3pera radiof\u00f3nica La Nuit hallucin\u00e9e y residente en la Villa M\u00e9dicis de septiembre de 2013 a marzo. 2015. <\/span><span style=\"font-weight: 400;\">En junio de 2013, se cre\u00f3 su \u00f3pera Aliados, con libreto de Esteban Buch y direcci\u00f3n de Antoine Gindt, durante el festival IRCAM ManiFeste en el T2G, Th\u00e9\u00e2tre de Gennevilliers. <\/span><span style=\"font-weight: 400;\">En 2016 su trabajo para la gran orquesta y electr\u00f3nica \u00c9xodo Infinito fue recomendado por la Tribuna Internacional de Compositores de la Unescao.<\/span><\/p>\n<p>[\/et_pb_toggle][\/et_pb_column][et_pb_column type=\u00bb1_5&#8243; _builder_version=\u00bb4.20.0&#8243; _module_preset=\u00bbdefault\u00bb global_colors_info=\u00bb{}\u00bb][et_pb_image src=\u00bbhttps:\/\/www.operala.org\/encuentrosola\/wp-content\/uploads\/2024\/07\/jose-luis-rivero.jpg\u00bb title_text=\u00bbjose luis rivero\u00bb disabled_on=\u00bbon|off|off\u00bb module_class=\u00bbpanelista\u00bb _builder_version=\u00bb4.26.1&#8243; _module_preset=\u00bbdefault\u00bb global_colors_info=\u00bb{}\u00bb background__hover_enabled=\u00bboff|desktop\u00bb][\/et_pb_image][et_pb_toggle title=\u00bbJos\u00e9 Luis Rivero, Auditorio de Tenerife, Espa\u00f1a\u00bb open_toggle_background_color=\u00bbRGBA(255,255,255,0)\u00bb closed_toggle_background_color=\u00bbRGBA(255,255,255,0)\u00bb icon_color=\u00bb#000000&#8243; toggle_icon=\u00bb&#x50;||divi||400&#8243; use_icon_font_size=\u00bbon\u00bb icon_font_size=\u00bb32px\u00bb open_toggle_icon=\u00bb&#x4f;||divi||400&#8243; open_use_icon_font_size=\u00bbon\u00bb open_icon_font_size=\u00bb32px\u00bb _builder_version=\u00bb4.26.1&#8243; _module_preset=\u00bbdefault\u00bb title_level=\u00bbh6&#8243; title_font=\u00bbRaleway||||||||\u00bb title_text_align=\u00bbcenter\u00bb title_font_size=\u00bb18px\u00bb closed_title_font=\u00bbRaleway||||||||\u00bb custom_margin=\u00bb0px|0px|0px|0px|false|false\u00bb custom_padding=\u00bb0px|0px|0px|0px|false|false\u00bb border_width_all=\u00bb0px\u00bb border_color_all=\u00bbRGBA(255,255,255,0)\u00bb global_colors_info=\u00bb{}\u00bb]<\/p>\n<p style=\"text-align: justify;\"><span style=\"font-weight: 400;\">Director art\u00edstico del Festival internacional de AAEE de Canarias MAPAS Fest y Director art\u00edstico del Auditorio de Tenerife. Licenciado en Filolog\u00eda espa\u00f1ola y diplomado en Turismo, posee varios programas m\u00e1ster en gesti\u00f3n cultural. Profesor en diversas universidades ha desarrollado su vertiente investigadora en los campos de la literatura, las artes esc\u00e9nicas, y la gesti\u00f3n cultural. Vinculado siempre al mundo de la Cultura y la Educaci\u00f3n, tanto en el terreno p\u00fablico como en el privado, ha ocupado cargos de responsabilidad estatal en Espa\u00f1a: Presidente de la <\/span><i><span style=\"font-weight: 400;\">Red espa\u00f1ola de Teatros, Auditorios, Circuitos y Festivales de titularidad p\u00fablica<\/span><\/i><span style=\"font-weight: 400;\">, Presidente de la <\/span><i><span style=\"font-weight: 400;\">Red educativa de Auditorios y Orquestas sinf\u00f3nicas<\/span><\/i><span style=\"font-weight: 400;\">. Miembro del programa europeo ADESTE (<\/span><i><span style=\"font-weight: 400;\">Audience Developer: Skills and Trainig in Europe<\/span><\/i><span style=\"font-weight: 400;\">) y del Programa de mentor\u00eda de la Universidad de Deusto para su <\/span><i><span style=\"font-weight: 400;\">Experto en Estrategia de P\u00fablicos<\/span><\/i><span style=\"font-weight: 400;\">. Es miembro activo de entidades como Opera Europa, OLA-\u00d3pera Latinoamericana, RESEO (European Network for Opera and Dance Education), International Network for Contemporary Performing Arts (IETM), Red euro-latinoamericana de Artes Esc\u00e9nicas REDELAE.<\/span><\/p>\n<p>[\/et_pb_toggle][\/et_pb_column][et_pb_column type=\u00bb1_5&#8243; _builder_version=\u00bb4.20.0&#8243; _module_preset=\u00bbdefault\u00bb global_colors_info=\u00bb{}\u00bb][et_pb_image src=\u00bbhttps:\/\/www.operala.org\/encuentrosola\/wp-content\/uploads\/2024\/10\/andres-rodriguez.jpg\u00bb title_text=\u00bbandres-rodriguez\u00bb disabled_on=\u00bbon|off|off\u00bb module_class=\u00bbpanelista\u00bb _builder_version=\u00bb4.27.2&#8243; _module_preset=\u00bbdefault\u00bb global_colors_info=\u00bb{}\u00bb background__hover_enabled=\u00bboff|desktop\u00bb][\/et_pb_image][et_pb_toggle title=\u00bbAndr\u00e9sRodr\u00edguez Primer vicepresidente OLA\u00bb open_toggle_background_color=\u00bbRGBA(255,255,255,0)\u00bb closed_toggle_background_color=\u00bbRGBA(255,255,255,0)\u00bb icon_color=\u00bb#000000&#8243; toggle_icon=\u00bb&#x50;||divi||400&#8243; use_icon_font_size=\u00bbon\u00bb icon_font_size=\u00bb32px\u00bb open_toggle_icon=\u00bb&#x4f;||divi||400&#8243; open_use_icon_font_size=\u00bbon\u00bb open_icon_font_size=\u00bb32px\u00bb _builder_version=\u00bb4.27.2&#8243; _module_preset=\u00bbdefault\u00bb title_level=\u00bbh6&#8243; title_font=\u00bbRaleway||||||||\u00bb title_text_align=\u00bbcenter\u00bb title_font_size=\u00bb18px\u00bb closed_title_font=\u00bbRaleway||||||||\u00bb custom_margin=\u00bb0px|0px|0px|0px|false|false\u00bb custom_padding=\u00bb0px|0px|0px|0px|false|false\u00bb border_width_all=\u00bb0px\u00bb border_color_all=\u00bbRGBA(255,255,255,0)\u00bb global_colors_info=\u00bb{}\u00bb]A lo largo de sus 35 a\u00f1os como director general del Teatro Municipal de Santiago, Rodr\u00edguez P\u00e9rez desarroll\u00f3 sus tres cuerpos estables: orquesta, coro y ballet. Adem\u00e1s, promovi\u00f3 el \u00e1rea de las co-producciones de ese escenario con otros espacios, como el Teatro Col\u00f3n de Buenos Aires, Teatro Real de Madrid, \u00d3pera de Oviedo, Capitole de Toulouse, Opera de Washington, Dallas, entre otros.<\/p>\n<p>En materia de formaci\u00f3n de p\u00fablicos y de fomento a las artes nacionales y sus artistas, promovi\u00f3 m\u00faltiples giras de producciones y artistas a lo largo de todo Chile y abri\u00f3 espacios como El Peque\u00f1o Municipal y Crecer Cantando, destinados a la creaci\u00f3n de nuevas audiencias y al fomento de la m\u00fasica coral. Asimismo, ofreci\u00f3 importantes espacios a los creadores nacionales, tanto en la escenograf\u00eda como en el vestuario, iluminaci\u00f3n y direcci\u00f3n teatral.<\/p>\n<p>Miembro de diversos directorios de organizaciones culturales, en 2007 fund\u00f3 y actualmente es el primer vicepresidente de \u00d3pera Latinoam\u00e9rica OLA, una red internacional de teatros latinoamericanos. Adem\u00e1s, desarrolla proyectos culturales para diferentes organizaciones en Chile y el extranjero.[\/et_pb_toggle][\/et_pb_column][\/et_pb_row][et_pb_row column_structure=\u00bb1_5,1_5,1_5,1_5,1_5&#8243; disabled_on=\u00bboff|off|off\u00bb _builder_version=\u00bb4.22.1&#8243; _module_preset=\u00bbdefault\u00bb global_colors_info=\u00bb{}\u00bb][et_pb_column type=\u00bb1_5&#8243; _builder_version=\u00bb4.20.0&#8243; _module_preset=\u00bbdefault\u00bb global_colors_info=\u00bb{}\u00bb][et_pb_image src=\u00bbhttps:\/\/www.operala.org\/encuentrosola\/wp-content\/uploads\/2024\/07\/imagen_2024-07-15_091555840.png\u00bb title_text=\u00bbimagen_2024-07-15_091555840&#8243; disabled_on=\u00bbon|off|off\u00bb module_class=\u00bbpanelista\u00bb _builder_version=\u00bb4.26.1&#8243; _module_preset=\u00bbdefault\u00bb global_colors_info=\u00bb{}\u00bb background__hover_enabled=\u00bboff|desktop\u00bb][\/et_pb_image][et_pb_toggle title=\u00bbCarmen Romero Quero, Directora general de Fundaci\u00f3n Teatro a Mil, Chile\u00bb open_toggle_background_color=\u00bbRGBA(255,255,255,0)\u00bb closed_toggle_background_color=\u00bbRGBA(255,255,255,0)\u00bb icon_color=\u00bb#000000&#8243; toggle_icon=\u00bb&#x50;||divi||400&#8243; use_icon_font_size=\u00bbon\u00bb icon_font_size=\u00bb32px\u00bb open_toggle_icon=\u00bb&#x4f;||divi||400&#8243; open_use_icon_font_size=\u00bbon\u00bb open_icon_font_size=\u00bb32px\u00bb _builder_version=\u00bb4.27.3&#8243; _module_preset=\u00bbdefault\u00bb title_level=\u00bbh6&#8243; title_font=\u00bbRaleway||||||||\u00bb title_text_align=\u00bbcenter\u00bb title_font_size=\u00bb18px\u00bb closed_title_font=\u00bbRaleway||||||||\u00bb custom_margin=\u00bb0px|0px|0px|0px|false|false\u00bb custom_padding=\u00bb0px|0px|0px|0px|false|false\u00bb border_width_all=\u00bb0px\u00bb border_color_all=\u00bbRGBA(255,255,255,0)\u00bb global_colors_info=\u00bb{}\u00bb]<\/p>\n<p><span style=\"font-weight: 400;\">Gestora cultural <\/span><a href=\"https:\/\/es.wikipedia.org\/wiki\/Nacionalidad_chilena\"><span style=\"font-weight: 400;\">chilena<\/span><\/a><span style=\"font-weight: 400;\">. Directora Ejecutiva de <\/span><a href=\"https:\/\/es.wikipedia.org\/wiki\/Fundaci%C3%B3n_Teatro_a_Mil\"><span style=\"font-weight: 400;\">Fundaci\u00f3n Teatro a Mil<\/span><\/a><span style=\"font-weight: 400;\"> y directora general del <\/span><a href=\"https:\/\/es.wikipedia.org\/wiki\/Festival_Internacional_Santiago_a_Mil\"><span style=\"font-weight: 400;\">Festival Internacional Santiago a Mil<\/span><\/a><span style=\"font-weight: 400;\">. Su trabajo se ha centrado en proyectos que apuntan a hacer que el <\/span><a href=\"https:\/\/es.wikipedia.org\/wiki\/Arte_contempor%C3%A1neo\"><span style=\"font-weight: 400;\">arte contempor\u00e1neo<\/span><\/a><span style=\"font-weight: 400;\"> y las <\/span><a href=\"https:\/\/es.wikipedia.org\/wiki\/Artes_esc%C3%A9nicas\"><span style=\"font-weight: 400;\">artes esc\u00e9nicas<\/span><\/a><span style=\"font-weight: 400;\"> de excelencia sean fundamentales en la vida de los chilenos. Es una l\u00edder propulsora de redes culturales en Latinoam\u00e9rica y asesora estrat\u00e9gica en proyectos de alto impacto en la percepci\u00f3n de las personas y en la transformaci\u00f3n de la ciudad. <\/span><span style=\"font-weight: 400;\">A trav\u00e9s de Fundaci\u00f3n Teatro a Mil,\u200b se ha dedicado a apoyar la creaci\u00f3n art\u00edstica chilena, a internacionalizar las artes esc\u00e9nicas latinoamericanas, al desarrollo de p\u00fablicos y a acortar la brecha social y geogr\u00e1fica en el acceso a las artes esc\u00e9nicas en Chile.<\/span> <span style=\"font-weight: 400;\">En 2004 fue nombrada Chevalier de l\u2019ordre des Arts et des Lettres (<\/span><a href=\"https:\/\/es.wikipedia.org\/wiki\/Orden_de_las_Artes_y_las_Letras\"><span style=\"font-weight: 400;\">caballero de las Artes y de las Letras<\/span><\/a><span style=\"font-weight: 400;\">) por el Ministerio de la Cultura y la Comunicaci\u00f3n de Francia, en 2014 fue denominada Cavaliere dell\u2019Ordine della Stella d\u2019Italia\u200b y en 2018 fue condecorada con la Orden Nacional del M\u00e9rito, en el grado de <\/span><i><span style=\"font-weight: 400;\">Chevallier,<\/span><\/i><span style=\"font-weight: 400;\"> otorgada por el Gobierno de Francia.<\/span><\/p>\n<p>[\/et_pb_toggle][\/et_pb_column][et_pb_column type=\u00bb1_5&#8243; _builder_version=\u00bb4.20.0&#8243; _module_preset=\u00bbdefault\u00bb global_colors_info=\u00bb{}\u00bb][et_pb_image src=\u00bbhttps:\/\/www.operala.org\/encuentrosola\/wp-content\/uploads\/2024\/07\/pedro-salazar.jpeg\u00bb title_text=\u00bbpedro salazar\u00bb disabled_on=\u00bbon|off|off\u00bb module_class=\u00bbpanelista\u00bb _builder_version=\u00bb4.26.1&#8243; _module_preset=\u00bbdefault\u00bb global_colors_info=\u00bb{}\u00bb background__hover_enabled=\u00bboff|desktop\u00bb][\/et_pb_image][et_pb_toggle title=\u00bbPedro Salazar, Compa\u00f1\u00eda Estable, Colombia\u00bb open_toggle_background_color=\u00bbRGBA(255,255,255,0)\u00bb closed_toggle_background_color=\u00bbRGBA(255,255,255,0)\u00bb icon_color=\u00bb#000000&#8243; toggle_icon=\u00bb&#x50;||divi||400&#8243; use_icon_font_size=\u00bbon\u00bb icon_font_size=\u00bb32px\u00bb open_toggle_icon=\u00bb&#x4f;||divi||400&#8243; open_use_icon_font_size=\u00bbon\u00bb open_icon_font_size=\u00bb32px\u00bb _builder_version=\u00bb4.26.1&#8243; _module_preset=\u00bbdefault\u00bb title_level=\u00bbh6&#8243; title_font=\u00bbRaleway||||||||\u00bb title_text_align=\u00bbcenter\u00bb title_font_size=\u00bb18px\u00bb closed_title_font=\u00bbRaleway||||||||\u00bb custom_margin=\u00bb0px|0px|0px|0px|false|false\u00bb custom_padding=\u00bb0px|0px|0px|0px|false|false\u00bb border_width_all=\u00bb0px\u00bb border_color_all=\u00bbRGBA(255,255,255,0)\u00bb global_colors_info=\u00bb{}\u00bb]<\/p>\n<p>Pedro Salazar (Bogot\u00e1, 1974) es un director colombiano de teatro, \u00f3pera y teatro musical. Con una po\u00e9tica que articula el clasicismo y lo experimental, ha dirigido m\u00e1s de una veintena de obras de distintos g\u00e9neros. Desde 2007 dirige en Bogot\u00e1 su propia productora, La Compa\u00f1\u00eda Estable, en asociaci\u00f3n con algunos de los principales teatros de la ciudad. Algunas de sus principales producciones incluyen:<span>\u00a0<\/span><em>Macbeth<\/em>, estrenada en el Teatro Col\u00f3n por encargo del Ministerio de Cultura, la \u00f3pera<span>\u00a0<\/span><em>Tosca<\/em>, en el Teatro Mayor, adem\u00e1s de<span>\u00a0<\/span><em>Otelo<\/em>,<span>\u00a0<\/span><em>La forma de las cosas<\/em>,<span>\u00a0<\/span><em>Piedras en los bolsillos, The Pillowman,<\/em><span>\u00a0<\/span><em>El feo<span>\u00a0<\/span><\/em>y<em><span>\u00a0<\/span>La vida es sue\u00f1o<\/em>. Es el director del \u00e1rea de Artes Esc\u00e9nicas en la Facultad de Artes y Humanidades de la Universidad de Los Andes. Egresado en Artes Teatrales por la Universidad de Brown (1996) y en Teatro F\u00edsico por la Escuela Internacional de Teatro de Jacques Lecoq (1999), se ha especializado en direcci\u00f3n teatral con un MFA de la Universidad de Columbia.<\/p>\n<p>[\/et_pb_toggle][\/et_pb_column][et_pb_column type=\u00bb1_5&#8243; _builder_version=\u00bb4.20.0&#8243; _module_preset=\u00bbdefault\u00bb global_colors_info=\u00bb{}\u00bb][et_pb_image src=\u00bbhttps:\/\/www.operala.org\/encuentrosola\/wp-content\/uploads\/2024\/10\/Karl.jpg\u00bb title_text=\u00bbKarl\u00bb disabled_on=\u00bbon|off|off\u00bb module_class=\u00bbpanelista\u00bb _builder_version=\u00bb4.27.2&#8243; _module_preset=\u00bbdefault\u00bb global_colors_info=\u00bb{}\u00bb background__hover_enabled=\u00bboff|desktop\u00bb][\/et_pb_image][et_pb_toggle title=\u00bbKarl Sateler\u00bb open_toggle_background_color=\u00bbRGBA(255,255,255,0)\u00bb closed_toggle_background_color=\u00bbRGBA(255,255,255,0)\u00bb icon_color=\u00bb#000000&#8243; toggle_icon=\u00bb&#x50;||divi||400&#8243; use_icon_font_size=\u00bbon\u00bb icon_font_size=\u00bb32px\u00bb open_toggle_icon=\u00bb&#x4f;||divi||400&#8243; open_use_icon_font_size=\u00bbon\u00bb open_icon_font_size=\u00bb32px\u00bb _builder_version=\u00bb4.27.2&#8243; _module_preset=\u00bbdefault\u00bb title_level=\u00bbh6&#8243; title_font=\u00bbRaleway||||||||\u00bb title_text_align=\u00bbcenter\u00bb title_font_size=\u00bb18px\u00bb closed_title_font=\u00bbRaleway||||||||\u00bb custom_margin=\u00bb0px|0px|0px|0px|false|false\u00bb custom_padding=\u00bb0px|0px|0px|0px|false|false\u00bb border_width_all=\u00bb0px\u00bb border_color_all=\u00bbRGBA(255,255,255,0)\u00bb global_colors_info=\u00bb{}\u00bb]Dise\u00f1ador teatral y productor t\u00e9cnico con m\u00e1s de 15 a\u00f1os de experiencia en iluminaci\u00f3n, escenograf\u00eda y multimedia. Ha liderado el dise\u00f1o y la jefatura t\u00e9cnica de diversas obras de teatro y giras internacionales, adem\u00e1s de gestionar la producci\u00f3n t\u00e9cnica en destacados festivales como Santiago a Mil, Ruhrtriennale, Holland Festival, Festival de Avignon y FIND. Tambi\u00e9n ha participado en proyectos de construcci\u00f3n y remodelaci\u00f3n de espacios esc\u00e9nicos, asesorando e implementando tecnolog\u00eda en centros culturales y laboratorios creativos.[\/et_pb_toggle][\/et_pb_column][et_pb_column type=\u00bb1_5&#8243; _builder_version=\u00bb4.20.0&#8243; _module_preset=\u00bbdefault\u00bb global_colors_info=\u00bb{}\u00bb][et_pb_image src=\u00bbhttps:\/\/www.operala.org\/encuentrosola\/wp-content\/uploads\/2024\/07\/Marc-Scorca.png\u00bb title_text=\u00bbMarc Scorca\u00bb disabled_on=\u00bbon|off|off\u00bb module_class=\u00bbpanelista\u00bb _builder_version=\u00bb4.26.1&#8243; _module_preset=\u00bbdefault\u00bb global_colors_info=\u00bb{}\u00bb background__hover_enabled=\u00bboff|desktop\u00bb][\/et_pb_image][et_pb_toggle title=\u00bbMarc Scorca, Opera Am\u00e9rica, Estados Unidos\u00bb open_toggle_background_color=\u00bbRGBA(255,255,255,0)\u00bb closed_toggle_background_color=\u00bbRGBA(255,255,255,0)\u00bb icon_color=\u00bb#000000&#8243; toggle_icon=\u00bb&#x50;||divi||400&#8243; use_icon_font_size=\u00bbon\u00bb icon_font_size=\u00bb32px\u00bb open_toggle_icon=\u00bb&#x4f;||divi||400&#8243; open_use_icon_font_size=\u00bbon\u00bb open_icon_font_size=\u00bb32px\u00bb _builder_version=\u00bb4.26.1&#8243; _module_preset=\u00bbdefault\u00bb title_level=\u00bbh6&#8243; title_font=\u00bbRaleway||||||||\u00bb title_text_align=\u00bbcenter\u00bb title_font_size=\u00bb18px\u00bb closed_title_font=\u00bbRaleway||||||||\u00bb custom_margin=\u00bb0px|0px|0px|0px|false|false\u00bb custom_padding=\u00bb0px|0px|0px|0px|false|false\u00bb border_width_all=\u00bb0px\u00bb border_color_all=\u00bbRGBA(255,255,255,0)\u00bb global_colors_info=\u00bb{}\u00bb]<\/p>\n<p style=\"text-align: justify;\"><span style=\"font-weight: 400;\">Marc A. Scorca se incorpor\u00f3 a OPERA Am\u00e9rica en 1990 como presidente y director ejecutivo. Desde entonces, la membres\u00eda de OPERA America ha crecido de 120 compa\u00f1\u00edas de \u00f3pera a casi 2500 organizaciones e individuos. Bajo el liderazgo de Scorca, OPERA America ha administrado dos iniciativas de financiaci\u00f3n hist\u00f3ricas en apoyo del desarrollo de \u00f3peras y audiencias de \u00f3pera en Am\u00e9rica del Norte y lanz\u00f3 una donaci\u00f3n de $20 millones en 2000 para crear un fondo permanente dedicado a apoyar nuevas obras y actividades de desarrollo de audiencias. La reubicaci\u00f3n de OPERA America de Washington, DC a la ciudad de Nueva York en diciembre de 2005 ha aumentado la comunicaci\u00f3n y colaboraci\u00f3n con y entre los miembros tanto a nivel local como nacional. OPERA America apoy\u00f3 el establecimiento de las afiliadas Opera.ca (Toronto) y Opera Europa (Bruselas) y trabaja en estrecha colaboraci\u00f3n con ambas organizaciones.<\/span><\/p>\n<p>[\/et_pb_toggle][\/et_pb_column][et_pb_column type=\u00bb1_5&#8243; _builder_version=\u00bb4.20.0&#8243; _module_preset=\u00bbdefault\u00bb global_colors_info=\u00bb{}\u00bb][et_pb_image src=\u00bbhttps:\/\/www.operala.org\/encuentrosola\/wp-content\/uploads\/2024\/07\/Chantal-Signorio.jpg\u00bb title_text=\u00bbChantal Signorio\u00bb disabled_on=\u00bbon|off|off\u00bb module_class=\u00bbpanelista\u00bb _builder_version=\u00bb4.26.1&#8243; _module_preset=\u00bbdefault\u00bb global_colors_info=\u00bb{}\u00bb background__hover_enabled=\u00bboff|desktop\u00bb][\/et_pb_image][et_pb_toggle title=\u00bbChantal Signorio, Puerto de Ideas, Chile\u00bb open_toggle_background_color=\u00bbRGBA(255,255,255,0)\u00bb closed_toggle_background_color=\u00bbRGBA(255,255,255,0)\u00bb icon_color=\u00bb#000000&#8243; toggle_icon=\u00bb&#x50;||divi||400&#8243; use_icon_font_size=\u00bbon\u00bb icon_font_size=\u00bb32px\u00bb open_toggle_icon=\u00bb&#x4f;||divi||400&#8243; open_use_icon_font_size=\u00bbon\u00bb open_icon_font_size=\u00bb32px\u00bb _builder_version=\u00bb4.27.0&#8243; _module_preset=\u00bbdefault\u00bb title_level=\u00bbh6&#8243; title_font=\u00bbRaleway||||||||\u00bb title_text_align=\u00bbcenter\u00bb title_font_size=\u00bb18px\u00bb closed_title_font=\u00bbRaleway||||||||\u00bb custom_margin=\u00bb0px|0px|0px|0px|false|false\u00bb custom_padding=\u00bb0px|0px|0px|0px|false|false\u00bb border_width_all=\u00bb0px\u00bb border_color_all=\u00bbRGBA(255,255,255,0)\u00bb global_colors_info=\u00bb{}\u00bb]<\/p>\n<p style=\"text-align: justify;\"><span>Cientista pol\u00edtica por la Universidad Cat\u00f3lica del Sagrado Coraz\u00f3n de Mil\u00e1n y mag\u00edster en Ciencias Pol\u00edticas por la Pontificia Universidad Cat\u00f3lica de Chile. Fundadora y presidenta de Convivir, Fundaci\u00f3n de Intolerancia al Gluten, y de la Fundaci\u00f3n Puerto de Ideas, la cual organiza dos festivales anuales de reflexi\u00f3n cultural y cient\u00edfica en Valpara\u00edso y Antofagasta, respectivamente.<\/span><\/p>\n<p>[\/et_pb_toggle][\/et_pb_column][\/et_pb_row][et_pb_row column_structure=\u00bb1_5,1_5,1_5,1_5,1_5&#8243; _builder_version=\u00bb4.22.1&#8243; _module_preset=\u00bbdefault\u00bb global_colors_info=\u00bb{}\u00bb][et_pb_column type=\u00bb1_5&#8243; _builder_version=\u00bb4.20.0&#8243; _module_preset=\u00bbdefault\u00bb global_colors_info=\u00bb{}\u00bb][et_pb_image src=\u00bbhttps:\/\/www.operala.org\/encuentrosola\/wp-content\/uploads\/2024\/10\/karen-stona.jpg\u00bb title_text=\u00bbkaren-stona\u00bb disabled_on=\u00bbon|off|off\u00bb module_class=\u00bbpanelista\u00bb _builder_version=\u00bb4.27.2&#8243; _module_preset=\u00bbdefault\u00bb global_colors_info=\u00bb{}\u00bb background__hover_enabled=\u00bboff|desktop\u00bb][\/et_pb_image][et_pb_toggle title=\u00bbKaren Stone\tDirectora Opera Europa\u00bb open_toggle_background_color=\u00bbRGBA(255,255,255,0)\u00bb closed_toggle_background_color=\u00bbRGBA(255,255,255,0)\u00bb icon_color=\u00bb#000000&#8243; toggle_icon=\u00bb&#x50;||divi||400&#8243; use_icon_font_size=\u00bbon\u00bb icon_font_size=\u00bb32px\u00bb open_toggle_icon=\u00bb&#x4f;||divi||400&#8243; open_use_icon_font_size=\u00bbon\u00bb open_icon_font_size=\u00bb32px\u00bb _builder_version=\u00bb4.27.2&#8243; _module_preset=\u00bbdefault\u00bb title_level=\u00bbh6&#8243; title_font=\u00bbRaleway||||||||\u00bb title_text_align=\u00bbcenter\u00bb title_font_size=\u00bb18px\u00bb closed_title_font=\u00bbRaleway||||||||\u00bb custom_margin=\u00bb0px|0px|0px|0px|false|false\u00bb custom_padding=\u00bb0px|0px|0px|0px|false|false\u00bb border_width_all=\u00bb0px\u00bb border_color_all=\u00bbRGBA(255,255,255,0)\u00bb global_colors_info=\u00bb{}\u00bb]Karen Stone is Executive Director of Opera Europa. She studied singing and piano at the Royal Academy of Music, London and at the Conservatorio di Musica Santa Cecilia, Rome &#8211; Italy. She started her career as assistant director in Freiburg in Breisgau and went on to become staff producer at the English National Opera, the Royal Opera House Covent Garden, London and the Bayerische Staatsoper. Munich.  In 1995 she became Opera Director and director of the Opera Studio in Cologne. Germany.  In 2000 she was designated Generalintendant in Graz, Austria; subsequently becoming General Manager of The Dallas Opera, USA, where she was also part of the team working on the design and building of the new Winspear Opera House. In 2009 she returned to Germany as Generalintendant of the theatres and orchestra in Magdeburg, Saxony-Anhalt. Karen Stone has been a member of the jury of several international singing competitions including the Toti dal Monte, Treviso &#8211;  Italy, the Ferruccio Tagiavini, Deutschlandsberg &#8211; Austria ,the AsLiCo competition, Milan and Como &#8211; Italy, the  Giuseppe di Stefano, Sicily, Concorso di Canto, Spoleto \u2013 Italy, the Competizione dell&#8217;Opera, Dresden \u2013 Germany, the International Vocal Competition, \u2018s-Hertogenbosch \u2013  Netherlands, as well as the European Opera Directing Competition and the Ring Award. As a stage director Karen Stone has worked in many opera houses including Houston Grand Opera, USA, Los Angeles Opera, USA, New Zealand Opera, Opera de Colombia, Bogot\u00e1 \u2013 Columbia, Op\u00e9ra de Nice, France and the Op\u00e9ra de Monte Carlo.[\/et_pb_toggle][\/et_pb_column][et_pb_column type=\u00bb1_5&#8243; _builder_version=\u00bb4.20.0&#8243; _module_preset=\u00bbdefault\u00bb global_colors_info=\u00bb{}\u00bb][et_pb_image src=\u00bbhttps:\/\/www.operala.org\/encuentrosola\/wp-content\/uploads\/2024\/07\/Xiomara-Suescun.jpg\u00bb title_text=\u00bbXiomara Suesc\u00fan\u00bb disabled_on=\u00bbon|off|off\u00bb module_class=\u00bbpanelista\u00bb _builder_version=\u00bb4.26.1&#8243; _module_preset=\u00bbdefault\u00bb global_colors_info=\u00bb{}\u00bb background__hover_enabled=\u00bboff|desktop\u00bb][\/et_pb_image][et_pb_toggle title=\u00bbXiomara Suesc\u00fan, Directora, CNA Teatro Col\u00f3n Bogot\u00e1\u00bb open_toggle_background_color=\u00bbRGBA(255,255,255,0)\u00bb closed_toggle_background_color=\u00bbRGBA(255,255,255,0)\u00bb icon_color=\u00bb#000000&#8243; toggle_icon=\u00bb&#x50;||divi||400&#8243; use_icon_font_size=\u00bbon\u00bb icon_font_size=\u00bb32px\u00bb open_toggle_icon=\u00bb&#x4f;||divi||400&#8243; open_use_icon_font_size=\u00bbon\u00bb open_icon_font_size=\u00bb32px\u00bb _builder_version=\u00bb4.26.1&#8243; _module_preset=\u00bbdefault\u00bb title_level=\u00bbh6&#8243; title_font=\u00bbRaleway||||||||\u00bb title_text_align=\u00bbcenter\u00bb title_font_size=\u00bb18px\u00bb closed_title_font=\u00bbRaleway||||||||\u00bb custom_margin=\u00bb0px|0px|0px|0px|false|false\u00bb custom_padding=\u00bb0px|0px|0px|0px|false|false\u00bb border_width_all=\u00bb0px\u00bb border_color_all=\u00bbRGBA(255,255,255,0)\u00bb global_colors_info=\u00bb{}\u00bb]<\/p>\n<p><span style=\"font-weight: 400;\">Gestora cultural y experta en econom\u00edas creativas que lidera procesos sostenibles para el ecosistema y busca crear referentes de innovaci\u00f3n cultural en Am\u00e9rica Latina y el mundo. <\/span><span style=\"font-weight: 400;\">Quiere crear redes de trabajo que consoliden pol\u00edticas culturales en el pa\u00eds y la regi\u00f3n, que impacten la creaci\u00f3n, producci\u00f3n, gesti\u00f3n, circulaci\u00f3n e internacionalizaci\u00f3n de las artes y el sector cultural y creativo. <\/span><span style=\"font-weight: 400;\">Busca establecer, desde su cargo como Directora del Centro Nacional de las Artes Delia Zapata Olivella del Ministerio de las Culturas, las Artes y el Conocimiento de Colombia, su modelo institucional, misional y de comunicaci\u00f3n y posicionar al Delia como un complejo de espacios art\u00edsticos y culturales, con el m\u00e1s alto nivel de producci\u00f3n y curadur\u00eda; sede del mejor talento nacional donde se reconozca en toda su grandeza la dignidad y diversidad cultural de todo el territorio a nivel mundial.<\/span><\/p>\n<p>[\/et_pb_toggle][\/et_pb_column][et_pb_column type=\u00bb1_5&#8243; _builder_version=\u00bb4.20.0&#8243; _module_preset=\u00bbdefault\u00bb global_colors_info=\u00bb{}\u00bb][et_pb_image src=\u00bbhttps:\/\/www.operala.org\/encuentrosola\/wp-content\/uploads\/2024\/10\/francisca-vasquez.jpg\u00bb title_text=\u00bbfrancisca-vasquez\u00bb disabled_on=\u00bbon|off|off\u00bb module_class=\u00bbpanelista\u00bb _builder_version=\u00bb4.27.2&#8243; _module_preset=\u00bbdefault\u00bb global_colors_info=\u00bb{}\u00bb background__hover_enabled=\u00bboff|desktop\u00bb][\/et_pb_image][et_pb_toggle title=\u00bbFrancisca V\u00e1squez, Subgerente Comercial y Marketing &#8211; Teatro Municipal de Santiago\u00bb open_toggle_background_color=\u00bbRGBA(255,255,255,0)\u00bb closed_toggle_background_color=\u00bbRGBA(255,255,255,0)\u00bb icon_color=\u00bb#000000&#8243; toggle_icon=\u00bb&#x50;||divi||400&#8243; use_icon_font_size=\u00bbon\u00bb icon_font_size=\u00bb32px\u00bb open_toggle_icon=\u00bb&#x4f;||divi||400&#8243; open_use_icon_font_size=\u00bbon\u00bb open_icon_font_size=\u00bb32px\u00bb _builder_version=\u00bb4.27.2&#8243; _module_preset=\u00bbdefault\u00bb title_level=\u00bbh6&#8243; title_font=\u00bbRaleway||||||||\u00bb title_text_align=\u00bbcenter\u00bb title_font_size=\u00bb18px\u00bb closed_title_font=\u00bbRaleway||||||||\u00bb custom_margin=\u00bb0px|0px|0px|0px|false|false\u00bb custom_padding=\u00bb0px|0px|0px|0px|false|false\u00bb border_width_all=\u00bb0px\u00bb border_color_all=\u00bbRGBA(255,255,255,0)\u00bb global_colors_info=\u00bb{}\u00bb]<\/p>\n<p>Con m\u00e1s de 14 a\u00f1os de experiencia en el rubro art\u00edstico cultural del pa\u00eds, he desarrollado una carrera profesional con foco en estrategias comerciales y de marketing. Dise\u00f1adora Gr\u00e1fica y Licenciada en Comunicaci\u00f3n Visual. Diplomada en Dise\u00f1o Editorial en la Universidad de Chile. Me he vinculado trasversalmente en diversos proyectos art\u00edsticos lo cual me ha permitido enfrentarlos de manera integral, liderando m\u00faltiples campa\u00f1as publicitarias y comerciales, las cuales han tenido un gran \u00e9xito en las metas propuestas.<\/p>\n<p>He forjado s\u00f3lidas relaciones comerciales con diversas marcas y media partners dentro de los m\u00e1s relevantes est\u00e1n; La Red TV, Fundaci\u00f3n La Fuente, Huawei, Diario Financiero, Universidad Diego Portales, Radio TXS, Mutual de Seguridad, Fundaci\u00f3n Antenna, 13C, entre otros.<\/p>\n<p>Tengo un profundo inter\u00e9s en la gesti\u00f3n comercial, marketing digital, cultura, arte, contenidos de mediaci\u00f3n, programaci\u00f3n art\u00edstica y la construcci\u00f3n de redes de colaboraci\u00f3n que permitan aumentar el impacto de los proyectos que lidero.<\/p>\n<p>[\/et_pb_toggle][\/et_pb_column][et_pb_column type=\u00bb1_5&#8243; _builder_version=\u00bb4.20.0&#8243; _module_preset=\u00bbdefault\u00bb global_colors_info=\u00bb{}\u00bb][et_pb_image src=\u00bbhttps:\/\/www.operala.org\/encuentrosola\/wp-content\/uploads\/2024\/10\/Carlos-Veitia.jpg\u00bb title_text=\u00bbCarlos-Veitia\u00bb disabled_on=\u00bbon|off|off\u00bb module_class=\u00bbpanelista\u00bb _builder_version=\u00bb4.27.2&#8243; _module_preset=\u00bbdefault\u00bb global_colors_info=\u00bb{}\u00bb background__hover_enabled=\u00bboff|desktop\u00bb][\/et_pb_image][et_pb_toggle title=\u00bbCarlos Veitia, Director general y artistico Teatro Nacional Eduardo Brito Santo Domingo.\u00bb open_toggle_background_color=\u00bbRGBA(255,255,255,0)\u00bb closed_toggle_background_color=\u00bbRGBA(255,255,255,0)\u00bb icon_color=\u00bb#000000&#8243; toggle_icon=\u00bb&#x50;||divi||400&#8243; use_icon_font_size=\u00bbon\u00bb icon_font_size=\u00bb32px\u00bb open_toggle_icon=\u00bb&#x4f;||divi||400&#8243; open_use_icon_font_size=\u00bbon\u00bb open_icon_font_size=\u00bb32px\u00bb _builder_version=\u00bb4.27.2&#8243; _module_preset=\u00bbdefault\u00bb title_level=\u00bbh6&#8243; title_font=\u00bbRaleway||||||||\u00bb title_text_align=\u00bbcenter\u00bb title_font_size=\u00bb18px\u00bb closed_title_font=\u00bbRaleway||||||||\u00bb custom_margin=\u00bb0px|0px|0px|0px|false|false\u00bb custom_padding=\u00bb0px|0px|0px|0px|false|false\u00bb border_width_all=\u00bb0px\u00bb border_color_all=\u00bbRGBA(255,255,255,0)\u00bb global_colors_info=\u00bb{}\u00bb]Inici\u00f3 sus estudios guiado por su madre la profesora Clara Elena Ram\u00edrez,continuando en La Academia Cubana de<br \/>\nBallet ,sede del Ballet Concerto company of Miami.<\/p>\n<p>En 1976 pasa al Boston Ballet ,donde ingresa y baila con la c\u00f1ia por cuatro a\u00f1os . Regresa a Santo Dgo y participa en la fundaci\u00f3n del Ballet Cl\u00e1sico Dominicano que luego se convierte en Ballet Nacional . De igual forma funda junto a la profesora Ram\u00edrez el Ballet Concierto Dominicano en el 1981 , instituci\u00f3n que trae figuras internacionales como Fernando Bujones , estrella del American Ballet Teatro ,entre otros artistas y adem\u00e1s donde se desarrolla una generaci\u00f3n de bailarines.<\/p>\n<p>Fue director del Ballet Nacional Dominicano entre 2000\/2003 ,recibiendo elogios de la critica internacional. Ha participado en Los Encuentros de Core\u00f3grafos Caribe\u00f1os del Ballet Concierto de Puerto Rico en 1987,97,2000,2010. En 1991 fue invitado al Taller de core\u00f3grafos del American Dance Festival. En 1995 fue seleccionado como Core\u00f3grafo del Continente Americano recibiendo el Fellowship of the Americas Award del<br \/>\nKennedy Center de Washington DC.<\/p>\n<p>Fue seleccionado joven sobresaliente en 1996 por la organizaci\u00f3n Jaycees, e incorporado al Circulo Supremo de<br \/>\nPlata en el 2000. En 2008 fue conferenciante en el Congreso mundial de la danza , realizado en Grecia por El Consejo Internacional<br \/>\nde la danza. Ha recibido los Premios Casandra y Soberano otorgado por los cronistas de arte de RD en mas de 20 ocasiones. Sus trabajos incluyen los cl\u00e1sicos tradicionales siendo El Cascanueces su producci\u00f3n mas presentada con Ballet Concierto Y Ballet Nacional en mas de catorce ocasiones y versiones.<\/p>\n<p>Ha creado trabajos coreogr\u00e1ficos como Bolero, Las Estaciones, La Valse, Anima Mobile, Tiempo de espera, Carmen, Tercer mundo, Con el Tiempo , Hispaniola, Naboriadaca , Tres ( inspirado en memoria de las hnas Mirabal ) , Colores de la danza, Pop ( junto a Isadora Bruno) y muchas otras obras. Realiz\u00f3 en 2010 el Musical West Side Story , bajo acuerdo con Music Theater Inter. Particip\u00f3 en el Festival Diaghilev , en Polonia en 2012 y en 2013 mont\u00f3 con su academia \u00abLa Bella Durmiente \u00ab. Ha coreografiado ballets de operas siendo La Traviata en Abril 2019 la mas reciente.<\/p>\n<p>Fue director coreogr\u00e1fico de Premios Soberano en 2017. Su creaci\u00f3n \u00bb Nunca como en las noches los colores son tan brillantes\u00bb del compositor dominicofranc\u00e9s Fran\u00e7ois Bahuaud , se estren\u00f3 en Nov 2017 por Ballet Nacional. Fue galardonado en 2018 como core\u00f3grafo en los premios Soberano de Rep Dom. Recibi\u00f3 el Soberano a las artes esc\u00e9nicas en 2023 por su trayectoria. Fue designado director art\u00edstico y general del Teatro Nacional en julio 2022 por el gobierno del presidente Luis Abinader.[\/et_pb_toggle][\/et_pb_column][et_pb_column type=\u00bb1_5&#8243; _builder_version=\u00bb4.20.0&#8243; _module_preset=\u00bbdefault\u00bb global_colors_info=\u00bb{}\u00bb][et_pb_image src=\u00bbhttps:\/\/www.operala.org\/encuentrosola\/wp-content\/uploads\/2024\/10\/FernandaVidela.jpg\u00bb title_text=\u00bbFernandaVidela\u00bb disabled_on=\u00bbon|off|off\u00bb module_class=\u00bbpanelista\u00bb _builder_version=\u00bb4.27.2&#8243; _module_preset=\u00bbdefault\u00bb global_colors_info=\u00bb{}\u00bb background__hover_enabled=\u00bboff|desktop\u00bb][\/et_pb_image][et_pb_toggle title=\u00bbFernanda Videla\tDirectora T\u00e9cnica Teatro Biob\u00edo\u00bb open_toggle_background_color=\u00bbRGBA(255,255,255,0)\u00bb closed_toggle_background_color=\u00bbRGBA(255,255,255,0)\u00bb icon_color=\u00bb#000000&#8243; toggle_icon=\u00bb&#x50;||divi||400&#8243; use_icon_font_size=\u00bbon\u00bb icon_font_size=\u00bb32px\u00bb open_toggle_icon=\u00bb&#x4f;||divi||400&#8243; open_use_icon_font_size=\u00bbon\u00bb open_icon_font_size=\u00bb32px\u00bb _builder_version=\u00bb4.27.2&#8243; _module_preset=\u00bbdefault\u00bb title_level=\u00bbh6&#8243; title_font=\u00bbRaleway||||||||\u00bb title_text_align=\u00bbcenter\u00bb title_font_size=\u00bb18px\u00bb closed_title_font=\u00bbRaleway||||||||\u00bb custom_margin=\u00bb0px|0px|0px|0px|false|false\u00bb custom_padding=\u00bb0px|0px|0px|0px|false|false\u00bb border_width_all=\u00bb0px\u00bb border_color_all=\u00bbRGBA(255,255,255,0)\u00bb global_colors_info=\u00bb{}\u00bb]Actriz y escen\u00f3grafa, estudi\u00f3 Teatro en la Pontificia Universidad Cat\u00f3lica de Chile y un M\u00e1ster en Dise\u00f1o Esc\u00e9nico en el Instituto de las Artes de California. Desde 2021 es jefa esc\u00e9nica de Teatro Biob\u00edo, donde ha impulsado proyectos como el laboratorio de creaci\u00f3n e innovaci\u00f3n esc\u00e9nica TBB Lab, que incluye un taller de realizaci\u00f3n escenogr\u00e1fica, formaci\u00f3n y otras iniciativas; la Factor\u00eda Esc\u00e9nica del Sur; y el \u00e1rea de experiencia del Festival REC. Ha dise\u00f1ado producciones propias del Teatro Biob\u00edo, entre ellas, M\u00e1s all\u00e1 de ellas (2021), el musical Cecilia, una historia incomparable (2022) y la \u00f3pera inmersiva Hijas del mundo (2023), t\u00edtulo que es parte de la primera versi\u00f3n internacional del programa Oh!pera del Gran Teatre del Liceu.<\/p>\n<p>Tambi\u00e9n ha desarrollado proyectos independientes en Chile junto al dramaturgo y director Guillermo Calder\u00f3n, la compa\u00f1\u00eda La Otra Zapatilla, y en Estados Unidos con la Play Company y Heidi Duckler company . Ha participado como speaker en la Cuatrienal de Dise\u00f1o de Praga y ha publicado en la revista inglesa Design and Performance.[\/et_pb_toggle][\/et_pb_column][\/et_pb_row][et_pb_row column_structure=\u00bb1_5,1_5,1_5,1_5,1_5&#8243; _builder_version=\u00bb4.20.0&#8243; _module_preset=\u00bbdefault\u00bb global_colors_info=\u00bb{}\u00bb][et_pb_column type=\u00bb1_5&#8243; _builder_version=\u00bb4.20.0&#8243; _module_preset=\u00bbdefault\u00bb global_colors_info=\u00bb{}\u00bb][et_pb_image src=\u00bbhttps:\/\/www.operala.org\/encuentrosola\/wp-content\/uploads\/2024\/10\/georg-vierthaler.jpg\u00bb title_text=\u00bbgeorg-vierthaler\u00bb disabled_on=\u00bbon|off|off\u00bb module_class=\u00bbpanelista\u00bb _builder_version=\u00bb4.27.2&#8243; _module_preset=\u00bbdefault\u00bb global_colors_info=\u00bb{}\u00bb background__hover_enabled=\u00bboff|desktop\u00bb][\/et_pb_image][et_pb_toggle title=\u00bbGeorg Vierthaler Director General Berlin Opera Foundation\u00bb open_toggle_background_color=\u00bbRGBA(255,255,255,0)\u00bb closed_toggle_background_color=\u00bbRGBA(255,255,255,0)\u00bb icon_color=\u00bb#000000&#8243; toggle_icon=\u00bb&#x50;||divi||400&#8243; use_icon_font_size=\u00bbon\u00bb icon_font_size=\u00bb32px\u00bb open_toggle_icon=\u00bb&#x4f;||divi||400&#8243; open_use_icon_font_size=\u00bbon\u00bb open_icon_font_size=\u00bb32px\u00bb _builder_version=\u00bb4.27.2&#8243; _module_preset=\u00bbdefault\u00bb title_level=\u00bbh6&#8243; title_font=\u00bbRaleway||||||||\u00bb title_text_align=\u00bbcenter\u00bb title_font_size=\u00bb18px\u00bb closed_title_font=\u00bbRaleway||||||||\u00bb custom_margin=\u00bb0px|0px|0px|0px|false|false\u00bb custom_padding=\u00bb0px|0px|0px|0px|false|false\u00bb border_width_all=\u00bb0px\u00bb border_color_all=\u00bbRGBA(255,255,255,0)\u00bb global_colors_info=\u00bb{}\u00bb]Georg Vierthaler was born in Bavaria in 1957. After gaining his high school diploma and completing military service, Mr. Vierthaler studied economics from 1978-1982. Directly after he worked as Administrative Director at the M\u00fcnchner Volkstheater before he went to the Landestheater W\u00fcrttemberg-Hohenzollern in T\u00fcbingen as Administrative Director in 1992. In 1994, he became Managing Director of the Staatsoper Berlin until 2008 when he changed to the Konzerthaus Berlin in the same position. Since 2004 he has been Managing Director of the Staatsballett Berlin and was appointed General Director of the Stiftung Oper in Berlin in 2013.<\/p>\n<p>Furthermore Mr. Vierthaler holds various honorary posts, including chairman of the regional association of the German Theatrical Association, honorary associate judge at the theatres\u2019 arbitration courts and the state labour court Berlin-Brandenburg, council member of the municipal employees&#8217; association Berlin and member of the Arts Council Berlin.[\/et_pb_toggle][\/et_pb_column][et_pb_column type=\u00bb1_5&#8243; _builder_version=\u00bb4.20.2&#8243; _module_preset=\u00bbdefault\u00bb global_colors_info=\u00bb{}\u00bb][et_pb_image src=\u00bbhttps:\/\/www.operala.org\/encuentrosola\/wp-content\/uploads\/2024\/10\/alejandra-wood.jpg\u00bb title_text=\u00bbalejandra-wood\u00bb disabled_on=\u00bbon|off|off\u00bb module_class=\u00bbpanelista\u00bb _builder_version=\u00bb4.27.2&#8243; _module_preset=\u00bbdefault\u00bb global_colors_info=\u00bb{}\u00bb background__hover_enabled=\u00bboff|desktop\u00bb][\/et_pb_image][et_pb_toggle title=\u00bbAlejandra Wood\tMiembro del directorio de Codelco. Presidente del comit\u00e9 de sustentabilidad Codelco\u00bb open_toggle_background_color=\u00bbRGBA(255,255,255,0)\u00bb closed_toggle_background_color=\u00bbRGBA(255,255,255,0)\u00bb icon_color=\u00bb#000000&#8243; toggle_icon=\u00bb&#x50;||divi||400&#8243; use_icon_font_size=\u00bbon\u00bb icon_font_size=\u00bb32px\u00bb open_toggle_icon=\u00bb&#x4f;||divi||400&#8243; open_use_icon_font_size=\u00bbon\u00bb open_icon_font_size=\u00bb32px\u00bb _builder_version=\u00bb4.27.2&#8243; _module_preset=\u00bbdefault\u00bb title_level=\u00bbh6&#8243; title_font=\u00bbRaleway||||||||\u00bb title_text_align=\u00bbcenter\u00bb title_font_size=\u00bb18px\u00bb closed_title_font=\u00bbRaleway||||||||\u00bb custom_margin=\u00bb0px|0px|0px|0px|false|false\u00bb custom_padding=\u00bb0px|0px|0px|0px|false|false\u00bb border_width_all=\u00bb0px\u00bb border_color_all=\u00bbRGBA(255,255,255,0)\u00bb global_colors_info=\u00bb{}\u00bb]Alejandra Wood es directora de Codelco. Adem\u00e1s es miembro de los directorios de Fundaci\u00f3n Ciudad<br \/>\nEmergente y Atex Resources, consejera de Comunidad Mujer y miembro de Red de Espacio P\u00fablico. Fue Jefa de Comunicaciones y Asuntos P\u00fablicos de Minera Escondida, gerente de Asuntos P\u00fablicos de BHP Billiton Base Metals, gerente de la Divisi\u00f3n de Asuntos Corporativos de Scotiabank y directora ejecutiva del Centro Gabriela Mistral (GAM).<\/p>\n<p>Entre 2015 y 2022 fue directora ejecutiva del Centro de Estudios del Cobre, Cesco. Fue directora de The Copper Mark. Wood es licenciada en historia y tiene m\u00e1s de dos d\u00e9cadas de experiencia en gesti\u00f3n y planificaci\u00f3n estrat\u00e9gica, comunicaciones corporativas, asuntos p\u00fablicos y manejo de crisis. Fue responsable de la puesta en marcha del Centro Gabriela Mistral, GAM, que r\u00e1pidamente se posicion\u00f3 como el principal centro cultural del pa\u00eds por haber hecho una innovaci\u00f3n significativa en la gesti\u00f3n y oferta cultural del pa\u00eds.<\/p>\n<p>En 2007 y 2010 fue elegida entre las 100 mujeres l\u00edderes de Chile por El Mercurio; en 2010 fue el Personaje del a\u00f1o seg\u00fan el ranking elaborado por La Segunda y en 2011 recibi\u00f3 el premio Energ\u00eda Mujer, de Enersis. Recientemente fue reconocida entre las 100 mujeres de la industria minera chilena.[\/et_pb_toggle][\/et_pb_column][et_pb_column type=\u00bb1_5&#8243; _builder_version=\u00bb4.20.0&#8243; _module_preset=\u00bbdefault\u00bb global_colors_info=\u00bb{}\u00bb][et_pb_image src=\u00bbhttps:\/\/www.operala.org\/encuentrosola\/wp-content\/uploads\/2024\/07\/Tsuyoshi-Yamaguchi.jpeg\u00bb title_text=\u00bbTsuyoshi Yamaguchi\u00bb disabled_on=\u00bbon|off|off\u00bb module_class=\u00bbpanelista\u00bb _builder_version=\u00bb4.27.0&#8243; _module_preset=\u00bbdefault\u00bb global_colors_info=\u00bb{}\u00bb background__hover_enabled=\u00bboff|desktop\u00bb][\/et_pb_image][et_pb_toggle title=\u00bbTsuyoshi Yamaguchi, Tokio Nikikay Opera Foundation, Jap\u00f3n\u00bb open_toggle_background_color=\u00bbRGBA(255,255,255,0)\u00bb closed_toggle_background_color=\u00bbRGBA(255,255,255,0)\u00bb icon_color=\u00bb#000000&#8243; toggle_icon=\u00bb&#x50;||divi||400&#8243; use_icon_font_size=\u00bbon\u00bb icon_font_size=\u00bb32px\u00bb open_toggle_icon=\u00bb&#x4f;||divi||400&#8243; open_use_icon_font_size=\u00bbon\u00bb open_icon_font_size=\u00bb32px\u00bb _builder_version=\u00bb4.27.0&#8243; _module_preset=\u00bbdefault\u00bb title_level=\u00bbh6&#8243; title_font=\u00bbRaleway||||||||\u00bb title_text_align=\u00bbcenter\u00bb title_font_size=\u00bb18px\u00bb closed_title_font=\u00bbRaleway||||||||\u00bb custom_margin=\u00bb0px|0px|0px|0px|false|false\u00bb custom_padding=\u00bb0px|0px|0px|0px|false|false\u00bb border_width_all=\u00bb0px\u00bb border_color_all=\u00bbRGBA(255,255,255,0)\u00bb global_colors_info=\u00bb{}\u00bb]<\/p>\n<p><span style=\"font-weight: 400;\">Tsuyoshi Yamaguchi es director ejecutivo de la Fundaci\u00f3n de la \u00d3pera Nikakai de Tokio. \u00c9l <\/span><span style=\"font-weight: 400;\">se uni\u00f3 al T.N.O.F. en 1997 y designado para su puesto actual en 2018. <\/span><span style=\"font-weight: 400;\">Yamaguchi nace en Chiba, Jap\u00f3n y ha tomado lecciones de viol\u00edn y violonchelo desde su <\/span><span style=\"font-weight: 400;\">infancia. Y estudi\u00f3 literatura y ense\u00f1anza de idiomas. <\/span><span style=\"font-weight: 400;\">A lo largo de su carrera, trabaj\u00f3 con muchos directores de orquesta y directores de escena internacionales y confi\u00f3 en <\/span><span style=\"font-weight: 400;\">relaci\u00f3n con p.e. Michel Plasson, Peter Konwitschny. Bajo su liderazgo, T.N.O.F. <\/span><span style=\"font-weight: 400;\">ha liderado el camino para llevar la \u00f3pera japonesa a una fase internacional utilizando la estrecha <\/span><span style=\"font-weight: 400;\">relaciones entre muchos teatros de \u00f3pera: p.e. \u00d3pera Semper de Dresde, \u00d3pera Estatal de Hamburgo, <\/span><span style=\"font-weight: 400;\">la \u00d3pera de Holanda y la \u00d3pera de San Francisco. <\/span><span style=\"font-weight: 400;\">Fue ponente invitado en el I Foro Mundial de \u00d3pera de Madrid.<\/span><\/p>\n<p>[\/et_pb_toggle][\/et_pb_column][et_pb_column type=\u00bb1_5&#8243; _builder_version=\u00bb4.20.0&#8243; _module_preset=\u00bbdefault\u00bb global_colors_info=\u00bb{}\u00bb][et_pb_image src=\u00bbhttps:\/\/www.operala.org\/encuentrosola\/wp-content\/uploads\/2024\/07\/Trinidad-Zaldivar-BID.jpg\u00bb title_text=\u00bbTrinidad Zaldivar (BID)\u00bb disabled_on=\u00bbon|off|off\u00bb module_class=\u00bbpanelista\u00bb _builder_version=\u00bb4.27.0&#8243; _module_preset=\u00bbdefault\u00bb global_colors_info=\u00bb{}\u00bb background__hover_enabled=\u00bboff|desktop\u00bb][\/et_pb_image][et_pb_toggle title=\u00bbTrinidad Zaldivar, Banco Interamericano de Desarrollo, Estados Unidos\u00bb open_toggle_background_color=\u00bbRGBA(255,255,255,0)\u00bb closed_toggle_background_color=\u00bbRGBA(255,255,255,0)\u00bb icon_color=\u00bb#000000&#8243; toggle_icon=\u00bb&#x50;||divi||400&#8243; use_icon_font_size=\u00bbon\u00bb icon_font_size=\u00bb32px\u00bb open_toggle_icon=\u00bb&#x4f;||divi||400&#8243; open_use_icon_font_size=\u00bbon\u00bb open_icon_font_size=\u00bb32px\u00bb _builder_version=\u00bb4.27.0&#8243; _module_preset=\u00bbdefault\u00bb title_level=\u00bbh6&#8243; title_font=\u00bbRaleway||||||||\u00bb title_text_align=\u00bbcenter\u00bb title_font_size=\u00bb18px\u00bb closed_title_font=\u00bbRaleway||||||||\u00bb custom_margin=\u00bb0px|0px|0px|0px|false|false\u00bb custom_padding=\u00bb0px|0px|0px|0px|false|false\u00bb border_width_all=\u00bb0px\u00bb border_color_all=\u00bbRGBA(255,255,255,0)\u00bb global_colors_info=\u00bb{}\u00bb]<\/p>\n<p><span style=\"font-weight: 400;\">Trinidad Zald\u00edvar, Ph.D., es Jefa de la Divisi\u00f3n de Asuntos Culturales, Solidaridad y Creatividad en la Oficina de Relaciones Externas del BID. Desde all\u00ed, a trav\u00e9s de la cultura, la creatividad y el voluntariado busca crear soluciones innovadoras a los diferentes sectores del Banco. Lidera una plataforma que le da visibilidad a creadores, artistas emergentes y emprendedores que est\u00e1n impactando vidas en \u00e1reas vitales para el desarrollo de la regi\u00f3n. Tiene experiencia en gesti\u00f3n del cambio, pr\u00e1cticas internacionales de desarrollo y an\u00e1lisis cultural. Es autora de m\u00e1s de 20 art\u00edculos y varios libros sobre la cultura de Chile. Zald\u00edvar tiene un Doctorado en Historia de la Pontificia Universidad Cat\u00f3lica de Chile y la Universidad Sorbonne Par\u00eds 1. Cuenta con 20 a\u00f1os de experiencia en diversas organizaciones, incluyendo multilaterales y centros culturales. Anteriormente colabor\u00f3 con IMAGO Global Grassroots y la Organizaci\u00f3n de Estados Americanos en el desarrollo de programas culturales, exhibiciones de arte, educaci\u00f3n entre otros proyectos.<\/span><\/p>\n<p>[\/et_pb_toggle][\/et_pb_column][et_pb_column type=\u00bb1_5&#8243; _builder_version=\u00bb4.20.0&#8243; _module_preset=\u00bbdefault\u00bb global_colors_info=\u00bb{}\u00bb][\/et_pb_column][\/et_pb_row][\/et_pb_section][et_pb_section fb_built=\u00bb1&#8243; _builder_version=\u00bb4.20.2&#8243; _module_preset=\u00bbdefault\u00bb global_colors_info=\u00bb{}\u00bb][et_pb_row disabled_on=\u00bboff|off|off\u00bb _builder_version=\u00bb4.20.2&#8243; _module_preset=\u00bbdefault\u00bb module_alignment=\u00bbcenter\u00bb custom_margin=\u00bb||||false|false\u00bb custom_padding=\u00bb||||false|false\u00bb global_colors_info=\u00bb{}\u00bb][et_pb_column type=\u00bb4_4&#8243; _builder_version=\u00bb4.20.2&#8243; _module_preset=\u00bbdefault\u00bb global_colors_info=\u00bb{}\u00bb][et_pb_text _builder_version=\u00bb4.20.2&#8243; _module_preset=\u00bbdefault\u00bb custom_margin=\u00bb0px||0px||false|false\u00bb custom_padding=\u00bb0px||0px||false|false\u00bb global_colors_info=\u00bb{}\u00bb]<\/p>\n<p><strong>Organizan:<\/strong><\/p>\n<p>[\/et_pb_text][ba_logo_grid grid_gap=\u00bb23px\u00bb image_hover=\u00bbzoom_out\u00bb column_count_tablet=\u00bb\u00bb column_count_phone=\u00bb1&#8243; column_count_last_edited=\u00bbon|phone\u00bb grid_height_tablet=\u00bb\u00bb grid_height_phone=\u00bb100px\u00bb grid_height_last_edited=\u00bbon|phone\u00bb grid_gap_tablet=\u00bb23px\u00bb grid_gap_phone=\u00bb15px\u00bb grid_gap_last_edited=\u00bbon|phone\u00bb disabled_on=\u00bboff|off|off\u00bb _builder_version=\u00bb4.22.1&#8243; _module_preset=\u00bbdefault\u00bb custom_margin_tablet=\u00bb\u00bb custom_margin_phone=\u00bb20px||||false|false\u00bb custom_margin_last_edited=\u00bbon|phone\u00bb custom_padding=\u00bb||||false|false\u00bb custom_padding_tablet=\u00bb||||false|false\u00bb custom_padding_phone=\u00bb||20px||false|false\u00bb custom_padding_last_edited=\u00bbon|phone\u00bb global_colors_info=\u00bb{}\u00bb][ba_logo_grid_child logo_url=\u00bbhttps:\/\/www.operala.org\/encuentrosola\/wp-content\/uploads\/2023\/03\/Logo_Completo_OLA_Normal.png\u00bb _builder_version=\u00bb4.22.1&#8243; _module_preset=\u00bbdefault\u00bb global_colors_info=\u00bb{}\u00bb][\/ba_logo_grid_child][ba_logo_grid_child logo_url=\u00bbhttps:\/\/www.operala.org\/encuentrosola\/wp-content\/uploads\/2023\/09\/LOGO-MUNISTGO2017-NEGRO-SINFONDO-e1694136566209.png\u00bb _builder_version=\u00bb4.22.1&#8243; _module_preset=\u00bbdefault\u00bb global_colors_info=\u00bb{}\u00bb][\/ba_logo_grid_child][\/ba_logo_grid][\/et_pb_column][\/et_pb_row][et_pb_row disabled_on=\u00bboff|off|off\u00bb _builder_version=\u00bb4.20.2&#8243; _module_preset=\u00bbdefault\u00bb custom_margin=\u00bb|auto|1px|auto|false|false\u00bb global_colors_info=\u00bb{}\u00bb][et_pb_column type=\u00bb4_4&#8243; _builder_version=\u00bb4.20.2&#8243; _module_preset=\u00bbdefault\u00bb global_colors_info=\u00bb{}\u00bb][et_pb_text _builder_version=\u00bb4.27.2&#8243; _module_preset=\u00bbdefault\u00bb custom_margin=\u00bb0px||0px||false|false\u00bb custom_padding=\u00bb0px||0px||false|false\u00bb global_colors_info=\u00bb{}\u00bb]<\/p>\n<p><strong>Patrocina:<\/strong><\/p>\n<p>[\/et_pb_text][ba_logo_carousel logo_width=\u00bb200px\u00bb _builder_version=\u00bb4.27.2&#8243; _module_preset=\u00bbdefault\u00bb global_colors_info=\u00bb{}\u00bb][ba_logo_carousel_child logo=\u00bbhttps:\/\/www.operala.org\/encuentrosola\/wp-content\/uploads\/2024\/07\/CAForiginalCaribeH-ESP.png\u00bb brand_name=\u00bbCAF\u00bb _builder_version=\u00bb4.24.2&#8243; _module_preset=\u00bbdefault\u00bb global_colors_info=\u00bb{}\u00bb][\/ba_logo_carousel_child][ba_logo_carousel_child logo=\u00bbhttps:\/\/www.operala.org\/encuentrosola\/wp-content\/uploads\/2024\/07\/Logo-ProChile-Ceruleo.png\u00bb brand_name=\u00bbProChile\u00bb _builder_version=\u00bb4.24.2&#8243; _module_preset=\u00bbdefault\u00bb global_colors_info=\u00bb{}\u00bb][\/ba_logo_carousel_child][ba_logo_carousel_child logo=\u00bbhttps:\/\/www.operala.org\/encuentrosola\/wp-content\/uploads\/2023\/03\/logo-bid-2.png\u00bb brand_name=\u00bbBID\u00bb _builder_version=\u00bb4.24.2&#8243; _module_preset=\u00bbdefault\u00bb global_colors_info=\u00bb{}\u00bb][\/ba_logo_carousel_child][ba_logo_carousel_child admin_title=\u00bbMINCAP\u00bb logo=\u00bbhttps:\/\/www.operala.org\/encuentrosola\/wp-content\/uploads\/2024\/09\/Recurso4.png\u00bb brand_name=\u00bbMincap\u00bb _builder_version=\u00bb4.27.0&#8243; _module_preset=\u00bbdefault\u00bb global_colors_info=\u00bb{}\u00bb][\/ba_logo_carousel_child][ba_logo_carousel_child logo=\u00bbhttps:\/\/www.operala.org\/encuentrosola\/wp-content\/uploads\/2024\/03\/LOGO-AMBASSADE-FRANCE-AU-CHILI-CARRE-1-1.png\u00bb brand_name=\u00bbEmbajada Francia\u00bb _builder_version=\u00bb4.24.2&#8243; _module_preset=\u00bbdefault\u00bb global_colors_info=\u00bb{}\u00bb][\/ba_logo_carousel_child][ba_logo_carousel_child logo=\u00bbhttps:\/\/www.operala.org\/encuentrosola\/wp-content\/uploads\/2024\/03\/IFCHILE-BLEU-SIGNATURE-DROITE-1-1.png\u00bb brand_name=\u00bbICF\u00bb _builder_version=\u00bb4.24.2&#8243; _module_preset=\u00bbdefault\u00bb global_colors_info=\u00bb{}\u00bb][\/ba_logo_carousel_child][ba_logo_carousel_child admin_title=\u00bbMuni Stgo\u00bb logo=\u00bbhttps:\/\/www.operala.org\/encuentrosola\/wp-content\/uploads\/2024\/09\/Logo_2021_muni.webp\u00bb brand_name=\u00bbMunicipalidad de Santiago\u00bb _builder_version=\u00bb4.27.0&#8243; _module_preset=\u00bbdefault\u00bb global_colors_info=\u00bb{}\u00bb][\/ba_logo_carousel_child][ba_logo_carousel_child logo=\u00bbhttps:\/\/www.operala.org\/encuentrosola\/wp-content\/uploads\/2024\/10\/Negro-EMB-CHILE-AECID-CC-SANTIAGO-DE-CHILE-1.png\u00bb brand_name=\u00bbCentro Cultural de Espa\u00f1a\u00bb _builder_version=\u00bb4.27.2&#8243; _module_preset=\u00bbdefault\u00bb global_colors_info=\u00bb{}\u00bb][\/ba_logo_carousel_child][\/ba_logo_carousel][\/et_pb_column][\/et_pb_row][et_pb_row disabled_on=\u00bboff|off|off\u00bb _builder_version=\u00bb4.27.0&#8243; _module_preset=\u00bbdefault\u00bb custom_margin=\u00bb0px|auto|0px|auto|true|false\u00bb global_colors_info=\u00bb{}\u00bb][et_pb_column type=\u00bb4_4&#8243; _builder_version=\u00bb4.20.2&#8243; _module_preset=\u00bbdefault\u00bb global_colors_info=\u00bb{}\u00bb][et_pb_text _builder_version=\u00bb4.22.1&#8243; _module_preset=\u00bbdefault\u00bb custom_margin=\u00bb0px||0px||false|false\u00bb custom_padding=\u00bb0px||0px||false|false\u00bb global_colors_info=\u00bb{}\u00bb]<\/p>\n<p><strong>Colaboran:<\/strong><\/p>\n<p>[\/et_pb_text][ba_logo_carousel logo_width=\u00bb200px\u00bb _builder_version=\u00bb4.27.2&#8243; _module_preset=\u00bbdefault\u00bb global_colors_info=\u00bb{}\u00bb][ba_logo_carousel_child admin_title=\u00bbVi\u00f1a Santa Rosa\u00bb logo=\u00bbhttps:\/\/www.operala.org\/encuentrosola\/wp-content\/uploads\/2024\/09\/Recurso-1.png\u00bb brand_name=\u00bbVi\u00f1a Santa Rosa\u00bb _builder_version=\u00bb4.27.0&#8243; _module_preset=\u00bbdefault\u00bb global_colors_info=\u00bb{}\u00bb][\/ba_logo_carousel_child][ba_logo_carousel_child admin_title=\u00bbH. Imael\u00bb logo=\u00bbhttps:\/\/www.operala.org\/encuentrosola\/wp-content\/uploads\/2024\/09\/logo-Ismael.png\u00bb _builder_version=\u00bb4.27.0&#8243; _module_preset=\u00bbdefault\u00bb global_colors_info=\u00bb{}\u00bb][\/ba_logo_carousel_child][ba_logo_carousel_child admin_title=\u00bbH. Magnolia\u00bb logo=\u00bbhttps:\/\/www.operala.org\/encuentrosola\/wp-content\/uploads\/2024\/09\/logo-h-magnolia.png\u00bb _builder_version=\u00bb4.27.0&#8243; _module_preset=\u00bbdefault\u00bb global_colors_info=\u00bb{}\u00bb][\/ba_logo_carousel_child][ba_logo_carousel_child admin_title=\u00bbH. Pza San Fco\u00bb logo=\u00bbhttps:\/\/www.operala.org\/encuentrosola\/wp-content\/uploads\/2024\/09\/logotipo_HPSF.png\u00bb _builder_version=\u00bb4.27.0&#8243; _module_preset=\u00bbdefault\u00bb global_colors_info=\u00bb{}\u00bb][\/ba_logo_carousel_child][ba_logo_carousel_child admin_title=\u00bbH. Debaines\u00bb logo=\u00bbhttps:\/\/www.operala.org\/encuentrosola\/wp-content\/uploads\/2024\/09\/Recurso2.png\u00bb brand_name=\u00bbDebaines\u00bb _builder_version=\u00bb4.27.0&#8243; _module_preset=\u00bbdefault\u00bb global_colors_info=\u00bb{}\u00bb][\/ba_logo_carousel_child][ba_logo_carousel_child admin_title=\u00bbThe Singual\u00bb logo=\u00bbhttps:\/\/www.operala.org\/encuentrosola\/wp-content\/uploads\/2024\/09\/Recurso3.png\u00bb brand_name=\u00bbThe Singular\u00bb _builder_version=\u00bb4.27.0&#8243; _module_preset=\u00bbdefault\u00bb global_colors_info=\u00bb{}\u00bb][\/ba_logo_carousel_child][ba_logo_carousel_child admin_title=\u00bbH. Almacruz\u00bb logo=\u00bbhttps:\/\/www.operala.org\/encuentrosola\/wp-content\/uploads\/2024\/09\/h-alma-cruz.png\u00bb brand_name=\u00bbAlmacruz\u00bb _builder_version=\u00bb4.27.0&#8243; _module_preset=\u00bbdefault\u00bb global_colors_info=\u00bb{}\u00bb][\/ba_logo_carousel_child][ba_logo_carousel_child logo=\u00bbhttps:\/\/www.operala.org\/encuentrosola\/wp-content\/uploads\/2024\/10\/Logo-Web_T24_Varsovienne.png\u00bb brand_name=\u00bbVarsovienne\u00bb _builder_version=\u00bb4.27.2&#8243; _module_preset=\u00bbdefault\u00bb global_colors_info=\u00bb{}\u00bb][\/ba_logo_carousel_child][ba_logo_carousel_child logo=\u00bbhttps:\/\/www.operala.org\/encuentrosola\/wp-content\/uploads\/2023\/11\/Logo_MarcaChile_Pluma-Roja-e1699546195678.png\u00bb brand_name=\u00bbImagen de Chile\u00bb _builder_version=\u00bb4.27.2&#8243; _module_preset=\u00bbdefault\u00bb global_colors_info=\u00bb{}\u00bb][\/ba_logo_carousel_child][\/ba_logo_carousel][\/et_pb_column][\/et_pb_row][et_pb_row disabled_on=\u00bboff|off|off\u00bb _builder_version=\u00bb4.27.0&#8243; _module_preset=\u00bbdefault\u00bb custom_margin=\u00bb0px|auto|0px|auto|true|false\u00bb global_colors_info=\u00bb{}\u00bb][et_pb_column type=\u00bb4_4&#8243; _builder_version=\u00bb4.20.2&#8243; _module_preset=\u00bbdefault\u00bb global_colors_info=\u00bb{}\u00bb][et_pb_text _builder_version=\u00bb4.27.2&#8243; _module_preset=\u00bbdefault\u00bb custom_margin=\u00bb0px||0px||false|false\u00bb custom_padding=\u00bb0px||0px||false|false\u00bb global_colors_info=\u00bb{}\u00bb]<\/p>\n<p><strong>Apoyan:<\/strong><\/p>\n<p>[\/et_pb_text][ba_logo_carousel logo_width=\u00bb200px\u00bb _builder_version=\u00bb4.27.2&#8243; _module_preset=\u00bbdefault\u00bb global_colors_info=\u00bb{}\u00bb][ba_logo_carousel_child logo=\u00bbhttps:\/\/www.operala.org\/encuentrosola\/wp-content\/uploads\/2023\/11\/fundacionia_color-e1699545950274.png\u00bb brand_name=\u00bbFIA\u00bb _builder_version=\u00bb4.27.2&#8243; _module_preset=\u00bbdefault\u00bb global_colors_info=\u00bb{}\u00bb][\/ba_logo_carousel_child][ba_logo_carousel_child logo=\u00bbhttps:\/\/www.operala.org\/encuentrosola\/wp-content\/uploads\/2023\/11\/Logo-TMlas-condes-1.jpeg\u00bb brand_name=\u00bbTM Las Condes\u00bb _builder_version=\u00bb4.27.2&#8243; _module_preset=\u00bbdefault\u00bb global_colors_info=\u00bb{}\u00bb][\/ba_logo_carousel_child][ba_logo_carousel_child logo=\u00bbhttps:\/\/www.operala.org\/encuentrosola\/wp-content\/uploads\/2023\/11\/Lucho-Gatica.png\u00bb brand_name=\u00bbT Lucho Gatica\u00bb _builder_version=\u00bb4.27.2&#8243; _module_preset=\u00bbdefault\u00bb global_colors_info=\u00bb{}\u00bb][\/ba_logo_carousel_child][ba_logo_carousel_child logo=\u00bbhttps:\/\/www.operala.org\/encuentrosola\/wp-content\/uploads\/2023\/11\/TRM21-FONDO-CLARO-1-e1699545980290.png\u00bb brand_name=\u00bbTRMAule\u00bb _builder_version=\u00bb4.27.2&#8243; _module_preset=\u00bbdefault\u00bb global_colors_info=\u00bb{}\u00bb][\/ba_logo_carousel_child][ba_logo_carousel_child logo=\u00bbhttps:\/\/www.operala.org\/encuentrosola\/wp-content\/uploads\/2024\/10\/Teatro-Municipal-de-Chillan-01.png\u00bb brand_name=\u00bbTM Chillan\u00bb _builder_version=\u00bb4.27.2&#8243; _module_preset=\u00bbdefault\u00bb global_colors_info=\u00bb{}\u00bb][\/ba_logo_carousel_child][ba_logo_carousel_child logo=\u00bbhttps:\/\/www.operala.org\/encuentrosola\/wp-content\/uploads\/2023\/11\/Logo-TBB_calado_blanco-e1699546145730.png\u00bb brand_name=\u00bbTBB\u00bb _builder_version=\u00bb4.27.2&#8243; _module_preset=\u00bbdefault\u00bb global_colors_info=\u00bb{}\u00bb][\/ba_logo_carousel_child][ba_logo_carousel_child logo=\u00bbhttps:\/\/www.operala.org\/encuentrosola\/wp-content\/uploads\/2023\/11\/logo-TDL.png\u00bb brand_name=\u00bbTdL\u00bb _builder_version=\u00bb4.27.2&#8243; _module_preset=\u00bbdefault\u00bb global_colors_info=\u00bb{}\u00bb][\/ba_logo_carousel_child][\/ba_logo_carousel][\/et_pb_column][\/et_pb_row][\/et_pb_section]<\/p>\n","protected":false},"excerpt":{"rendered":"<p>Bienvenidos a la 17\u00aa conferencia OLA 2024Los teatros son espacios de comunidad y agentes de cambio que generan una mayor cohesi\u00f3n social en nuestros pa\u00edses, dado que se vinculan con miles de personas en sus territorios a trav\u00e9s de la m\u00fasica y las artes esc\u00e9nicas. Son a su vez, polos de creatividad y \u00a0escenarios para [&hellip;]<\/p>\n","protected":false},"author":1,"featured_media":0,"parent":0,"menu_order":0,"comment_status":"closed","ping_status":"closed","template":"","meta":{"_acf_changed":false,"_et_pb_use_builder":"on","_et_pb_old_content":"<!-- wp:paragraph -->\n<p>This is an example page. It's different from a blog post because it will stay in one place and will show up in your site navigation (in most themes). Most people start with an About page that introduces them to potential site visitors. It might say something like this:<\/p>\n<!-- \/wp:paragraph -->\n\n<!-- wp:quote -->\n<blockquote class=\"wp-block-quote\"><!-- wp:paragraph -->\n<p>Hi there! I'm a bike messenger by day, aspiring actor by night, and this is my website. I live in Los Angeles, have a great dog named Jack, and I like pi\u00f1a coladas. (And gettin' caught in the rain.)<\/p>\n<!-- \/wp:paragraph --><\/blockquote>\n<!-- \/wp:quote -->\n\n<!-- wp:paragraph -->\n<p>...or something like this:<\/p>\n<!-- \/wp:paragraph -->\n\n<!-- wp:quote -->\n<blockquote class=\"wp-block-quote\"><!-- wp:paragraph -->\n<p>The XYZ Doohickey Company was founded in 1971, and has been providing quality doohickeys to the public ever since. Located in Gotham City, XYZ employs over 2,000 people and does all kinds of awesome things for the Gotham community.<\/p>\n<!-- \/wp:paragraph --><\/blockquote>\n<!-- \/wp:quote -->\n\n<!-- wp:paragraph -->\n<p>As a new WordPress user, you should go to <a href=\"https:\/\/www.operala.org\/encuentrosola\/wp-admin\/\">your dashboard<\/a> to delete this page and create new pages for your content. Have fun!<\/p>\n<!-- \/wp:paragraph -->","_et_gb_content_width":"","footnotes":""},"class_list":["post-2","page","type-page","status-publish","hentry"],"acf":[],"_links":{"self":[{"href":"https:\/\/www.operala.org\/encuentrosola\/wp-json\/wp\/v2\/pages\/2","targetHints":{"allow":["GET"]}}],"collection":[{"href":"https:\/\/www.operala.org\/encuentrosola\/wp-json\/wp\/v2\/pages"}],"about":[{"href":"https:\/\/www.operala.org\/encuentrosola\/wp-json\/wp\/v2\/types\/page"}],"author":[{"embeddable":true,"href":"https:\/\/www.operala.org\/encuentrosola\/wp-json\/wp\/v2\/users\/1"}],"replies":[{"embeddable":true,"href":"https:\/\/www.operala.org\/encuentrosola\/wp-json\/wp\/v2\/comments?post=2"}],"version-history":[{"count":208,"href":"https:\/\/www.operala.org\/encuentrosola\/wp-json\/wp\/v2\/pages\/2\/revisions"}],"predecessor-version":[{"id":1611,"href":"https:\/\/www.operala.org\/encuentrosola\/wp-json\/wp\/v2\/pages\/2\/revisions\/1611"}],"wp:attachment":[{"href":"https:\/\/www.operala.org\/encuentrosola\/wp-json\/wp\/v2\/media?parent=2"}],"curies":[{"name":"wp","href":"https:\/\/api.w.org\/{rel}","templated":true}]}}