{"id":1835,"date":"2026-03-11T16:57:32","date_gmt":"2026-03-11T16:57:32","guid":{"rendered":"https:\/\/www.operala.org\/encuentrosola\/?page_id=1835"},"modified":"2026-04-21T10:24:40","modified_gmt":"2026-04-21T10:24:40","slug":"conferencia-2026-en","status":"publish","type":"page","link":"https:\/\/www.operala.org\/encuentrosola\/language\/en\/","title":{"rendered":"Conferencia 2026"},"content":{"rendered":"<p>[et_pb_section fb_built=\u00bb1&#8243; admin_label=\u00bbsection\u00bb _builder_version=\u00bb4.27.4&#8243; background_color=\u00bb#6060e6&#8243; custom_margin=\u00bb0px|0px|0px|0px|false|false\u00bb custom_padding=\u00bb0px|0px|0px|0px|false|false\u00bb global_colors_info=\u00bb{}\u00bb][et_pb_row admin_label=\u00bbrow\u00bb _builder_version=\u00bb4.27.4&#8243; background_size=\u00bbinitial\u00bb background_position=\u00bbtop_left\u00bb background_repeat=\u00bbrepeat\u00bb width=\u00bb100%\u00bb max_width=\u00bb100%\u00bb custom_margin=\u00bb0px|0px|0px|0px|false|false\u00bb custom_padding=\u00bb0px|0px|0px|0px|false|false\u00bb global_colors_info=\u00bb{}\u00bb][et_pb_column type=\u00bb4_4&#8243; _builder_version=\u00bb4.27.4&#8243; custom_padding=\u00bb||12px||false|false\u00bb global_colors_info=\u00bb{}\u00bb custom_padding__hover=\u00bb|||\u00bb][et_pb_slider show_arrows=\u00bboff\u00bb show_pagination=\u00bboff\u00bb use_bg_overlay=\u00bboff\u00bb use_text_overlay=\u00bboff\u00bb module_class=\u00bbnormal\u00bb _builder_version=\u00bb4.27.4&#8243; _module_preset=\u00bbdefault\u00bb header_line_height=\u00bb0.1em\u00bb body_font_size=\u00bb18px\u00bb background_color=\u00bbRGBA(255,255,255,0)\u00bb background_enable_video_mp4=\u00bboff\u00bb custom_button=\u00bbon\u00bb button_custom_margin=\u00bb100px||||false|false\u00bb min_height=\u00bb500px\u00bb custom_margin=\u00bb0px|0px|0px|0px|false|false\u00bb custom_padding=\u00bb0px|0px|0px|0px|false|false\u00bb custom_padding_tablet=\u00bb170px||85px|||\u00bb custom_padding_phone=\u00bb0px||0px||false|false\u00bb custom_padding_last_edited=\u00bbon|phone\u00bb header_font_size_tablet=\u00bb\u00bb header_font_size_phone=\u00bb35px\u00bb header_font_size_last_edited=\u00bbon|phone\u00bb body_font_size_tablet=\u00bb18px\u00bb body_font_size_phone=\u00bb14px\u00bb body_font_size_last_edited=\u00bbon|phone\u00bb background_last_edited=\u00bbon|tablet\u00bb text_shadow_style=\u00bbpreset2&#8243; global_colors_info=\u00bb{}\u00bb][et_pb_slide button_link=\u00bbhttps:\/\/www.operala.org\/encuentrosola\/wp-content\/uploads\/2024\/09\/Agenda-Conferencia-OLA-agosto-24.pdf\u00bb url_new_window=\u00bbon\u00bb admin_title=\u00bbImagen principal\u00bb _builder_version=\u00bb4.27.4&#8243; _module_preset=\u00bbdefault\u00bb header_level=\u00bbh2&#8243; header_font=\u00bbPlayfair Display|700|||||||\u00bb header_font_size=\u00bb50px\u00bb header_letter_spacing=\u00bb1px\u00bb header_line_height=\u00bb1.1em\u00bb background_enable_color=\u00bboff\u00bb background_image=\u00bbhttps:\/\/www.operala.org\/encuentrosola\/wp-content\/uploads\/2026\/03\/slide-2026.png\u00bb background_enable_image=\u00bbon\u00bb background_size=\u00bbcontain\u00bb custom_button=\u00bbon\u00bb button_text_color=\u00bb#000000&#8243; button_bg_color=\u00bbrgba(94,223,181,0.87)\u00bb button_border_width=\u00bb2px\u00bb button_border_color=\u00bbRGBA(255,255,255,0)\u00bb button_border_radius=\u00bb41px\u00bb button_font=\u00bbRaleway||||||||\u00bb button_use_icon=\u00bbon\u00bb button_icon=\u00bb&#x24;||divi||400&#8243; button_icon_color=\u00bb#000000&#8243; button_icon_placement=\u00bbright\u00bb button_on_hover=\u00bboff\u00bb button_custom_margin=\u00bb30px||||false|false\u00bb button_custom_padding=\u00bb|45px||30px|false|false\u00bb width=\u00bb75%\u00bb width_tablet=\u00bb75%\u00bb width_phone=\u00bb90%\u00bb width_last_edited=\u00bbon|phone\u00bb custom_padding=\u00bb||100px||false|false\u00bb background_last_edited=\u00bbon|phone\u00bb background_image_tablet=\u00bbhttps:\/\/www.operala.org\/encuentrosola\/wp-content\/uploads\/2025\/03\/header-vf-conferen-cia2025.jpg\u00bb background_image_phone=\u00bbhttps:\/\/www.operala.org\/encuentrosola\/wp-content\/uploads\/2025\/03\/header-vf-conferen-cia2025.jpg\u00bb background_enable_image_tablet=\u00bbon\u00bb background_enable_image_phone=\u00bbon\u00bb background_size_tablet=\u00bbcover\u00bb background_size_phone=\u00bbcover\u00bb background_position_tablet=\u00bbcenter_left\u00bb background_position_phone=\u00bbcenter_left\u00bb background_horizontal_offset_phone=\u00bb0%\u00bb custom_css_main_element=\u00bbword-break: normal;\u00bb header_text_shadow_style=\u00bbpreset2&#8243; header_text_shadow_horizontal_length=\u00bb0.04em\u00bb global_colors_info=\u00bb{}\u00bb button_bg_color__hover_enabled=\u00bbon|desktop\u00bb button_bg_color__hover=\u00bb#FFFFFF\u00bb button_bg_enable_color__hover=\u00bbon\u00bb button_border_color__hover_enabled=\u00bbon|desktop\u00bb button_border_color__hover=\u00bbRGBA(255,255,255,0)\u00bb sticky_transition=\u00bbon\u00bb][\/et_pb_slide][\/et_pb_slider][\/et_pb_column][\/et_pb_row][\/et_pb_section][et_pb_section fb_built=\u00bb1&#8243; _builder_version=\u00bb4.27.4&#8243; _module_preset=\u00bbdefault\u00bb background_color=\u00bb#f0eee9&#8243; min_height=\u00bb834.9px\u00bb custom_padding=\u00bb60px||3px|||\u00bb border_color_top=\u00bbgcid-6207eec6-f49c-4121-a119-8f21cb571fde\u00bb border_width_bottom=\u00bb2px\u00bb border_color_bottom=\u00bbgcid-6207eec6-f49c-4121-a119-8f21cb571fde\u00bb global_colors_info=\u00bb{%22gcid-6207eec6-f49c-4121-a119-8f21cb571fde%22:%91%22border_color_bottom%22,%22border_color_top%22%93}\u00bb][et_pb_row _builder_version=\u00bb4.20.2&#8243; _module_preset=\u00bbdefault\u00bb global_colors_info=\u00bb{}\u00bb][et_pb_column type=\u00bb4_4&#8243; _builder_version=\u00bb4.20.2&#8243; _module_preset=\u00bbdefault\u00bb global_colors_info=\u00bb{}\u00bb][et_pb_text _builder_version=\u00bb4.27.4&#8243; _module_preset=\u00bbdefault\u00bb header_font=\u00bbArchivo|||on|||||\u00bb header_text_color=\u00bbgcid-b7e4330c-2b14-45f8-aac0-05c81f0ae2c6&#8243; header_font_size=\u00bb44px\u00bb header_line_height=\u00bb1.2em\u00bb global_colors_info=\u00bb{%22gcid-b7e4330c-2b14-45f8-aac0-05c81f0ae2c6%22:%91%22header_text_color%22%93}\u00bb]<\/p>\n<article class=\"text-token-text-primary w-full focus:outline-none [--shadow-height:45px] has-data-writing-block:pointer-events-none has-data-writing-block:-mt-(--shadow-height) has-data-writing-block:pt-(--shadow-height) [&amp;:has([data-writing-block])&gt;*]:pointer-events-auto scroll-mt-(--header-height)\" dir=\"auto\" data-turn-id=\"38d68a52-b577-4706-9d83-da961383ca16\" data-testid=\"conversation-turn-21\" data-scroll-anchor=\"false\" data-turn=\"user\" tabindex=\"-1\"><\/article>\n<article class=\"text-token-text-primary w-full focus:outline-none [--shadow-height:45px] has-data-writing-block:pointer-events-none has-data-writing-block:-mt-(--shadow-height) has-data-writing-block:pt-(--shadow-height) [&amp;:has([data-writing-block])&gt;*]:pointer-events-auto scroll-mt-[calc(var(--header-height)+min(200px,max(70px,20svh)))]\" dir=\"auto\" data-turn-id=\"request-WEB:87452a63-a301-4f39-863e-105960487600-10\" data-testid=\"conversation-turn-22\" data-scroll-anchor=\"false\" data-turn=\"assistant\" tabindex=\"-1\">\n<div class=\"text-base my-auto mx-auto [--thread-content-margin:var(--thread-content-margin-xs,calc(var(--spacing)*4))] @w-sm\/main:[--thread-content-margin:var(--thread-content-margin-sm,calc(var(--spacing)*6))] @w-lg\/main:[--thread-content-margin:var(--thread-content-margin-lg,calc(var(--spacing)*16))] px-(--thread-content-margin)\">\n<div class=\"[--thread-content-max-width:40rem] @w-lg\/main:[--thread-content-max-width:48rem] mx-auto max-w-(--thread-content-max-width) flex-1 group\/turn-messages focus-visible:outline-hidden relative flex w-full min-w-0 flex-col agent-turn\" tabindex=\"-1\">\n<div class=\"flex max-w-full flex-col gap-4 grow\">\n<div data-message-author-role=\"assistant\" data-message-id=\"381e73aa-ad7b-4fff-a639-328211be3bf8\" dir=\"auto\" data-message-model-slug=\"gpt-5-mini\" class=\"min-h-8 text-message relative flex w-full flex-col items-end gap-2 text-start break-words whitespace-normal [.text-message+&amp;]:mt-1\">\n<div class=\"flex w-full flex-col gap-1 empty:hidden\">\n<div class=\"markdown prose dark:prose-invert w-full wrap-break-word light markdown-new-styling\">\n<h1 data-start=\"0\" data-end=\"35\" style=\"text-align: center;\"><strong data-start=\"0\" data-end=\"33\">19th OLA Conference Lima 2026<\/strong><\/h1>\n<\/div>\n<\/div>\n<\/div>\n<\/div>\n<\/div>\n<\/div>\n<\/article>\n<p>[\/et_pb_text][\/et_pb_column][\/et_pb_row][et_pb_row column_structure=\u00bb1_2,1_2&#8243; _builder_version=\u00bb4.20.0&#8243; _module_preset=\u00bbdefault\u00bb custom_padding=\u00bb51px|||||\u00bb global_colors_info=\u00bb{}\u00bb][et_pb_column type=\u00bb1_2&#8243; _builder_version=\u00bb4.20.0&#8243; _module_preset=\u00bbdefault\u00bb global_colors_info=\u00bb{}\u00bb][et_pb_text _builder_version=\u00bb4.27.4&#8243; _module_preset=\u00bbdefault\u00bb text_font=\u00bbLCTrinidad|600|||||||\u00bb text_text_color=\u00bbgcid-b7e4330c-2b14-45f8-aac0-05c81f0ae2c6&#8243; text_font_size=\u00bb18px\u00bb text_line_height=\u00bb1.8em\u00bb custom_padding=\u00bb||30px|||\u00bb text_font_size_last_edited=\u00bboff|desktop\u00bb global_colors_info=\u00bb{%22gcid-b7e4330c-2b14-45f8-aac0-05c81f0ae2c6%22:%91%22text_text_color%22%93}\u00bb]<\/p>\n<p><b>\u00d3pera Latinoam\u00e9rica has established itself as an organisation that, through its conferences, offers spaces for deep reflection, collaborative work, and inspiration.<\/b><\/p>\n<p><span style=\"font-weight: 400;\">From the perspective of sustainability \u2014 understood as the factors that allow something to endure over time \u2014 we have addressed practical, social, and technological topics.<\/span><\/p>\n<p><span style=\"font-weight: 400;\">From 16 to 19 June in Lima, Peru, leaders of theatres, festivals, and opera companies from Ibero-America, as well as cultural agents from Peru and around the world, will gather once again, this time around the theme: <\/span><b>Governance and Effective Leadership<\/b><span style=\"font-weight: 400;\">.<\/span><\/p>\n<p><span style=\"font-weight: 400;\">This is an invitation to focus on people, particularly those who lead organisations and teams in times of increasing instability, digitalisation and personal disconnection, as well as growing financial and social demands. These are times in which we are required to be and do many things, leaving us with few moments to pause, listen, and reflect.<\/span><\/p>\n<p data-start=\"110\" data-end=\"279\"><span style=\"font-weight: 400;\">From boards of directors and governing bodies to executive directors and all those leading teams, we will ask ourselves: <\/span><i><span style=\"font-weight: 400;\">What kind of leadership do we need today? What should a leader be like today? What innovative leadership models exist?<\/span><\/i><\/p>\n<p>[\/et_pb_text][\/et_pb_column][et_pb_column type=\u00bb1_2&#8243; _builder_version=\u00bb4.20.0&#8243; _module_preset=\u00bbdefault\u00bb global_colors_info=\u00bb{}\u00bb][et_pb_text _builder_version=\u00bb4.27.4&#8243; _module_preset=\u00bbdefault\u00bb text_font=\u00bbLCTrinidad||||||||\u00bb text_text_color=\u00bbgcid-b7e4330c-2b14-45f8-aac0-05c81f0ae2c6&#8243; text_font_size=\u00bb18px\u00bb text_line_height=\u00bb1.8em\u00bb custom_padding=\u00bb||4px|||\u00bb global_colors_info=\u00bb{%22gcid-b7e4330c-2b14-45f8-aac0-05c81f0ae2c6%22:%91%22text_text_color%22%93}\u00bb]<\/p>\n<p data-start=\"114\" data-end=\"456\"><span style=\"font-weight: 400;\">The first block of the conference will focus on the importance of leaders within our organisations, featuring a panel dedicated to the role of governance today. In order to lead teams with initiative and motivation, we need leaders who can reconnect with their humanity, who remain grounded in reality, and who are capable of navigating the paradoxes of our time.<\/span><\/p>\n<p><span style=\"font-weight: 400;\">Considering that one of the main objectives of these roles is to ensure sustainable and diverse economic models, the second block of the conference will address fundraising strategies. Through case studies, we will explore how OLA organisations have implemented innovative funding models.<\/span><\/p>\n<p><span style=\"font-weight: 400;\">The third block, or thematic axis of the conference, will be dedicated to governance bodies or boards, and how their configuration affects or determines an organisation\u2019s work.<\/span><\/p>\n<p><span style=\"font-weight: 400;\">As is now tradition, we will also hold an internal working session, which includes the association\u2019s General Assembly, a Women\u2019s Forum and a Technical Forum, as well as a space for OLA\u2019s co-production market, culminating in a global marketplace for artistic projects.<\/span><\/p>\n<p>[\/et_pb_text][\/et_pb_column][\/et_pb_row][et_pb_row _builder_version=\u00bb4.27.4&#8243; _module_preset=\u00bbdefault\u00bb custom_margin=\u00bb||||false|false\u00bb custom_padding=\u00bb||||false|false\u00bb global_colors_info=\u00bb{}\u00bb][et_pb_column type=\u00bb4_4&#8243; _builder_version=\u00bb4.27.4&#8243; _module_preset=\u00bbdefault\u00bb global_colors_info=\u00bb{}\u00bb][et_pb_button button_url=\u00bbhttps:\/\/docs.google.com\/forms\/u\/2\/d\/e\/1FAIpQLSe0jO9q9hgF1RNUtmTXiemOQpd-y4Gmo0-VNepXk14k-2p2XA\/viewform?usp=dialog\u00bb url_new_window=\u00bbon\u00bb button_text=\u00bbREGISTER HERE\u00bb button_alignment=\u00bbcenter\u00bb disabled_on=\u00bboff|off|off\u00bb _builder_version=\u00bb4.27.4&#8243; _module_preset=\u00bbdefault\u00bb custom_button=\u00bbon\u00bb button_text_color=\u00bbgcid-b7e4330c-2b14-45f8-aac0-05c81f0ae2c6&#8243; button_bg_color=\u00bbgcid-9a1ff25c-0927-49bc-918e-b34ad09f841c\u00bb button_border_width=\u00bb2px\u00bb button_border_color=\u00bbgcid-b7e4330c-2b14-45f8-aac0-05c81f0ae2c6&#8243; button_border_radius=\u00bb0px\u00bb button_font=\u00bbLCTrinidad|600||on|||||\u00bb button_use_icon=\u00bboff\u00bb custom_margin=\u00bb50px||50px||false|false\u00bb custom_margin_tablet=\u00bb||30px||false|false\u00bb custom_margin_phone=\u00bb|30px|30px|30px|false|false\u00bb custom_margin_last_edited=\u00bbon|phone\u00bb custom_padding=\u00bb12px|25px|12px|25px|false|false\u00bb custom_padding_tablet=\u00bb|65px||25px|false|false\u00bb custom_padding_phone=\u00bb|10px||10px|false|false\u00bb custom_padding_last_edited=\u00bbon|phone\u00bb box_shadow_style=\u00bbpreset3&#8243; locked=\u00bboff\u00bb global_colors_info=\u00bb{%22gcid-9a1ff25c-0927-49bc-918e-b34ad09f841c%22:%91%22button_bg_color%22%93,%22gcid-b7e4330c-2b14-45f8-aac0-05c81f0ae2c6%22:%91%22button_border_color%22,%22button_text_color%22%93}\u00bb][\/et_pb_button][\/et_pb_column][\/et_pb_row][\/et_pb_section][et_pb_section fb_built=\u00bb1&#8243; _builder_version=\u00bb4.27.4&#8243; _module_preset=\u00bbdefault\u00bb background_color=\u00bbgcid-9a1ff25c-0927-49bc-918e-b34ad09f841c\u00bb custom_margin=\u00bb0px||0px||false|false\u00bb custom_padding=\u00bb0px||0px||false|false\u00bb border_width_bottom=\u00bb2px\u00bb border_color_bottom=\u00bbgcid-6207eec6-f49c-4121-a119-8f21cb571fde\u00bb global_colors_info=\u00bb{%22gcid-9a1ff25c-0927-49bc-918e-b34ad09f841c%22:%91%22background_color%22%93,%22gcid-6207eec6-f49c-4121-a119-8f21cb571fde%22:%91%22border_color_bottom%22%93}\u00bb][et_pb_row column_structure=\u00bb1_2,1_2&#8243; use_custom_gutter=\u00bbon\u00bb gutter_width=\u00bb1&#8243; make_equal=\u00bbon\u00bb _builder_version=\u00bb4.27.4&#8243; _module_preset=\u00bbdefault\u00bb background_color=\u00bbgcid-b7e4330c-2b14-45f8-aac0-05c81f0ae2c6&#8243; width=\u00bb100%\u00bb max_width=\u00bb100%\u00bb custom_margin=\u00bb0px|0px|0px|0px|false|false\u00bb custom_padding=\u00bb0px|0px|0px|0px|false|false\u00bb custom_css_free_form=\u00bbselector {||display: flex;||width: 100%;||}\u00bb border_width_all=\u00bb2px\u00bb border_color_all=\u00bbgcid-6207eec6-f49c-4121-a119-8f21cb571fde\u00bb global_colors_info=\u00bb{%22gcid-b7e4330c-2b14-45f8-aac0-05c81f0ae2c6%22:%91%22background_color%22%93,%22gcid-6207eec6-f49c-4121-a119-8f21cb571fde%22:%91%22border_color_all%22%93}\u00bb][et_pb_column type=\u00bb1_2&#8243; _builder_version=\u00bb4.27.4&#8243; _module_preset=\u00bbdefault\u00bb background_enable_image=\u00bboff\u00bb custom_padding=\u00bb0px|0px|0px|0px|false|false\u00bb custom_css_main_element=\u00bbdisplay: flex !important;||flex-direction: column;||justify-content: stretch;||align-items: stretch;||margin-bottom: 0 !important;\u00bb custom_css_free_form=\u00bbselector {||  padding: 0 !important;||}\u00bb border_width_right=\u00bb2px\u00bb border_color_right=\u00bbgcid-6207eec6-f49c-4121-a119-8f21cb571fde\u00bb global_colors_info=\u00bb{%22gcid-6207eec6-f49c-4121-a119-8f21cb571fde%22:%91%22border_color_right%22%93}\u00bb][et_pb_image src=\u00bbhttps:\/\/www.operala.org\/encuentrosola\/wp-content\/uploads\/2025\/03\/Inauguracion.-Foto-Patricio-Cortes-2-1.jpg\u00bb title_text=\u00bbInauguracio\u0301n. Foto Patricio Corte\u0301s 2 (1)\u00bb show_bottom_space=\u00bboff\u00bb align=\u00bbcenter\u00bb _builder_version=\u00bb4.27.4&#8243; _module_preset=\u00bbdefault\u00bb background_enable_image=\u00bboff\u00bb background_size=\u00bbcontain\u00bb positioning=\u00bbrelative\u00bb custom_margin=\u00bb0px||0px||false|false\u00bb custom_padding=\u00bb0px||0px||false|false\u00bb custom_css_free_form=\u00bb.selector {||    height: 100% !important;||    width: 100% !important;||    min-height: 100% !important;||    display: flex !important;||    margin-bottom: 0 !important;||}||||.selector img {||    object-fit: cover !important;||    height: 100% !important;||    width: 100% !important;||}\u00bb global_colors_info=\u00bb{}\u00bb][\/et_pb_image][\/et_pb_column][et_pb_column type=\u00bb1_2&#8243; _builder_version=\u00bb4.27.4&#8243; _module_preset=\u00bbdefault\u00bb custom_padding=\u00bb||||false|false\u00bb custom_css_free_form=\u00bbborder-right: 2px solid #55ffaa; \/* Cambia por tu c\u00f3digo de color *\/||display: flex;||flex-direction: column;\u00bb border_width_right=\u00bb2px\u00bb border_color_right=\u00bbgcid-6207eec6-f49c-4121-a119-8f21cb571fde\u00bb global_colors_info=\u00bb{%22gcid-6207eec6-f49c-4121-a119-8f21cb571fde%22:%91%22border_color_right%22%93}\u00bb][et_pb_text _builder_version=\u00bb4.27.4&#8243; _module_preset=\u00bbdefault\u00bb header_font=\u00bbArchivo|200||on|||||\u00bb header_text_color=\u00bbgcid-9a1ff25c-0927-49bc-918e-b34ad09f841c\u00bb header_font_size=\u00bb45px\u00bb header_line_height=\u00bb1.3em\u00bb custom_margin=\u00bb0px|0px|13px||false|false\u00bb custom_margin_tablet=\u00bb30px||13px|60px|false|false\u00bb custom_margin_phone=\u00bb30px||13px|60px|false|false\u00bb custom_margin_last_edited=\u00bbon|tablet\u00bb custom_padding=\u00bb0px|0px|0px||false|false\u00bb global_colors_info=\u00bb{%22gcid-9a1ff25c-0927-49bc-918e-b34ad09f841c%22:%91%22header_text_color%22%93}\u00bb][\/et_pb_text][et_pb_text _builder_version=\u00bb4.27.4&#8243; _module_preset=\u00bbdefault\u00bb text_font=\u00bbLCTrinidad|600|||||||\u00bb text_text_color=\u00bbgcid-9a1ff25c-0927-49bc-918e-b34ad09f841c\u00bb text_font_size=\u00bb18px\u00bb header_font=\u00bbArchivo|||on|||||\u00bb header_text_color=\u00bbgcid-9a1ff25c-0927-49bc-918e-b34ad09f841c\u00bb header_font_size=\u00bb41px\u00bb width=\u00bb100%\u00bb custom_margin=\u00bb60px||||false|false\u00bb custom_margin_tablet=\u00bb|||60px|false|false\u00bb custom_margin_phone=\u00bb|||60px|false|false\u00bb custom_margin_last_edited=\u00bbon|tablet\u00bb custom_padding=\u00bb0px|18px|60px|18px|false|false\u00bb global_colors_info=\u00bb{%22gcid-9a1ff25c-0927-49bc-918e-b34ad09f841c%22:%91%22text_text_color%22,%22header_text_color%22%93}\u00bb]<\/p>\n<h1>\u00d3pera<br \/>Latinoam\u00e9rica<\/h1>\n<p><span style=\"font-size: 16px; text-align: justify;\">\u00a0<\/span><\/p>\n<p data-start=\"104\" data-end=\"501\"><strong data-start=\"104\" data-end=\"133\">\u00d3pera Latinoam\u00e9rica (OLA)<\/strong> is a non-profit organization and the largest network of theaters in Ibero-America, bringing together more than 45 theaters, festivals, and opera companies, as well as institutions from other performing arts disciplines. Its members come from Argentina, Brazil, Chile, Colombia, Ecuador, Spain, Mexico, Peru, Portugal, the Dominican Republic, Uruguay, and Venezuela.<\/p>\n<p data-start=\"508\" data-end=\"884\">Its mission is to promote the activity of theaters and classical performing arts across the Ibero-American region. Its main areas of action include the creation of networking platforms, the promotion of innovation, digital communication, internationalization and social impact, the sharing of best practices, and collaborative production.<\/p>\n<p><span style=\"font-size: 16px; text-align: justify;\">\u00a0<\/span><\/p>\n<p>[\/et_pb_text][et_pb_text _builder_version=\u00bb4.27.4&#8243; _module_preset=\u00bbdefault\u00bb global_colors_info=\u00bb{}\u00bb][\/et_pb_text][\/et_pb_column][\/et_pb_row][\/et_pb_section][et_pb_section fb_built=\u00bb1&#8243; disabled_on=\u00bboff|off|off\u00bb module_id=\u00bbsumate\u00bb _builder_version=\u00bb4.27.4&#8243; _module_preset=\u00bbdefault\u00bb background_color=\u00bbgcid-9a1ff25c-0927-49bc-918e-b34ad09f841c\u00bb custom_margin=\u00bb0px||0px||false|false\u00bb custom_padding=\u00bb0px||0px||false|false\u00bb border_color_all=\u00bbgcid-6207eec6-f49c-4121-a119-8f21cb571fde\u00bb border_width_bottom=\u00bb2px\u00bb global_colors_info=\u00bb{%22gcid-6207eec6-f49c-4121-a119-8f21cb571fde%22:%91%22border_color_all%22,%22border_color_bottom%22%93,%22gcid-9a1ff25c-0927-49bc-918e-b34ad09f841c%22:%91%22background_color%22%93}\u00bb][et_pb_row column_structure=\u00bb1_4,1_4,1_2&#8243; use_custom_gutter=\u00bbon\u00bb gutter_width=\u00bb1&#8243; make_equal=\u00bbon\u00bb _builder_version=\u00bb4.27.4&#8243; _module_preset=\u00bbdefault\u00bb width=\u00bb100%\u00bb width_tablet=\u00bb\u00bb width_phone=\u00bb90%\u00bb width_last_edited=\u00bbon|phone\u00bb max_width=\u00bb100%\u00bb min_height=\u00bb300px\u00bb custom_margin=\u00bb|0px|||false|false\u00bb custom_padding=\u00bb0px|0px|0px||false|false\u00bb custom_css_free_form=\u00bbdisplay: flex;||width: 100%;\u00bb global_colors_info=\u00bb{}\u00bb][et_pb_column type=\u00bb1_4&#8243; _builder_version=\u00bb4.27.4&#8243; _module_preset=\u00bbdefault\u00bb custom_padding=\u00bb0px|0px|0px|0px|false|false\u00bb custom_css_main_element=\u00bbdisplay: flex !important;||flex-direction: column;||justify-content: stretch;||align-items: stretch;||margin-bottom: 0 !important;\u00bb custom_css_free_form=\u00bbborder-right: 2px solid #55ffaa; \/* Cambia por tu c\u00f3digo de color *\/\u00bb border_color_top=\u00bbgcid-6207eec6-f49c-4121-a119-8f21cb571fde\u00bb border_width_right=\u00bb2px\u00bb border_color_right=\u00bbgcid-6207eec6-f49c-4121-a119-8f21cb571fde\u00bb border_width_bottom=\u00bb2px\u00bb border_color_bottom=\u00bbgcid-6207eec6-f49c-4121-a119-8f21cb571fde\u00bb global_colors_info=\u00bb{%22gcid-6207eec6-f49c-4121-a119-8f21cb571fde%22:%91%22border_color_right%22,%22border_color_top%22,%22border_color_bottom%22%93}\u00bb][\/et_pb_column][et_pb_column type=\u00bb1_4&#8243; _builder_version=\u00bb4.27.4&#8243; _module_preset=\u00bbdefault\u00bb border_color_top=\u00bbgcid-6207eec6-f49c-4121-a119-8f21cb571fde\u00bb border_width_right=\u00bb2px\u00bb border_color_right=\u00bbgcid-6207eec6-f49c-4121-a119-8f21cb571fde\u00bb border_width_bottom=\u00bb2px\u00bb border_color_bottom=\u00bbgcid-6207eec6-f49c-4121-a119-8f21cb571fde\u00bb global_colors_info=\u00bb{%22gcid-6207eec6-f49c-4121-a119-8f21cb571fde%22:%91%22border_color_right%22,%22border_color_top%22,%22border_color_bottom%22%93}\u00bb][\/et_pb_column][et_pb_column type=\u00bb1_2&#8243; _builder_version=\u00bb4.20.0&#8243; _module_preset=\u00bbdefault\u00bb global_colors_info=\u00bb{}\u00bb][\/et_pb_column][\/et_pb_row][et_pb_row column_structure=\u00bb1_4,1_4,1_2&#8243; use_custom_gutter=\u00bbon\u00bb gutter_width=\u00bb1&#8243; make_equal=\u00bbon\u00bb _builder_version=\u00bb4.27.4&#8243; _module_preset=\u00bbdefault\u00bb width=\u00bb100%\u00bb width_tablet=\u00bb\u00bb width_phone=\u00bb90%\u00bb width_last_edited=\u00bbon|phone\u00bb max_width=\u00bb100%\u00bb custom_margin=\u00bb|0px|||false|false\u00bb custom_padding=\u00bb0px|0px|0px||false|false\u00bb custom_css_free_form=\u00bbdisplay: flex;||width: 100%;\u00bb global_colors_info=\u00bb{}\u00bb][et_pb_column type=\u00bb1_4&#8243; _builder_version=\u00bb4.27.4&#8243; _module_preset=\u00bbdefault\u00bb custom_padding=\u00bb0px|0px|0px|0px|false|false\u00bb custom_css_main_element=\u00bbdisplay: flex !important;||flex-direction: column;||justify-content: stretch;||align-items: stretch;||margin-bottom: 0 !important;\u00bb custom_css_free_form=\u00bbborder-right: 2px solid #55ffaa; \/* Cambia por tu c\u00f3digo de color *\/\u00bb border_width_right=\u00bb2px\u00bb border_color_right=\u00bbgcid-6207eec6-f49c-4121-a119-8f21cb571fde\u00bb global_colors_info=\u00bb{%22gcid-6207eec6-f49c-4121-a119-8f21cb571fde%22:%91%22border_color_right%22%93}\u00bb][\/et_pb_column][et_pb_column type=\u00bb1_4&#8243; _builder_version=\u00bb4.27.4&#8243; _module_preset=\u00bbdefault\u00bb border_width_right=\u00bb2px\u00bb border_color_right=\u00bbgcid-6207eec6-f49c-4121-a119-8f21cb571fde\u00bb global_colors_info=\u00bb{%22gcid-6207eec6-f49c-4121-a119-8f21cb571fde%22:%91%22border_color_right%22%93}\u00bb][\/et_pb_column][et_pb_column type=\u00bb1_2&#8243; _builder_version=\u00bb4.20.0&#8243; _module_preset=\u00bbdefault\u00bb global_colors_info=\u00bb{}\u00bb][et_pb_text _builder_version=\u00bb4.27.4&#8243; _module_preset=\u00bbdefault\u00bb header_font=\u00bbArchivo|||on|||||\u00bb header_text_color=\u00bbgcid-b7e4330c-2b14-45f8-aac0-05c81f0ae2c6&#8243; custom_margin=\u00bb60px||||false|false\u00bb custom_padding=\u00bb16px||16px|16px|false|false\u00bb global_colors_info=\u00bb{%22gcid-b7e4330c-2b14-45f8-aac0-05c81f0ae2c6%22:%91%22header_text_color%22%93}\u00bb]<\/p>\n<h1 style=\"text-align: left;\">19th OLA Conference Lima 2026<\/h1>\n<p>[\/et_pb_text][et_pb_text _builder_version=\u00bb4.27.4&#8243; _module_preset=\u00bbdefault\u00bb text_font=\u00bbLCTrinidad|600|||||||\u00bb text_text_color=\u00bbgcid-b7e4330c-2b14-45f8-aac0-05c81f0ae2c6&#8243; text_font_size=\u00bb18px\u00bb max_width=\u00bb80%\u00bb custom_padding=\u00bb||29px|16px|false|false\u00bb global_colors_info=\u00bb{%22gcid-b7e4330c-2b14-45f8-aac0-05c81f0ae2c6%22:%91%22text_text_color%22%93}\u00bb]<\/p>\n<p data-start=\"113\" data-end=\"501\">Since 2007, <strong data-start=\"125\" data-end=\"148\">\u00d3pera Latinoam\u00e9rica<\/strong> has been holding annual gatherings of theaters at rotating venues. Santiago de Chile, Buenos Aires, Mexico City, Bogot\u00e1, Quito, Montevideo, Barcelona, Manaus, and Santiago have all served as host cities. Over 19 years, these events have brought together hundreds of managers, directors, and cultural agents from the music and performing arts sectors.<\/p>\n<p data-start=\"508\" data-end=\"635\">From <strong data-start=\"513\" data-end=\"536\">June 16 to 19, 2026<\/strong>, the <strong data-start=\"542\" data-end=\"576\">Teatro Municipal de Lima, Peru<\/strong>, will welcome professionals from more than 12 countries.<\/p>\n<p>[\/et_pb_text][et_pb_button button_url=\u00bbhttps:\/\/docs.google.com\/forms\/u\/2\/d\/e\/1FAIpQLSe0jO9q9hgF1RNUtmTXiemOQpd-y4Gmo0-VNepXk14k-2p2XA\/viewform?usp=dialog\u00bb url_new_window=\u00bbon\u00bb button_text=\u00bbDOWNLOAD THE AGENDA HERE\u00bb button_alignment=\u00bbcenter\u00bb disabled_on=\u00bboff|off|off\u00bb _builder_version=\u00bb4.27.4&#8243; _module_preset=\u00bbdefault\u00bb custom_button=\u00bbon\u00bb button_text_color=\u00bbgcid-b7e4330c-2b14-45f8-aac0-05c81f0ae2c6&#8243; button_bg_color=\u00bbgcid-9a1ff25c-0927-49bc-918e-b34ad09f841c\u00bb button_border_width=\u00bb2px\u00bb button_border_color=\u00bbgcid-b7e4330c-2b14-45f8-aac0-05c81f0ae2c6&#8243; button_border_radius=\u00bb0px\u00bb button_font=\u00bbLCTrinidad|600||on|||||\u00bb button_use_icon=\u00bboff\u00bb custom_margin=\u00bb50px||50px||false|false\u00bb custom_margin_tablet=\u00bb||30px||false|false\u00bb custom_margin_phone=\u00bb|30px|30px|30px|false|false\u00bb custom_margin_last_edited=\u00bbon|phone\u00bb custom_padding=\u00bb12px|25px|12px|25px|false|false\u00bb custom_padding_tablet=\u00bb|65px||25px|false|false\u00bb custom_padding_phone=\u00bb|10px||10px|false|false\u00bb custom_padding_last_edited=\u00bbon|phone\u00bb box_shadow_style=\u00bbpreset3&#8243; locked=\u00bboff\u00bb global_colors_info=\u00bb{%22gcid-9a1ff25c-0927-49bc-918e-b34ad09f841c%22:%91%22button_bg_color%22%93,%22gcid-b7e4330c-2b14-45f8-aac0-05c81f0ae2c6%22:%91%22button_border_color%22,%22button_text_color%22%93}\u00bb][\/et_pb_button][\/et_pb_column][\/et_pb_row][\/et_pb_section][et_pb_section fb_built=\u00bb1&#8243; _builder_version=\u00bb4.27.4&#8243; _module_preset=\u00bbdefault\u00bb background_color=\u00bbgcid-6207eec6-f49c-4121-a119-8f21cb571fde\u00bb background_enable_image=\u00bboff\u00bb parallax=\u00bbon\u00bb custom_margin=\u00bb0px||0px||false|false\u00bb custom_padding=\u00bb0px||0px||false|false\u00bb global_colors_info=\u00bb{%22gcid-6207eec6-f49c-4121-a119-8f21cb571fde%22:%91%22background_color%22%93}\u00bb][et_pb_row column_structure=\u00bb1_5,3_5,1_5&#8243; _builder_version=\u00bb4.27.4&#8243; _module_preset=\u00bbdefault\u00bb background_color=\u00bbgcid-6207eec6-f49c-4121-a119-8f21cb571fde\u00bb background_image=\u00bbhttps:\/\/www.operala.org\/encuentrosola\/wp-content\/uploads\/2026\/03\/IMG_0282_web-scaled.jpg\u00bb background_position=\u00bbbottom_center\u00bb background_vertical_offset=\u00bb34%\u00bb background_blend=\u00bbscreen\u00bb width=\u00bb100%\u00bb max_width=\u00bb100%\u00bb height=\u00bb100%\u00bb max_height=\u00bb100%\u00bb custom_padding=\u00bb0px||50px||false|false\u00bb global_colors_info=\u00bb{%22gcid-6207eec6-f49c-4121-a119-8f21cb571fde%22:%91%22background_color%22%93}\u00bb][et_pb_column type=\u00bb1_5&#8243; _builder_version=\u00bb4.20.0&#8243; _module_preset=\u00bbdefault\u00bb global_colors_info=\u00bb{}\u00bb][\/et_pb_column][et_pb_column type=\u00bb3_5&#8243; _builder_version=\u00bb4.20.0&#8243; _module_preset=\u00bbdefault\u00bb global_colors_info=\u00bb{}\u00bb][et_pb_text admin_label=\u00bbTexto\u00bb _builder_version=\u00bb4.27.4&#8243; _module_preset=\u00bbdefault\u00bb header_font=\u00bbArchivo|||on|||||\u00bb header_text_color=\u00bbgcid-b7e4330c-2b14-45f8-aac0-05c81f0ae2c6&#8243; header_line_height=\u00bb1.2em\u00bb text_orientation=\u00bbcenter\u00bb width_tablet=\u00bb\u00bb width_phone=\u00bb65%\u00bb width_last_edited=\u00bbon|phone\u00bb max_width_tablet=\u00bb\u00bb max_width_phone=\u00bb65%\u00bb max_width_last_edited=\u00bbon|phone\u00bb module_alignment=\u00bbcenter\u00bb custom_margin=\u00bb100px||32px||false|false\u00bb custom_padding=\u00bb|10%||10%|false|false\u00bb global_colors_info=\u00bb{%22gcid-b7e4330c-2b14-45f8-aac0-05c81f0ae2c6%22:%91%22header_text_color%22%93}\u00bb]<\/p>\n<h1 style=\"text-align: left;\"><strong data-start=\"0\" data-end=\"13\">2026 Host<\/strong><br data-start=\"13\" data-end=\"16\" \/><strong data-start=\"16\" data-end=\"50\">Teatro Municipal de Lima, Peru<\/strong><\/h1>\n<p>[\/et_pb_text][et_pb_text _builder_version=\u00bb4.27.4&#8243; _module_preset=\u00bbdefault\u00bb text_font=\u00bbLCTrinidad|600|||||||\u00bb text_text_color=\u00bbgcid-b7e4330c-2b14-45f8-aac0-05c81f0ae2c6&#8243; text_font_size=\u00bb18px\u00bb width_tablet=\u00bb\u00bb width_phone=\u00bb65%\u00bb width_last_edited=\u00bbon|phone\u00bb max_width_tablet=\u00bb\u00bb max_width_phone=\u00bb65%\u00bb max_width_last_edited=\u00bbon|phone\u00bb module_alignment=\u00bbcenter\u00bb custom_margin_tablet=\u00bb||||false|false\u00bb custom_margin_phone=\u00bb||||false|false\u00bb custom_margin_last_edited=\u00bbon|tablet\u00bb custom_padding=\u00bb|10%||10%|false|false\u00bb global_colors_info=\u00bb{%22gcid-b7e4330c-2b14-45f8-aac0-05c81f0ae2c6%22:%91%22text_text_color%22%93}\u00bb]<\/p>\n<p style=\"text-align: left;\"><strong data-start=\"65\" data-end=\"304\">Inaugurated in 1920 as the Teatro Forero and acquired by the Metropolitan Municipality of Lima in 1929, the Teatro Municipal de Lima is one of the central hubs of Peru\u2019s cultural life and a symbol of the historic center of the capital.<\/strong> After surviving a fire in 1998, the theater\u2019s reconstruction and modernization have made it home to resident companies and a gathering place for some of the greatest voices on the international stage.<\/p>\n<p>[\/et_pb_text][et_pb_button button_url=\u00bbhttps:\/\/www.operala.org\/teatro-municipal-de-santiago-tradicion-innovacion\u00bb url_new_window=\u00bbon\u00bb button_text=\u00bbMore information\u00bb button_alignment=\u00bbcenter\u00bb disabled_on=\u00bboff|off|off\u00bb _builder_version=\u00bb4.27.4&#8243; _module_preset=\u00bbdefault\u00bb custom_button=\u00bbon\u00bb button_text_color=\u00bb#FFFFFF\u00bb button_bg_color=\u00bbgcid-b7e4330c-2b14-45f8-aac0-05c81f0ae2c6&#8243; button_border_width=\u00bb1px\u00bb button_border_color=\u00bb#FFFFFF\u00bb button_border_radius=\u00bb0px\u00bb button_font=\u00bbLCTrinidad|200||on|||||\u00bb button_use_icon=\u00bboff\u00bb custom_margin=\u00bb70px||32px||false|false\u00bb custom_margin_tablet=\u00bb||30px||false|false\u00bb custom_margin_phone=\u00bb|30px|30px|30px|false|false\u00bb custom_margin_last_edited=\u00bbon|phone\u00bb custom_padding=\u00bb12px|25px|12px|25px|false|false\u00bb custom_padding_tablet=\u00bb|65px||25px|false|false\u00bb custom_padding_phone=\u00bb|10px||10px|false|false\u00bb custom_padding_last_edited=\u00bbon|phone\u00bb box_shadow_style=\u00bbpreset3&#8243; locked=\u00bboff\u00bb global_colors_info=\u00bb{%22gcid-b7e4330c-2b14-45f8-aac0-05c81f0ae2c6%22:%91%22button_bg_color%22%93}\u00bb][\/et_pb_button][\/et_pb_column][et_pb_column type=\u00bb1_5&#8243; _builder_version=\u00bb4.20.0&#8243; _module_preset=\u00bbdefault\u00bb global_colors_info=\u00bb{}\u00bb][\/et_pb_column][\/et_pb_row][\/et_pb_section][et_pb_section fb_built=\u00bb1&#8243; disabled_on=\u00bboff|off|off\u00bb _builder_version=\u00bb4.27.4&#8243; _module_preset=\u00bbdefault\u00bb background_color=\u00bb#fcfcfc\u00bb custom_padding=\u00bb||70px|||\u00bb global_colors_info=\u00bb{}\u00bb][et_pb_row _builder_version=\u00bb4.27.4&#8243; _module_preset=\u00bbdefault\u00bb custom_margin=\u00bb||||false|false\u00bb global_colors_info=\u00bb{}\u00bb][et_pb_column type=\u00bb4_4&#8243; _builder_version=\u00bb4.20.0&#8243; _module_preset=\u00bbdefault\u00bb global_colors_info=\u00bb{}\u00bb][et_pb_text _builder_version=\u00bb4.27.4&#8243; _module_preset=\u00bbdefault\u00bb text_font_size=\u00bb18px\u00bb header_font=\u00bb&#8211;et_global_heading_font|200|||||||\u00bb header_text_align=\u00bbleft\u00bb header_text_color=\u00bbgcid-b7e4330c-2b14-45f8-aac0-05c81f0ae2c6&#8243; header_2_font=\u00bbArchivo|||on|||||\u00bb header_2_text_align=\u00bbleft\u00bb header_2_text_color=\u00bb#3052C8&#8243; max_width=\u00bb75%\u00bb module_alignment=\u00bbleft\u00bb custom_padding=\u00bb||9px|||\u00bb global_colors_info=\u00bb{%22gcid-b7e4330c-2b14-45f8-aac0-05c81f0ae2c6%22:%91%22header_text_color%22%93}\u00bb]<\/p>\n<h2>Expand your schedule in Lima<\/h2>\n<p>[\/et_pb_text][\/et_pb_column][\/et_pb_row][et_pb_row column_structure=\u00bb1_2,1_2&#8243; _builder_version=\u00bb4.27.4&#8243; _module_preset=\u00bbdefault\u00bb global_colors_info=\u00bb{}\u00bb][et_pb_column type=\u00bb1_2&#8243; _builder_version=\u00bb4.20.0&#8243; _module_preset=\u00bbdefault\u00bb global_colors_info=\u00bb{}\u00bb][ba_card photo=\u00bbhttps:\/\/www.operala.org\/encuentrosola\/wp-content\/uploads\/2026\/03\/Tancredi-5-scaled.jpg\u00bb title=\u00bb\u00d3pera %22Tancredi%22, Rossini\u00bb description=\u00bb<\/p>\n<p data-start=%22146%22 data-end=%22333%22>A new production by the <span class=%22hover:entity-accent entity-underline inline cursor-pointer align-baseline%22><span class=%22whitespace-normal%22>Teatro Municipal de Lima<\/span><\/span> of one of the most emblematic operas by the genius of Pesaro, <em data-start=%22270%22 data-end=%22280%22>Tancredi<\/em>, which returns to the stage in Lima after 192 years.<\/p>\n<p data-start=%22335%22 data-end=%22361%22><strong data-start=%22335%22 data-end=%22361%22>17, 19, 21 and 24 June<\/strong><\/p>\n<p data-start=%221672%22 data-end=%221680%22><strong data-start=%221672%22 data-end=%221680%22>Cast<\/strong><\/p>\n<ul data-start=%221681%22 data-end=%221831%22>\n<li data-section-id=%222nup0w%22 data-start=%221681%22 data-end=%221715%22>\n<p data-start=%221683%22 data-end=%221715%22>Tancredi: Anna Doris Capitelli<\/p>\n<\/li>\n<li data-section-id=%22pcgby3%22 data-start=%221716%22 data-end=%221745%22>\n<p data-start=%221718%22 data-end=%221745%22>Amenaide: Iolanda Massimo<\/p>\n<\/li>\n<li data-section-id=%22wou1u4%22 data-start=%221746%22 data-end=%221770%22>\n<p data-start=%221748%22 data-end=%221770%22>Argirio: Matteo Roma<\/p>\n<\/li>\n<li data-section-id=%22wuo0op%22 data-start=%221771%22 data-end=%221803%22>\n<p data-start=%221773%22 data-end=%221803%22>Orbazzano: Gianluca Margheri<\/p>\n<\/li>\n<li data-section-id=%221caub9%22 data-start=%221804%22 data-end=%221831%22>\n<p data-start=%221806%22 data-end=%221831%22>Roggiero: Maia Aramburu<\/p>\n<\/li>\n<\/ul>\n<p data-start=%221833%22 data-end=%221911%22><strong data-start=%221833%22 data-end=%221854%22>Musical Director:<\/strong> Alessandro Bonato<br data-start=%221872%22 data-end=%221875%22 \/><strong data-start=%221875%22 data-end=%221894%22>Stage Director:<\/strong> Matteo Anselmi<\/p>\n<p>\u00bb image_height=\u00bb240px\u00bb image_padding=\u00bb0px|0px|25px|0px|false|false\u00bb btn_spacing_top=\u00bb20px\u00bb content_overflow=\u00bbhidden\u00bb content_padding=\u00bb0px|29px|0px|20px|false|false\u00bb overlay_on_hover=\u00bboff\u00bb photo_last_edited=\u00bboff|desktop\u00bb _builder_version=\u00bb4.27.4&#8243; _module_preset=\u00bbdefault\u00bb title_font=\u00bb&#8211;et_global_heading_font|200||on|||||\u00bb title_text_color=\u00bb#FFFFFF\u00bb title_font_size=\u00bb1.5rem\u00bb description_font=\u00bb&#8211;et_global_body_font|300|||||||\u00bb description_text_color=\u00bb#FFFFFF\u00bb background_color=\u00bbgcid-b7e4330c-2b14-45f8-aac0-05c81f0ae2c6&#8243; custom_button=\u00bbon\u00bb button_text_size=\u00bb1rem\u00bb button_text_color=\u00bb#FFFFFF\u00bb button_bg_color=\u00bbRGBA(255,255,255,0)\u00bb button_border_width=\u00bb1px\u00bb button_border_color=\u00bb#FFFFFF\u00bb button_border_radius=\u00bb50px\u00bb button_font=\u00bb&#8211;et_global_heading_font|200||on|||||\u00bb button_use_icon=\u00bboff\u00bb button_custom_margin=\u00bb||20px||false|false\u00bb min_height=\u00bb830px\u00bb min_height_tablet=\u00bb830px\u00bb min_height_phone=\u00bbauto\u00bb min_height_last_edited=\u00bbon|phone\u00bb custom_padding=\u00bb0px|0px|0px|0px|false|false\u00bb link_option_url_new_window=\u00bbon\u00bb custom_css_free_form=\u00bb.ba_card_1 .dtq-overlay, .ba_card_0 .dtq-overlay {|| display: none !important;||}\u00bb border_radii_card=\u00bbon||||\u00bb border_color_all_card=\u00bbRGBA(255,255,255,0)\u00bb border_style_all_card=\u00bbnone\u00bb border_width_right_card=\u00bb1px\u00bb global_colors_info=\u00bb{%22gcid-b7e4330c-2b14-45f8-aac0-05c81f0ae2c6%22:%91%22background_color%22%93}\u00bb][\/ba_card][\/et_pb_column][et_pb_column type=\u00bb1_2&#8243; _builder_version=\u00bb4.20.1&#8243; _module_preset=\u00bbdefault\u00bb global_colors_info=\u00bb{}\u00bb][ba_card photo=\u00bbhttps:\/\/www.operala.org\/encuentrosola\/wp-content\/uploads\/2026\/03\/Purpura-1-scaled.jpg\u00bb title=\u00bbOpera La p\u00farpura de la rosa, by Tom\u00e1s de Torrej\u00f3n y Velasco\u00bb description=\u00bb<\/p>\n<p data-start=%2257%22 data-end=%22186%22>Libretto by <span class=%22hover:entity-accent entity-underline inline cursor-pointer align-baseline%22><span class=%22whitespace-normal%22>Pedro Calder\u00f3n de la Barca<\/span><\/span><\/p>\n<p data-start=%22188%22 data-end=%22426%22>A new production by the <span class=%22hover:entity-accent entity-underline inline cursor-pointer align-baseline%22><span class=%22whitespace-normal%22>Teatro Principal Manuel A. Segura<\/span><\/span>, the oldest theatre in the Americas, of a fundamental title in the history of opera on our continent: <em data-start=%22352%22 data-end=%22375%22>La p\u00farpura de la rosa<\/em>, a Baroque opera by Tom\u00e1s de Torrej\u00f3n y Velasco.<\/p>\n<p data-start=%22428%22 data-end=%22619%22>The work was premiered in Lima on 19 October 1701 at the Palace of the Viceroys, as part of the celebrations for the birthday of the first Bourbon king, <span class=%22hover:entity-accent entity-underline inline cursor-pointer align-baseline%22><span class=%22whitespace-normal%22>Philip V of Spain<\/span><\/span>.<\/p>\n<p data-start=%22621%22 data-end=%22647%22><strong data-start=%22621%22 data-end=%22647%22>12, 14, 16 and 18 June<\/strong><strong data-start=%221545%22 data-end=%221553%22 style=%22font-size: 16px; font-family: var(--et_global_body_font),serif;%22>Cast<\/strong><\/p>\n<ul data-start=%221556%22 data-end=%221739%22>\n<li data-section-id=%2237hdsg%22 data-start=%221556%22 data-end=%221581%22>\n<p data-start=%221558%22 data-end=%221581%22>Venus: Luc\u00eda Iglesias<\/p>\n<\/li>\n<li data-section-id=%224o7w17%22 data-start=%221582%22 data-end=%221609%22>\n<p data-start=%221584%22 data-end=%221609%22>Adonis: Raphael Quirant<\/p>\n<\/li>\n<li data-section-id=%2215wasro%22 data-start=%221610%22 data-end=%221636%22>\n<p data-start=%221612%22 data-end=%221636%22>Mars: Cameron Shahbazi<\/p>\n<\/li>\n<li data-section-id=%221p9sumb%22 data-start=%221637%22 data-end=%221662%22>\n<p data-start=%221639%22 data-end=%221662%22>Chato: Wilson Hidalgo<\/p>\n<\/li>\n<li data-section-id=%2276zh1t%22 data-start=%221663%22 data-end=%221685%22>\n<p data-start=%221665%22 data-end=%221685%22>Celfa: Rosa Parodi<\/p>\n<\/li>\n<li data-section-id=%221gssiep%22 data-start=%221686%22 data-end=%221709%22>\n<p data-start=%221688%22 data-end=%221709%22>Amor: \u00c9rika Camacho<\/p>\n<\/li>\n<li data-section-id=%221ykqd3p%22 data-start=%221710%22 data-end=%221739%22>\n<p data-start=%221712%22 data-end=%221739%22>Belona: Bettina Victorero<\/p>\n<\/li>\n<\/ul>\n<p data-start=%221741%22 data-end=%221820%22><strong data-start=%221741%22 data-end=%221762%22>Musical Director:<\/strong> Aurelio Tello<br data-start=%221776%22 data-end=%221779%22 \/><strong data-start=%221779%22 data-end=%221798%22>Stage Director:<\/strong> Jean Pierre Gamarra<\/p>\n<p>\u00bb image_height=\u00bb244px\u00bb image_padding=\u00bb0px|0px|25px|0px|false|false\u00bb btn_spacing_top=\u00bb31px\u00bb content_overflow=\u00bbhidden\u00bb content_padding=\u00bb0px|29px|1px|23px|false|false\u00bb overlay_on_hover=\u00bboff\u00bb _builder_version=\u00bb4.27.4&#8243; _module_preset=\u00bbdefault\u00bb title_font=\u00bb&#8211;et_global_heading_font|200||on|||||\u00bb title_text_color=\u00bb#FFFFFF\u00bb title_font_size=\u00bb1rem\u00bb description_font=\u00bb&#8211;et_global_body_font|300|||||||\u00bb description_text_color=\u00bb#FFFFFF\u00bb background_color=\u00bbgcid-b7e4330c-2b14-45f8-aac0-05c81f0ae2c6&#8243; custom_button=\u00bbon\u00bb button_text_size=\u00bb1rem\u00bb button_text_color=\u00bb#FFFFFF\u00bb button_bg_color=\u00bbRGBA(255,255,255,0)\u00bb button_border_width=\u00bb1px\u00bb button_border_color=\u00bb#FFFFFF\u00bb button_border_radius=\u00bb50px\u00bb button_font=\u00bb&#8211;et_global_heading_font|200||on|||||\u00bb button_use_icon=\u00bboff\u00bb button_custom_margin=\u00bb||20px||false|false\u00bb text_orientation=\u00bbcenter\u00bb width=\u00bb100%\u00bb max_width=\u00bb100%\u00bb min_height=\u00bb830px\u00bb min_height_tablet=\u00bb830px\u00bb min_height_phone=\u00bbauto\u00bb min_height_last_edited=\u00bbon|phone\u00bb custom_padding=\u00bb0px|0px|0px|0px|false|false\u00bb link_option_url_new_window=\u00bbon\u00bb custom_css_free_form=\u00bb.ba_card_1 .dtq-overlay, .ba_card_0 .dtq-overlay {|| display: none !important;||}\u00bb border_radii_card=\u00bbon||||\u00bb border_color_all_card=\u00bbRGBA(255,255,255,0)\u00bb border_style_all_card=\u00bbnone\u00bb border_width_right_card=\u00bb1px\u00bb global_colors_info=\u00bb{%22gcid-b7e4330c-2b14-45f8-aac0-05c81f0ae2c6%22:%91%22background_color%22%93}\u00bb][\/ba_card][\/et_pb_column][\/et_pb_row][\/et_pb_section][et_pb_section fb_built=\u00bb1&#8243; module_id=\u00bb2023&#8243; _builder_version=\u00bb4.27.4&#8243; _module_preset=\u00bbdefault\u00bb background_color=\u00bb#6060e6&#8243; custom_margin=\u00bb0px|0px|0px|0px|false|false\u00bb custom_padding=\u00bb0px|0px|0px|0px|false|false\u00bb border_width_top=\u00bb2px\u00bb border_color_top=\u00bbgcid-6207eec6-f49c-4121-a119-8f21cb571fde\u00bb border_width_bottom=\u00bb2px\u00bb border_color_bottom=\u00bbgcid-6207eec6-f49c-4121-a119-8f21cb571fde\u00bb global_colors_info=\u00bb{%22gcid-6207eec6-f49c-4121-a119-8f21cb571fde%22:%91%22border_color_top%22,%22border_color_bottom%22%93}\u00bb][et_pb_row _builder_version=\u00bb4.20.0&#8243; _module_preset=\u00bbdefault\u00bb custom_padding=\u00bb80px||60px|||\u00bb global_colors_info=\u00bb{}\u00bb][et_pb_column type=\u00bb4_4&#8243; _builder_version=\u00bb4.20.0&#8243; _module_preset=\u00bbdefault\u00bb global_colors_info=\u00bb{}\u00bb][et_pb_text _builder_version=\u00bb4.27.4&#8243; _module_preset=\u00bbdefault\u00bb header_font=\u00bbArchivo||||||||\u00bb header_text_color=\u00bb#FFFFFF\u00bb header_2_font=\u00bbArchivo|||on|||||\u00bb header_2_text_color=\u00bb#FFFFFF\u00bb text_orientation=\u00bbcenter\u00bb global_colors_info=\u00bb{}\u00bb]<\/p>\n<h2 style=\"text-align: left;\">Participants<\/h2>\n<p>[\/et_pb_text][\/et_pb_column][\/et_pb_row][et_pb_row column_structure=\u00bb1_4,1_4,1_4,1_4&#8243; custom_padding_last_edited=\u00bbon|phone\u00bb _builder_version=\u00bb4.20.2&#8243; _module_preset=\u00bbdefault\u00bb module_alignment=\u00bbcenter\u00bb custom_padding=\u00bb6px||120px||false|false\u00bb custom_padding_tablet=\u00bb6px||80px||false|false\u00bb custom_padding_phone=\u00bb0px|||10%|false|false\u00bb module_alignment_last_edited=\u00bboff|desktop\u00bb global_colors_info=\u00bb{}\u00bb][et_pb_column type=\u00bb1_4&#8243; _builder_version=\u00bb4.20.0&#8243; _module_preset=\u00bbdefault\u00bb global_colors_info=\u00bb{}\u00bb][et_pb_text module_class=\u00bbbox\u00bb _builder_version=\u00bb4.27.4&#8243; _module_preset=\u00bbdefault\u00bb text_font=\u00bb&#8211;et_global_body_font||||||||\u00bb text_font_size=\u00bb18px\u00bb header_font=\u00bbArchivo|200|||||||\u00bb header_text_color=\u00bb#FFFFFF\u00bb background_color=\u00bbRGBA(255,255,255,0)\u00bb width=\u00bb250px\u00bb height=\u00bb250px\u00bb custom_margin=\u00bb||-2px|||\u00bb custom_padding=\u00bb20px|15px|20px|20px|false|false\u00bb border_width_all=\u00bb1px\u00bb border_color_all=\u00bb#FFFFFF\u00bb border_width_right=\u00bb1px\u00bb box_shadow_style=\u00bbpreset3&#8243; box_shadow_horizontal=\u00bb-3px\u00bb box_shadow_vertical=\u00bb5px\u00bb box_shadow_blur=\u00bb14px\u00bb box_shadow_spread=\u00bb-8px\u00bb inline_fonts=\u00bbLCTrinidad\u00bb global_colors_info=\u00bb{}\u00bb]<\/p>\n<h1>MORE THAN 40 OPERA THEATERS<\/h1>\n<p><span style=\"color: #ffffff;\">Theaters and festivals from 12 countries across Latin America, Spain, and the United States<\/span><\/p>\n<p>[\/et_pb_text][\/et_pb_column][et_pb_column type=\u00bb1_4&#8243; _builder_version=\u00bb4.20.0&#8243; _module_preset=\u00bbdefault\u00bb global_colors_info=\u00bb{}\u00bb][et_pb_text module_class=\u00bbbox\u00bb _builder_version=\u00bb4.27.4&#8243; _module_preset=\u00bbdefault\u00bb text_font=\u00bb&#8211;et_global_body_font||||||||\u00bb text_text_color=\u00bbgcid-9a1ff25c-0927-49bc-918e-b34ad09f841c\u00bb text_font_size=\u00bb18px\u00bb header_font=\u00bb&#8211;et_global_heading_font|200||on|||||\u00bb header_text_color=\u00bb#FFFFFF\u00bb background_color=\u00bbRGBA(255,255,255,0)\u00bb width=\u00bb250px\u00bb height=\u00bb250px\u00bb custom_padding=\u00bb20px|15px|20px|20px|false|false\u00bb border_width_all=\u00bb1px\u00bb border_color_all=\u00bb#FFFFFF\u00bb border_width_right=\u00bb1px\u00bb box_shadow_style=\u00bbpreset3&#8243; box_shadow_horizontal=\u00bb-3px\u00bb box_shadow_vertical=\u00bb5px\u00bb box_shadow_blur=\u00bb14px\u00bb box_shadow_spread=\u00bb-8px\u00bb inline_fonts=\u00bbLCTrinidad,Baskervville\u00bb global_colors_info=\u00bb{%22gcid-9a1ff25c-0927-49bc-918e-b34ad09f841c%22:%91%22text_text_color%22%93}\u00bb]<\/p>\n<h1>80% of attendees<\/h1>\n<p>Decision-makers in Ibero-American theaters<\/p>\n<p>[\/et_pb_text][\/et_pb_column][et_pb_column type=\u00bb1_4&#8243; _builder_version=\u00bb4.20.0&#8243; _module_preset=\u00bbdefault\u00bb global_colors_info=\u00bb{}\u00bb][et_pb_text module_class=\u00bbbox\u00bb _builder_version=\u00bb4.27.4&#8243; _module_preset=\u00bbdefault\u00bb text_font=\u00bb&#8211;et_global_body_font||||||||\u00bb text_font_size=\u00bb18px\u00bb header_font=\u00bb&#8211;et_global_heading_font|200||on|||||\u00bb header_text_color=\u00bb#FFFFFF\u00bb background_color=\u00bbRGBA(255,255,255,0)\u00bb width=\u00bb250px\u00bb height=\u00bb250px\u00bb custom_padding=\u00bb20px|15px|20px|20px|false|false\u00bb border_width_all=\u00bb1px\u00bb border_color_all=\u00bb#FFFFFF\u00bb border_width_right=\u00bb1px\u00bb box_shadow_style=\u00bbpreset3&#8243; box_shadow_horizontal=\u00bb-3px\u00bb box_shadow_vertical=\u00bb5px\u00bb box_shadow_blur=\u00bb14px\u00bb box_shadow_spread=\u00bb-8px\u00bb inline_fonts=\u00bbLCTrinidad,Baskervville\u00bb global_colors_info=\u00bb{}\u00bb]<\/p>\n<h1>General directors<\/h1>\n<article class=\"text-token-text-primary w-full focus:outline-none [--shadow-height:45px] has-data-writing-block:pointer-events-none has-data-writing-block:-mt-(--shadow-height) has-data-writing-block:pt-(--shadow-height) [&amp;:has([data-writing-block])&gt;*]:pointer-events-auto scroll-mt-(--header-height)\" dir=\"auto\" data-turn-id=\"14d56cb0-efa0-4927-a15c-5ae57142cd58\" data-testid=\"conversation-turn-43\" data-scroll-anchor=\"false\" data-turn=\"user\" tabindex=\"-1\"><\/article>\n<article class=\"text-token-text-primary w-full focus:outline-none [--shadow-height:45px] has-data-writing-block:pointer-events-none has-data-writing-block:-mt-(--shadow-height) has-data-writing-block:pt-(--shadow-height) [&amp;:has([data-writing-block])&gt;*]:pointer-events-auto scroll-mt-[calc(var(--header-height)+min(200px,max(70px,20svh)))]\" dir=\"auto\" data-turn-id=\"request-WEB:87452a63-a301-4f39-863e-105960487600-21\" data-testid=\"conversation-turn-44\" data-scroll-anchor=\"false\" data-turn=\"assistant\" tabindex=\"-1\">\n<div class=\"text-base my-auto mx-auto [--thread-content-margin:var(--thread-content-margin-xs,calc(var(--spacing)*4))] @w-sm\/main:[--thread-content-margin:var(--thread-content-margin-sm,calc(var(--spacing)*6))] @w-lg\/main:[--thread-content-margin:var(--thread-content-margin-lg,calc(var(--spacing)*16))] px-(--thread-content-margin)\">\n<div class=\"[--thread-content-max-width:40rem] @w-lg\/main:[--thread-content-max-width:48rem] mx-auto max-w-(--thread-content-max-width) flex-1 group\/turn-messages focus-visible:outline-hidden relative flex w-full min-w-0 flex-col agent-turn\" tabindex=\"-1\">\n<div class=\"flex max-w-full flex-col gap-4 grow\">\n<div data-message-author-role=\"assistant\" data-message-id=\"90da4d60-0bd4-43ab-a849-eddf3416b015\" dir=\"auto\" data-message-model-slug=\"gpt-5-mini\" class=\"min-h-8 text-message relative flex w-full flex-col items-end gap-2 text-start break-words whitespace-normal [.text-message+&amp;]:mt-1\">\n<div class=\"flex w-full flex-col gap-1 empty:hidden\">\n<div class=\"markdown prose dark:prose-invert w-full wrap-break-word light markdown-new-styling\">\n<p data-start=\"0\" data-end=\"76\" data-is-last-node=\"\" data-is-only-node=\"\"><span style=\"color: #ffffff;\"><strong data-start=\"0\" data-end=\"76\" data-is-last-node=\"\" data-is-only-node=\"\">Artistic directors, communications and marketing directors, among others<\/strong><\/span><\/p>\n<\/div>\n<\/div>\n<\/div>\n<\/div>\n<\/div>\n<\/div>\n<\/article>\n<p>[\/et_pb_text][\/et_pb_column][et_pb_column type=\u00bb1_4&#8243; _builder_version=\u00bb4.20.0&#8243; _module_preset=\u00bbdefault\u00bb global_colors_info=\u00bb{}\u00bb][et_pb_text module_class=\u00bbbox\u00bb _builder_version=\u00bb4.27.4&#8243; _module_preset=\u00bbdefault\u00bb text_font=\u00bb&#8211;et_global_body_font||||||||\u00bb text_font_size=\u00bb18px\u00bb header_font=\u00bb&#8211;et_global_heading_font|200||on|||||\u00bb header_text_color=\u00bb#FFFFFF\u00bb background_color=\u00bbRGBA(255,255,255,0)\u00bb width=\u00bb250px\u00bb height=\u00bb250px\u00bb custom_padding=\u00bb20px|15px|20px|20px|false|false\u00bb border_width_all=\u00bb1px\u00bb border_color_all=\u00bb#FFFFFF\u00bb border_width_right=\u00bb1px\u00bb box_shadow_style=\u00bbpreset3&#8243; box_shadow_horizontal=\u00bb-3px\u00bb box_shadow_vertical=\u00bb5px\u00bb box_shadow_blur=\u00bb14px\u00bb box_shadow_spread=\u00bb-8px\u00bb inline_fonts=\u00bbLCTrinidad,Baskervville\u00bb global_colors_info=\u00bb{}\u00bb]<\/p>\n<h1>Artists and managers<\/h1>\n<p><span style=\"color: #ffffff;\">From the Ibero-American music field and representatives of local institutions<\/span><\/p>\n<p>[\/et_pb_text][\/et_pb_column][\/et_pb_row][\/et_pb_section][et_pb_section fb_built=\u00bb1&#8243; disabled_on=\u00bboff|off|off\u00bb module_id=\u00bbsumate\u00bb _builder_version=\u00bb4.27.4&#8243; _module_preset=\u00bbdefault\u00bb background_color=\u00bbgcid-9a1ff25c-0927-49bc-918e-b34ad09f841c\u00bb custom_margin=\u00bb0px||0px||false|false\u00bb custom_padding=\u00bb0px||0px||false|false\u00bb border_color_all=\u00bbgcid-6207eec6-f49c-4121-a119-8f21cb571fde\u00bb border_width_bottom=\u00bb2px\u00bb global_colors_info=\u00bb{%22gcid-6207eec6-f49c-4121-a119-8f21cb571fde%22:%91%22border_color_all%22,%22border_color_bottom%22%93,%22gcid-9a1ff25c-0927-49bc-918e-b34ad09f841c%22:%91%22background_color%22%93}\u00bb][et_pb_row column_structure=\u00bb1_3,2_3&#8243; use_custom_gutter=\u00bbon\u00bb gutter_width=\u00bb1&#8243; make_equal=\u00bbon\u00bb _builder_version=\u00bb4.27.4&#8243; _module_preset=\u00bbdefault\u00bb width=\u00bb100%\u00bb width_tablet=\u00bb\u00bb width_phone=\u00bb90%\u00bb width_last_edited=\u00bbon|phone\u00bb max_width=\u00bb100%\u00bb custom_margin=\u00bb|0px|||false|false\u00bb custom_padding=\u00bb0px|0px|0px||false|false\u00bb custom_css_free_form=\u00bbdisplay: flex;||width: 100%;\u00bb global_colors_info=\u00bb{}\u00bb][et_pb_column type=\u00bb1_3&#8243; _builder_version=\u00bb4.27.4&#8243; _module_preset=\u00bbdefault\u00bb custom_padding=\u00bb0px|0px|0px|0px|false|false\u00bb custom_css_main_element=\u00bbdisplay: flex !important;||flex-direction: column;||justify-content: stretch;||align-items: stretch;||margin-bottom: 0 !important;\u00bb custom_css_free_form=\u00bbborder-right: 2px solid #55ffaa; \/* Cambia por tu c\u00f3digo de color *\/\u00bb border_width_right=\u00bb2px\u00bb border_color_right=\u00bbgcid-6207eec6-f49c-4121-a119-8f21cb571fde\u00bb global_colors_info=\u00bb{%22gcid-6207eec6-f49c-4121-a119-8f21cb571fde%22:%91%22border_color_right%22%93}\u00bb][\/et_pb_column][et_pb_column type=\u00bb2_3&#8243; _builder_version=\u00bb4.20.0&#8243; _module_preset=\u00bbdefault\u00bb global_colors_info=\u00bb{}\u00bb][et_pb_text content_tablet=\u00bb<\/p>\n<h1>\u00a1Construyamos juntos el futuro creativo de Iberoam\u00e9rica, siendo parte de nuestra Conferencia 2023!<\/h1>\n<p>En la Conferencia se re\u00fanen quienes toman las decisiones en estos espacios culturales iberoamericanos. El encuentro anual de OLA es una plataforma dise\u00f1ada para discutir los desaf\u00edos y oportunidades futuras para el sector y, por ende, para sus p\u00fablicos. Al asociarse con \u00d3pera Latinoam\u00e9rica como patrocinador, tu organizaci\u00f3n tendr\u00e1 la oportunidad de ser parte de esos debates, adem\u00e1s de establecer nuevas redes de trabajo y conocer en profundidad el sector cultural.<\/p>\n<p>\u00bb content_phone=\u00bb<\/p>\n<h3>\u00a1Construyamos juntos el futuro creativo de Iberoam\u00e9rica, siendo parte de nuestra Conferencia 2023!<\/h3>\n<p>En la Conferencia se re\u00fanen quienes toman las decisiones en estos espacios culturales iberoamericanos. El encuentro anual de OLA es una plataforma dise\u00f1ada para discutir los desaf\u00edos y oportunidades futuras para el sector y, por ende, para sus p\u00fablicos. Al asociarse con \u00d3pera Latinoam\u00e9rica como patrocinador, tu organizaci\u00f3n tendr\u00e1 la oportunidad de ser parte de esos debates, adem\u00e1s de establecer nuevas redes de trabajo y conocer en profundidad el sector cultural.<\/p>\n<p>\u00bb content_last_edited=\u00bbon|phone\u00bb _builder_version=\u00bb4.27.4&#8243; _module_preset=\u00bbdefault\u00bb text_font=\u00bb&#8211;et_global_body_font||||||||\u00bb text_text_color=\u00bb#3052C8&#8243; header_font=\u00bbArchivo|||on|||||\u00bb header_text_color=\u00bbgcid-b7e4330c-2b14-45f8-aac0-05c81f0ae2c6&#8243; header_line_height=\u00bb1.2em\u00bb text_orientation=\u00bbcenter\u00bb background_layout=\u00bbdark\u00bb max_width=\u00bb80%\u00bb module_alignment=\u00bbleft\u00bb custom_margin=\u00bb60px||||false|false\u00bb custom_padding=\u00bb16px||4px|16px|false|false\u00bb text_font_size_tablet=\u00bb\u00bb text_font_size_phone=\u00bb18px\u00bb text_font_size_last_edited=\u00bbon|phone\u00bb global_colors_info=\u00bb{%22gcid-b7e4330c-2b14-45f8-aac0-05c81f0ae2c6%22:%91%22header_text_color%22%93}\u00bb]<\/p>\n<h1 style=\"text-align: left;\">Let\u2019s build together the creative and sustainable future of Ibero-America \u2013 be part of our 2026 Conference!<\/h1>\n<p>[\/et_pb_text][et_pb_text _builder_version=\u00bb4.27.4&#8243; _module_preset=\u00bbdefault\u00bb text_font=\u00bbLCTrinidad|600|||||||\u00bb text_text_color=\u00bbgcid-b7e4330c-2b14-45f8-aac0-05c81f0ae2c6&#8243; text_font_size=\u00bb18px\u00bb text_orientation=\u00bbcenter\u00bb max_width=\u00bb80%\u00bb module_alignment=\u00bbleft\u00bb custom_margin=\u00bb|||0px|false|false\u00bb custom_padding=\u00bb||32px|16px|false|false\u00bb global_colors_info=\u00bb{%22gcid-b7e4330c-2b14-45f8-aac0-05c81f0ae2c6%22:%91%22text_text_color%22%93}\u00bb]<\/p>\n<p data-start=\"119\" data-end=\"605\" style=\"text-align: left;\"><strong data-start=\"119\" data-end=\"261\">The OLA Annual Conference brings together the decision-makers of the Ibero-American spaces and organizations that are part of the network.<\/strong> It is a platform designed to discuss the future challenges and opportunities for the sector and, consequently, for its audiences. By participating in the OLA Conference, your organization will have the opportunity to take part in these debates, as well as to establish new working networks and gain in-depth knowledge of the cultural sector.<\/p>\n<p data-start=\"612\" data-end=\"807\" style=\"text-align: left;\">Below, discover the ways to participate\u2014whether you are a cultural agent, a cultural organization, a service company associated with our sector, or a company interested in sponsoring the event.<\/p>\n<p>[\/et_pb_text][\/et_pb_column][\/et_pb_row][\/et_pb_section][et_pb_section fb_built=\u00bb1&#8243; _builder_version=\u00bb4.27.4&#8243; _module_preset=\u00bbdefault\u00bb background_color=\u00bbgcid-b7e4330c-2b14-45f8-aac0-05c81f0ae2c6&#8243; custom_padding=\u00bb50px||0px||false|false\u00bb border_width_top=\u00bb2px\u00bb border_color_top=\u00bbgcid-6207eec6-f49c-4121-a119-8f21cb571fde\u00bb global_colors_info=\u00bb{%22gcid-b7e4330c-2b14-45f8-aac0-05c81f0ae2c6%22:%91%22background_color%22%93,%22gcid-6207eec6-f49c-4121-a119-8f21cb571fde%22:%91%22border_color_top%22%93}\u00bb][et_pb_row _builder_version=\u00bb4.27.4&#8243; _module_preset=\u00bbdefault\u00bb width=\u00bb91.5%\u00bb width_tablet=\u00bb\u00bb width_phone=\u00bb90%\u00bb width_last_edited=\u00bbon|phone\u00bb custom_padding=\u00bb|0px|0px|0px|false|false\u00bb global_colors_info=\u00bb{}\u00bb][et_pb_column type=\u00bb4_4&#8243; _builder_version=\u00bb4.27.4&#8243; _module_preset=\u00bbdefault\u00bb custom_padding=\u00bb|0px||0px|false|false\u00bb global_colors_info=\u00bb{}\u00bb][et_pb_text _builder_version=\u00bb4.27.4&#8243; _module_preset=\u00bbdefault\u00bb text_font=\u00bbBaskervville||||||||\u00bb header_font=\u00bbBaskervville||||||||\u00bb header_2_font=\u00bbArchivo|||on|||||\u00bb header_2_text_color=\u00bb#FFFFFF\u00bb max_width=\u00bb91.2%\u00bb module_alignment=\u00bbleft\u00bb custom_margin=\u00bb||50px|0px|false|false\u00bb custom_padding=\u00bb20px||0px|0px|false|false\u00bb border_color_all=\u00bb#FFFFFF\u00bb global_colors_info=\u00bb{}\u00bb]<\/p>\n<h2>Discover the ways to take part<\/h2>\n<p>[\/et_pb_text][\/et_pb_column][\/et_pb_row][et_pb_row column_structure=\u00bb1_2,1_2&#8243; make_equal=\u00bbon\u00bb _builder_version=\u00bb4.27.4&#8243; _module_preset=\u00bbdefault\u00bb width=\u00bb67%\u00bb width_tablet=\u00bb49.8%\u00bb width_phone=\u00bb80%\u00bb width_last_edited=\u00bbon|phone\u00bb module_alignment=\u00bbcenter\u00bb custom_padding=\u00bb|28px||||\u00bb global_colors_info=\u00bb{}\u00bb][et_pb_column type=\u00bb1_2&#8243; _builder_version=\u00bb4.20.0&#8243; _module_preset=\u00bbdefault\u00bb global_colors_info=\u00bb{}\u00bb][et_pb_text _builder_version=\u00bb4.27.4&#8243; _module_preset=\u00bbdefault\u00bb text_text_color=\u00bb#FFFFFF\u00bb text_font_size=\u00bb14px\u00bb text_letter_spacing=\u00bb0.3px\u00bb header_font=\u00bbArchivo|||on|||||\u00bb header_text_align=\u00bbleft\u00bb header_text_color=\u00bb#FFFFFF\u00bb header_font_size=\u00bb35px\u00bb header_4_font=\u00bbArchivo|||on|||||\u00bb header_4_text_color=\u00bb#FFFFFF\u00bb header_4_font_size=\u00bb20px\u00bb width=\u00bb99.6%\u00bb min_height=\u00bb1000px\u00bb min_height_tablet=\u00bb990px\u00bb min_height_phone=\u00bb100%\u00bb min_height_last_edited=\u00bbon|phone\u00bb height=\u00bb100vh\u00bb height_tablet=\u00bb100vh\u00bb height_phone=\u00bb100%\u00bb height_last_edited=\u00bbon|phone\u00bb custom_margin=\u00bb|0px|120px||false|false\u00bb custom_padding=\u00bb15px|15px|78px|15px|false|false\u00bb border_width_all=\u00bb2px\u00bb border_color_all=\u00bbgcid-6207eec6-f49c-4121-a119-8f21cb571fde\u00bb inline_fonts=\u00bbLCTrinidad\u00bb global_colors_info=\u00bb{%22gcid-6207eec6-f49c-4121-a119-8f21cb571fde%22:%91%22border_color_all%22%93}\u00bb]<\/p>\n<h1 style=\"text-align: left;\">Cultural Organisations and Agents<\/h1>\n<p style=\"text-align: justify;\">This category is aimed at all professionals, artists, and individuals who wish to expand their network, connect with peers, and gain a better understanding of sector trends.<\/p>\n<h4>Participation in conference activities:<\/h4>\n<p>1. Access to all conference activities, except for the General Assembly and private OLA meetings.<\/p>\n<p>2. Coffee breaks.<\/p>\n<p>3. One ticket for a performance, one per person during the conference days.<\/p>\n<p>Valor: $400 USD per person<br \/>Additional participant from the same organization: $300 USD per person.<\/p>\n<p>Peruvian artistic community will have free access to the activities. Limited space available due to room capacity.\u00a0 \u00a0 \u00a0 \u00a0 \u00a0 \u00a0 \u00a0 \u00a0 \u00a0 \u00a0 \u00a0 \u00a0 \u00a0 \u00a0 \u00a0 \u00a0 \u00a0 \u00a0 \u00a0 \u00a0 \u00a0 \u00a0 \u00a0 \u00a0<\/p>\n<p>&nbsp;<\/p>\n<h1><b>Organisations and Local Cultural Agents<\/b>\u00a0<\/h1>\n<h1><\/h1>\n<p><span style=\"font-weight: 400;\">This option is free for the Peruvian artistic community.<\/span><\/p>\n<ul>\n<li style=\"font-weight: 400;\" aria-level=\"1\"><span style=\"font-weight: 400;\">Free access to the conference on 18 and 19 June<\/span><\/li>\n<li style=\"font-weight: 400;\" aria-level=\"1\"><span style=\"font-weight: 400;\">This option does not include opera tickets or participation in activities exclusive to the OLA network on 17 June<\/span><\/li>\n<\/ul>\n<h1>\u00a0 \u00a0<\/h1>\n<p>&nbsp;<\/p>\n<p>&nbsp;<\/p>\n<p>[\/et_pb_text][\/et_pb_column][et_pb_column type=\u00bb1_2&#8243; _builder_version=\u00bb4.20.0&#8243; _module_preset=\u00bbdefault\u00bb global_colors_info=\u00bb{}\u00bb][et_pb_text _builder_version=\u00bb4.27.4&#8243; _module_preset=\u00bbdefault\u00bb text_font=\u00bb&#8211;et_global_body_font||||||||\u00bb text_text_color=\u00bb#FFFFFF\u00bb text_font_size=\u00bb14px\u00bb text_letter_spacing=\u00bb0.3px\u00bb header_font=\u00bb&#8211;et_global_heading_font|||on|||||\u00bb header_text_align=\u00bbleft\u00bb header_text_color=\u00bb#FFFFFF\u00bb header_font_size=\u00bb35px\u00bb header_4_font=\u00bbLCTrinidad|||on|||||\u00bb header_4_text_align=\u00bbleft\u00bb header_4_text_color=\u00bb#FFFFFF\u00bb header_4_font_size=\u00bb20px\u00bb width=\u00bb99.6%\u00bb min_height=\u00bb1000px\u00bb min_height_tablet=\u00bb990px\u00bb min_height_phone=\u00bb100%\u00bb min_height_last_edited=\u00bbon|phone\u00bb height=\u00bb100vh\u00bb height_tablet=\u00bb100vh\u00bb height_phone=\u00bb100%\u00bb height_last_edited=\u00bbon|phone\u00bb custom_margin=\u00bb|0px|120px||false|false\u00bb custom_padding=\u00bb15px|15px||15px|false|false\u00bb border_width_all=\u00bb2px\u00bb border_color_all=\u00bbgcid-6207eec6-f49c-4121-a119-8f21cb571fde\u00bb inline_fonts=\u00bbBaskervville\u00bb global_colors_info=\u00bb{%22gcid-6207eec6-f49c-4121-a119-8f21cb571fde%22:%91%22border_color_all%22%93}\u00bb]<\/p>\n<h1 style=\"text-align: left;\">Sponsoring Companies<\/h1>\n<p style=\"text-align: left;\">This category is specifically aimed at companies looking to be part of an international network of cultural organizations that connect with thousands of people in their territories through music and the performing arts. Organizations whose work contributes to the integral development of individuals and the sustainable development of Latin America.<\/p>\n<h5 style=\"text-align: left;\"><span style=\"color: #ffffff; font-family: LCTrinidad, Helvetica, Arial, Lucida, sans-serif; font-size: 20px; letter-spacing: 0.3px; text-transform: uppercase;\">Participation in conference activities:<\/span><\/h5>\n<p style=\"text-align: left;\">1. Access to all conference activities, except for the General Assembly and private OLA meetings.<\/p>\n<p style=\"text-align: left;\">2. Attendance at the welcome cocktail and coffee breaks.<\/p>\n<p style=\"text-align: left;\">3. The possibility to present at one of the talks, subject to the analysis of the curatorial committee regarding the program content.<\/p>\n<p style=\"text-align: left;\">4. Tickets for 2 company representatives to attend the conference&#8217;s opera performance.<\/p>\n<h4 style=\"text-align: left;\"><\/h4>\n<h4 style=\"text-align: left;\"><\/h4>\n<h4 style=\"text-align: left;\">Brand Presence:<\/h4>\n<p style=\"text-align: left;\">1. Company booth in one of the conference rooms.<\/p>\n<p style=\"text-align: left;\">2. Inclusion of a promotional item in the welcome bag given to directors invited by OLA.<\/p>\n<p style=\"text-align: left;\">3. Company logo and mention in the conference dossier, website, newsletter, and OLA social media platforms in the months leading up to, during, and after the conference. Approximately 6 months.<\/p>\n<p>[\/et_pb_text][\/et_pb_column][\/et_pb_row][et_pb_row column_structure=\u00bb1_4,1_2,1_4&#8243; use_custom_gutter=\u00bbon\u00bb gutter_width=\u00bb1&#8243; make_equal=\u00bbon\u00bb _builder_version=\u00bb4.27.4&#8243; _module_preset=\u00bbdefault\u00bb background_color=\u00bbgcid-9a1ff25c-0927-49bc-918e-b34ad09f841c\u00bb width=\u00bb100%\u00bb width_tablet=\u00bb\u00bb width_phone=\u00bb90%\u00bb width_last_edited=\u00bbon|phone\u00bb max_width=\u00bb100%\u00bb custom_margin=\u00bb|0px|||false|false\u00bb custom_padding=\u00bb0px||0px||false|false\u00bb custom_css_free_form=\u00bbdisplay: flex;||width: 100%;\u00bb border_width_all=\u00bb2px\u00bb border_color_all=\u00bbgcid-6207eec6-f49c-4121-a119-8f21cb571fde\u00bb global_colors_info=\u00bb{%22gcid-9a1ff25c-0927-49bc-918e-b34ad09f841c%22:%91%22background_color%22%93,%22gcid-6207eec6-f49c-4121-a119-8f21cb571fde%22:%91%22border_color_all%22%93}\u00bb][et_pb_column type=\u00bb1_4&#8243; _builder_version=\u00bb4.27.4&#8243; _module_preset=\u00bbdefault\u00bb custom_padding=\u00bb0px|0px|0px|0px|false|false\u00bb custom_css_main_element=\u00bbdisplay: flex !important;||flex-direction: column;||justify-content: stretch;||align-items: stretch;||margin-bottom: 0 !important;\u00bb custom_css_free_form=\u00bbborder-right: 2px solid #55ffaa; \/* Cambia por tu c\u00f3digo de color *\/\u00bb border_width_right=\u00bb2px\u00bb border_color_right=\u00bbgcid-6207eec6-f49c-4121-a119-8f21cb571fde\u00bb global_colors_info=\u00bb{%22gcid-6207eec6-f49c-4121-a119-8f21cb571fde%22:%91%22border_color_right%22%93}\u00bb][\/et_pb_column][et_pb_column type=\u00bb1_2&#8243; _builder_version=\u00bb4.27.4&#8243; _module_preset=\u00bbdefault\u00bb border_width_right=\u00bb2px\u00bb border_color_right=\u00bbgcid-6207eec6-f49c-4121-a119-8f21cb571fde\u00bb global_colors_info=\u00bb{%22gcid-6207eec6-f49c-4121-a119-8f21cb571fde%22:%91%22border_color_right%22%93}\u00bb][et_pb_blurb title=\u00bbFor more information, contact : Florencia S\u00e1nchez\u00bb use_icon=\u00bbon\u00bb font_icon=\u00bb&#xf0e0;||fa||400&#8243; icon_color=\u00bbgcid-b7e4330c-2b14-45f8-aac0-05c81f0ae2c6&#8243; image_icon_width=\u00bb32px\u00bb content_max_width=\u00bb638px\u00bb font_icon_tablet=\u00bb\uf0e0||fa||400&#8243; font_icon_phone=\u00bb\uf0e0||fa||400&#8243; font_icon_last_edited=\u00bbon|phone\u00bb icon_placement_tablet=\u00bbleft\u00bb icon_placement_phone=\u00bbtop\u00bb icon_placement_last_edited=\u00bbon|phone\u00bb image_icon_width_tablet=\u00bb\u00bb image_icon_width_phone=\u00bb55px\u00bb image_icon_width_last_edited=\u00bbon|phone\u00bb content_max_width_tablet=\u00bb638px\u00bb content_max_width_phone=\u00bb100%\u00bb content_max_width_last_edited=\u00bbon|phone\u00bb _builder_version=\u00bb4.27.4&#8243; _module_preset=\u00bbdefault\u00bb header_font=\u00bb&#8211;et_global_heading_font||||||||\u00bb header_text_align=\u00bbcenter\u00bb header_text_color=\u00bbgcid-b7e4330c-2b14-45f8-aac0-05c81f0ae2c6&#8243; header_font_size=\u00bb24px\u00bb body_font=\u00bb&#8211;et_global_body_font||||||||\u00bb body_text_color=\u00bbgcid-b7e4330c-2b14-45f8-aac0-05c81f0ae2c6&#8243; body_font_size=\u00bb18px\u00bb body_line_height=\u00bb1.6em\u00bb image_icon_custom_margin=\u00bb0px||0px||false|false\u00bb image_icon_custom_padding=\u00bb0px||0px||false|false\u00bb text_orientation=\u00bbcenter\u00bb module_alignment=\u00bbleft\u00bb custom_margin=\u00bb120px|0px|120px|0px|false|false\u00bb custom_padding=\u00bb0px|0px|2px|0px|false|false\u00bb header_text_align_tablet=\u00bbleft\u00bb header_text_align_phone=\u00bbcenter\u00bb header_text_align_last_edited=\u00bbon|phone\u00bb header_font_size_tablet=\u00bb18px\u00bb header_font_size_phone=\u00bb18px\u00bb header_font_size_last_edited=\u00bbon|phone\u00bb text_orientation_tablet=\u00bb\u00bb text_orientation_phone=\u00bbcenter\u00bb text_orientation_last_edited=\u00bbon|phone\u00bb custom_css_blurb_content=\u00bbpadding-top:0px;\u00bb inline_fonts=\u00bbLCTrinidad\u00bb global_colors_info=\u00bb{%22gcid-b7e4330c-2b14-45f8-aac0-05c81f0ae2c6%22:%91%22icon_color%22,%22body_text_color%22,%22header_text_color%22%93}\u00bb]<\/p>\n<p style=\"text-align: center;\"><span style=\"font-family: LCTrinidad;\">fsanchez@operala.org<\/span><\/p>\n<p>[\/et_pb_blurb][\/et_pb_column][et_pb_column type=\u00bb1_4&#8243; _builder_version=\u00bb4.20.0&#8243; _module_preset=\u00bbdefault\u00bb global_colors_info=\u00bb{}\u00bb][\/et_pb_column][\/et_pb_row][\/et_pb_section][et_pb_section fb_built=\u00bb1&#8243; _builder_version=\u00bb4.27.4&#8243; _module_preset=\u00bbdefault\u00bb background_color=\u00bbgcid-b7e4330c-2b14-45f8-aac0-05c81f0ae2c6&#8243; custom_margin=\u00bb||||false|false\u00bb custom_padding=\u00bb60px||||false|false\u00bb global_colors_info=\u00bb{%22gcid-b7e4330c-2b14-45f8-aac0-05c81f0ae2c6%22:%91%22background_color%22%93}\u00bb][et_pb_row _builder_version=\u00bb4.27.4&#8243; _module_preset=\u00bbdefault\u00bb custom_margin=\u00bb0px||||false|false\u00bb custom_padding=\u00bb0px||||false|false\u00bb global_colors_info=\u00bb{}\u00bb][et_pb_column type=\u00bb4_4&#8243; _builder_version=\u00bb4.27.4&#8243; _module_preset=\u00bbdefault\u00bb global_colors_info=\u00bb{}\u00bb][et_pb_text _builder_version=\u00bb4.27.4&#8243; _module_preset=\u00bbdefault\u00bb text_text_color=\u00bbgcid-eb52df33-a6a0-4f9a-ba0b-c36e9e208219&#8243; header_font=\u00bbArchivo|||on|||||\u00bb header_text_color=\u00bbgcid-9a1ff25c-0927-49bc-918e-b34ad09f841c\u00bb header_line_height=\u00bb1.2em\u00bb global_colors_info=\u00bb{%22gcid-eb52df33-a6a0-4f9a-ba0b-c36e9e208219%22:%91%22text_text_color%22%93,%22gcid-9a1ff25c-0927-49bc-918e-b34ad09f841c%22:%91%22header_text_color%22%93}\u00bb]<\/p>\n<h1>REVIEW ALL THE PANELS OF THE 2025 CONFERENCE<\/h1>\n<p>[\/et_pb_text][et_pb_video src=\u00bbhttps:\/\/youtube.com\/playlist?list=PL3ruDFUWMW384VeIlGu-zwsRH3FTcpe4P&#038;si=5nsK5hCbRCb_TMpt\u00bb image_src=\u00bb\/\/i.ytimg.com\/vi\/35qJ0hj1eeE\/hqdefault.jpg\u00bb _builder_version=\u00bb4.27.4&#8243; _module_preset=\u00bbdefault\u00bb global_colors_info=\u00bb{}\u00bb][\/et_pb_video][\/et_pb_column][\/et_pb_row][\/et_pb_section][et_pb_section fb_built=\u00bb1&#8243; disabled_on=\u00bboff|off|off\u00bb module_id=\u00bbspeakers\u00bb module_class=\u00bbno-traducir\u00bb _builder_version=\u00bb4.27.4&#8243; _module_preset=\u00bbdefault\u00bb background_color=\u00bbgcid-9a1ff25c-0927-49bc-918e-b34ad09f841c\u00bb custom_padding=\u00bb||120px|||\u00bb border_width_all=\u00bb2px\u00bb border_color_all=\u00bbgcid-6207eec6-f49c-4121-a119-8f21cb571fde\u00bb locked=\u00bboff\u00bb global_colors_info=\u00bb{%22gcid-9a1ff25c-0927-49bc-918e-b34ad09f841c%22:%91%22background_color%22%93,%22gcid-6207eec6-f49c-4121-a119-8f21cb571fde%22:%91%22border_color_all%22%93}\u00bb][et_pb_row disabled_on=\u00bboff|off|off\u00bb _builder_version=\u00bb4.20.0&#8243; _module_preset=\u00bbdefault\u00bb hover_enabled=\u00bb0&#8243; global_colors_info=\u00bb{}\u00bb sticky_enabled=\u00bb0&#8243;][et_pb_column type=\u00bb4_4&#8243; _builder_version=\u00bb4.20.0&#8243; _module_preset=\u00bbdefault\u00bb global_colors_info=\u00bb{}\u00bb][et_pb_text content_tablet=\u00bb<\/p>\n<h1>Panelistas invitados<\/h1>\n<p>\u00bb content_phone=\u00bb<\/p>\n<h1>Panelistas invitados <\/h1>\n<p>\u00bb content_last_edited=\u00bbon|tablet\u00bb _builder_version=\u00bb4.27.4&#8243; _module_preset=\u00bbdefault\u00bb header_font=\u00bbArchivo|||on|||||\u00bb header_text_color=\u00bbgcid-b7e4330c-2b14-45f8-aac0-05c81f0ae2c6&#8243; header_font_size=\u00bb36px\u00bb global_colors_info=\u00bb{%22gcid-b7e4330c-2b14-45f8-aac0-05c81f0ae2c6%22:%91%22header_text_color%22%93}\u00bb]<\/p>\n<h1>guest panellists\u00a0\u00a0<\/h1>\n<p>[\/et_pb_text][\/et_pb_column][\/et_pb_row][et_pb_row disabled_on=\u00bboff|off|off\u00bb _builder_version=\u00bb4.27.4&#8243; _module_preset=\u00bbdefault\u00bb width=\u00bb100%\u00bb max_width=\u00bb1440px\u00bb global_colors_info=\u00bb{}\u00bb][et_pb_column type=\u00bb4_4&#8243; _builder_version=\u00bb4.27.4&#8243; _module_preset=\u00bbdefault\u00bb global_colors_info=\u00bb{}\u00bb][et_pb_text _builder_version=\u00bb4.27.4&#8243; _module_preset=\u00bbdefault\u00bb hover_enabled=\u00bb0&#8243; global_colors_info=\u00bb{}\u00bb sticky_enabled=\u00bb0&#8243;]<\/p>\n<div class=\"panelistas-container container-2026\"><div class=\"panelista-card card-2026\"><img decoding=\"async\" src=\"https:\/\/www.operala.org\/encuentrosola\/wp-content\/uploads\/2026\/04\/Michael-Bobbitt-0020_3-Square-1024x1024-1.jpg\" alt=\"Michael J. Bobbitt\u00a0\" class=\"panelista-foto abrir-modal\" data-nombre=\"Michael J. Bobbitt\u00a0\" data-cargo=\"OPERA America (USA)\" data-bio=\"Michael J. Bobbitt se convirti\u00f3 en presidente y director ejecutivo de OPERA America en enero de 2026. Es un reconocido ejecutivo de las artes, productor y artista a nivel nacional, cuya carrera abarca la pol\u00edtica p\u00fablica, la transformaci\u00f3n organizativa y la pr\u00e1ctica creativa. Anteriormente se desempe\u00f1\u00f3 como director ejecutivo del Mass Cultural Council, donde lider\u00f3 la estrategia y las alianzas para la econom\u00eda creativa de Massachusetts, valorada en 29.700 millones de d\u00f3lares; asegur\u00f3 60,1 millones de d\u00f3lares en ayudas por COVID; increment\u00f3 las asignaciones estatales de 18,2 millones a 26,9 millones de d\u00f3lares; e integr\u00f3 las artes en las pol\u00edticas estatales de salud, educaci\u00f3n y econom\u00eda.\r\n\r\nAntes de su paso por el sector p\u00fablico, Bobbitt dirigi\u00f3 New Repertory Theatre y Adventure Theatre MTC, donde impuls\u00f3 el crecimiento de audiencias, ampli\u00f3 los ingresos por aportaciones, cuadruplic\u00f3 la recaudaci\u00f3n de fondos, encarg\u00f3 m\u00e1s de 50 nuevas obras y fue pionero en funciones accesibles desde el punto de vista sensorial e inclusivas para personas con autismo, que se convirtieron en un modelo nacional. Su trabajo como dramaturgo, director y core\u00f3grafo ha sido presentado a nivel nacional e internacional y ha recibido m\u00faltiples nominaciones a los premios Helen Hayes, incluida una al premio Charles MacArthur a la mejor obra o musical nuevo. Cuenta con un MBA en innovaci\u00f3n en las artes y una licenciatura (summa cum laude) en estudios interdisciplinarios, adem\u00e1s de formaci\u00f3n ejecutiva en la Harvard Kennedy School, la Harvard Business School y el programa Chief Executive de National Arts Strategies.\"><div class=\"panelista-nombre abrir-modal\" data-nombre=\"Michael J. Bobbitt\u00a0\" data-cargo=\"OPERA America (USA)\" data-bio=\"Michael J. Bobbitt se convirti\u00f3 en presidente y director ejecutivo de OPERA America en enero de 2026. Es un reconocido ejecutivo de las artes, productor y artista a nivel nacional, cuya carrera abarca la pol\u00edtica p\u00fablica, la transformaci\u00f3n organizativa y la pr\u00e1ctica creativa. Anteriormente se desempe\u00f1\u00f3 como director ejecutivo del Mass Cultural Council, donde lider\u00f3 la estrategia y las alianzas para la econom\u00eda creativa de Massachusetts, valorada en 29.700 millones de d\u00f3lares; asegur\u00f3 60,1 millones de d\u00f3lares en ayudas por COVID; increment\u00f3 las asignaciones estatales de 18,2 millones a 26,9 millones de d\u00f3lares; e integr\u00f3 las artes en las pol\u00edticas estatales de salud, educaci\u00f3n y econom\u00eda.\r\n\r\nAntes de su paso por el sector p\u00fablico, Bobbitt dirigi\u00f3 New Repertory Theatre y Adventure Theatre MTC, donde impuls\u00f3 el crecimiento de audiencias, ampli\u00f3 los ingresos por aportaciones, cuadruplic\u00f3 la recaudaci\u00f3n de fondos, encarg\u00f3 m\u00e1s de 50 nuevas obras y fue pionero en funciones accesibles desde el punto de vista sensorial e inclusivas para personas con autismo, que se convirtieron en un modelo nacional. Su trabajo como dramaturgo, director y core\u00f3grafo ha sido presentado a nivel nacional e internacional y ha recibido m\u00faltiples nominaciones a los premios Helen Hayes, incluida una al premio Charles MacArthur a la mejor obra o musical nuevo. Cuenta con un MBA en innovaci\u00f3n en las artes y una licenciatura (summa cum laude) en estudios interdisciplinarios, adem\u00e1s de formaci\u00f3n ejecutiva en la Harvard Kennedy School, la Harvard Business School y el programa Chief Executive de National Arts Strategies.\">Michael J. Bobbitt\u00a0<\/div><div class=\"panelista-cargo\">OPERA America (USA)<\/div><div class=\"panelista-vermas abrir-modal\" data-nombre=\"Michael J. Bobbitt\u00a0\" data-cargo=\"OPERA America (USA)\" data-bio=\"Michael J. Bobbitt se convirti\u00f3 en presidente y director ejecutivo de OPERA America en enero de 2026. Es un reconocido ejecutivo de las artes, productor y artista a nivel nacional, cuya carrera abarca la pol\u00edtica p\u00fablica, la transformaci\u00f3n organizativa y la pr\u00e1ctica creativa. Anteriormente se desempe\u00f1\u00f3 como director ejecutivo del Mass Cultural Council, donde lider\u00f3 la estrategia y las alianzas para la econom\u00eda creativa de Massachusetts, valorada en 29.700 millones de d\u00f3lares; asegur\u00f3 60,1 millones de d\u00f3lares en ayudas por COVID; increment\u00f3 las asignaciones estatales de 18,2 millones a 26,9 millones de d\u00f3lares; e integr\u00f3 las artes en las pol\u00edticas estatales de salud, educaci\u00f3n y econom\u00eda.\r\n\r\nAntes de su paso por el sector p\u00fablico, Bobbitt dirigi\u00f3 New Repertory Theatre y Adventure Theatre MTC, donde impuls\u00f3 el crecimiento de audiencias, ampli\u00f3 los ingresos por aportaciones, cuadruplic\u00f3 la recaudaci\u00f3n de fondos, encarg\u00f3 m\u00e1s de 50 nuevas obras y fue pionero en funciones accesibles desde el punto de vista sensorial e inclusivas para personas con autismo, que se convirtieron en un modelo nacional. Su trabajo como dramaturgo, director y core\u00f3grafo ha sido presentado a nivel nacional e internacional y ha recibido m\u00faltiples nominaciones a los premios Helen Hayes, incluida una al premio Charles MacArthur a la mejor obra o musical nuevo. Cuenta con un MBA en innovaci\u00f3n en las artes y una licenciatura (summa cum laude) en estudios interdisciplinarios, adem\u00e1s de formaci\u00f3n ejecutiva en la Harvard Kennedy School, la Harvard Business School y el programa Chief Executive de National Arts Strategies.\">Ver m\u00e1s<\/div><\/div><div class=\"panelista-card card-2026\"><img decoding=\"async\" src=\"https:\/\/www.operala.org\/encuentrosola\/wp-content\/uploads\/2026\/04\/fotomonica-.jpg\" alt=\"Monica Carrillo\" class=\"panelista-foto abrir-modal\" data-nombre=\"Monica Carrillo\" data-cargo=\"Myriad USA (EEUU)\" data-bio=\"Monica Carrillo Zegarra,  Directora  de Las Am\u00e9ricas y Leader de Asuntos Ambientales en Myriad USA,  fundaci\u00f3n filantr\u00ed\u00f3pica que ha facilitado 195 millones para causas sociales globales el 2025. Carrillo ha sido la primera directora de la regi\u00f3n latinoamericana en Myriad USA,  y responsable por  establecer alianzas con m\u00e1s de 300 organizaciones, donantes y diversos stakeholders en la regi\u00f3n. Anteriormente  fue directora de Am\u00e9rica Latina de Thousands Currents donde dise\u00f1\u00f3 e implement\u00f3 estrategias de expansi\u00f3n de donaciones especialmente en el Amazonas de Brasil y Colombia, la regi\u00f3n andina, centroam\u00e9rica adem\u00e1s de aspectos sobre la mitigaci\u00f3n de riesgo para las operaciones de grantmaking. Asimismo fue Organizadora Comunitaria del Museo de Queens, donde cre\u00f3 el colectivo BordeAndo para recuperar las artes textiles de las mujeres inmigrantes latinas, adem\u00e1s de organizar programas p\u00fablicos y festivales dedicados a destacar el arte latinoamericano. Carrillo ha sido la fundadora de LUNDU, organizaci\u00f3n afroperuana que ha logrado importantes cambios culturales por el respeto de los pueblos afroperuanos. \"><div class=\"panelista-nombre abrir-modal\" data-nombre=\"Monica Carrillo\" data-cargo=\"Myriad USA (EEUU)\" data-bio=\"Monica Carrillo Zegarra,  Directora  de Las Am\u00e9ricas y Leader de Asuntos Ambientales en Myriad USA,  fundaci\u00f3n filantr\u00ed\u00f3pica que ha facilitado 195 millones para causas sociales globales el 2025. Carrillo ha sido la primera directora de la regi\u00f3n latinoamericana en Myriad USA,  y responsable por  establecer alianzas con m\u00e1s de 300 organizaciones, donantes y diversos stakeholders en la regi\u00f3n. Anteriormente  fue directora de Am\u00e9rica Latina de Thousands Currents donde dise\u00f1\u00f3 e implement\u00f3 estrategias de expansi\u00f3n de donaciones especialmente en el Amazonas de Brasil y Colombia, la regi\u00f3n andina, centroam\u00e9rica adem\u00e1s de aspectos sobre la mitigaci\u00f3n de riesgo para las operaciones de grantmaking. Asimismo fue Organizadora Comunitaria del Museo de Queens, donde cre\u00f3 el colectivo BordeAndo para recuperar las artes textiles de las mujeres inmigrantes latinas, adem\u00e1s de organizar programas p\u00fablicos y festivales dedicados a destacar el arte latinoamericano. Carrillo ha sido la fundadora de LUNDU, organizaci\u00f3n afroperuana que ha logrado importantes cambios culturales por el respeto de los pueblos afroperuanos. \">Monica Carrillo<\/div><div class=\"panelista-cargo\">Myriad USA (EEUU)<\/div><div class=\"panelista-vermas abrir-modal\" data-nombre=\"Monica Carrillo\" data-cargo=\"Myriad USA (EEUU)\" data-bio=\"Monica Carrillo Zegarra,  Directora  de Las Am\u00e9ricas y Leader de Asuntos Ambientales en Myriad USA,  fundaci\u00f3n filantr\u00ed\u00f3pica que ha facilitado 195 millones para causas sociales globales el 2025. Carrillo ha sido la primera directora de la regi\u00f3n latinoamericana en Myriad USA,  y responsable por  establecer alianzas con m\u00e1s de 300 organizaciones, donantes y diversos stakeholders en la regi\u00f3n. Anteriormente  fue directora de Am\u00e9rica Latina de Thousands Currents donde dise\u00f1\u00f3 e implement\u00f3 estrategias de expansi\u00f3n de donaciones especialmente en el Amazonas de Brasil y Colombia, la regi\u00f3n andina, centroam\u00e9rica adem\u00e1s de aspectos sobre la mitigaci\u00f3n de riesgo para las operaciones de grantmaking. Asimismo fue Organizadora Comunitaria del Museo de Queens, donde cre\u00f3 el colectivo BordeAndo para recuperar las artes textiles de las mujeres inmigrantes latinas, adem\u00e1s de organizar programas p\u00fablicos y festivales dedicados a destacar el arte latinoamericano. Carrillo ha sido la fundadora de LUNDU, organizaci\u00f3n afroperuana que ha logrado importantes cambios culturales por el respeto de los pueblos afroperuanos. \">Ver m\u00e1s<\/div><\/div><div class=\"panelista-card card-2026\"><img decoding=\"async\" src=\"https:\/\/www.operala.org\/encuentrosola\/wp-content\/uploads\/2026\/04\/Alejandra-Claros.jpg\" alt=\"Alejandra Claros\" class=\"panelista-foto abrir-modal\" data-nombre=\"Alejandra Claros\" data-cargo=\"CAF (Venezuela) \" data-bio=\"Alejandra Claros Borda, es licenciada en Ciencias Jur\u00eddicas y Pol\u00edticas. Transit\u00f3 desde muy joven por diferentes responsabilidades en altas esferas pol\u00edticas de su pa\u00eds, como Jefa de Gabinete del Presidente del Estado Plurinacional de Bolivia y Coordinadora Nacional de la Empresa Nacional de Telecomunicaciones (ENTEL). Posteriormente, en el a\u00f1o 2015 ingres\u00f3 a la CAF como Coordinadora de Secretar\u00eda, para luego estar a cargo del an\u00e1lisis pol\u00edtico de la Instituci\u00f3n. En diciembre de 2021 fue designada como Secretaria General, responsabilidad que por primera vez en la historia de la Instituci\u00f3n recae en una mujer.\r\n\r\nCuenta con un posgrado en Relaciones Internacionales y Diplomacia de la Academia Diplom\u00e1tica Plurinacional; una maestr\u00eda en Derecho Multidisciplinario de la Universidad Mayor de San Sim\u00f3n (Bolivia) y otra en Comunicaci\u00f3n y Marketing Pol\u00edtico, esta \u00faltima obtenida en la Universidad de Alcal\u00e1 (Espa\u00f1a). De igual forma, tiene las especialidades en Estudios Latinoamericanos y Caribe\u00f1os y otra en Tecnolog\u00eda y Subjetividad Pol\u00edtica, ambas otorgadas por el Consejo Latinoamericano de Ciencias Sociales (CLACSO).\"><div class=\"panelista-nombre abrir-modal\" data-nombre=\"Alejandra Claros\" data-cargo=\"CAF (Venezuela) \" data-bio=\"Alejandra Claros Borda, es licenciada en Ciencias Jur\u00eddicas y Pol\u00edticas. Transit\u00f3 desde muy joven por diferentes responsabilidades en altas esferas pol\u00edticas de su pa\u00eds, como Jefa de Gabinete del Presidente del Estado Plurinacional de Bolivia y Coordinadora Nacional de la Empresa Nacional de Telecomunicaciones (ENTEL). Posteriormente, en el a\u00f1o 2015 ingres\u00f3 a la CAF como Coordinadora de Secretar\u00eda, para luego estar a cargo del an\u00e1lisis pol\u00edtico de la Instituci\u00f3n. En diciembre de 2021 fue designada como Secretaria General, responsabilidad que por primera vez en la historia de la Instituci\u00f3n recae en una mujer.\r\n\r\nCuenta con un posgrado en Relaciones Internacionales y Diplomacia de la Academia Diplom\u00e1tica Plurinacional; una maestr\u00eda en Derecho Multidisciplinario de la Universidad Mayor de San Sim\u00f3n (Bolivia) y otra en Comunicaci\u00f3n y Marketing Pol\u00edtico, esta \u00faltima obtenida en la Universidad de Alcal\u00e1 (Espa\u00f1a). De igual forma, tiene las especialidades en Estudios Latinoamericanos y Caribe\u00f1os y otra en Tecnolog\u00eda y Subjetividad Pol\u00edtica, ambas otorgadas por el Consejo Latinoamericano de Ciencias Sociales (CLACSO).\">Alejandra Claros<\/div><div class=\"panelista-cargo\">CAF (Venezuela) <\/div><div class=\"panelista-vermas abrir-modal\" data-nombre=\"Alejandra Claros\" data-cargo=\"CAF (Venezuela) \" data-bio=\"Alejandra Claros Borda, es licenciada en Ciencias Jur\u00eddicas y Pol\u00edticas. Transit\u00f3 desde muy joven por diferentes responsabilidades en altas esferas pol\u00edticas de su pa\u00eds, como Jefa de Gabinete del Presidente del Estado Plurinacional de Bolivia y Coordinadora Nacional de la Empresa Nacional de Telecomunicaciones (ENTEL). Posteriormente, en el a\u00f1o 2015 ingres\u00f3 a la CAF como Coordinadora de Secretar\u00eda, para luego estar a cargo del an\u00e1lisis pol\u00edtico de la Instituci\u00f3n. En diciembre de 2021 fue designada como Secretaria General, responsabilidad que por primera vez en la historia de la Instituci\u00f3n recae en una mujer.\r\n\r\nCuenta con un posgrado en Relaciones Internacionales y Diplomacia de la Academia Diplom\u00e1tica Plurinacional; una maestr\u00eda en Derecho Multidisciplinario de la Universidad Mayor de San Sim\u00f3n (Bolivia) y otra en Comunicaci\u00f3n y Marketing Pol\u00edtico, esta \u00faltima obtenida en la Universidad de Alcal\u00e1 (Espa\u00f1a). De igual forma, tiene las especialidades en Estudios Latinoamericanos y Caribe\u00f1os y otra en Tecnolog\u00eda y Subjetividad Pol\u00edtica, ambas otorgadas por el Consejo Latinoamericano de Ciencias Sociales (CLACSO).\">Ver m\u00e1s<\/div><\/div><div class=\"panelista-card card-2026\"><img decoding=\"async\" src=\"https:\/\/www.operala.org\/encuentrosola\/wp-content\/uploads\/2026\/04\/Norma-e1776332630262.jpg\" alt=\"Norma Correa\" class=\"panelista-foto abrir-modal\" data-nombre=\"Norma Correa\" data-cargo=\"Pontificia Universidad Cat\u00f3lica del Per\u00fa (Per\u00fa)\" data-bio=\"Norma Correa Aste. Antrop\u00f3loga, profesora e investigadora de la Pontificia Universidad Cat\u00f3lica del Per\u00fa. Mag\u00edster en Pol\u00edtica Social y Desarrollo por London School of Economics, sus l\u00edneas de investigaci\u00f3n incluyen pol\u00edticas p\u00fablicas, desarrollo humano, superaci\u00f3n de la pobreza, interculturalidad e innovaci\u00f3n. Cuenta con 20 a\u00f1os de experiencia liderando iniciativas p\u00fablicas y privadas de desarrollo econ\u00f3mico y social, as\u00ed como asesora y evaluadora para instituciones p\u00fablicas, empresas, think tanks y organismos internacionales en Am\u00e9rica Latina. Promueve la aplicaci\u00f3n de metodolog\u00edas cualitativas para el dise\u00f1o, implementaci\u00f3n y evaluaci\u00f3n de pol\u00edticas, programas y servicios en el sector p\u00fablico y en el sector privado. Columnista del Diario El Comercio y analista para medios nacionales e internacionales.\"><div class=\"panelista-nombre abrir-modal\" data-nombre=\"Norma Correa\" data-cargo=\"Pontificia Universidad Cat\u00f3lica del Per\u00fa (Per\u00fa)\" data-bio=\"Norma Correa Aste. Antrop\u00f3loga, profesora e investigadora de la Pontificia Universidad Cat\u00f3lica del Per\u00fa. Mag\u00edster en Pol\u00edtica Social y Desarrollo por London School of Economics, sus l\u00edneas de investigaci\u00f3n incluyen pol\u00edticas p\u00fablicas, desarrollo humano, superaci\u00f3n de la pobreza, interculturalidad e innovaci\u00f3n. Cuenta con 20 a\u00f1os de experiencia liderando iniciativas p\u00fablicas y privadas de desarrollo econ\u00f3mico y social, as\u00ed como asesora y evaluadora para instituciones p\u00fablicas, empresas, think tanks y organismos internacionales en Am\u00e9rica Latina. Promueve la aplicaci\u00f3n de metodolog\u00edas cualitativas para el dise\u00f1o, implementaci\u00f3n y evaluaci\u00f3n de pol\u00edticas, programas y servicios en el sector p\u00fablico y en el sector privado. Columnista del Diario El Comercio y analista para medios nacionales e internacionales.\">Norma Correa<\/div><div class=\"panelista-cargo\">Pontificia Universidad Cat\u00f3lica del Per\u00fa (Per\u00fa)<\/div><div class=\"panelista-vermas abrir-modal\" data-nombre=\"Norma Correa\" data-cargo=\"Pontificia Universidad Cat\u00f3lica del Per\u00fa (Per\u00fa)\" data-bio=\"Norma Correa Aste. Antrop\u00f3loga, profesora e investigadora de la Pontificia Universidad Cat\u00f3lica del Per\u00fa. Mag\u00edster en Pol\u00edtica Social y Desarrollo por London School of Economics, sus l\u00edneas de investigaci\u00f3n incluyen pol\u00edticas p\u00fablicas, desarrollo humano, superaci\u00f3n de la pobreza, interculturalidad e innovaci\u00f3n. Cuenta con 20 a\u00f1os de experiencia liderando iniciativas p\u00fablicas y privadas de desarrollo econ\u00f3mico y social, as\u00ed como asesora y evaluadora para instituciones p\u00fablicas, empresas, think tanks y organismos internacionales en Am\u00e9rica Latina. Promueve la aplicaci\u00f3n de metodolog\u00edas cualitativas para el dise\u00f1o, implementaci\u00f3n y evaluaci\u00f3n de pol\u00edticas, programas y servicios en el sector p\u00fablico y en el sector privado. Columnista del Diario El Comercio y analista para medios nacionales e internacionales.\">Ver m\u00e1s<\/div><\/div><div class=\"panelista-card card-2026\"><img decoding=\"async\" src=\"https:\/\/www.operala.org\/encuentrosola\/wp-content\/uploads\/2026\/04\/IMG-20260224-WA0009.jpg\" alt=\"Lars Ebert\" class=\"panelista-foto abrir-modal\" data-nombre=\"Lars Ebert\" data-cargo=\"Culture Action Europe (B\u00e9lgica) \" data-bio=\"Lars Ebert es secretario general de Culture Action Europe, la principal organizaci\u00f3n de defensa del sector cultural en Europa. Anteriormente, fue codirector de H401 en Amsterdam y subdirector de la European League of Institutes of the Arts.\r\n\r\nForma parte de los consejos asesores de la Create to be Free Platform (Council of Europe), el Forum on EU\u2013UK Cultural &amp; Media Relations y el European Heritage Hub. Es miembro del Grupo de Expertos en Patrimonio Cultural de la European Commission y delegado de la Red de Ciudades y Regiones de EIT Culture and Creativity. Tambi\u00e9n es miembro del consejo de Stichting Herengracht 401 y Stichting House of Gis\u00e8le (ambas en Amsterdam), as\u00ed como miembro fundador del consejo de EQ-Arts. Junto con sus parejas de vida, ha creado [SIC] \u2013 Space for International Cooperation en Athens.\r\n\r\nLars tiene un posgrado en teolog\u00eda, es de nacionalidad alemana y vive entre Brussels, Amsterdam y Athens.\"><div class=\"panelista-nombre abrir-modal\" data-nombre=\"Lars Ebert\" data-cargo=\"Culture Action Europe (B\u00e9lgica) \" data-bio=\"Lars Ebert es secretario general de Culture Action Europe, la principal organizaci\u00f3n de defensa del sector cultural en Europa. Anteriormente, fue codirector de H401 en Amsterdam y subdirector de la European League of Institutes of the Arts.\r\n\r\nForma parte de los consejos asesores de la Create to be Free Platform (Council of Europe), el Forum on EU\u2013UK Cultural &amp; Media Relations y el European Heritage Hub. Es miembro del Grupo de Expertos en Patrimonio Cultural de la European Commission y delegado de la Red de Ciudades y Regiones de EIT Culture and Creativity. Tambi\u00e9n es miembro del consejo de Stichting Herengracht 401 y Stichting House of Gis\u00e8le (ambas en Amsterdam), as\u00ed como miembro fundador del consejo de EQ-Arts. Junto con sus parejas de vida, ha creado [SIC] \u2013 Space for International Cooperation en Athens.\r\n\r\nLars tiene un posgrado en teolog\u00eda, es de nacionalidad alemana y vive entre Brussels, Amsterdam y Athens.\">Lars Ebert<\/div><div class=\"panelista-cargo\">Culture Action Europe (B\u00e9lgica) <\/div><div class=\"panelista-vermas abrir-modal\" data-nombre=\"Lars Ebert\" data-cargo=\"Culture Action Europe (B\u00e9lgica) \" data-bio=\"Lars Ebert es secretario general de Culture Action Europe, la principal organizaci\u00f3n de defensa del sector cultural en Europa. Anteriormente, fue codirector de H401 en Amsterdam y subdirector de la European League of Institutes of the Arts.\r\n\r\nForma parte de los consejos asesores de la Create to be Free Platform (Council of Europe), el Forum on EU\u2013UK Cultural &amp; Media Relations y el European Heritage Hub. Es miembro del Grupo de Expertos en Patrimonio Cultural de la European Commission y delegado de la Red de Ciudades y Regiones de EIT Culture and Creativity. Tambi\u00e9n es miembro del consejo de Stichting Herengracht 401 y Stichting House of Gis\u00e8le (ambas en Amsterdam), as\u00ed como miembro fundador del consejo de EQ-Arts. Junto con sus parejas de vida, ha creado [SIC] \u2013 Space for International Cooperation en Athens.\r\n\r\nLars tiene un posgrado en teolog\u00eda, es de nacionalidad alemana y vive entre Brussels, Amsterdam y Athens.\">Ver m\u00e1s<\/div><\/div><div class=\"panelista-card card-2026\"><img decoding=\"async\" src=\"https:\/\/www.operala.org\/encuentrosola\/wp-content\/uploads\/2026\/04\/Susan-Johnston_Image.jpg\" alt=\"Susan Johnston\" class=\"panelista-foto abrir-modal\" data-nombre=\"Susan Johnston\" data-cargo=\"Southbank Centre (UK)\" data-bio=\"Susan Johnston es la directora de operaciones en Southbank Centre, el mayor centro de artes del Reino Unido, donde lidera la estrategia operativa en espacios como el Royal Festival Hall, el Queen Elizabeth Hall y la Hayward Gallery.\r\nCon una amplia experiencia tanto en el sector cultural como en el de la radiodifusi\u00f3n, Susan ha ocupado cargos de responsabilidad en Somerset House Trust, ITV plc y BBC Children in Need.\r\nSu trabajo se centra en construir instituciones sostenibles y resilientes que promuevan la creatividad y el acceso a la cultura.\r\n\"><div class=\"panelista-nombre abrir-modal\" data-nombre=\"Susan Johnston\" data-cargo=\"Southbank Centre (UK)\" data-bio=\"Susan Johnston es la directora de operaciones en Southbank Centre, el mayor centro de artes del Reino Unido, donde lidera la estrategia operativa en espacios como el Royal Festival Hall, el Queen Elizabeth Hall y la Hayward Gallery.\r\nCon una amplia experiencia tanto en el sector cultural como en el de la radiodifusi\u00f3n, Susan ha ocupado cargos de responsabilidad en Somerset House Trust, ITV plc y BBC Children in Need.\r\nSu trabajo se centra en construir instituciones sostenibles y resilientes que promuevan la creatividad y el acceso a la cultura.\r\n\">Susan Johnston<\/div><div class=\"panelista-cargo\">Southbank Centre (UK)<\/div><div class=\"panelista-vermas abrir-modal\" data-nombre=\"Susan Johnston\" data-cargo=\"Southbank Centre (UK)\" data-bio=\"Susan Johnston es la directora de operaciones en Southbank Centre, el mayor centro de artes del Reino Unido, donde lidera la estrategia operativa en espacios como el Royal Festival Hall, el Queen Elizabeth Hall y la Hayward Gallery.\r\nCon una amplia experiencia tanto en el sector cultural como en el de la radiodifusi\u00f3n, Susan ha ocupado cargos de responsabilidad en Somerset House Trust, ITV plc y BBC Children in Need.\r\nSu trabajo se centra en construir instituciones sostenibles y resilientes que promuevan la creatividad y el acceso a la cultura.\r\n\">Ver m\u00e1s<\/div><\/div><div class=\"panelista-card card-2026\"><img decoding=\"async\" src=\"https:\/\/www.operala.org\/encuentrosola\/wp-content\/uploads\/2026\/04\/CLoewen.png\" alt=\"Christina Loewen\" class=\"panelista-foto abrir-modal\" data-nombre=\"Christina Loewen\" data-cargo=\"Asociaci\u00f3n para la \u00d3pera en Canad\u00e1 (Canad\u00e1)\" data-bio=\"Christina Loewen es la CEO\/PDG de la Asociaci\u00f3n para la \u00d3pera en Canad\u00e1, donde lidera iniciativas nacionales centradas en fortalecer la resiliencia, la relevancia y el impacto c\u00edvico del sector oper\u00edstico. Su trabajo se centra en ayudar a las compa\u00f1\u00edas a gestionar el cambio, construir modelos operativos sostenibles y profundizar su relaci\u00f3n con las comunidades.\r\n\r\nLider\u00f3 el desarrollo del Marco de Impacto C\u00edvico de la \u00d3pera de Canad\u00e1 y de una plataforma digital nacional para recopilar y reportar el impacto a nivel sectorial, los datos de recuperaci\u00f3n y los indicadores de resiliencia. Christina tambi\u00e9n ha impulsado nuevos enfoques de financiaci\u00f3n de las artes, incluyendo la direcci\u00f3n de Opera Bonds, una exploraci\u00f3n de modelos de financiaci\u00f3n social para la \u00f3pera desarrollada en colaboraci\u00f3n con Social Innovation Canada.\r\n\r\nSu liderazgo m\u00e1s amplio incluye funciones de gobernanza y asesoramiento en los ecosistemas de medici\u00f3n de impacto y financiaci\u00f3n social de Canad\u00e1, tendiendo puentes entre la pr\u00e1ctica cultural y las herramientas emergentes del sector social.\"><div class=\"panelista-nombre abrir-modal\" data-nombre=\"Christina Loewen\" data-cargo=\"Asociaci\u00f3n para la \u00d3pera en Canad\u00e1 (Canad\u00e1)\" data-bio=\"Christina Loewen es la CEO\/PDG de la Asociaci\u00f3n para la \u00d3pera en Canad\u00e1, donde lidera iniciativas nacionales centradas en fortalecer la resiliencia, la relevancia y el impacto c\u00edvico del sector oper\u00edstico. Su trabajo se centra en ayudar a las compa\u00f1\u00edas a gestionar el cambio, construir modelos operativos sostenibles y profundizar su relaci\u00f3n con las comunidades.\r\n\r\nLider\u00f3 el desarrollo del Marco de Impacto C\u00edvico de la \u00d3pera de Canad\u00e1 y de una plataforma digital nacional para recopilar y reportar el impacto a nivel sectorial, los datos de recuperaci\u00f3n y los indicadores de resiliencia. Christina tambi\u00e9n ha impulsado nuevos enfoques de financiaci\u00f3n de las artes, incluyendo la direcci\u00f3n de Opera Bonds, una exploraci\u00f3n de modelos de financiaci\u00f3n social para la \u00f3pera desarrollada en colaboraci\u00f3n con Social Innovation Canada.\r\n\r\nSu liderazgo m\u00e1s amplio incluye funciones de gobernanza y asesoramiento en los ecosistemas de medici\u00f3n de impacto y financiaci\u00f3n social de Canad\u00e1, tendiendo puentes entre la pr\u00e1ctica cultural y las herramientas emergentes del sector social.\">Christina Loewen<\/div><div class=\"panelista-cargo\">Asociaci\u00f3n para la \u00d3pera en Canad\u00e1 (Canad\u00e1)<\/div><div class=\"panelista-vermas abrir-modal\" data-nombre=\"Christina Loewen\" data-cargo=\"Asociaci\u00f3n para la \u00d3pera en Canad\u00e1 (Canad\u00e1)\" data-bio=\"Christina Loewen es la CEO\/PDG de la Asociaci\u00f3n para la \u00d3pera en Canad\u00e1, donde lidera iniciativas nacionales centradas en fortalecer la resiliencia, la relevancia y el impacto c\u00edvico del sector oper\u00edstico. Su trabajo se centra en ayudar a las compa\u00f1\u00edas a gestionar el cambio, construir modelos operativos sostenibles y profundizar su relaci\u00f3n con las comunidades.\r\n\r\nLider\u00f3 el desarrollo del Marco de Impacto C\u00edvico de la \u00d3pera de Canad\u00e1 y de una plataforma digital nacional para recopilar y reportar el impacto a nivel sectorial, los datos de recuperaci\u00f3n y los indicadores de resiliencia. Christina tambi\u00e9n ha impulsado nuevos enfoques de financiaci\u00f3n de las artes, incluyendo la direcci\u00f3n de Opera Bonds, una exploraci\u00f3n de modelos de financiaci\u00f3n social para la \u00f3pera desarrollada en colaboraci\u00f3n con Social Innovation Canada.\r\n\r\nSu liderazgo m\u00e1s amplio incluye funciones de gobernanza y asesoramiento en los ecosistemas de medici\u00f3n de impacto y financiaci\u00f3n social de Canad\u00e1, tendiendo puentes entre la pr\u00e1ctica cultural y las herramientas emergentes del sector social.\">Ver m\u00e1s<\/div><\/div><div class=\"panelista-card card-2026\"><img decoding=\"async\" src=\"https:\/\/www.operala.org\/encuentrosola\/wp-content\/uploads\/2026\/04\/6813148fdfd0b.r_d.188-130-21161.jpeg\" alt=\"Fulvio Macciardi\" class=\"panelista-foto abrir-modal\" data-nombre=\"Fulvio Macciardi\" data-cargo=\"Teatro Di San Carlo (Italia) \" data-bio=\"Desde octubre de 2022, es Presidente electo de ANFOLS (Asociaci\u00f3n Nacional de Fundaciones de \u00d3pera y Sinf\u00f3nica), el 2023 es miembro del Consejo de Administraci\u00f3n de Opera Europa y desde el 2025 es Superintendente y Director Art\u00edstico del Teatro San Carlo de N\u00e1poles.\u00a0\r\nDesde septiembre de 2013, tambi\u00e9n es Director Art\u00edstico de la Escuela de \u00d3pera del Teatro Comunale di Bologna. Desde 2014, es profesor del M\u00e1ster en Emprendimiento del Entretenimiento en la Universidad de Bolonia \u2013 Alma Mater Studiorum. En 2017, fue nombrado Superintendente y Director Art\u00edstico del Teatro Comunale di Bologna. cargo para el que fue reelegido en abril de 2020. Ese mismo a\u00f1o, tambi\u00e9n fue nombrado Embajador de la Cultura de la Ciudad de Bolonia. Durante su gesti\u00f3n como Superintendente del Teatro Comunale di Bologna. \r\nDesde principios de la d\u00e9cada de 2000, ha participado en la gesti\u00f3n art\u00edstica de teatros de \u00f3pera, inicialmente en el Teatro Verdi de Trieste, primero como jefe de organizaci\u00f3n y gesti\u00f3n del personal art\u00edstico y, desde 2006, como secretario art\u00edstico. De 2008 a 2015, fue Director del Departamento Art\u00edstico del Teatro Comunale di Bologna, y de 2015 a 2017, Director General.\u00a0\r\n\"><div class=\"panelista-nombre abrir-modal\" data-nombre=\"Fulvio Macciardi\" data-cargo=\"Teatro Di San Carlo (Italia) \" data-bio=\"Desde octubre de 2022, es Presidente electo de ANFOLS (Asociaci\u00f3n Nacional de Fundaciones de \u00d3pera y Sinf\u00f3nica), el 2023 es miembro del Consejo de Administraci\u00f3n de Opera Europa y desde el 2025 es Superintendente y Director Art\u00edstico del Teatro San Carlo de N\u00e1poles.\u00a0\r\nDesde septiembre de 2013, tambi\u00e9n es Director Art\u00edstico de la Escuela de \u00d3pera del Teatro Comunale di Bologna. Desde 2014, es profesor del M\u00e1ster en Emprendimiento del Entretenimiento en la Universidad de Bolonia \u2013 Alma Mater Studiorum. En 2017, fue nombrado Superintendente y Director Art\u00edstico del Teatro Comunale di Bologna. cargo para el que fue reelegido en abril de 2020. Ese mismo a\u00f1o, tambi\u00e9n fue nombrado Embajador de la Cultura de la Ciudad de Bolonia. Durante su gesti\u00f3n como Superintendente del Teatro Comunale di Bologna. \r\nDesde principios de la d\u00e9cada de 2000, ha participado en la gesti\u00f3n art\u00edstica de teatros de \u00f3pera, inicialmente en el Teatro Verdi de Trieste, primero como jefe de organizaci\u00f3n y gesti\u00f3n del personal art\u00edstico y, desde 2006, como secretario art\u00edstico. De 2008 a 2015, fue Director del Departamento Art\u00edstico del Teatro Comunale di Bologna, y de 2015 a 2017, Director General.\u00a0\r\n\">Fulvio Macciardi<\/div><div class=\"panelista-cargo\">Teatro Di San Carlo (Italia) <\/div><div class=\"panelista-vermas abrir-modal\" data-nombre=\"Fulvio Macciardi\" data-cargo=\"Teatro Di San Carlo (Italia) \" data-bio=\"Desde octubre de 2022, es Presidente electo de ANFOLS (Asociaci\u00f3n Nacional de Fundaciones de \u00d3pera y Sinf\u00f3nica), el 2023 es miembro del Consejo de Administraci\u00f3n de Opera Europa y desde el 2025 es Superintendente y Director Art\u00edstico del Teatro San Carlo de N\u00e1poles.\u00a0\r\nDesde septiembre de 2013, tambi\u00e9n es Director Art\u00edstico de la Escuela de \u00d3pera del Teatro Comunale di Bologna. Desde 2014, es profesor del M\u00e1ster en Emprendimiento del Entretenimiento en la Universidad de Bolonia \u2013 Alma Mater Studiorum. En 2017, fue nombrado Superintendente y Director Art\u00edstico del Teatro Comunale di Bologna. cargo para el que fue reelegido en abril de 2020. Ese mismo a\u00f1o, tambi\u00e9n fue nombrado Embajador de la Cultura de la Ciudad de Bolonia. Durante su gesti\u00f3n como Superintendente del Teatro Comunale di Bologna. \r\nDesde principios de la d\u00e9cada de 2000, ha participado en la gesti\u00f3n art\u00edstica de teatros de \u00f3pera, inicialmente en el Teatro Verdi de Trieste, primero como jefe de organizaci\u00f3n y gesti\u00f3n del personal art\u00edstico y, desde 2006, como secretario art\u00edstico. De 2008 a 2015, fue Director del Departamento Art\u00edstico del Teatro Comunale di Bologna, y de 2015 a 2017, Director General.\u00a0\r\n\">Ver m\u00e1s<\/div><\/div><div class=\"panelista-card card-2026\"><img decoding=\"async\" src=\"https:\/\/www.operala.org\/encuentrosola\/wp-content\/uploads\/2026\/04\/Foto-Formal-1-_-Vania-Masias.png\" alt=\"Vania Masias\" class=\"panelista-foto abrir-modal\" data-nombre=\"Vania Masias\" data-cargo=\"Asociaci\u00f3n Cultural D1 (Per\u00fa)\" data-bio=\"Vania Masias es Fundadora de la Asociaci\u00f3n Cultural D1, Pura Calle,\r\ndirectora art\u00edstica y empresarial. Vania es Ashoka Fellow, embajadora\r\nde la marca PER\u00da y  nombrada \u201cYoung Global Leader\u201d por el World\r\nEconomic Forum. Reconocida como Amauta por el Ministerio de Educaci\u00f3n\r\ny nombrada dos veces ciudadana Ilustre por la Municipalidad de Lima.\r\nHa sido considerada entre los 49 peruanos m\u00e1s innovadores de la\r\nhistoria por Semana Econ\u00f3mica y la DW la consider\u00f3 entre las 40\r\nmujeres m\u00e1s influyentes de Latinoam\u00e9rica respecto a temas de\r\ntransformaci\u00f3n y desarrollo social. Vania ha sido speaker para el\r\nBanco Mundial, Banco Interamericano de Desarrollo, TEDxpuertomadero y\r\nTedxtukuy dos veces.\"><div class=\"panelista-nombre abrir-modal\" data-nombre=\"Vania Masias\" data-cargo=\"Asociaci\u00f3n Cultural D1 (Per\u00fa)\" data-bio=\"Vania Masias es Fundadora de la Asociaci\u00f3n Cultural D1, Pura Calle,\r\ndirectora art\u00edstica y empresarial. Vania es Ashoka Fellow, embajadora\r\nde la marca PER\u00da y  nombrada \u201cYoung Global Leader\u201d por el World\r\nEconomic Forum. Reconocida como Amauta por el Ministerio de Educaci\u00f3n\r\ny nombrada dos veces ciudadana Ilustre por la Municipalidad de Lima.\r\nHa sido considerada entre los 49 peruanos m\u00e1s innovadores de la\r\nhistoria por Semana Econ\u00f3mica y la DW la consider\u00f3 entre las 40\r\nmujeres m\u00e1s influyentes de Latinoam\u00e9rica respecto a temas de\r\ntransformaci\u00f3n y desarrollo social. Vania ha sido speaker para el\r\nBanco Mundial, Banco Interamericano de Desarrollo, TEDxpuertomadero y\r\nTedxtukuy dos veces.\">Vania Masias<\/div><div class=\"panelista-cargo\">Asociaci\u00f3n Cultural D1 (Per\u00fa)<\/div><div class=\"panelista-vermas abrir-modal\" data-nombre=\"Vania Masias\" data-cargo=\"Asociaci\u00f3n Cultural D1 (Per\u00fa)\" data-bio=\"Vania Masias es Fundadora de la Asociaci\u00f3n Cultural D1, Pura Calle,\r\ndirectora art\u00edstica y empresarial. Vania es Ashoka Fellow, embajadora\r\nde la marca PER\u00da y  nombrada \u201cYoung Global Leader\u201d por el World\r\nEconomic Forum. Reconocida como Amauta por el Ministerio de Educaci\u00f3n\r\ny nombrada dos veces ciudadana Ilustre por la Municipalidad de Lima.\r\nHa sido considerada entre los 49 peruanos m\u00e1s innovadores de la\r\nhistoria por Semana Econ\u00f3mica y la DW la consider\u00f3 entre las 40\r\nmujeres m\u00e1s influyentes de Latinoam\u00e9rica respecto a temas de\r\ntransformaci\u00f3n y desarrollo social. Vania ha sido speaker para el\r\nBanco Mundial, Banco Interamericano de Desarrollo, TEDxpuertomadero y\r\nTedxtukuy dos veces.\">Ver m\u00e1s<\/div><\/div><div class=\"panelista-card card-2026\"><img decoding=\"async\" src=\"https:\/\/www.operala.org\/encuentrosola\/wp-content\/uploads\/2026\/04\/PHOTO-2026-04-10-08-26-18.jpg\" alt=\"Mar\u00eda Cecilia Guzm\u00e1n Ossa\" class=\"panelista-foto abrir-modal\" data-nombre=\"Mar\u00eda Cecilia Guzm\u00e1n Ossa\" data-cargo=\"G-V (Chile) \" data-bio=\"Cecilia Guzm\u00e1n es socia fundadora de G-V, empresa de gesti\u00f3n cultural, marketing y valor social, con m\u00e1s de 25 a\u00f1os de trayectoria.\r\n\r\nAdem\u00e1s, se desempe\u00f1a como directora de Metro de Santiago, CADEM, Fundaci\u00f3n Tantauco y el Teatro Municipal de Santiago, y es miembro del C\u00edrculo de Marketing de ICARE.\r\n\r\nTambi\u00e9n cuenta con experiencia en el mundo p\u00fablico. Trabaj\u00f3 en el Segundo Piso del gobierno de Sebasti\u00e1n Pi\u00f1era, a cargo de proyectos como la conmemoraci\u00f3n de los 500 a\u00f1os del estrecho de Magallanes, donde fue secretaria ejecutiva de la Comisi\u00f3n Presidencial. Asimismo, particip\u00f3 en la mesa p\u00fablico-privada durante la pandemia, impulsada por el Ministerio de Econom\u00eda, y fue encargada de relaciones institucionales de la COP25.\r\n\r\nEs licenciada en Historia, cuenta con un MBA del ESE Business School y ha sido reconocida internacionalmente como una de las 50 mujeres l\u00edderes del programa Santander W50 en la London School of Economics y como una de las 100 mujeres l\u00edderes del diario El Mercurio.\"><div class=\"panelista-nombre abrir-modal\" data-nombre=\"Mar\u00eda Cecilia Guzm\u00e1n Ossa\" data-cargo=\"G-V (Chile) \" data-bio=\"Cecilia Guzm\u00e1n es socia fundadora de G-V, empresa de gesti\u00f3n cultural, marketing y valor social, con m\u00e1s de 25 a\u00f1os de trayectoria.\r\n\r\nAdem\u00e1s, se desempe\u00f1a como directora de Metro de Santiago, CADEM, Fundaci\u00f3n Tantauco y el Teatro Municipal de Santiago, y es miembro del C\u00edrculo de Marketing de ICARE.\r\n\r\nTambi\u00e9n cuenta con experiencia en el mundo p\u00fablico. Trabaj\u00f3 en el Segundo Piso del gobierno de Sebasti\u00e1n Pi\u00f1era, a cargo de proyectos como la conmemoraci\u00f3n de los 500 a\u00f1os del estrecho de Magallanes, donde fue secretaria ejecutiva de la Comisi\u00f3n Presidencial. Asimismo, particip\u00f3 en la mesa p\u00fablico-privada durante la pandemia, impulsada por el Ministerio de Econom\u00eda, y fue encargada de relaciones institucionales de la COP25.\r\n\r\nEs licenciada en Historia, cuenta con un MBA del ESE Business School y ha sido reconocida internacionalmente como una de las 50 mujeres l\u00edderes del programa Santander W50 en la London School of Economics y como una de las 100 mujeres l\u00edderes del diario El Mercurio.\">Mar\u00eda Cecilia Guzm\u00e1n Ossa<\/div><div class=\"panelista-cargo\">G-V (Chile) <\/div><div class=\"panelista-vermas abrir-modal\" data-nombre=\"Mar\u00eda Cecilia Guzm\u00e1n Ossa\" data-cargo=\"G-V (Chile) \" data-bio=\"Cecilia Guzm\u00e1n es socia fundadora de G-V, empresa de gesti\u00f3n cultural, marketing y valor social, con m\u00e1s de 25 a\u00f1os de trayectoria.\r\n\r\nAdem\u00e1s, se desempe\u00f1a como directora de Metro de Santiago, CADEM, Fundaci\u00f3n Tantauco y el Teatro Municipal de Santiago, y es miembro del C\u00edrculo de Marketing de ICARE.\r\n\r\nTambi\u00e9n cuenta con experiencia en el mundo p\u00fablico. Trabaj\u00f3 en el Segundo Piso del gobierno de Sebasti\u00e1n Pi\u00f1era, a cargo de proyectos como la conmemoraci\u00f3n de los 500 a\u00f1os del estrecho de Magallanes, donde fue secretaria ejecutiva de la Comisi\u00f3n Presidencial. Asimismo, particip\u00f3 en la mesa p\u00fablico-privada durante la pandemia, impulsada por el Ministerio de Econom\u00eda, y fue encargada de relaciones institucionales de la COP25.\r\n\r\nEs licenciada en Historia, cuenta con un MBA del ESE Business School y ha sido reconocida internacionalmente como una de las 50 mujeres l\u00edderes del programa Santander W50 en la London School of Economics y como una de las 100 mujeres l\u00edderes del diario El Mercurio.\">Ver m\u00e1s<\/div><\/div><div class=\"panelista-card card-2026\"><img decoding=\"async\" src=\"https:\/\/www.operala.org\/encuentrosola\/wp-content\/uploads\/2026\/03\/DSCF4097-1.jpeg\" alt=\"Ernesto Palacio\" class=\"panelista-foto abrir-modal\" data-nombre=\"Ernesto Palacio\" data-cargo=\"Rossini Opera Festival (Italia)\" data-bio=\"Tenor belcantista, ha actuado en los mayores escenarios de la escena internacional (entre ellos La Scala de Milan, el Metropolitan Opera House de new York, el Covent Garden de Londres, la Academia de Santa Cecilia y la Opera de Roma, el San Carlo de Napoles, el Regio de Turin, el Comunal d Bolona, La Fenice de Venecia, la Carnegie Hall de New York, el Liceu de Barcelona, el Colon de Buenos Aires, \u00f2a Opernhaus de Zurich, la Bayerischer Staatsoper de Munich) bajo la direcci\u00f2n de importantes directores de orquesta como Claudio Abbado, Thomas Schippers, James Levine, Wolfgang Sawallisch, Riccardo Chailly, Georges Pr\u00eatre. En su repertorio figuran ochenta operas  (20 las de Rossini) y alrededor de 100 entre oratorios, misas y otras composiciones vocales. Ha grabado 40 producciones discograficas de las cuales 10 son titulos rossinianos.  . \r\n\r\nTerminada la carrera de cantante se ha dedicado a construir las carreras de jovenes artistas hoy muy importantes como Juan Diego Florez, Daniela Barcellona, Ildar Abdrazakov, Michele Mariotti, Riccardo Frizza. \r\n\r\nActualmente es Sovrintendente del Rossini Opera Festival y director de la academia Alberto Zedda del Rossini Opera Festival..\r\n\"><div class=\"panelista-nombre abrir-modal\" data-nombre=\"Ernesto Palacio\" data-cargo=\"Rossini Opera Festival (Italia)\" data-bio=\"Tenor belcantista, ha actuado en los mayores escenarios de la escena internacional (entre ellos La Scala de Milan, el Metropolitan Opera House de new York, el Covent Garden de Londres, la Academia de Santa Cecilia y la Opera de Roma, el San Carlo de Napoles, el Regio de Turin, el Comunal d Bolona, La Fenice de Venecia, la Carnegie Hall de New York, el Liceu de Barcelona, el Colon de Buenos Aires, \u00f2a Opernhaus de Zurich, la Bayerischer Staatsoper de Munich) bajo la direcci\u00f2n de importantes directores de orquesta como Claudio Abbado, Thomas Schippers, James Levine, Wolfgang Sawallisch, Riccardo Chailly, Georges Pr\u00eatre. En su repertorio figuran ochenta operas  (20 las de Rossini) y alrededor de 100 entre oratorios, misas y otras composiciones vocales. Ha grabado 40 producciones discograficas de las cuales 10 son titulos rossinianos.  . \r\n\r\nTerminada la carrera de cantante se ha dedicado a construir las carreras de jovenes artistas hoy muy importantes como Juan Diego Florez, Daniela Barcellona, Ildar Abdrazakov, Michele Mariotti, Riccardo Frizza. \r\n\r\nActualmente es Sovrintendente del Rossini Opera Festival y director de la academia Alberto Zedda del Rossini Opera Festival..\r\n\">Ernesto Palacio<\/div><div class=\"panelista-cargo\">Rossini Opera Festival (Italia)<\/div><div class=\"panelista-vermas abrir-modal\" data-nombre=\"Ernesto Palacio\" data-cargo=\"Rossini Opera Festival (Italia)\" data-bio=\"Tenor belcantista, ha actuado en los mayores escenarios de la escena internacional (entre ellos La Scala de Milan, el Metropolitan Opera House de new York, el Covent Garden de Londres, la Academia de Santa Cecilia y la Opera de Roma, el San Carlo de Napoles, el Regio de Turin, el Comunal d Bolona, La Fenice de Venecia, la Carnegie Hall de New York, el Liceu de Barcelona, el Colon de Buenos Aires, \u00f2a Opernhaus de Zurich, la Bayerischer Staatsoper de Munich) bajo la direcci\u00f2n de importantes directores de orquesta como Claudio Abbado, Thomas Schippers, James Levine, Wolfgang Sawallisch, Riccardo Chailly, Georges Pr\u00eatre. En su repertorio figuran ochenta operas  (20 las de Rossini) y alrededor de 100 entre oratorios, misas y otras composiciones vocales. Ha grabado 40 producciones discograficas de las cuales 10 son titulos rossinianos.  . \r\n\r\nTerminada la carrera de cantante se ha dedicado a construir las carreras de jovenes artistas hoy muy importantes como Juan Diego Florez, Daniela Barcellona, Ildar Abdrazakov, Michele Mariotti, Riccardo Frizza. \r\n\r\nActualmente es Sovrintendente del Rossini Opera Festival y director de la academia Alberto Zedda del Rossini Opera Festival..\r\n\">Ver m\u00e1s<\/div><\/div><div class=\"panelista-card card-2026\"><img decoding=\"async\" src=\"https:\/\/www.operala.org\/encuentrosola\/wp-content\/uploads\/2026\/03\/Art-HighRes-Color-1-scaled.png\" alt=\"Alberto Rebaza\" class=\"panelista-foto abrir-modal\" data-nombre=\"Alberto Rebaza\" data-cargo=\"Museo de Arte de Lima (MALI) (Per\u00fa) \" data-bio=\"Managing Partner de Rebaza, Alc\u00e1zar &amp; De Las Casas y co-l\u00edder de las pr\u00e1cticas de M&amp;A, Financiamiento y Mercado de Capitales, Libre Competencia y Private Clients. Es abogado por la Facultad de Derecho de la Pontificia Universidad Cat\u00f3lica del Per\u00fa y cuenta con una maestr\u00eda de la University of Virginia, adem\u00e1s de estudios en Georgetown University y en Inglaterra. A lo largo de su trayectoria ha asesorado a empresas y grupos empresariales en transacciones corporativas complejas, incluyendo fusiones y adquisiciones, financiamientos y temas de gobierno corporativo. Comprometido con el desarrollo del sector cultural y filantr\u00f3pico en el Per\u00fa, Tito es presidente del Museo de Arte de Lima (MALI) y director del Patronato Cultural del Per\u00fa, desde donde impulsa iniciativas de fortalecimiento institucional y sostenibilidad para organizaciones culturales.\"><div class=\"panelista-nombre abrir-modal\" data-nombre=\"Alberto Rebaza\" data-cargo=\"Museo de Arte de Lima (MALI) (Per\u00fa) \" data-bio=\"Managing Partner de Rebaza, Alc\u00e1zar &amp; De Las Casas y co-l\u00edder de las pr\u00e1cticas de M&amp;A, Financiamiento y Mercado de Capitales, Libre Competencia y Private Clients. Es abogado por la Facultad de Derecho de la Pontificia Universidad Cat\u00f3lica del Per\u00fa y cuenta con una maestr\u00eda de la University of Virginia, adem\u00e1s de estudios en Georgetown University y en Inglaterra. A lo largo de su trayectoria ha asesorado a empresas y grupos empresariales en transacciones corporativas complejas, incluyendo fusiones y adquisiciones, financiamientos y temas de gobierno corporativo. Comprometido con el desarrollo del sector cultural y filantr\u00f3pico en el Per\u00fa, Tito es presidente del Museo de Arte de Lima (MALI) y director del Patronato Cultural del Per\u00fa, desde donde impulsa iniciativas de fortalecimiento institucional y sostenibilidad para organizaciones culturales.\">Alberto Rebaza<\/div><div class=\"panelista-cargo\">Museo de Arte de Lima (MALI) (Per\u00fa) <\/div><div class=\"panelista-vermas abrir-modal\" data-nombre=\"Alberto Rebaza\" data-cargo=\"Museo de Arte de Lima (MALI) (Per\u00fa) \" data-bio=\"Managing Partner de Rebaza, Alc\u00e1zar &amp; De Las Casas y co-l\u00edder de las pr\u00e1cticas de M&amp;A, Financiamiento y Mercado de Capitales, Libre Competencia y Private Clients. Es abogado por la Facultad de Derecho de la Pontificia Universidad Cat\u00f3lica del Per\u00fa y cuenta con una maestr\u00eda de la University of Virginia, adem\u00e1s de estudios en Georgetown University y en Inglaterra. A lo largo de su trayectoria ha asesorado a empresas y grupos empresariales en transacciones corporativas complejas, incluyendo fusiones y adquisiciones, financiamientos y temas de gobierno corporativo. Comprometido con el desarrollo del sector cultural y filantr\u00f3pico en el Per\u00fa, Tito es presidente del Museo de Arte de Lima (MALI) y director del Patronato Cultural del Per\u00fa, desde donde impulsa iniciativas de fortalecimiento institucional y sostenibilidad para organizaciones culturales.\">Ver m\u00e1s<\/div><\/div><div class=\"panelista-card card-2026\"><img decoding=\"async\" src=\"https:\/\/www.operala.org\/encuentrosola\/wp-content\/uploads\/2026\/04\/WhatsApp-Image-2026-04-30-at-17.44.08-scaled-e1777564156163.jpeg\" alt=\"Lucas Yepes\" class=\"panelista-foto abrir-modal\" data-nombre=\"Lucas Yepes\" data-cargo=\"Comfama (Colombia) \" data-bio=\"Lucas es un apasionado de la naturaleza, la cocina, la m\u00fasica y el arte. Estudi\u00f3 ingenier\u00eda de Producci\u00f3n en la Universidad EAFIT y cuenta con m\u00e1s de 20 a\u00f1os de experiencia liderando estrategias empresariales hacia la transformaci\u00f3n cultural a trav\u00e9s de la innovaci\u00f3n, el liderazgo y la competitividad.\r\n\r\nDurante su carrera profesional ha ocupado posiciones de liderazgo en diferentes industrias, entre ellas fue director de Gesti\u00f3n del Talento e innovaci\u00f3n  y director de Desarrollo Organizacional en Industrias Haceb, gerente de gesti\u00f3n humana en O-tek y ahora como Responsable de empresas en Comfama. \r\n\r\nActualmente es Responsable Empresas Comfama, miembro de la junta directiva del Teatro Metropolitano de Medell\u00edn, ha sido miembro del consejo directivo de varias universidades en Antioquia como Eafit, el Colegio mayor y el CESDE.\r\n\r\n\"><div class=\"panelista-nombre abrir-modal\" data-nombre=\"Lucas Yepes\" data-cargo=\"Comfama (Colombia) \" data-bio=\"Lucas es un apasionado de la naturaleza, la cocina, la m\u00fasica y el arte. Estudi\u00f3 ingenier\u00eda de Producci\u00f3n en la Universidad EAFIT y cuenta con m\u00e1s de 20 a\u00f1os de experiencia liderando estrategias empresariales hacia la transformaci\u00f3n cultural a trav\u00e9s de la innovaci\u00f3n, el liderazgo y la competitividad.\r\n\r\nDurante su carrera profesional ha ocupado posiciones de liderazgo en diferentes industrias, entre ellas fue director de Gesti\u00f3n del Talento e innovaci\u00f3n  y director de Desarrollo Organizacional en Industrias Haceb, gerente de gesti\u00f3n humana en O-tek y ahora como Responsable de empresas en Comfama. \r\n\r\nActualmente es Responsable Empresas Comfama, miembro de la junta directiva del Teatro Metropolitano de Medell\u00edn, ha sido miembro del consejo directivo de varias universidades en Antioquia como Eafit, el Colegio mayor y el CESDE.\r\n\r\n\">Lucas Yepes<\/div><div class=\"panelista-cargo\">Comfama (Colombia) <\/div><div class=\"panelista-vermas abrir-modal\" data-nombre=\"Lucas Yepes\" data-cargo=\"Comfama (Colombia) \" data-bio=\"Lucas es un apasionado de la naturaleza, la cocina, la m\u00fasica y el arte. Estudi\u00f3 ingenier\u00eda de Producci\u00f3n en la Universidad EAFIT y cuenta con m\u00e1s de 20 a\u00f1os de experiencia liderando estrategias empresariales hacia la transformaci\u00f3n cultural a trav\u00e9s de la innovaci\u00f3n, el liderazgo y la competitividad.\r\n\r\nDurante su carrera profesional ha ocupado posiciones de liderazgo en diferentes industrias, entre ellas fue director de Gesti\u00f3n del Talento e innovaci\u00f3n  y director de Desarrollo Organizacional en Industrias Haceb, gerente de gesti\u00f3n humana en O-tek y ahora como Responsable de empresas en Comfama. \r\n\r\nActualmente es Responsable Empresas Comfama, miembro de la junta directiva del Teatro Metropolitano de Medell\u00edn, ha sido miembro del consejo directivo de varias universidades en Antioquia como Eafit, el Colegio mayor y el CESDE.\r\n\r\n\">Ver m\u00e1s<\/div><\/div><\/div>\n<p>[\/et_pb_text][\/et_pb_column][\/et_pb_row][et_pb_row disabled_on=\u00bboff|off|off\u00bb _builder_version=\u00bb4.20.0&#8243; _module_preset=\u00bbdefault\u00bb global_colors_info=\u00bb{}\u00bb][et_pb_column type=\u00bb4_4&#8243; _builder_version=\u00bb4.20.0&#8243; _module_preset=\u00bbdefault\u00bb global_colors_info=\u00bb{}\u00bb][et_pb_text content_tablet=\u00bb<\/p>\n<h1>Panelistas ola <\/h1>\n<p>\u00bb content_phone=\u00bb<\/p>\n<h1>Panelistas ola<br \/>\n<\/h1>\n<p>\u00bb content_last_edited=\u00bbon|tablet\u00bb _builder_version=\u00bb4.27.4&#8243; _module_preset=\u00bbdefault\u00bb header_font=\u00bbArchivo|||on|||||\u00bb header_text_color=\u00bbgcid-b7e4330c-2b14-45f8-aac0-05c81f0ae2c6&#8243; header_font_size=\u00bb36px\u00bb global_colors_info=\u00bb{%22gcid-b7e4330c-2b14-45f8-aac0-05c81f0ae2c6%22:%91%22header_text_color%22%93}\u00bb]<\/p>\n<h1>ola panellists\u00a0<\/h1>\n<p>[\/et_pb_text][\/et_pb_column][\/et_pb_row][et_pb_row disabled_on=\u00bboff|off|off\u00bb _builder_version=\u00bb4.27.4&#8243; _module_preset=\u00bbdefault\u00bb width=\u00bb100%\u00bb max_width=\u00bb1440px\u00bb global_colors_info=\u00bb{}\u00bb][et_pb_column type=\u00bb4_4&#8243; _builder_version=\u00bb4.27.4&#8243; _module_preset=\u00bbdefault\u00bb global_colors_info=\u00bb{}\u00bb][et_pb_text _builder_version=\u00bb4.27.4&#8243; _module_preset=\u00bbdefault\u00bb global_colors_info=\u00bb{}\u00bb]<\/p>\n<div class=\"panelistas-container container-2026\"><div class=\"panelista-card card-2026\"><img decoding=\"async\" src=\"https:\/\/www.operala.org\/encuentrosola\/wp-content\/uploads\/2025\/04\/Isamay-Benavente_\u00a9Miguel-Angel-Fernandez_5-scaled-e1744722397160.jpg\" alt=\"Isamay Benavente\" class=\"panelista-foto abrir-modal\" data-nombre=\"Isamay Benavente\" data-cargo=\"Teatro de la Zarzuela. Espa\u00f1a\" data-bio=\"Licenciada en Derecho por la Universidad de Sevilla y gestora cultural. Desde el a\u00f1o 2008 ha estado al frente del Teatro Villamarta de Jerez como responsable de su direcci\u00f3n art\u00edstica. Desde este teatro, ha desarrollado una programaci\u00f3n amplia y plural, en la que dos eventos singulares han atra\u00eddo una gran proyecci\u00f3n nacional e internacional. Por un lado, el Centro L\u00edrico del Sur, un proyecto de temporada l\u00edrica que a\u00fana la producci\u00f3n propia con la programaci\u00f3n de espect\u00e1culos en gira. En el marco de esa programaci\u00f3n ha destacado el ciclo \u201cOto\u00f1o l\u00edrico jerezano\u201d, una exhibici\u00f3n anual de cuatro t\u00edtulos de g\u00e9nero l\u00edrico espa\u00f1ol, fundamentalmente zarzuela, as\u00ed como la creaci\u00f3n del Concurso de voces para repertorio espa\u00f1ol. Asimismo, ha sido directora art\u00edstica del Festival de Jerez, un relevante proyecto cultural de amplia repercusi\u00f3n nacional e internacional centrado en el baile flamenco y la danza espa\u00f1ola.\"><div class=\"panelista-nombre abrir-modal\" data-nombre=\"Isamay Benavente\" data-cargo=\"Teatro de la Zarzuela. Espa\u00f1a\" data-bio=\"Licenciada en Derecho por la Universidad de Sevilla y gestora cultural. Desde el a\u00f1o 2008 ha estado al frente del Teatro Villamarta de Jerez como responsable de su direcci\u00f3n art\u00edstica. Desde este teatro, ha desarrollado una programaci\u00f3n amplia y plural, en la que dos eventos singulares han atra\u00eddo una gran proyecci\u00f3n nacional e internacional. Por un lado, el Centro L\u00edrico del Sur, un proyecto de temporada l\u00edrica que a\u00fana la producci\u00f3n propia con la programaci\u00f3n de espect\u00e1culos en gira. En el marco de esa programaci\u00f3n ha destacado el ciclo \u201cOto\u00f1o l\u00edrico jerezano\u201d, una exhibici\u00f3n anual de cuatro t\u00edtulos de g\u00e9nero l\u00edrico espa\u00f1ol, fundamentalmente zarzuela, as\u00ed como la creaci\u00f3n del Concurso de voces para repertorio espa\u00f1ol. Asimismo, ha sido directora art\u00edstica del Festival de Jerez, un relevante proyecto cultural de amplia repercusi\u00f3n nacional e internacional centrado en el baile flamenco y la danza espa\u00f1ola.\">Isamay Benavente<\/div><div class=\"panelista-cargo\">Teatro de la Zarzuela. Espa\u00f1a<\/div><div class=\"panelista-vermas abrir-modal\" data-nombre=\"Isamay Benavente\" data-cargo=\"Teatro de la Zarzuela. Espa\u00f1a\" data-bio=\"Licenciada en Derecho por la Universidad de Sevilla y gestora cultural. Desde el a\u00f1o 2008 ha estado al frente del Teatro Villamarta de Jerez como responsable de su direcci\u00f3n art\u00edstica. Desde este teatro, ha desarrollado una programaci\u00f3n amplia y plural, en la que dos eventos singulares han atra\u00eddo una gran proyecci\u00f3n nacional e internacional. Por un lado, el Centro L\u00edrico del Sur, un proyecto de temporada l\u00edrica que a\u00fana la producci\u00f3n propia con la programaci\u00f3n de espect\u00e1culos en gira. En el marco de esa programaci\u00f3n ha destacado el ciclo \u201cOto\u00f1o l\u00edrico jerezano\u201d, una exhibici\u00f3n anual de cuatro t\u00edtulos de g\u00e9nero l\u00edrico espa\u00f1ol, fundamentalmente zarzuela, as\u00ed como la creaci\u00f3n del Concurso de voces para repertorio espa\u00f1ol. Asimismo, ha sido directora art\u00edstica del Festival de Jerez, un relevante proyecto cultural de amplia repercusi\u00f3n nacional e internacional centrado en el baile flamenco y la danza espa\u00f1ola.\">Ver m\u00e1s<\/div><\/div><div class=\"panelista-card card-2026\"><img decoding=\"async\" src=\"https:\/\/www.operala.org\/encuentrosola\/wp-content\/uploads\/2024\/07\/Andrea-Caruso-Theatro-Municipal-de-Sao-Paulo-Brasil.jpeg\" alt=\"Andrea Caruso\" class=\"panelista-foto abrir-modal\" data-nombre=\"Andrea Caruso\" data-cargo=\"Theatro Municipal de S\u00e3o Paulo (Brasil)\" data-bio=\"Andrea Caruso Saturnino Licenciada en Letras por la UFMG, Mag\u00edster en Artes Esc\u00e9nicas\r\nde la Sorbonne Nouvelle (Par\u00eds) y un doctorado en Artes esc\u00e9nicas por la USP. Es gerente, directora general del Teatro Municipal de S\u00e3o Paulo, curadora art\u00edstica, fundadora de la plataforma y festival Brasil Cena Aberta. y productora art\u00edstica, encargada de presentar a grandes nombres de las artes esc\u00e9nicas internacionales en Brasil y por crear proyectos expositivos y multidisciplinarios. Desarrolla investigaciones en campo de las artes esc\u00e9nicas contempor\u00e1neas, es autor de varios art\u00edculos y del libro Ligeiro Deslocamento do Real \u2013 Experi\u00eancia, Dispositivo e Utopia em Cena, Ediciones Sesc.\"><div class=\"panelista-nombre abrir-modal\" data-nombre=\"Andrea Caruso\" data-cargo=\"Theatro Municipal de S\u00e3o Paulo (Brasil)\" data-bio=\"Andrea Caruso Saturnino Licenciada en Letras por la UFMG, Mag\u00edster en Artes Esc\u00e9nicas\r\nde la Sorbonne Nouvelle (Par\u00eds) y un doctorado en Artes esc\u00e9nicas por la USP. Es gerente, directora general del Teatro Municipal de S\u00e3o Paulo, curadora art\u00edstica, fundadora de la plataforma y festival Brasil Cena Aberta. y productora art\u00edstica, encargada de presentar a grandes nombres de las artes esc\u00e9nicas internacionales en Brasil y por crear proyectos expositivos y multidisciplinarios. Desarrolla investigaciones en campo de las artes esc\u00e9nicas contempor\u00e1neas, es autor de varios art\u00edculos y del libro Ligeiro Deslocamento do Real \u2013 Experi\u00eancia, Dispositivo e Utopia em Cena, Ediciones Sesc.\">Andrea Caruso<\/div><div class=\"panelista-cargo\">Theatro Municipal de S\u00e3o Paulo (Brasil)<\/div><div class=\"panelista-vermas abrir-modal\" data-nombre=\"Andrea Caruso\" data-cargo=\"Theatro Municipal de S\u00e3o Paulo (Brasil)\" data-bio=\"Andrea Caruso Saturnino Licenciada en Letras por la UFMG, Mag\u00edster en Artes Esc\u00e9nicas\r\nde la Sorbonne Nouvelle (Par\u00eds) y un doctorado en Artes esc\u00e9nicas por la USP. Es gerente, directora general del Teatro Municipal de S\u00e3o Paulo, curadora art\u00edstica, fundadora de la plataforma y festival Brasil Cena Aberta. y productora art\u00edstica, encargada de presentar a grandes nombres de las artes esc\u00e9nicas internacionales en Brasil y por crear proyectos expositivos y multidisciplinarios. Desarrolla investigaciones en campo de las artes esc\u00e9nicas contempor\u00e1neas, es autor de varios art\u00edculos y del libro Ligeiro Deslocamento do Real \u2013 Experi\u00eancia, Dispositivo e Utopia em Cena, Ediciones Sesc.\">Ver m\u00e1s<\/div><\/div><div class=\"panelista-card card-2026\"><img decoding=\"async\" src=\"https:\/\/www.operala.org\/encuentrosola\/wp-content\/uploads\/2024\/07\/flavia-final-2.png\" alt=\"Flavia Furtado\" class=\"panelista-foto abrir-modal\" data-nombre=\"Flavia Furtado\" data-cargo=\"Festival Amazonas de \u00d3pera. Brasil \" data-bio=\"Flavia Furtado, pianista de formaci\u00f3n, estudi\u00f3 en Brasil con Linda Bustani y en B\u00e9lgica con Heidi Hendricks. Posteriormente, se gradu\u00f3 en Comercio Exterior y, desde entonces, gestiona y desarrolla trabajos con la econom\u00eda de la cultura en diferentes \u00e1reas, junto con el Foro Brasile\u00f1o de Derechos Culturales, \u00d3pera Latinoam\u00e9rica y el Festival Amazonas de \u00d3pera.\r\n\r\nEn 2006 cre\u00f3 Vlaanderen Produ\u00e7\u00f5es Culturais, compa\u00f1\u00eda especializada en los grandes eventos de m\u00fasica cl\u00e1sica con m\u00e1s de 70 producciones en su curr\u00edculo, entre \u00f3peras, teatro, conciertos y festivales, trabajando con algunas de las instituciones m\u00e1s importantes del pa\u00eds, como Theatro Municipal do Rio de Janeiro, Theatro Municipal de S\u00e3o Paulo, Theatro S\u00e3o Pedro, Teatro Amazonas, Centro Cultural Banco do Brasil, Universidad Federal de Paran\u00e1 y Theatro da Paz.\r\n\r\nEn 2020, Flavia fue una de las 10 finalistas del Classical Next - Innovation Award, por su trabajo en la promoci\u00f3n de todos los aspectos econ\u00f3micos y sociales de la industria de la \u00f3pera en Brasil. Es fundadora y una de las Directoras del Foro Brasile\u00f1o de \u00d3pera, Danza y M\u00fasica de Concierto.\r\n\"><div class=\"panelista-nombre abrir-modal\" data-nombre=\"Flavia Furtado\" data-cargo=\"Festival Amazonas de \u00d3pera. Brasil \" data-bio=\"Flavia Furtado, pianista de formaci\u00f3n, estudi\u00f3 en Brasil con Linda Bustani y en B\u00e9lgica con Heidi Hendricks. Posteriormente, se gradu\u00f3 en Comercio Exterior y, desde entonces, gestiona y desarrolla trabajos con la econom\u00eda de la cultura en diferentes \u00e1reas, junto con el Foro Brasile\u00f1o de Derechos Culturales, \u00d3pera Latinoam\u00e9rica y el Festival Amazonas de \u00d3pera.\r\n\r\nEn 2006 cre\u00f3 Vlaanderen Produ\u00e7\u00f5es Culturais, compa\u00f1\u00eda especializada en los grandes eventos de m\u00fasica cl\u00e1sica con m\u00e1s de 70 producciones en su curr\u00edculo, entre \u00f3peras, teatro, conciertos y festivales, trabajando con algunas de las instituciones m\u00e1s importantes del pa\u00eds, como Theatro Municipal do Rio de Janeiro, Theatro Municipal de S\u00e3o Paulo, Theatro S\u00e3o Pedro, Teatro Amazonas, Centro Cultural Banco do Brasil, Universidad Federal de Paran\u00e1 y Theatro da Paz.\r\n\r\nEn 2020, Flavia fue una de las 10 finalistas del Classical Next - Innovation Award, por su trabajo en la promoci\u00f3n de todos los aspectos econ\u00f3micos y sociales de la industria de la \u00f3pera en Brasil. Es fundadora y una de las Directoras del Foro Brasile\u00f1o de \u00d3pera, Danza y M\u00fasica de Concierto.\r\n\">Flavia Furtado<\/div><div class=\"panelista-cargo\">Festival Amazonas de \u00d3pera. Brasil <\/div><div class=\"panelista-vermas abrir-modal\" data-nombre=\"Flavia Furtado\" data-cargo=\"Festival Amazonas de \u00d3pera. Brasil \" data-bio=\"Flavia Furtado, pianista de formaci\u00f3n, estudi\u00f3 en Brasil con Linda Bustani y en B\u00e9lgica con Heidi Hendricks. Posteriormente, se gradu\u00f3 en Comercio Exterior y, desde entonces, gestiona y desarrolla trabajos con la econom\u00eda de la cultura en diferentes \u00e1reas, junto con el Foro Brasile\u00f1o de Derechos Culturales, \u00d3pera Latinoam\u00e9rica y el Festival Amazonas de \u00d3pera.\r\n\r\nEn 2006 cre\u00f3 Vlaanderen Produ\u00e7\u00f5es Culturais, compa\u00f1\u00eda especializada en los grandes eventos de m\u00fasica cl\u00e1sica con m\u00e1s de 70 producciones en su curr\u00edculo, entre \u00f3peras, teatro, conciertos y festivales, trabajando con algunas de las instituciones m\u00e1s importantes del pa\u00eds, como Theatro Municipal do Rio de Janeiro, Theatro Municipal de S\u00e3o Paulo, Theatro S\u00e3o Pedro, Teatro Amazonas, Centro Cultural Banco do Brasil, Universidad Federal de Paran\u00e1 y Theatro da Paz.\r\n\r\nEn 2020, Flavia fue una de las 10 finalistas del Classical Next - Innovation Award, por su trabajo en la promoci\u00f3n de todos los aspectos econ\u00f3micos y sociales de la industria de la \u00f3pera en Brasil. Es fundadora y una de las Directoras del Foro Brasile\u00f1o de \u00d3pera, Danza y M\u00fasica de Concierto.\r\n\">Ver m\u00e1s<\/div><\/div><div class=\"panelista-card card-2026\"><img decoding=\"async\" src=\"https:\/\/www.operala.org\/encuentrosola\/wp-content\/uploads\/2025\/06\/Ignacio-Garcia-Belenguer-rotated.jpg\" alt=\"Ignacio Garc\u00eda-Belenguer\" class=\"panelista-foto abrir-modal\" data-nombre=\"Ignacio Garc\u00eda-Belenguer\" data-cargo=\"Teatro Real (Espa\u00f1a)\" data-bio=\"Ignacio Garc\u00eda-Belenguer es director general del Teatro Real desde abril de 2012.\"><div class=\"panelista-nombre abrir-modal\" data-nombre=\"Ignacio Garc\u00eda-Belenguer\" data-cargo=\"Teatro Real (Espa\u00f1a)\" data-bio=\"Ignacio Garc\u00eda-Belenguer es director general del Teatro Real desde abril de 2012.\">Ignacio Garc\u00eda-Belenguer<\/div><div class=\"panelista-cargo\">Teatro Real (Espa\u00f1a)<\/div><div class=\"panelista-vermas abrir-modal\" data-nombre=\"Ignacio Garc\u00eda-Belenguer\" data-cargo=\"Teatro Real (Espa\u00f1a)\" data-bio=\"Ignacio Garc\u00eda-Belenguer es director general del Teatro Real desde abril de 2012.\">Ver m\u00e1s<\/div><\/div><div class=\"panelista-card card-2026\"><img decoding=\"async\" src=\"https:\/\/www.operala.org\/encuentrosola\/wp-content\/uploads\/2026\/04\/Gerardo-Grieco-Colon4-scaled.jpg\" alt=\"Gerardo Grieco\" class=\"panelista-foto abrir-modal\" data-nombre=\"Gerardo Grieco\" data-cargo=\"Teatro Col\u00f3n de Buenos Aires (Argentina) \" data-bio=\"Director General Teatro Col\u00f3n de Buenos Aires. Con m\u00e1s de 30 a\u00f1os de experiencia en gesti\u00f3n cultural, se ha consolidado como uno de los gestores culturales m\u00e1s reconocidos y creativos de Uruguay. Su carrera ha estado impulsada por la pasi\u00f3n por el dise\u00f1o estrat\u00e9gico y el desarrollo de proyectos culturales.\r\nA lo largo de su trayectoria ha ocupado cargos de alta responsabilidad en instituciones de referencia. Fue Director General y socio en Tinker Comunicaci\u00f3n y Gesti\u00f3n Cultural. En el Auditorio Nacional del Sodre (2012\u20132016) desempe\u00f1\u00f3 un rol clave en la gesti\u00f3n institucional. Anteriormente, dirigi\u00f3 el Teatro Sol\u00eds (2004\u20132012), liderando su administraci\u00f3n y desarrollo art\u00edstico. Tambi\u00e9n estuvo a cargo de la puesta en marcha, implementaci\u00f3n y direcci\u00f3n de la Sala Zitarrosa (2002\u20132003). Asimismo, form\u00f3 parte del equipo de la Intendencia de Montevideo (1995\u20132000), participando en el dise\u00f1o e implementaci\u00f3n de pol\u00edticas y estrategias culturales para la ciudad.\r\n\"><div class=\"panelista-nombre abrir-modal\" data-nombre=\"Gerardo Grieco\" data-cargo=\"Teatro Col\u00f3n de Buenos Aires (Argentina) \" data-bio=\"Director General Teatro Col\u00f3n de Buenos Aires. Con m\u00e1s de 30 a\u00f1os de experiencia en gesti\u00f3n cultural, se ha consolidado como uno de los gestores culturales m\u00e1s reconocidos y creativos de Uruguay. Su carrera ha estado impulsada por la pasi\u00f3n por el dise\u00f1o estrat\u00e9gico y el desarrollo de proyectos culturales.\r\nA lo largo de su trayectoria ha ocupado cargos de alta responsabilidad en instituciones de referencia. Fue Director General y socio en Tinker Comunicaci\u00f3n y Gesti\u00f3n Cultural. En el Auditorio Nacional del Sodre (2012\u20132016) desempe\u00f1\u00f3 un rol clave en la gesti\u00f3n institucional. Anteriormente, dirigi\u00f3 el Teatro Sol\u00eds (2004\u20132012), liderando su administraci\u00f3n y desarrollo art\u00edstico. Tambi\u00e9n estuvo a cargo de la puesta en marcha, implementaci\u00f3n y direcci\u00f3n de la Sala Zitarrosa (2002\u20132003). Asimismo, form\u00f3 parte del equipo de la Intendencia de Montevideo (1995\u20132000), participando en el dise\u00f1o e implementaci\u00f3n de pol\u00edticas y estrategias culturales para la ciudad.\r\n\">Gerardo Grieco<\/div><div class=\"panelista-cargo\">Teatro Col\u00f3n de Buenos Aires (Argentina) <\/div><div class=\"panelista-vermas abrir-modal\" data-nombre=\"Gerardo Grieco\" data-cargo=\"Teatro Col\u00f3n de Buenos Aires (Argentina) \" data-bio=\"Director General Teatro Col\u00f3n de Buenos Aires. Con m\u00e1s de 30 a\u00f1os de experiencia en gesti\u00f3n cultural, se ha consolidado como uno de los gestores culturales m\u00e1s reconocidos y creativos de Uruguay. Su carrera ha estado impulsada por la pasi\u00f3n por el dise\u00f1o estrat\u00e9gico y el desarrollo de proyectos culturales.\r\nA lo largo de su trayectoria ha ocupado cargos de alta responsabilidad en instituciones de referencia. Fue Director General y socio en Tinker Comunicaci\u00f3n y Gesti\u00f3n Cultural. En el Auditorio Nacional del Sodre (2012\u20132016) desempe\u00f1\u00f3 un rol clave en la gesti\u00f3n institucional. Anteriormente, dirigi\u00f3 el Teatro Sol\u00eds (2004\u20132012), liderando su administraci\u00f3n y desarrollo art\u00edstico. Tambi\u00e9n estuvo a cargo de la puesta en marcha, implementaci\u00f3n y direcci\u00f3n de la Sala Zitarrosa (2002\u20132003). Asimismo, form\u00f3 parte del equipo de la Intendencia de Montevideo (1995\u20132000), participando en el dise\u00f1o e implementaci\u00f3n de pol\u00edticas y estrategias culturales para la ciudad.\r\n\">Ver m\u00e1s<\/div><\/div><div class=\"panelista-card card-2026\"><img decoding=\"async\" src=\"https:\/\/www.operala.org\/encuentrosola\/wp-content\/uploads\/2025\/06\/Eric-Herrero-e1748956510962.jpeg\" alt=\"Eric Herrero\" class=\"panelista-foto abrir-modal\" data-nombre=\"Eric Herrero\" data-cargo=\"Theatro Municipal de Rio de Janeiro (Brasil)\" data-bio=\"Eric Herrero es gestor p\u00fablico de formaci\u00f3n y tenor con casi 50 roles en Brasil, Latinoam\u00e9rica y Europa, a lo largo de 21 a\u00f1os de carrera. Embajador de Turismo de R\u00edo de Janeiro, asumi\u00f3 la direcci\u00f3n art\u00edstica del Theatro Municipal de R\u00edo de Janeiro en febrero de 2022. Voz importante de la Cultura en el pa\u00eds, acaba de asumir una vez m\u00e1s la presidencia del Consejo Estatal de Pol\u00edtica Cultural de Rio de Janeiro, CEPC\/RJ.\"><div class=\"panelista-nombre abrir-modal\" data-nombre=\"Eric Herrero\" data-cargo=\"Theatro Municipal de Rio de Janeiro (Brasil)\" data-bio=\"Eric Herrero es gestor p\u00fablico de formaci\u00f3n y tenor con casi 50 roles en Brasil, Latinoam\u00e9rica y Europa, a lo largo de 21 a\u00f1os de carrera. Embajador de Turismo de R\u00edo de Janeiro, asumi\u00f3 la direcci\u00f3n art\u00edstica del Theatro Municipal de R\u00edo de Janeiro en febrero de 2022. Voz importante de la Cultura en el pa\u00eds, acaba de asumir una vez m\u00e1s la presidencia del Consejo Estatal de Pol\u00edtica Cultural de Rio de Janeiro, CEPC\/RJ.\">Eric Herrero<\/div><div class=\"panelista-cargo\">Theatro Municipal de Rio de Janeiro (Brasil)<\/div><div class=\"panelista-vermas abrir-modal\" data-nombre=\"Eric Herrero\" data-cargo=\"Theatro Municipal de Rio de Janeiro (Brasil)\" data-bio=\"Eric Herrero es gestor p\u00fablico de formaci\u00f3n y tenor con casi 50 roles en Brasil, Latinoam\u00e9rica y Europa, a lo largo de 21 a\u00f1os de carrera. Embajador de Turismo de R\u00edo de Janeiro, asumi\u00f3 la direcci\u00f3n art\u00edstica del Theatro Municipal de R\u00edo de Janeiro en febrero de 2022. Voz importante de la Cultura en el pa\u00eds, acaba de asumir una vez m\u00e1s la presidencia del Consejo Estatal de Pol\u00edtica Cultural de Rio de Janeiro, CEPC\/RJ.\">Ver m\u00e1s<\/div><\/div><div class=\"panelista-card card-2026\"><img decoding=\"async\" src=\"https:\/\/www.operala.org\/encuentrosola\/wp-content\/uploads\/2024\/10\/WhatsApp-Image-2024-10-23-at-11.32.52-1.jpeg\" alt=\"Carmen Gloria Larenas\" class=\"panelista-foto abrir-modal\" data-nombre=\"Carmen Gloria Larenas\" data-cargo=\"Teatro Municipal de Santiago. Chile\" data-bio=\"Carmen Gloria Larenas ex-bailarina cl\u00e1sica, periodista y gestora cultural chilena. Desde agosto de 2019, es la directora general del Teatro Municipal de Santiago, siendo la primera mujer en estar al frente del principal escenario de este pa\u00eds, cargo que asumi\u00f3 oficialmente en noviembre del mismo a\u00f1o. Anteriormente, fue directora art\u00edstica del Teatro del Lago, en la ciudad chilena de Frutillar.\r\nForma parte del consejo asesor del Cap\u00edtulo Chileno del Museo Nacional de Mujeres Artistas (NMWA), es miembro del International Women\u2019s Forum (IWF)\u200b, Presidenta del directorio de \u00d3pera Latinoamericana (OLA). Tambi\u00e9n es miembro del directorio de\u200b la Fundaci\u00f3n de Orquestas Juveniles e Infantiles de Chile (FOJI)\u200b, el Centro Cultural Estaci\u00f3n Mapocho y Centro Cultural GAM.\"><div class=\"panelista-nombre abrir-modal\" data-nombre=\"Carmen Gloria Larenas\" data-cargo=\"Teatro Municipal de Santiago. Chile\" data-bio=\"Carmen Gloria Larenas ex-bailarina cl\u00e1sica, periodista y gestora cultural chilena. Desde agosto de 2019, es la directora general del Teatro Municipal de Santiago, siendo la primera mujer en estar al frente del principal escenario de este pa\u00eds, cargo que asumi\u00f3 oficialmente en noviembre del mismo a\u00f1o. Anteriormente, fue directora art\u00edstica del Teatro del Lago, en la ciudad chilena de Frutillar.\r\nForma parte del consejo asesor del Cap\u00edtulo Chileno del Museo Nacional de Mujeres Artistas (NMWA), es miembro del International Women\u2019s Forum (IWF)\u200b, Presidenta del directorio de \u00d3pera Latinoamericana (OLA). Tambi\u00e9n es miembro del directorio de\u200b la Fundaci\u00f3n de Orquestas Juveniles e Infantiles de Chile (FOJI)\u200b, el Centro Cultural Estaci\u00f3n Mapocho y Centro Cultural GAM.\">Carmen Gloria Larenas<\/div><div class=\"panelista-cargo\">Teatro Municipal de Santiago. Chile<\/div><div class=\"panelista-vermas abrir-modal\" data-nombre=\"Carmen Gloria Larenas\" data-cargo=\"Teatro Municipal de Santiago. Chile\" data-bio=\"Carmen Gloria Larenas ex-bailarina cl\u00e1sica, periodista y gestora cultural chilena. Desde agosto de 2019, es la directora general del Teatro Municipal de Santiago, siendo la primera mujer en estar al frente del principal escenario de este pa\u00eds, cargo que asumi\u00f3 oficialmente en noviembre del mismo a\u00f1o. Anteriormente, fue directora art\u00edstica del Teatro del Lago, en la ciudad chilena de Frutillar.\r\nForma parte del consejo asesor del Cap\u00edtulo Chileno del Museo Nacional de Mujeres Artistas (NMWA), es miembro del International Women\u2019s Forum (IWF)\u200b, Presidenta del directorio de \u00d3pera Latinoamericana (OLA). Tambi\u00e9n es miembro del directorio de\u200b la Fundaci\u00f3n de Orquestas Juveniles e Infantiles de Chile (FOJI)\u200b, el Centro Cultural Estaci\u00f3n Mapocho y Centro Cultural GAM.\">Ver m\u00e1s<\/div><\/div><div class=\"panelista-card card-2026\"><img decoding=\"async\" src=\"https:\/\/www.operala.org\/encuentrosola\/wp-content\/uploads\/2025\/06\/Maria-Patricia-Marin-2-scaled-e1772799439957.jpg\" alt=\"Mar\u00eda Patricia Mar\u00edn\" class=\"panelista-foto abrir-modal\" data-nombre=\"Mar\u00eda Patricia Mar\u00edn\" data-cargo=\"Teatro Metropolitano (Colombia) \" data-bio=\"Comunicadora Social especialista en Gerencia de Mercadeo. Inici\u00f3 en la gesti\u00f3n cultural en 1996, contribuyendo al desarrollo y la creaci\u00f3n de procesos art\u00edsticos y proyectos culturales de la ciudad de Medell\u00edn, como la Orquesta Filarm\u00f3nica de Medell\u00edn y la Asociaci\u00f3n Medell\u00edn Cultural, entidad fundadora del Teatro Metropolitano Jos\u00e9 Guti\u00e9rrez G\u00f3mez, uno de los centros culturales m\u00e1s activos de Colombia, trabajando all\u00ed como subdirectora en la selecci\u00f3n, coordinaci\u00f3n y producci\u00f3n de la programaci\u00f3n propia durante 15 a\u00f1os; y desde 2013 como directora y representante legal de la Entidad, gestionando los recursos econ\u00f3micos que garanticen su auto-sostenibilidad y su permanencia en el tiempo, expandiendo su prop\u00f3sito de sensibilizar a la comunidad a trav\u00e9s de las diversas artes esc\u00e9nicas y musicales; y desarrollando procesos de formaci\u00f3n de p\u00fablicos aptos para la apreciaci\u00f3n de las artes, comprometidos con el desarrollo, la expansi\u00f3n y la permanencia en el futuro de estos valiosos procesos de transformaci\u00f3n social. \r\n\r\nEn la actualidad, la programaci\u00f3n del Teatro Metropolitano. \"><div class=\"panelista-nombre abrir-modal\" data-nombre=\"Mar\u00eda Patricia Mar\u00edn\" data-cargo=\"Teatro Metropolitano (Colombia) \" data-bio=\"Comunicadora Social especialista en Gerencia de Mercadeo. Inici\u00f3 en la gesti\u00f3n cultural en 1996, contribuyendo al desarrollo y la creaci\u00f3n de procesos art\u00edsticos y proyectos culturales de la ciudad de Medell\u00edn, como la Orquesta Filarm\u00f3nica de Medell\u00edn y la Asociaci\u00f3n Medell\u00edn Cultural, entidad fundadora del Teatro Metropolitano Jos\u00e9 Guti\u00e9rrez G\u00f3mez, uno de los centros culturales m\u00e1s activos de Colombia, trabajando all\u00ed como subdirectora en la selecci\u00f3n, coordinaci\u00f3n y producci\u00f3n de la programaci\u00f3n propia durante 15 a\u00f1os; y desde 2013 como directora y representante legal de la Entidad, gestionando los recursos econ\u00f3micos que garanticen su auto-sostenibilidad y su permanencia en el tiempo, expandiendo su prop\u00f3sito de sensibilizar a la comunidad a trav\u00e9s de las diversas artes esc\u00e9nicas y musicales; y desarrollando procesos de formaci\u00f3n de p\u00fablicos aptos para la apreciaci\u00f3n de las artes, comprometidos con el desarrollo, la expansi\u00f3n y la permanencia en el futuro de estos valiosos procesos de transformaci\u00f3n social. \r\n\r\nEn la actualidad, la programaci\u00f3n del Teatro Metropolitano. \">Mar\u00eda Patricia Mar\u00edn<\/div><div class=\"panelista-cargo\">Teatro Metropolitano (Colombia) <\/div><div class=\"panelista-vermas abrir-modal\" data-nombre=\"Mar\u00eda Patricia Mar\u00edn\" data-cargo=\"Teatro Metropolitano (Colombia) \" data-bio=\"Comunicadora Social especialista en Gerencia de Mercadeo. Inici\u00f3 en la gesti\u00f3n cultural en 1996, contribuyendo al desarrollo y la creaci\u00f3n de procesos art\u00edsticos y proyectos culturales de la ciudad de Medell\u00edn, como la Orquesta Filarm\u00f3nica de Medell\u00edn y la Asociaci\u00f3n Medell\u00edn Cultural, entidad fundadora del Teatro Metropolitano Jos\u00e9 Guti\u00e9rrez G\u00f3mez, uno de los centros culturales m\u00e1s activos de Colombia, trabajando all\u00ed como subdirectora en la selecci\u00f3n, coordinaci\u00f3n y producci\u00f3n de la programaci\u00f3n propia durante 15 a\u00f1os; y desde 2013 como directora y representante legal de la Entidad, gestionando los recursos econ\u00f3micos que garanticen su auto-sostenibilidad y su permanencia en el tiempo, expandiendo su prop\u00f3sito de sensibilizar a la comunidad a trav\u00e9s de las diversas artes esc\u00e9nicas y musicales; y desarrollando procesos de formaci\u00f3n de p\u00fablicos aptos para la apreciaci\u00f3n de las artes, comprometidos con el desarrollo, la expansi\u00f3n y la permanencia en el futuro de estos valiosos procesos de transformaci\u00f3n social. \r\n\r\nEn la actualidad, la programaci\u00f3n del Teatro Metropolitano. \">Ver m\u00e1s<\/div><\/div><div class=\"panelista-card card-2026\"><img decoding=\"async\" src=\"https:\/\/www.operala.org\/encuentrosola\/wp-content\/uploads\/2025\/06\/WhatsApp-Image-2025-06-13-at-08.53.40.jpeg\" alt=\"Miguel Molinari\" class=\"panelista-foto abrir-modal\" data-nombre=\"Miguel Molinari\" data-cargo=\"Teatro Municipal de Lima (Per\u00fa)\" data-bio=\"Gestor cultural con m\u00e1s de 38 a\u00f1os de experiencia en el sector p\u00fablico y privado.\r\nDirector de los Teatros Municipales y de la Gerencia de Cultura de la Municipalidad Metropolitana de Lima.\r\nDirector Ejecutivo y fundador, junto al Tenor Juan Diego Fl\u00f3rez, del Programa Sinfon\u00eda por el Per\u00fa (2010 \u2013 2021) \r\nProductor y conductor del Programa \u201cAntolog\u00eda Lirica\u201d en Radio Filarmon\u00eda (Desde 1988 a la actualidad)\r\nConductor y coproductor del Programa Palco Estelar emitido por TV PERU canal 7 (1992 \u2013 2012)\r\nGerente de Cultura y Turismo en la Municipalidad de Miraflores (2007 \u2013 2010 \u2013 2020 \u2013 2022)\r\nAsesor de Alta Direcci\u00f3n en el Instituto Nacional de Cultura (2009- 2010)\r\nDirector del Instituto de Arte L\u00edrico de la Universidad de San Mart\u00edn de Porres (2004 \u2013 2005)\r\nEs parte del consejo directivo Festival Internacional Granda desde 2023.\r\n\"><div class=\"panelista-nombre abrir-modal\" data-nombre=\"Miguel Molinari\" data-cargo=\"Teatro Municipal de Lima (Per\u00fa)\" data-bio=\"Gestor cultural con m\u00e1s de 38 a\u00f1os de experiencia en el sector p\u00fablico y privado.\r\nDirector de los Teatros Municipales y de la Gerencia de Cultura de la Municipalidad Metropolitana de Lima.\r\nDirector Ejecutivo y fundador, junto al Tenor Juan Diego Fl\u00f3rez, del Programa Sinfon\u00eda por el Per\u00fa (2010 \u2013 2021) \r\nProductor y conductor del Programa \u201cAntolog\u00eda Lirica\u201d en Radio Filarmon\u00eda (Desde 1988 a la actualidad)\r\nConductor y coproductor del Programa Palco Estelar emitido por TV PERU canal 7 (1992 \u2013 2012)\r\nGerente de Cultura y Turismo en la Municipalidad de Miraflores (2007 \u2013 2010 \u2013 2020 \u2013 2022)\r\nAsesor de Alta Direcci\u00f3n en el Instituto Nacional de Cultura (2009- 2010)\r\nDirector del Instituto de Arte L\u00edrico de la Universidad de San Mart\u00edn de Porres (2004 \u2013 2005)\r\nEs parte del consejo directivo Festival Internacional Granda desde 2023.\r\n\">Miguel Molinari<\/div><div class=\"panelista-cargo\">Teatro Municipal de Lima (Per\u00fa)<\/div><div class=\"panelista-vermas abrir-modal\" data-nombre=\"Miguel Molinari\" data-cargo=\"Teatro Municipal de Lima (Per\u00fa)\" data-bio=\"Gestor cultural con m\u00e1s de 38 a\u00f1os de experiencia en el sector p\u00fablico y privado.\r\nDirector de los Teatros Municipales y de la Gerencia de Cultura de la Municipalidad Metropolitana de Lima.\r\nDirector Ejecutivo y fundador, junto al Tenor Juan Diego Fl\u00f3rez, del Programa Sinfon\u00eda por el Per\u00fa (2010 \u2013 2021) \r\nProductor y conductor del Programa \u201cAntolog\u00eda Lirica\u201d en Radio Filarmon\u00eda (Desde 1988 a la actualidad)\r\nConductor y coproductor del Programa Palco Estelar emitido por TV PERU canal 7 (1992 \u2013 2012)\r\nGerente de Cultura y Turismo en la Municipalidad de Miraflores (2007 \u2013 2010 \u2013 2020 \u2013 2022)\r\nAsesor de Alta Direcci\u00f3n en el Instituto Nacional de Cultura (2009- 2010)\r\nDirector del Instituto de Arte L\u00edrico de la Universidad de San Mart\u00edn de Porres (2004 \u2013 2005)\r\nEs parte del consejo directivo Festival Internacional Granda desde 2023.\r\n\">Ver m\u00e1s<\/div><\/div><div class=\"panelista-card card-2026\"><img decoding=\"async\" src=\"https:\/\/www.operala.org\/encuentrosola\/wp-content\/uploads\/2024\/07\/Ramiro-osorio-3.png\" alt=\"Ramiro Osorio\" class=\"panelista-foto abrir-modal\" data-nombre=\"Ramiro Osorio\" data-cargo=\" Teatro Mayor Julio Mario Santo Domingo (Colombia)\" data-bio=\"Maestro en Letras Espa\u00f1olas de la Universidad de Guanajuato, M\u00e9xico. Director y Maestro de Teatro. Ha dirigido m\u00e1s de 30 obras teatrales, de autores cl\u00e1sicos y contempor\u00e1neos. Durante m\u00e1s de 40 a\u00f1os ha combinado el trabajo art\u00edstico con el de la gesti\u00f3n y promoci\u00f3n cultural. Fundador y Director del Festival Iberoamericano de Teatro de Bogot\u00e1 y del Festival Internacional de Teatro de San Jos\u00e9 por la Paz, Costa Rica. Fue Director del Festival Sevilla entre Culturas, del Gran Festival Ciudad de M\u00e9xico y del Festival Internacional Cervantino de Guanajuato, entre otros festivales internacionales.\r\n\r\nEn las \u00faltimas tres d\u00e9cadas ha desempe\u00f1ado en Colombia las siguientes responsabilidades p\u00fablicas: Director General del Instituto Colombiano de Cultura, Embajador de Colombia en M\u00e9xico, Asesor del Presidente de la Rep\u00fablica para la Ley General de Cultura y Ministro de Cultura. Entre 2006 y 2009 fue el Director de Cultura de la Secretar\u00eda General Iberoamericana en Madrid e impuls\u00f3 la creaci\u00f3n de los programas Iberescena, Iberorquestas Juveniles e Ibermuseos. Desde el 2010 es el Director General del Teatro Mayor Julio Mario Santo Domingo de Bogot\u00e1.\r\n\"><div class=\"panelista-nombre abrir-modal\" data-nombre=\"Ramiro Osorio\" data-cargo=\" Teatro Mayor Julio Mario Santo Domingo (Colombia)\" data-bio=\"Maestro en Letras Espa\u00f1olas de la Universidad de Guanajuato, M\u00e9xico. Director y Maestro de Teatro. Ha dirigido m\u00e1s de 30 obras teatrales, de autores cl\u00e1sicos y contempor\u00e1neos. Durante m\u00e1s de 40 a\u00f1os ha combinado el trabajo art\u00edstico con el de la gesti\u00f3n y promoci\u00f3n cultural. Fundador y Director del Festival Iberoamericano de Teatro de Bogot\u00e1 y del Festival Internacional de Teatro de San Jos\u00e9 por la Paz, Costa Rica. Fue Director del Festival Sevilla entre Culturas, del Gran Festival Ciudad de M\u00e9xico y del Festival Internacional Cervantino de Guanajuato, entre otros festivales internacionales.\r\n\r\nEn las \u00faltimas tres d\u00e9cadas ha desempe\u00f1ado en Colombia las siguientes responsabilidades p\u00fablicas: Director General del Instituto Colombiano de Cultura, Embajador de Colombia en M\u00e9xico, Asesor del Presidente de la Rep\u00fablica para la Ley General de Cultura y Ministro de Cultura. Entre 2006 y 2009 fue el Director de Cultura de la Secretar\u00eda General Iberoamericana en Madrid e impuls\u00f3 la creaci\u00f3n de los programas Iberescena, Iberorquestas Juveniles e Ibermuseos. Desde el 2010 es el Director General del Teatro Mayor Julio Mario Santo Domingo de Bogot\u00e1.\r\n\">Ramiro Osorio<\/div><div class=\"panelista-cargo\"> Teatro Mayor Julio Mario Santo Domingo (Colombia)<\/div><div class=\"panelista-vermas abrir-modal\" data-nombre=\"Ramiro Osorio\" data-cargo=\" Teatro Mayor Julio Mario Santo Domingo (Colombia)\" data-bio=\"Maestro en Letras Espa\u00f1olas de la Universidad de Guanajuato, M\u00e9xico. Director y Maestro de Teatro. Ha dirigido m\u00e1s de 30 obras teatrales, de autores cl\u00e1sicos y contempor\u00e1neos. Durante m\u00e1s de 40 a\u00f1os ha combinado el trabajo art\u00edstico con el de la gesti\u00f3n y promoci\u00f3n cultural. Fundador y Director del Festival Iberoamericano de Teatro de Bogot\u00e1 y del Festival Internacional de Teatro de San Jos\u00e9 por la Paz, Costa Rica. Fue Director del Festival Sevilla entre Culturas, del Gran Festival Ciudad de M\u00e9xico y del Festival Internacional Cervantino de Guanajuato, entre otros festivales internacionales.\r\n\r\nEn las \u00faltimas tres d\u00e9cadas ha desempe\u00f1ado en Colombia las siguientes responsabilidades p\u00fablicas: Director General del Instituto Colombiano de Cultura, Embajador de Colombia en M\u00e9xico, Asesor del Presidente de la Rep\u00fablica para la Ley General de Cultura y Ministro de Cultura. Entre 2006 y 2009 fue el Director de Cultura de la Secretar\u00eda General Iberoamericana en Madrid e impuls\u00f3 la creaci\u00f3n de los programas Iberescena, Iberorquestas Juveniles e Ibermuseos. Desde el 2010 es el Director General del Teatro Mayor Julio Mario Santo Domingo de Bogot\u00e1.\r\n\">Ver m\u00e1s<\/div><\/div><div class=\"panelista-card card-2026\"><img decoding=\"async\" src=\"https:\/\/www.operala.org\/encuentrosola\/wp-content\/uploads\/2026\/03\/Gabriela-Perona-Directora-Ejecutiva-SPP.jpg\" alt=\"Gabriela Perona\" class=\"panelista-foto abrir-modal\" data-nombre=\"Gabriela Perona\" data-cargo=\"Sinfon\u00eda por el Per\u00fa (Per\u00fa)\" data-bio=\"Licenciada en Comunicaci\u00f3n para el Desarrollo por la Pontificia Universidad Cat\u00f3lica del Per\u00fa (PUCP), egresada de la maestr\u00eda en Salud P\u00fablica y Global en la Universidad Peruana Cayetano Heredia y certificada en Estrategias de Impacto Social por la Universidad de Pensilvania.\u00a0Cuenta con m\u00e1s de 15 a\u00f1os de experiencia en la gesti\u00f3n p\u00fablica y privada, destac\u00e1ndose en el sector cultural, la inclusi\u00f3n social y proyectos de alto impacto. Ha sido Asesora del Viceministerio y Ministerio de Cultura del Per\u00fa, donde tambi\u00e9n ocup\u00f3 el cargo de Directora de Diversidad Cultural y Discriminaci\u00f3n \u00c9tnico-Racial. Adem\u00e1s, fue Directora Ejecutiva del Proyecto Especial Bicentenario bajo la Presidencia del Consejo de Ministros. Actualmente, se desempe\u00f1a como CEO de la organizaci\u00f3n social Sinfon\u00eda por el Per\u00fa.\r\n\"><div class=\"panelista-nombre abrir-modal\" data-nombre=\"Gabriela Perona\" data-cargo=\"Sinfon\u00eda por el Per\u00fa (Per\u00fa)\" data-bio=\"Licenciada en Comunicaci\u00f3n para el Desarrollo por la Pontificia Universidad Cat\u00f3lica del Per\u00fa (PUCP), egresada de la maestr\u00eda en Salud P\u00fablica y Global en la Universidad Peruana Cayetano Heredia y certificada en Estrategias de Impacto Social por la Universidad de Pensilvania.\u00a0Cuenta con m\u00e1s de 15 a\u00f1os de experiencia en la gesti\u00f3n p\u00fablica y privada, destac\u00e1ndose en el sector cultural, la inclusi\u00f3n social y proyectos de alto impacto. Ha sido Asesora del Viceministerio y Ministerio de Cultura del Per\u00fa, donde tambi\u00e9n ocup\u00f3 el cargo de Directora de Diversidad Cultural y Discriminaci\u00f3n \u00c9tnico-Racial. Adem\u00e1s, fue Directora Ejecutiva del Proyecto Especial Bicentenario bajo la Presidencia del Consejo de Ministros. Actualmente, se desempe\u00f1a como CEO de la organizaci\u00f3n social Sinfon\u00eda por el Per\u00fa.\r\n\">Gabriela Perona<\/div><div class=\"panelista-cargo\">Sinfon\u00eda por el Per\u00fa (Per\u00fa)<\/div><div class=\"panelista-vermas abrir-modal\" data-nombre=\"Gabriela Perona\" data-cargo=\"Sinfon\u00eda por el Per\u00fa (Per\u00fa)\" data-bio=\"Licenciada en Comunicaci\u00f3n para el Desarrollo por la Pontificia Universidad Cat\u00f3lica del Per\u00fa (PUCP), egresada de la maestr\u00eda en Salud P\u00fablica y Global en la Universidad Peruana Cayetano Heredia y certificada en Estrategias de Impacto Social por la Universidad de Pensilvania.\u00a0Cuenta con m\u00e1s de 15 a\u00f1os de experiencia en la gesti\u00f3n p\u00fablica y privada, destac\u00e1ndose en el sector cultural, la inclusi\u00f3n social y proyectos de alto impacto. Ha sido Asesora del Viceministerio y Ministerio de Cultura del Per\u00fa, donde tambi\u00e9n ocup\u00f3 el cargo de Directora de Diversidad Cultural y Discriminaci\u00f3n \u00c9tnico-Racial. Adem\u00e1s, fue Directora Ejecutiva del Proyecto Especial Bicentenario bajo la Presidencia del Consejo de Ministros. Actualmente, se desempe\u00f1a como CEO de la organizaci\u00f3n social Sinfon\u00eda por el Per\u00fa.\r\n\">Ver m\u00e1s<\/div><\/div><div class=\"panelista-card card-2026\"><img decoding=\"async\" src=\"https:\/\/www.operala.org\/encuentrosola\/wp-content\/uploads\/2025\/05\/PXL_20250818_201529185.PORTRAIT-scaled.jpg\" alt=\"Paulina Ricciardi\u00a0\" class=\"panelista-foto abrir-modal\" data-nombre=\"Paulina Ricciardi\u00a0\" data-cargo=\"\u00d3pera Latinoam\u00e9rica OLA. (Chile)\" data-bio=\"Directora Ejecutiva (i) de la red de teatros \u00d3pera Latinoam\u00e9rica OLA, Paulina cuenta con 17 a\u00f1os de experiencia trabajando en el sector cultural e industrias creativas en Londres y Chile en organizaciones como Southbank Centre y Cultural Cooperation, Teatro Municipal de Santiago, Centro Cultural GAM y \u00d3pera Latinoam\u00e9rica OLA. M\u00e1ster en Pol\u00edtica y Gesti\u00f3n Cultural de City University London, estudios que se centraron en el \u00e1rea de educaci\u00f3n y mediaci\u00f3n en organizaciones culturales. Adem\u00e1s cuento con una Licenciatura en Filosof\u00eda de la Universidad de Chile y un Diploma en Gesti\u00f3n Cultural con menci\u00f3n en Artes Visuales de la misma casa de estudio.\r\n\"><div class=\"panelista-nombre abrir-modal\" data-nombre=\"Paulina Ricciardi\u00a0\" data-cargo=\"\u00d3pera Latinoam\u00e9rica OLA. (Chile)\" data-bio=\"Directora Ejecutiva (i) de la red de teatros \u00d3pera Latinoam\u00e9rica OLA, Paulina cuenta con 17 a\u00f1os de experiencia trabajando en el sector cultural e industrias creativas en Londres y Chile en organizaciones como Southbank Centre y Cultural Cooperation, Teatro Municipal de Santiago, Centro Cultural GAM y \u00d3pera Latinoam\u00e9rica OLA. M\u00e1ster en Pol\u00edtica y Gesti\u00f3n Cultural de City University London, estudios que se centraron en el \u00e1rea de educaci\u00f3n y mediaci\u00f3n en organizaciones culturales. Adem\u00e1s cuento con una Licenciatura en Filosof\u00eda de la Universidad de Chile y un Diploma en Gesti\u00f3n Cultural con menci\u00f3n en Artes Visuales de la misma casa de estudio.\r\n\">Paulina Ricciardi\u00a0<\/div><div class=\"panelista-cargo\">\u00d3pera Latinoam\u00e9rica OLA. (Chile)<\/div><div class=\"panelista-vermas abrir-modal\" data-nombre=\"Paulina Ricciardi\u00a0\" data-cargo=\"\u00d3pera Latinoam\u00e9rica OLA. (Chile)\" data-bio=\"Directora Ejecutiva (i) de la red de teatros \u00d3pera Latinoam\u00e9rica OLA, Paulina cuenta con 17 a\u00f1os de experiencia trabajando en el sector cultural e industrias creativas en Londres y Chile en organizaciones como Southbank Centre y Cultural Cooperation, Teatro Municipal de Santiago, Centro Cultural GAM y \u00d3pera Latinoam\u00e9rica OLA. M\u00e1ster en Pol\u00edtica y Gesti\u00f3n Cultural de City University London, estudios que se centraron en el \u00e1rea de educaci\u00f3n y mediaci\u00f3n en organizaciones culturales. Adem\u00e1s cuento con una Licenciatura en Filosof\u00eda de la Universidad de Chile y un Diploma en Gesti\u00f3n Cultural con menci\u00f3n en Artes Visuales de la misma casa de estudio.\r\n\">Ver m\u00e1s<\/div><\/div><div class=\"panelista-card card-2026\"><img decoding=\"async\" src=\"https:\/\/www.operala.org\/encuentrosola\/wp-content\/uploads\/2023\/05\/Jose-Luis-Riveros-Anfiteatro-de-Tenerife-ESP.jpeg\" alt=\"Jos\u00e9 Luis Rivero\" class=\"panelista-foto abrir-modal\" data-nombre=\"Jos\u00e9 Luis Rivero\" data-cargo=\"Auditorio de Tenerife (Espa\u00f1a) \" data-bio=\"Director art\u00edstico de Auditorio de Tenerife y responsable de las \u00e1reas de\r\nprogramaci\u00f3n, producci\u00f3n, mediaci\u00f3n educativa y social, as\u00ed\r\n\r\n\u0301 como de los\r\nfestivales desarrollados desde esta instituci\u00f3n cultural. Sus campos de acci\u00f3n se\r\ncentran en la \u00f3pera, la danza contempor\u00e1nea, el teatro iberoamericano y la teor\u00eda\r\ny gesti\u00f3n de la Cultura.\r\nLicenciado en Filolog\u00eda espa\u00f1ola y diplomado en Administraci\u00f3n de empresas,\r\nposee varios programas m\u00e1ster en gesti\u00f3n cultural. Profesor en varias\r\nuniversidades, ha desarrollado su vertiente investigadora en los campos de la\r\nliteratura y la gesti\u00f3n cultural, con un amplio curr\u00edculo como ponente en\r\nencuentros nacionales e internacionales. Vinculado siempre al mundo de la\r\nCultura y la Educaci\u00f3n, tanto en el terreno p\u00fablico como en el privado, ha\r\nocupado cargos de responsabilidad estatal en Espa\u00f1a: presidente de la Red\r\nespa\u00f1ola de Teatros; presidente de la Red educativa de Auditorios y Orquestas\r\nsinf\u00f3nicas, miembro del Consejo estatal de las Artes Esc\u00e9nicas y de la M\u00fasica,\r\nAcad\u00e9mico de la Real Academia de las Bellas Artes (secci\u00f3n M\u00fasica).\r\n\r\nEs miembro activo de diversas redes internacionales como Opera Europa, OLA-\r\n\u00d3pera Latinoamericana, Asociaci\u00f3n espa\u00f1ola de Teatros de \u00d3pera, RESEO\r\n\r\n(European Network for Opera and Dance Education), International Network for\r\nContemporary Performing Arts (IETM), Red euro-latinoamericana de Artes\r\nEsc\u00e9nicas REDELAE.\"><div class=\"panelista-nombre abrir-modal\" data-nombre=\"Jos\u00e9 Luis Rivero\" data-cargo=\"Auditorio de Tenerife (Espa\u00f1a) \" data-bio=\"Director art\u00edstico de Auditorio de Tenerife y responsable de las \u00e1reas de\r\nprogramaci\u00f3n, producci\u00f3n, mediaci\u00f3n educativa y social, as\u00ed\r\n\r\n\u0301 como de los\r\nfestivales desarrollados desde esta instituci\u00f3n cultural. Sus campos de acci\u00f3n se\r\ncentran en la \u00f3pera, la danza contempor\u00e1nea, el teatro iberoamericano y la teor\u00eda\r\ny gesti\u00f3n de la Cultura.\r\nLicenciado en Filolog\u00eda espa\u00f1ola y diplomado en Administraci\u00f3n de empresas,\r\nposee varios programas m\u00e1ster en gesti\u00f3n cultural. Profesor en varias\r\nuniversidades, ha desarrollado su vertiente investigadora en los campos de la\r\nliteratura y la gesti\u00f3n cultural, con un amplio curr\u00edculo como ponente en\r\nencuentros nacionales e internacionales. Vinculado siempre al mundo de la\r\nCultura y la Educaci\u00f3n, tanto en el terreno p\u00fablico como en el privado, ha\r\nocupado cargos de responsabilidad estatal en Espa\u00f1a: presidente de la Red\r\nespa\u00f1ola de Teatros; presidente de la Red educativa de Auditorios y Orquestas\r\nsinf\u00f3nicas, miembro del Consejo estatal de las Artes Esc\u00e9nicas y de la M\u00fasica,\r\nAcad\u00e9mico de la Real Academia de las Bellas Artes (secci\u00f3n M\u00fasica).\r\n\r\nEs miembro activo de diversas redes internacionales como Opera Europa, OLA-\r\n\u00d3pera Latinoamericana, Asociaci\u00f3n espa\u00f1ola de Teatros de \u00d3pera, RESEO\r\n\r\n(European Network for Opera and Dance Education), International Network for\r\nContemporary Performing Arts (IETM), Red euro-latinoamericana de Artes\r\nEsc\u00e9nicas REDELAE.\">Jos\u00e9 Luis Rivero<\/div><div class=\"panelista-cargo\">Auditorio de Tenerife (Espa\u00f1a) <\/div><div class=\"panelista-vermas abrir-modal\" data-nombre=\"Jos\u00e9 Luis Rivero\" data-cargo=\"Auditorio de Tenerife (Espa\u00f1a) \" data-bio=\"Director art\u00edstico de Auditorio de Tenerife y responsable de las \u00e1reas de\r\nprogramaci\u00f3n, producci\u00f3n, mediaci\u00f3n educativa y social, as\u00ed\r\n\r\n\u0301 como de los\r\nfestivales desarrollados desde esta instituci\u00f3n cultural. Sus campos de acci\u00f3n se\r\ncentran en la \u00f3pera, la danza contempor\u00e1nea, el teatro iberoamericano y la teor\u00eda\r\ny gesti\u00f3n de la Cultura.\r\nLicenciado en Filolog\u00eda espa\u00f1ola y diplomado en Administraci\u00f3n de empresas,\r\nposee varios programas m\u00e1ster en gesti\u00f3n cultural. Profesor en varias\r\nuniversidades, ha desarrollado su vertiente investigadora en los campos de la\r\nliteratura y la gesti\u00f3n cultural, con un amplio curr\u00edculo como ponente en\r\nencuentros nacionales e internacionales. Vinculado siempre al mundo de la\r\nCultura y la Educaci\u00f3n, tanto en el terreno p\u00fablico como en el privado, ha\r\nocupado cargos de responsabilidad estatal en Espa\u00f1a: presidente de la Red\r\nespa\u00f1ola de Teatros; presidente de la Red educativa de Auditorios y Orquestas\r\nsinf\u00f3nicas, miembro del Consejo estatal de las Artes Esc\u00e9nicas y de la M\u00fasica,\r\nAcad\u00e9mico de la Real Academia de las Bellas Artes (secci\u00f3n M\u00fasica).\r\n\r\nEs miembro activo de diversas redes internacionales como Opera Europa, OLA-\r\n\u00d3pera Latinoamericana, Asociaci\u00f3n espa\u00f1ola de Teatros de \u00d3pera, RESEO\r\n\r\n(European Network for Opera and Dance Education), International Network for\r\nContemporary Performing Arts (IETM), Red euro-latinoamericana de Artes\r\nEsc\u00e9nicas REDELAE.\">Ver m\u00e1s<\/div><\/div><div class=\"panelista-card card-2026\"><img decoding=\"async\" src=\"https:\/\/www.operala.org\/encuentrosola\/wp-content\/uploads\/2024\/10\/andres-rodriguez.jpg\" alt=\"Andr\u00e9s Rodr\u00edguez\" class=\"panelista-foto abrir-modal\" data-nombre=\"Andr\u00e9s Rodr\u00edguez\" data-cargo=\"Teatro Col\u00f3n de Buenos Aires. Argentina\" data-bio=\"A lo largo de sus 35 a\u00f1os como director general del Teatro Municipal de Santiago, Rodr\u00edguez P\u00e9rez desarroll\u00f3 sus tres cuerpos estables: orquesta, coro y ballet. Adem\u00e1s, promovi\u00f3 el \u00e1rea de las co-producciones de ese escenario con otros espacios, como el Teatro Col\u00f3n de Buenos Aires, Teatro Real de Madrid, \u00d3pera de Oviedo, Capitole de Toulouse, Opera de Washington, Dallas, entre otros.\r\n\r\nEn materia de formaci\u00f3n de p\u00fablicos y de fomento a las artes nacionales y sus artistas, promovi\u00f3 m\u00faltiples giras de producciones y artistas a lo largo de todo Chile y abri\u00f3 espacios como El Peque\u00f1o Municipal y Crecer Cantando, destinados a la creaci\u00f3n de nuevas audiencias y al fomento de la m\u00fasica coral. Asimismo, ofreci\u00f3 importantes espacios a los creadores nacionales, tanto en la escenograf\u00eda como en el vestuario, iluminaci\u00f3n y direcci\u00f3n teatral.\r\n\r\nMiembro de diversos directorios de organizaciones culturales, en 2007 fund\u00f3 y actualmente es el primer vicepresidente de \u00d3pera Latinoam\u00e9rica OLA, una red internacional de teatros latinoamericanos. Adem\u00e1s, desarrolla proyectos culturales para diferentes organizaciones en Chile y el extranjero.\r\n\"><div class=\"panelista-nombre abrir-modal\" data-nombre=\"Andr\u00e9s Rodr\u00edguez\" data-cargo=\"Teatro Col\u00f3n de Buenos Aires. Argentina\" data-bio=\"A lo largo de sus 35 a\u00f1os como director general del Teatro Municipal de Santiago, Rodr\u00edguez P\u00e9rez desarroll\u00f3 sus tres cuerpos estables: orquesta, coro y ballet. Adem\u00e1s, promovi\u00f3 el \u00e1rea de las co-producciones de ese escenario con otros espacios, como el Teatro Col\u00f3n de Buenos Aires, Teatro Real de Madrid, \u00d3pera de Oviedo, Capitole de Toulouse, Opera de Washington, Dallas, entre otros.\r\n\r\nEn materia de formaci\u00f3n de p\u00fablicos y de fomento a las artes nacionales y sus artistas, promovi\u00f3 m\u00faltiples giras de producciones y artistas a lo largo de todo Chile y abri\u00f3 espacios como El Peque\u00f1o Municipal y Crecer Cantando, destinados a la creaci\u00f3n de nuevas audiencias y al fomento de la m\u00fasica coral. Asimismo, ofreci\u00f3 importantes espacios a los creadores nacionales, tanto en la escenograf\u00eda como en el vestuario, iluminaci\u00f3n y direcci\u00f3n teatral.\r\n\r\nMiembro de diversos directorios de organizaciones culturales, en 2007 fund\u00f3 y actualmente es el primer vicepresidente de \u00d3pera Latinoam\u00e9rica OLA, una red internacional de teatros latinoamericanos. Adem\u00e1s, desarrolla proyectos culturales para diferentes organizaciones en Chile y el extranjero.\r\n\">Andr\u00e9s Rodr\u00edguez<\/div><div class=\"panelista-cargo\">Teatro Col\u00f3n de Buenos Aires. Argentina<\/div><div class=\"panelista-vermas abrir-modal\" data-nombre=\"Andr\u00e9s Rodr\u00edguez\" data-cargo=\"Teatro Col\u00f3n de Buenos Aires. Argentina\" data-bio=\"A lo largo de sus 35 a\u00f1os como director general del Teatro Municipal de Santiago, Rodr\u00edguez P\u00e9rez desarroll\u00f3 sus tres cuerpos estables: orquesta, coro y ballet. Adem\u00e1s, promovi\u00f3 el \u00e1rea de las co-producciones de ese escenario con otros espacios, como el Teatro Col\u00f3n de Buenos Aires, Teatro Real de Madrid, \u00d3pera de Oviedo, Capitole de Toulouse, Opera de Washington, Dallas, entre otros.\r\n\r\nEn materia de formaci\u00f3n de p\u00fablicos y de fomento a las artes nacionales y sus artistas, promovi\u00f3 m\u00faltiples giras de producciones y artistas a lo largo de todo Chile y abri\u00f3 espacios como El Peque\u00f1o Municipal y Crecer Cantando, destinados a la creaci\u00f3n de nuevas audiencias y al fomento de la m\u00fasica coral. Asimismo, ofreci\u00f3 importantes espacios a los creadores nacionales, tanto en la escenograf\u00eda como en el vestuario, iluminaci\u00f3n y direcci\u00f3n teatral.\r\n\r\nMiembro de diversos directorios de organizaciones culturales, en 2007 fund\u00f3 y actualmente es el primer vicepresidente de \u00d3pera Latinoam\u00e9rica OLA, una red internacional de teatros latinoamericanos. Adem\u00e1s, desarrolla proyectos culturales para diferentes organizaciones en Chile y el extranjero.\r\n\">Ver m\u00e1s<\/div><\/div><div class=\"panelista-card card-2026\"><img decoding=\"async\" src=\"https:\/\/www.operala.org\/encuentrosola\/wp-content\/uploads\/2024\/07\/pedro-salazar.jpeg\" alt=\"Pedro Salazar\" class=\"panelista-foto abrir-modal\" data-nombre=\"Pedro Salazar\" data-cargo=\"La Compa\u00f1ia Estable (Colombia)\" data-bio=\"Director colombiano de teatro, \u00f3pera y teatro musical. Ha dirigido m\u00e1s de una veintena de obras de distintos g\u00e9neros. Desde 2007 dirige en Bogot\u00e1 su propia productora, La Compa\u00f1\u00eda Estable, en asociaci\u00f3n con algunos de los principales teatros de la ciudad. Algunas de sus principales producciones incluyen: Macbeth, estrenada en el Teatro Col\u00f3n por encargo del Ministerio de Cultura, la \u00f3pera Tosca, en el Teatro Mayor, adem\u00e1s de Otelo, La forma de las cosas, Piedras en los bolsillos, The Pillowman, El feo y La vida es sue\u00f1o.\r\n\r\nEs el director del \u00e1rea de Artes Esc\u00e9nicas en la Facultad de Artes y Humanidades de la Universidad de Los Andes. Egresado en Artes Teatrales por la Universidad de Brown (1996) y en Teatro F\u00edsico por la Escuela Internacional de Teatro de Jacques Lecoq (1999), se ha especializado en direcci\u00f3n teatral con un MFA de la Universidad de Columbia.\r\n\"><div class=\"panelista-nombre abrir-modal\" data-nombre=\"Pedro Salazar\" data-cargo=\"La Compa\u00f1ia Estable (Colombia)\" data-bio=\"Director colombiano de teatro, \u00f3pera y teatro musical. Ha dirigido m\u00e1s de una veintena de obras de distintos g\u00e9neros. Desde 2007 dirige en Bogot\u00e1 su propia productora, La Compa\u00f1\u00eda Estable, en asociaci\u00f3n con algunos de los principales teatros de la ciudad. Algunas de sus principales producciones incluyen: Macbeth, estrenada en el Teatro Col\u00f3n por encargo del Ministerio de Cultura, la \u00f3pera Tosca, en el Teatro Mayor, adem\u00e1s de Otelo, La forma de las cosas, Piedras en los bolsillos, The Pillowman, El feo y La vida es sue\u00f1o.\r\n\r\nEs el director del \u00e1rea de Artes Esc\u00e9nicas en la Facultad de Artes y Humanidades de la Universidad de Los Andes. Egresado en Artes Teatrales por la Universidad de Brown (1996) y en Teatro F\u00edsico por la Escuela Internacional de Teatro de Jacques Lecoq (1999), se ha especializado en direcci\u00f3n teatral con un MFA de la Universidad de Columbia.\r\n\">Pedro Salazar<\/div><div class=\"panelista-cargo\">La Compa\u00f1ia Estable (Colombia)<\/div><div class=\"panelista-vermas abrir-modal\" data-nombre=\"Pedro Salazar\" data-cargo=\"La Compa\u00f1ia Estable (Colombia)\" data-bio=\"Director colombiano de teatro, \u00f3pera y teatro musical. Ha dirigido m\u00e1s de una veintena de obras de distintos g\u00e9neros. Desde 2007 dirige en Bogot\u00e1 su propia productora, La Compa\u00f1\u00eda Estable, en asociaci\u00f3n con algunos de los principales teatros de la ciudad. Algunas de sus principales producciones incluyen: Macbeth, estrenada en el Teatro Col\u00f3n por encargo del Ministerio de Cultura, la \u00f3pera Tosca, en el Teatro Mayor, adem\u00e1s de Otelo, La forma de las cosas, Piedras en los bolsillos, The Pillowman, El feo y La vida es sue\u00f1o.\r\n\r\nEs el director del \u00e1rea de Artes Esc\u00e9nicas en la Facultad de Artes y Humanidades de la Universidad de Los Andes. Egresado en Artes Teatrales por la Universidad de Brown (1996) y en Teatro F\u00edsico por la Escuela Internacional de Teatro de Jacques Lecoq (1999), se ha especializado en direcci\u00f3n teatral con un MFA de la Universidad de Columbia.\r\n\">Ver m\u00e1s<\/div><\/div><div class=\"panelista-card card-2026\"><img decoding=\"async\" src=\"https:\/\/www.operala.org\/encuentrosola\/wp-content\/uploads\/2026\/04\/Xiomara-Suescun.jpg\" alt=\"Xiomara Suesc\u00fan\" class=\"panelista-foto abrir-modal\" data-nombre=\"Xiomara Suesc\u00fan\" data-cargo=\"Centro Nacional de las Artes Delia Zapata Olivella (Colombia) \" data-bio=\"Gestora cultural y experta en econom\u00edas creativas que lidera procesos sostenibles para el ecosistema y busca crear referentes de innovaci\u00f3n cultural en Am\u00e9rica Latina y el mundo. Quiere crear redes de trabajo que consoliden pol\u00edticas culturales en el pa\u00eds y la regi\u00f3n, que impacten la creaci\u00f3n, producci\u00f3n, gesti\u00f3n, circulaci\u00f3n e internacionalizaci\u00f3n de las artes y el sector cultural y creativo. Busca establecer, desde su cargo como Directora del Centro Nacional de las Artes Delia Zapata Olivella del Ministerio de las Culturas, las Artes y el Conocimiento de Colombia, su modelo institucional, misional y de comunicaci\u00f3n y posicionar al Delia como un complejo de espacios art\u00edsticos y culturales, con el m\u00e1s alto nivel de producci\u00f3n y curadur\u00eda; sede del mejor talento nacional donde se reconozca en toda su grandeza la dignidad y diversidad cultural de todo el territorio a nivel mundial.\"><div class=\"panelista-nombre abrir-modal\" data-nombre=\"Xiomara Suesc\u00fan\" data-cargo=\"Centro Nacional de las Artes Delia Zapata Olivella (Colombia) \" data-bio=\"Gestora cultural y experta en econom\u00edas creativas que lidera procesos sostenibles para el ecosistema y busca crear referentes de innovaci\u00f3n cultural en Am\u00e9rica Latina y el mundo. Quiere crear redes de trabajo que consoliden pol\u00edticas culturales en el pa\u00eds y la regi\u00f3n, que impacten la creaci\u00f3n, producci\u00f3n, gesti\u00f3n, circulaci\u00f3n e internacionalizaci\u00f3n de las artes y el sector cultural y creativo. Busca establecer, desde su cargo como Directora del Centro Nacional de las Artes Delia Zapata Olivella del Ministerio de las Culturas, las Artes y el Conocimiento de Colombia, su modelo institucional, misional y de comunicaci\u00f3n y posicionar al Delia como un complejo de espacios art\u00edsticos y culturales, con el m\u00e1s alto nivel de producci\u00f3n y curadur\u00eda; sede del mejor talento nacional donde se reconozca en toda su grandeza la dignidad y diversidad cultural de todo el territorio a nivel mundial.\">Xiomara Suesc\u00fan<\/div><div class=\"panelista-cargo\">Centro Nacional de las Artes Delia Zapata Olivella (Colombia) <\/div><div class=\"panelista-vermas abrir-modal\" data-nombre=\"Xiomara Suesc\u00fan\" data-cargo=\"Centro Nacional de las Artes Delia Zapata Olivella (Colombia) \" data-bio=\"Gestora cultural y experta en econom\u00edas creativas que lidera procesos sostenibles para el ecosistema y busca crear referentes de innovaci\u00f3n cultural en Am\u00e9rica Latina y el mundo. Quiere crear redes de trabajo que consoliden pol\u00edticas culturales en el pa\u00eds y la regi\u00f3n, que impacten la creaci\u00f3n, producci\u00f3n, gesti\u00f3n, circulaci\u00f3n e internacionalizaci\u00f3n de las artes y el sector cultural y creativo. Busca establecer, desde su cargo como Directora del Centro Nacional de las Artes Delia Zapata Olivella del Ministerio de las Culturas, las Artes y el Conocimiento de Colombia, su modelo institucional, misional y de comunicaci\u00f3n y posicionar al Delia como un complejo de espacios art\u00edsticos y culturales, con el m\u00e1s alto nivel de producci\u00f3n y curadur\u00eda; sede del mejor talento nacional donde se reconozca en toda su grandeza la dignidad y diversidad cultural de todo el territorio a nivel mundial.\">Ver m\u00e1s<\/div><\/div><\/div>\n<p>[\/et_pb_text][\/et_pb_column][\/et_pb_row][\/et_pb_section][et_pb_section fb_built=\u00bb1&#8243; _builder_version=\u00bb4.20.2&#8243; _module_preset=\u00bbdefault\u00bb global_colors_info=\u00bb{}\u00bb][et_pb_row column_structure=\u00bb1_2,1_2&#8243; use_custom_gutter=\u00bbon\u00bb gutter_width=\u00bb4&#8243; make_equal=\u00bbon\u00bb disabled_on=\u00bboff|off|off\u00bb _builder_version=\u00bb4.27.4&#8243; _module_preset=\u00bbdefault\u00bb width=\u00bb100%\u00bb max_width=\u00bb100%\u00bb module_alignment=\u00bbcenter\u00bb custom_margin=\u00bb||||false|false\u00bb custom_padding=\u00bb|15%||15%|false|false\u00bb global_colors_info=\u00bb{}\u00bb][et_pb_column type=\u00bb1_2&#8243; _builder_version=\u00bb4.20.2&#8243; _module_preset=\u00bbdefault\u00bb global_colors_info=\u00bb{}\u00bb][et_pb_text _builder_version=\u00bb4.27.4&#8243; _module_preset=\u00bbdefault\u00bb custom_margin=\u00bb0px||16px||false|false\u00bb custom_padding=\u00bb0px||0px||false|false\u00bb global_colors_info=\u00bb{}\u00bb]<\/p>\n<p><strong>Organizan:<\/strong><\/p>\n<p>[\/et_pb_text][ba_logo_grid column_count=\u00bb2&#8243; grid_height=\u00bb180px\u00bb grid_gap=\u00bb16px\u00bb image_hover=\u00bbzoom_out\u00bb column_count_tablet=\u00bb\u00bb column_count_phone=\u00bb1&#8243; column_count_last_edited=\u00bbon|phone\u00bb grid_height_tablet=\u00bb\u00bb grid_height_phone=\u00bb100px\u00bb grid_height_last_edited=\u00bbon|phone\u00bb grid_gap_tablet=\u00bb23px\u00bb grid_gap_phone=\u00bb15px\u00bb grid_gap_last_edited=\u00bbon|phone\u00bb disabled_on=\u00bboff|off|off\u00bb _builder_version=\u00bb4.27.4&#8243; _module_preset=\u00bbdefault\u00bb custom_margin_tablet=\u00bb\u00bb custom_margin_phone=\u00bb20px||||false|false\u00bb custom_margin_last_edited=\u00bbon|phone\u00bb custom_padding=\u00bb||||false|false\u00bb custom_padding_tablet=\u00bb||||false|false\u00bb custom_padding_phone=\u00bb||20px||false|false\u00bb custom_padding_last_edited=\u00bbon|phone\u00bb global_colors_info=\u00bb{}\u00bb][ba_logo_grid_child logo_url=\u00bbhttps:\/\/www.operala.org\/encuentrosola\/wp-content\/uploads\/2023\/03\/Logo_Completo_OLA_Normal.png\u00bb brand_name=\u00bbOLA\u00bb _builder_version=\u00bb4.27.4&#8243; _module_preset=\u00bbdefault\u00bb global_colors_info=\u00bb{}\u00bb][\/ba_logo_grid_child][ba_logo_grid_child logo_url=\u00bbhttps:\/\/www.operala.org\/encuentrosola\/wp-content\/uploads\/2026\/03\/LOGOTIPO-TEATRO-23-01.png\u00bb _builder_version=\u00bb4.27.4&#8243; _module_preset=\u00bbdefault\u00bb global_colors_info=\u00bb{}\u00bb][\/ba_logo_grid_child][\/ba_logo_grid][\/et_pb_column][et_pb_column type=\u00bb1_2&#8243; _builder_version=\u00bb4.20.2&#8243; _module_preset=\u00bbdefault\u00bb global_colors_info=\u00bb{}\u00bb][et_pb_text _builder_version=\u00bb4.27.4&#8243; _module_preset=\u00bbdefault\u00bb custom_margin=\u00bb0px||16px||false|false\u00bb custom_padding=\u00bb0px||0px||false|false\u00bb global_colors_info=\u00bb{}\u00bb]<\/p>\n<p><strong>Patrocina:<\/strong><\/p>\n<p>[\/et_pb_text][ba_logo_grid column_count=\u00bb2&#8243; grid_height=\u00bb180px\u00bb grid_gap=\u00bb16px\u00bb image_hover=\u00bbzoom_out\u00bb column_count_tablet=\u00bb\u00bb column_count_phone=\u00bb1&#8243; column_count_last_edited=\u00bbon|phone\u00bb grid_height_tablet=\u00bb\u00bb grid_height_phone=\u00bb100px\u00bb grid_height_last_edited=\u00bbon|phone\u00bb grid_gap_tablet=\u00bb23px\u00bb grid_gap_phone=\u00bb15px\u00bb grid_gap_last_edited=\u00bbon|phone\u00bb disabled_on=\u00bboff|off|off\u00bb _builder_version=\u00bb4.27.4&#8243; _module_preset=\u00bbdefault\u00bb custom_margin=\u00bb0px||0px||false|false\u00bb custom_margin_tablet=\u00bb\u00bb custom_margin_phone=\u00bb20px||||false|false\u00bb custom_margin_last_edited=\u00bbon|phone\u00bb custom_padding=\u00bb0px||0px||false|false\u00bb custom_padding_tablet=\u00bb||||false|false\u00bb custom_padding_phone=\u00bb||20px||false|false\u00bb custom_padding_last_edited=\u00bbon|phone\u00bb global_colors_info=\u00bb{}\u00bb][ba_logo_grid_child logo_url=\u00bbhttps:\/\/www.operala.org\/encuentrosola\/wp-content\/uploads\/2025\/07\/CAForiginalCaribeH-ESP.png\u00bb brand_name=\u00bbCAF\u00bb _builder_version=\u00bb4.27.4&#8243; _module_preset=\u00bbdefault\u00bb global_colors_info=\u00bb{}\u00bb][\/ba_logo_grid_child][\/ba_logo_grid][\/et_pb_column][\/et_pb_row][et_pb_row disabled_on=\u00bboff|off|off\u00bb _builder_version=\u00bb4.27.0&#8243; _module_preset=\u00bbdefault\u00bb custom_margin=\u00bb0px|auto|0px|auto|true|false\u00bb global_colors_info=\u00bb{}\u00bb][et_pb_column type=\u00bb4_4&#8243; _builder_version=\u00bb4.20.2&#8243; _module_preset=\u00bbdefault\u00bb global_colors_info=\u00bb{}\u00bb][et_pb_text _builder_version=\u00bb4.27.2&#8243; _module_preset=\u00bbdefault\u00bb custom_margin=\u00bb0px||0px||false|false\u00bb custom_padding=\u00bb0px||0px||false|false\u00bb global_colors_info=\u00bb{}\u00bb]<strong>Apoyan:<\/strong>[\/et_pb_text][ba_logo_carousel logo_width=\u00bb200px\u00bb _builder_version=\u00bb4.27.4&#8243; _module_preset=\u00bbdefault\u00bb global_colors_info=\u00bb{}\u00bb][ba_logo_carousel_child logo=\u00bbhttps:\/\/www.operala.org\/encuentrosola\/wp-content\/uploads\/2026\/03\/LOGOTIPO-TEATRO-SEGURA-VERTICAL-1.png\u00bb _builder_version=\u00bb4.27.4&#8243; _module_preset=\u00bbdefault\u00bb global_colors_info=\u00bb{}\u00bb][\/ba_logo_carousel_child][ba_logo_carousel_child logo=\u00bbhttps:\/\/www.operala.org\/encuentrosola\/wp-content\/uploads\/2026\/03\/LOGO-MML-2023-H1_Mesa-de-trabajo-1-copia-13.png\u00bb _builder_version=\u00bb4.27.4&#8243; _module_preset=\u00bbdefault\u00bb global_colors_info=\u00bb{}\u00bb][\/ba_logo_carousel_child][ba_logo_carousel_child logo=\u00bbhttps:\/\/www.operala.org\/encuentrosola\/wp-content\/uploads\/2026\/03\/LOGO-MARCA-LIMA-01.png\u00bb _builder_version=\u00bb4.27.4&#8243; _module_preset=\u00bbdefault\u00bb global_colors_info=\u00bb{}\u00bb][\/ba_logo_carousel_child][ba_logo_carousel_child logo=\u00bbhttps:\/\/www.operala.org\/encuentrosola\/wp-content\/uploads\/2026\/03\/FUNDACION-LIMA-HORIZ-COLOR-scaled.png\u00bb _builder_version=\u00bb4.27.4&#8243; _module_preset=\u00bbdefault\u00bb global_colors_info=\u00bb{}\u00bb][\/ba_logo_carousel_child][ba_logo_carousel_child logo=\u00bbhttps:\/\/www.operala.org\/encuentrosola\/wp-content\/uploads\/2026\/03\/3-LOGO-TABERNERO-Vittoria.png\u00bb _builder_version=\u00bb4.27.4&#8243; _module_preset=\u00bbdefault\u00bb global_colors_info=\u00bb{}\u00bb][\/ba_logo_carousel_child][ba_logo_carousel_child logo=\u00bbhttps:\/\/www.operala.org\/encuentrosola\/wp-content\/uploads\/2026\/03\/2-Logo-Directo-scaled.png\u00bb _builder_version=\u00bb4.27.4&#8243; _module_preset=\u00bbdefault\u00bb global_colors_info=\u00bb{}\u00bb][\/ba_logo_carousel_child][ba_logo_carousel_child logo=\u00bbhttps:\/\/www.operala.org\/encuentrosola\/wp-content\/uploads\/2026\/03\/1-Logo-Sheraton.jpeg\u00bb _builder_version=\u00bb4.27.4&#8243; _module_preset=\u00bbdefault\u00bb global_colors_info=\u00bb{}\u00bb][\/ba_logo_carousel_child][\/ba_logo_carousel][\/et_pb_column][\/et_pb_row][\/et_pb_section]<\/p>\n","protected":false},"excerpt":{"rendered":"<p>[et_pb_section fb_built=\u00bb1&#8243; admin_label=\u00bbsection\u00bb _builder_version=\u00bb4.27.4&#8243; background_color=\u00bb#6060e6&#8243; custom_margin=\u00bb0px|0px|0px|0px|false|false\u00bb custom_padding=\u00bb0px|0px|0px|0px|false|false\u00bb global_colors_info=\u00bb{}\u00bb][et_pb_row admin_label=\u00bbrow\u00bb _builder_version=\u00bb4.27.4&#8243; background_size=\u00bbinitial\u00bb background_position=\u00bbtop_left\u00bb background_repeat=\u00bbrepeat\u00bb width=\u00bb100%\u00bb max_width=\u00bb100%\u00bb custom_margin=\u00bb0px|0px|0px|0px|false|false\u00bb custom_padding=\u00bb0px|0px|0px|0px|false|false\u00bb global_colors_info=\u00bb{}\u00bb][et_pb_column type=\u00bb4_4&#8243; _builder_version=\u00bb4.27.4&#8243; custom_padding=\u00bb||12px||false|false\u00bb global_colors_info=\u00bb{}\u00bb custom_padding__hover=\u00bb|||\u00bb][et_pb_slider show_arrows=\u00bboff\u00bb show_pagination=\u00bboff\u00bb use_bg_overlay=\u00bboff\u00bb use_text_overlay=\u00bboff\u00bb module_class=\u00bbnormal\u00bb _builder_version=\u00bb4.27.4&#8243; _module_preset=\u00bbdefault\u00bb header_line_height=\u00bb0.1em\u00bb body_font_size=\u00bb18px\u00bb background_color=\u00bbRGBA(255,255,255,0)\u00bb background_enable_video_mp4=\u00bboff\u00bb custom_button=\u00bbon\u00bb button_custom_margin=\u00bb100px||||false|false\u00bb min_height=\u00bb500px\u00bb custom_margin=\u00bb0px|0px|0px|0px|false|false\u00bb custom_padding=\u00bb0px|0px|0px|0px|false|false\u00bb custom_padding_tablet=\u00bb170px||85px|||\u00bb custom_padding_phone=\u00bb0px||0px||false|false\u00bb custom_padding_last_edited=\u00bbon|phone\u00bb header_font_size_tablet=\u00bb\u00bb header_font_size_phone=\u00bb35px\u00bb header_font_size_last_edited=\u00bbon|phone\u00bb body_font_size_tablet=\u00bb18px\u00bb body_font_size_phone=\u00bb14px\u00bb body_font_size_last_edited=\u00bbon|phone\u00bb background_last_edited=\u00bbon|tablet\u00bb text_shadow_style=\u00bbpreset2&#8243; global_colors_info=\u00bb{}\u00bb][et_pb_slide button_link=\u00bbhttps:\/\/www.operala.org\/encuentrosola\/wp-content\/uploads\/2024\/09\/Agenda-Conferencia-OLA-agosto-24.pdf\u00bb url_new_window=\u00bbon\u00bb admin_title=\u00bbImagen principal\u00bb [&hellip;]<\/p>\n","protected":false},"author":1,"featured_media":0,"parent":0,"menu_order":0,"comment_status":"closed","ping_status":"closed","template":"","meta":{"_acf_changed":false,"_et_pb_use_builder":"on","_et_pb_old_content":"<!-- wp:paragraph -->\n<p>This is an example page. It's different from a blog post because it will stay in one place and will show up in your site navigation (in most themes). Most people start with an About page that introduces them to potential site visitors. It might say something like this:<\/p>\n<!-- \/wp:paragraph -->\n\n<!-- wp:quote -->\n<blockquote class=\"wp-block-quote\"><!-- wp:paragraph -->\n<p>Hi there! I'm a bike messenger by day, aspiring actor by night, and this is my website. I live in Los Angeles, have a great dog named Jack, and I like pi\u00f1a coladas. (And gettin' caught in the rain.)<\/p>\n<!-- \/wp:paragraph --><\/blockquote>\n<!-- \/wp:quote -->\n\n<!-- wp:paragraph -->\n<p>...or something like this:<\/p>\n<!-- \/wp:paragraph -->\n\n<!-- wp:quote -->\n<blockquote class=\"wp-block-quote\"><!-- wp:paragraph -->\n<p>The XYZ Doohickey Company was founded in 1971, and has been providing quality doohickeys to the public ever since. Located in Gotham City, XYZ employs over 2,000 people and does all kinds of awesome things for the Gotham community.<\/p>\n<!-- \/wp:paragraph --><\/blockquote>\n<!-- \/wp:quote -->\n\n<!-- wp:paragraph -->\n<p>As a new WordPress user, you should go to <a href=\"https:\/\/www.operala.org\/encuentrosola\/wp-admin\/\">your dashboard<\/a> to delete this page and create new pages for your content. Have fun!<\/p>\n<!-- \/wp:paragraph -->","_et_gb_content_width":"","footnotes":""},"class_list":["post-1835","page","type-page","status-publish","hentry"],"acf":[],"_links":{"self":[{"href":"https:\/\/www.operala.org\/encuentrosola\/wp-json\/wp\/v2\/pages\/1835","targetHints":{"allow":["GET"]}}],"collection":[{"href":"https:\/\/www.operala.org\/encuentrosola\/wp-json\/wp\/v2\/pages"}],"about":[{"href":"https:\/\/www.operala.org\/encuentrosola\/wp-json\/wp\/v2\/types\/page"}],"author":[{"embeddable":true,"href":"https:\/\/www.operala.org\/encuentrosola\/wp-json\/wp\/v2\/users\/1"}],"replies":[{"embeddable":true,"href":"https:\/\/www.operala.org\/encuentrosola\/wp-json\/wp\/v2\/comments?post=1835"}],"version-history":[{"count":37,"href":"https:\/\/www.operala.org\/encuentrosola\/wp-json\/wp\/v2\/pages\/1835\/revisions"}],"predecessor-version":[{"id":2084,"href":"https:\/\/www.operala.org\/encuentrosola\/wp-json\/wp\/v2\/pages\/1835\/revisions\/2084"}],"wp:attachment":[{"href":"https:\/\/www.operala.org\/encuentrosola\/wp-json\/wp\/v2\/media?parent=1835"}],"curies":[{"name":"wp","href":"https:\/\/api.w.org\/{rel}","templated":true}]}}