{"id":1306,"date":"2025-03-07T03:39:26","date_gmt":"2025-03-07T03:39:26","guid":{"rendered":"https:\/\/www.operala.org\/encuentrosola\/?page_id=1306"},"modified":"2026-03-11T16:41:27","modified_gmt":"2026-03-11T16:41:27","slug":"conferencia-2025","status":"publish","type":"page","link":"https:\/\/www.operala.org\/encuentrosola\/conferencia-2025\/","title":{"rendered":"Conferencia 2025"},"content":{"rendered":"<p>[et_pb_section fb_built=\u00bb1&#8243; admin_label=\u00bbsection\u00bb _builder_version=\u00bb4.27.0&#8243; custom_margin=\u00bb0px|0px|0px|0px|false|false\u00bb custom_padding=\u00bb0px|0px|0px|0px|false|false\u00bb global_colors_info=\u00bb{}\u00bb][et_pb_row admin_label=\u00bbrow\u00bb _builder_version=\u00bb4.27.0&#8243; background_size=\u00bbinitial\u00bb background_position=\u00bbtop_left\u00bb background_repeat=\u00bbrepeat\u00bb width=\u00bb100%\u00bb max_width=\u00bb100%\u00bb custom_margin=\u00bb0px|0px|0px|0px|false|false\u00bb custom_padding=\u00bb0px|0px|0px|0px|false|false\u00bb global_colors_info=\u00bb{}\u00bb][et_pb_column type=\u00bb4_4&#8243; _builder_version=\u00bb4.27.0&#8243; custom_padding=\u00bb|||\u00bb global_colors_info=\u00bb{}\u00bb custom_padding__hover=\u00bb|||\u00bb][et_pb_slider show_arrows=\u00bboff\u00bb show_pagination=\u00bboff\u00bb use_bg_overlay=\u00bboff\u00bb use_text_overlay=\u00bboff\u00bb module_class=\u00bbnormal\u00bb _builder_version=\u00bb4.27.4&#8243; _module_preset=\u00bbdefault\u00bb header_line_height=\u00bb0.1em\u00bb body_font_size=\u00bb18px\u00bb background_color=\u00bbRGBA(255,255,255,0)\u00bb background_enable_video_mp4=\u00bboff\u00bb custom_button=\u00bbon\u00bb button_custom_margin=\u00bb100px||||false|false\u00bb min_height=\u00bb450px\u00bb custom_margin=\u00bb0px|0px|0px|0px|false|false\u00bb custom_padding=\u00bb0px|0px|0px|0px|false|false\u00bb custom_padding_tablet=\u00bb170px||85px|||\u00bb custom_padding_phone=\u00bb0px||0px||false|false\u00bb custom_padding_last_edited=\u00bbon|phone\u00bb header_font_size_tablet=\u00bb\u00bb header_font_size_phone=\u00bb35px\u00bb header_font_size_last_edited=\u00bbon|phone\u00bb body_font_size_tablet=\u00bb18px\u00bb body_font_size_phone=\u00bb14px\u00bb body_font_size_last_edited=\u00bbon|phone\u00bb background_last_edited=\u00bbon|tablet\u00bb text_shadow_style=\u00bbpreset2&#8243; global_colors_info=\u00bb{}\u00bb][et_pb_slide button_link=\u00bbhttps:\/\/www.operala.org\/encuentrosola\/wp-content\/uploads\/2024\/09\/Agenda-Conferencia-OLA-agosto-24.pdf\u00bb url_new_window=\u00bbon\u00bb admin_title=\u00bbImagen principal\u00bb _builder_version=\u00bb4.27.4&#8243; _module_preset=\u00bbdefault\u00bb header_level=\u00bbh2&#8243; header_font=\u00bbPlayfair Display|700|||||||\u00bb header_font_size=\u00bb50px\u00bb header_letter_spacing=\u00bb1px\u00bb header_line_height=\u00bb1.1em\u00bb background_enable_color=\u00bboff\u00bb background_image=\u00bbhttps:\/\/www.operala.org\/encuentrosola\/wp-content\/uploads\/2025\/03\/header-vf-conferen-cia2025.jpg\u00bb background_enable_image=\u00bbon\u00bb background_size=\u00bbcustom\u00bb custom_button=\u00bbon\u00bb button_text_color=\u00bb#000000&#8243; button_bg_color=\u00bbrgba(94,223,181,0.87)\u00bb button_border_width=\u00bb2px\u00bb button_border_color=\u00bbRGBA(255,255,255,0)\u00bb button_border_radius=\u00bb41px\u00bb button_font=\u00bbRaleway||||||||\u00bb button_use_icon=\u00bbon\u00bb button_icon=\u00bb&#x24;||divi||400&#8243; button_icon_color=\u00bb#000000&#8243; button_icon_placement=\u00bbright\u00bb button_on_hover=\u00bboff\u00bb button_custom_margin=\u00bb30px||||false|false\u00bb button_custom_padding=\u00bb|45px||30px|false|false\u00bb width=\u00bb75%\u00bb width_tablet=\u00bb75%\u00bb width_phone=\u00bb90%\u00bb width_last_edited=\u00bbon|phone\u00bb custom_padding=\u00bb||100px||false|false\u00bb background_last_edited=\u00bbon|phone\u00bb background_image_tablet=\u00bbhttps:\/\/www.operala.org\/encuentrosola\/wp-content\/uploads\/2025\/03\/header-vf-conferen-cia2025.jpg\u00bb background_image_phone=\u00bbhttps:\/\/www.operala.org\/encuentrosola\/wp-content\/uploads\/2025\/03\/header-vf-conferen-cia2025.jpg\u00bb background_enable_image_tablet=\u00bbon\u00bb background_enable_image_phone=\u00bbon\u00bb background_size_tablet=\u00bbcover\u00bb background_size_phone=\u00bbcover\u00bb background_position_tablet=\u00bbcenter_left\u00bb background_position_phone=\u00bbcenter_left\u00bb background_horizontal_offset_phone=\u00bb0%\u00bb custom_css_main_element=\u00bbword-break: normal;\u00bb header_text_shadow_style=\u00bbpreset2&#8243; header_text_shadow_horizontal_length=\u00bb0.04em\u00bb global_colors_info=\u00bb{}\u00bb button_bg_color__hover_enabled=\u00bbon|desktop\u00bb button_bg_color__hover=\u00bb#FFFFFF\u00bb button_bg_enable_color__hover=\u00bbon\u00bb button_border_color__hover_enabled=\u00bbon|desktop\u00bb button_border_color__hover=\u00bbRGBA(255,255,255,0)\u00bb sticky_transition=\u00bbon\u00bb][\/et_pb_slide][\/et_pb_slider][\/et_pb_column][\/et_pb_row][\/et_pb_section][et_pb_section fb_built=\u00bb1&#8243; _builder_version=\u00bb4.20.0&#8243; _module_preset=\u00bbdefault\u00bb min_height=\u00bb834.9px\u00bb custom_padding=\u00bb60px||3px|||\u00bb global_colors_info=\u00bb{}\u00bb][et_pb_row _builder_version=\u00bb4.20.2&#8243; _module_preset=\u00bbdefault\u00bb global_colors_info=\u00bb{}\u00bb][et_pb_column type=\u00bb4_4&#8243; _builder_version=\u00bb4.20.2&#8243; _module_preset=\u00bbdefault\u00bb global_colors_info=\u00bb{}\u00bb][et_pb_text _builder_version=\u00bb4.27.4&#8243; _module_preset=\u00bbdefault\u00bb header_font=\u00bbArchivo|200||on|||||\u00bb header_text_color=\u00bb#3052c8&#8243; header_font_size=\u00bb44px\u00bb global_colors_info=\u00bb{}\u00bb]<\/p>\n<h1 style=\"text-align: center;\">Bienvenidos a la 18\u00aa conferencia OLA 2025<\/h1>\n<p>[\/et_pb_text][\/et_pb_column][\/et_pb_row][et_pb_row column_structure=\u00bb1_2,1_2&#8243; _builder_version=\u00bb4.20.0&#8243; _module_preset=\u00bbdefault\u00bb global_colors_info=\u00bb{}\u00bb][et_pb_column type=\u00bb1_2&#8243; _builder_version=\u00bb4.20.0&#8243; _module_preset=\u00bbdefault\u00bb global_colors_info=\u00bb{}\u00bb][et_pb_text _builder_version=\u00bb4.27.4&#8243; _module_preset=\u00bbdefault\u00bb text_font=\u00bbRoboto||||||||\u00bb text_line_height=\u00bb1.8em\u00bb custom_padding=\u00bb||30px|||\u00bb text_font_size_last_edited=\u00bboff|desktop\u00bb global_colors_info=\u00bb{}\u00bb]<\/p>\n<p style=\"text-align: justify;\">Del <strong>17 al 20 de junio<\/strong>, los teatros, festivales y compa\u00f1\u00edas asociadas a \u00d3pera Latinoam\u00e9rica (OLA), adem\u00e1s de invitados y organizaciones de las industrias creativas de Iberoam\u00e9rica, nos reuniremos en el Palau de Les Arts de Valencia, Espa\u00f1a, para dialogar y pensar el presente y futuro de nuestras instituciones en la 18\u00aa Conferencia Anual de \u00d3pera Latinoam\u00e9rica, titulada <em>Teatros: P\u00fablicos e ideas del futuro.<\/em><\/p>\n<p style=\"text-align: justify;\">La velocidad de los cambios a nivel socioecon\u00f3mico, art\u00edstico y tecnol\u00f3gico nos invita a reflexionar sobre c\u00f3mo enfrentar estos constantes avances y reconfiguraciones de ideas, herramientas y oportunidades, de manera que el trabajo en teatros, festivales y compa\u00f1\u00edas sea relevante para las comunidades y p\u00fablicos que atendemos.<\/p>\n<p style=\"text-align: justify;\">Este a\u00f1o la mirada se volver\u00e1 hacia los p\u00fablicos, que ser\u00e1n el hilo conductor en preguntas como \u00bfpara qui\u00e9n programamos?, \u00bfqu\u00e9 programamos?, \u00bfc\u00f3mo lo hacemos para que estas decisiones sean coherentes, sostenibles y sustentables?, \u00bfc\u00f3mo nos comunicamos hoy con nuestros p\u00fablicos?, y, por \u00faltimo, \u00bfqu\u00e9 modelos innovadores pueden ser un referente para el futuro del sector creativo iberoamericano?<\/p>\n<p>[\/et_pb_text][\/et_pb_column][et_pb_column type=\u00bb1_2&#8243; _builder_version=\u00bb4.20.0&#8243; _module_preset=\u00bbdefault\u00bb global_colors_info=\u00bb{}\u00bb][et_pb_text _builder_version=\u00bb4.27.4&#8243; _module_preset=\u00bbdefault\u00bb text_font=\u00bbRoboto||||||||\u00bb text_line_height=\u00bb1.8em\u00bb custom_padding=\u00bb||4px|||\u00bb global_colors_info=\u00bb{}\u00bb]<\/p>\n<p style=\"text-align: justify;\">La sostenibilidad seguir\u00e1 teniendo un espacio central en la discusi\u00f3n. En esta edici\u00f3n continuaremos compartiendo perspectivas con organizaciones p\u00fablico-privadas e introduciremos el factor medioambiental a la discusi\u00f3n a trav\u00e9s del Libro Verde para Teatros. Este documento pr\u00e1ctico ser\u00e1 el punto de partida para una conversaci\u00f3n sobre los desaf\u00edos que la sostenibilidad implica para los teatros y organizaciones a nivel organizacional, estructural y art\u00edstico.<\/p>\n<p style=\"text-align: justify;\">Como cada a\u00f1o, los m\u00e1s de 45 miembros de la red de \u00d3pera Latinoam\u00e9rica \u2013representados por directores, gestores, artistas, managers y especialistas de organizaciones iberoamericanas\u2013, junto a expertos vinculados a las industrias creativas, se dar\u00e1n cita por tres d\u00edas para trabajar en torno a distintos lineamientos sobre la gesti\u00f3n de teatros, festivales y compa\u00f1\u00edas y, en particular, para reflexionar sobre la forma en que las artes pueden aportar al desarrollo sostenible.<\/p>\n<p style=\"text-align: justify;\">El programa de la Conferencia Anual de OLA 2025 contar\u00e1 con una nutrida agenda de actividades, entre ellas, la reuni\u00f3n anual de la asociaci\u00f3n, conferencias, ruedas de negocios, visitas a espacios culturales y participaci\u00f3n en espect\u00e1culos.<\/p>\n<p>[\/et_pb_text][\/et_pb_column][\/et_pb_row][\/et_pb_section][et_pb_section fb_built=\u00bb1&#8243; _builder_version=\u00bb4.27.4&#8243; _module_preset=\u00bbdefault\u00bb background_color=\u00bb#d6ebe7&#8243; custom_margin=\u00bb||||false|false\u00bb custom_padding=\u00bb||||false|false\u00bb global_colors_info=\u00bb{}\u00bb][et_pb_row _builder_version=\u00bb4.27.4&#8243; _module_preset=\u00bbdefault\u00bb custom_margin=\u00bb0px||||false|false\u00bb custom_padding=\u00bb0px||||false|false\u00bb global_colors_info=\u00bb{}\u00bb][et_pb_column type=\u00bb4_4&#8243; _builder_version=\u00bb4.27.4&#8243; _module_preset=\u00bbdefault\u00bb global_colors_info=\u00bb{}\u00bb][et_pb_text _builder_version=\u00bb4.27.4&#8243; _module_preset=\u00bbdefault\u00bb header_font=\u00bbArchivo|200||on|||||\u00bb header_text_color=\u00bb#3052c8&#8243; global_colors_info=\u00bb{}\u00bb]<\/p>\n<h1>Revive la 18\u00aa Conferencia \u00d3pera Latinoam\u00e9rica<\/h1>\n<p>[\/et_pb_text][et_pb_video src=\u00bbhttps:\/\/www.youtube.com\/live\/pO1is0k0osw?si=lh8kfxx-ZBeJVGYk\u00bb image_src=\u00bbhttps:\/\/www.operala.org\/encuentrosola\/wp-content\/uploads\/2025\/03\/palacio-fondo.jpg\u00bb _builder_version=\u00bb4.27.4&#8243; _module_preset=\u00bbdefault\u00bb global_colors_info=\u00bb{}\u00bb][\/et_pb_video][\/et_pb_column][\/et_pb_row][\/et_pb_section][et_pb_section fb_built=\u00bb1&#8243; disabled_on=\u00bbon|on|on\u00bb _builder_version=\u00bb4.27.4&#8243; _module_preset=\u00bbdefault\u00bb background_color=\u00bb#84ebd5&#8243; height=\u00bb200px\u00bb custom_padding=\u00bb0px||0px||false|false\u00bb border_color_all=\u00bbRGBA(255,255,255,0)\u00bb disabled=\u00bbon\u00bb locked=\u00bboff\u00bb global_colors_info=\u00bb{}\u00bb][et_pb_row _builder_version=\u00bb4.27.4&#8243; _module_preset=\u00bbdefault\u00bb custom_margin=\u00bb||||false|false\u00bb custom_padding=\u00bb||||false|false\u00bb global_colors_info=\u00bb{}\u00bb][et_pb_column type=\u00bb4_4&#8243; _builder_version=\u00bb4.27.4&#8243; _module_preset=\u00bbdefault\u00bb global_colors_info=\u00bb{}\u00bb][et_pb_button button_url=\u00bbhttps:\/\/www.operala.org\/encuentrosola\/wp-content\/uploads\/2025\/07\/CA18_Programa_Completo.pdf\u00bb url_new_window=\u00bbon\u00bb button_text=\u00bbDESCARGA LA AGENDA 2025&#8243; button_alignment=\u00bbcenter\u00bb disabled_on=\u00bboff|off|off\u00bb _builder_version=\u00bb4.27.4&#8243; _module_preset=\u00bbdefault\u00bb custom_button=\u00bbon\u00bb button_text_color=\u00bb#000000&#8243; button_bg_color=\u00bbRGBA(255,255,255,0)\u00bb button_border_width=\u00bb2px\u00bb button_border_color=\u00bb#000000&#8243; button_border_radius=\u00bb25px\u00bb button_font=\u00bb&#8211;et_global_heading_font|200||on|||||\u00bb button_use_icon=\u00bboff\u00bb custom_margin=\u00bb50px||50px||false|false\u00bb custom_margin_tablet=\u00bb||30px||false|false\u00bb custom_margin_phone=\u00bb|30px|30px|30px|false|false\u00bb custom_margin_last_edited=\u00bbon|phone\u00bb custom_padding=\u00bb|25px||25px|false|false\u00bb custom_padding_tablet=\u00bb|65px||25px|false|false\u00bb custom_padding_phone=\u00bb|10px||10px|false|false\u00bb custom_padding_last_edited=\u00bbon|phone\u00bb box_shadow_style=\u00bbpreset3&#8243; locked=\u00bboff\u00bb global_colors_info=\u00bb{}\u00bb][\/et_pb_button][\/et_pb_column][\/et_pb_row][\/et_pb_section][et_pb_section fb_built=\u00bb1&#8243; _builder_version=\u00bb4.27.4&#8243; _module_preset=\u00bbdefault\u00bb background_color=\u00bb#FFFFFF\u00bb custom_margin=\u00bb0px||||false|false\u00bb custom_padding=\u00bb0px||||false|false\u00bb global_colors_info=\u00bb{}\u00bb][et_pb_row column_structure=\u00bb1_2,1_2&#8243; _builder_version=\u00bb4.27.4&#8243; _module_preset=\u00bbdefault\u00bb width=\u00bb100%\u00bb max_width=\u00bb100%\u00bb custom_margin=\u00bb0px||||false|false\u00bb custom_padding=\u00bb0px||||false|false\u00bb global_colors_info=\u00bb{}\u00bb][et_pb_column type=\u00bb1_2&#8243; _builder_version=\u00bb4.27.4&#8243; _module_preset=\u00bbdefault\u00bb global_colors_info=\u00bb{}\u00bb][et_pb_image src=\u00bbhttps:\/\/www.operala.org\/encuentrosola\/wp-content\/uploads\/2025\/03\/Inauguracion.-Foto-Patricio-Cortes-2-1.jpg\u00bb title_text=\u00bbInauguracio\u0301n. Foto Patricio Corte\u0301s 2 (1)\u00bb _builder_version=\u00bb4.27.4&#8243; _module_preset=\u00bbdefault\u00bb background_color=\u00bb#3052C8&#8243; global_colors_info=\u00bb{}\u00bb][\/et_pb_image][\/et_pb_column][et_pb_column type=\u00bb1_2&#8243; _builder_version=\u00bb4.27.4&#8243; _module_preset=\u00bbdefault\u00bb custom_padding=\u00bb|10%|||false|false\u00bb global_colors_info=\u00bb{}\u00bb][et_pb_text _builder_version=\u00bb4.27.4&#8243; _module_preset=\u00bbdefault\u00bb header_font=\u00bb&#8211;et_global_heading_font|200||on|||||\u00bb header_text_color=\u00bb#3052C8&#8243; header_font_size=\u00bb45px\u00bb header_line_height=\u00bb1.3em\u00bb custom_margin=\u00bb30px||13px||false|false\u00bb custom_margin_tablet=\u00bb30px||13px|60px|false|false\u00bb custom_margin_phone=\u00bb30px||13px|60px|false|false\u00bb custom_margin_last_edited=\u00bbon|tablet\u00bb custom_padding=\u00bb0px||0px||false|false\u00bb global_colors_info=\u00bb{}\u00bb]<\/p>\n<h1>\u00d3pera<br \/>\nLatinoam\u00e9rica<\/h1>\n<p>[\/et_pb_text][et_pb_text _builder_version=\u00bb4.27.4&#8243; _module_preset=\u00bbdefault\u00bb text_font=\u00bbRoboto||||||||\u00bb custom_margin_tablet=\u00bb|||60px|false|false\u00bb custom_margin_phone=\u00bb|||60px|false|false\u00bb custom_margin_last_edited=\u00bbon|tablet\u00bb global_colors_info=\u00bb{}\u00bb]<\/p>\n<p style=\"text-align: justify;\">\u00d3pera Latinoam\u00e9rica (OLA) es una organizaci\u00f3n sin fines de lucro y la red de teatros m\u00e1s grande de Iberoam\u00e9rica, que re\u00fane a m\u00e1s de 45 teatros, festivales y compa\u00f1\u00edas de \u00f3pera y otras disciplinas. Est\u00e1 integrada por instituciones de Argentina, Brasil, Chile, Colombia, Costa Rica, Ecuador, Espa\u00f1a, M\u00e9xico, Per\u00fa, Portugal, Rep\u00fablica Dominicana, Uruguay y Venezuela.<\/p>\n<p style=\"text-align: justify;\">Tiene como prop\u00f3sito promover la actividad de los teatros y de las artes de la representaci\u00f3n cl\u00e1sicas en la regi\u00f3n iberoamericana. En sus principales ejes de acci\u00f3n est\u00e1n la creaci\u00f3n de redes de networking, fomento de la innovaci\u00f3n, la comunicaci\u00f3n digital, la internacionalizaci\u00f3n y el impacto social, el compartir buenas pr\u00e1cticas y la producci\u00f3n asociativa.<\/p>\n<p>[\/et_pb_text][\/et_pb_column][\/et_pb_row][et_pb_row _builder_version=\u00bb4.27.4&#8243; _module_preset=\u00bbdefault\u00bb width=\u00bb50%\u00bb custom_margin=\u00bb40px|auto||auto||\u00bb global_colors_info=\u00bb{}\u00bb][et_pb_column type=\u00bb4_4&#8243; _builder_version=\u00bb4.27.4&#8243; _module_preset=\u00bbdefault\u00bb global_colors_info=\u00bb{}\u00bb][et_pb_divider color=\u00bb#3052C8&#8243; _builder_version=\u00bb4.27.4&#8243; _module_preset=\u00bbdefault\u00bb global_colors_info=\u00bb{}\u00bb][\/et_pb_divider][et_pb_text _builder_version=\u00bb4.27.4&#8243; _module_preset=\u00bbdefault\u00bb header_font=\u00bbArchivo|200||on|||||\u00bb header_text_color=\u00bb#3052C8&#8243; global_colors_info=\u00bb{}\u00bb]<\/p>\n<h1>18\u00aa Conferencia OLA 2025<\/h1>\n<p>[\/et_pb_text][et_pb_text _builder_version=\u00bb4.27.4&#8243; _module_preset=\u00bbdefault\u00bb text_font=\u00bbRoboto||||||||\u00bb text_text_color=\u00bb#3052C8&#8243; text_font_size=\u00bb20px\u00bb text_line_height=\u00bb1.8em\u00bb global_colors_info=\u00bb{}\u00bb]<\/p>\n<p style=\"text-align: justify;\">Desde el a\u00f1o 2007, \u00d3pera Latinoam\u00e9rica realiza encuentros anuales de teatros con sedes rotativas. Santiago de Chile, Buenos Aires, Ciudad de M\u00e9xico, Bogot\u00e1, Quito, Montevideo, Barcelona, Manaos y Santiago han sido ciudades anfitrionas. Durante 18 a\u00f1os, hemos reunido a cientos de gestores, directores y agentes de la m\u00fasica y las artes esc\u00e9nicas. Del 17 al 20 de junio 2025, el Palau de les Arts Reina Sof\u00eda, en Valencia recibir\u00e1 a profesionales de m\u00e1s de 12 pa\u00edses.<\/p>\n<p>[\/et_pb_text][\/et_pb_column][\/et_pb_row][\/et_pb_section][et_pb_section fb_built=\u00bb1&#8243; module_id=\u00bb2023&#8243; _builder_version=\u00bb4.27.4&#8243; _module_preset=\u00bbdefault\u00bb background_color=\u00bb#fa4c7c\u00bb custom_margin=\u00bb0px|0px|0px|0px|false|false\u00bb custom_padding=\u00bb0px|0px|0px|0px|false|false\u00bb global_colors_info=\u00bb{}\u00bb][et_pb_row _builder_version=\u00bb4.20.0&#8243; _module_preset=\u00bbdefault\u00bb custom_padding=\u00bb80px||60px|||\u00bb global_colors_info=\u00bb{}\u00bb][et_pb_column type=\u00bb4_4&#8243; _builder_version=\u00bb4.20.0&#8243; _module_preset=\u00bbdefault\u00bb global_colors_info=\u00bb{}\u00bb][et_pb_text _builder_version=\u00bb4.27.4&#8243; _module_preset=\u00bbdefault\u00bb header_font=\u00bbArchivo|200|||||||\u00bb header_text_color=\u00bb#FFFFFF\u00bb header_2_font=\u00bb&#8211;et_global_heading_font|200||on|||||\u00bb header_2_text_color=\u00bb#FFFFFF\u00bb text_orientation=\u00bbcenter\u00bb global_colors_info=\u00bb{}\u00bb]<\/p>\n<h2>Participan<\/h2>\n<p>[\/et_pb_text][\/et_pb_column][\/et_pb_row][et_pb_row column_structure=\u00bb1_4,1_4,1_4,1_4&#8243; custom_padding_last_edited=\u00bbon|phone\u00bb _builder_version=\u00bb4.20.2&#8243; _module_preset=\u00bbdefault\u00bb module_alignment=\u00bbcenter\u00bb custom_padding=\u00bb6px||120px||false|false\u00bb custom_padding_tablet=\u00bb6px||80px||false|false\u00bb custom_padding_phone=\u00bb0px|||10%|false|false\u00bb module_alignment_last_edited=\u00bboff|desktop\u00bb global_colors_info=\u00bb{}\u00bb][et_pb_column type=\u00bb1_4&#8243; _builder_version=\u00bb4.20.0&#8243; _module_preset=\u00bbdefault\u00bb global_colors_info=\u00bb{}\u00bb][et_pb_text module_class=\u00bbbox\u00bb _builder_version=\u00bb4.27.4&#8243; _module_preset=\u00bbdefault\u00bb text_font=\u00bb&#8211;et_global_body_font||||||||\u00bb text_font_size=\u00bb18px\u00bb header_font=\u00bb&#8211;et_global_heading_font|200|||||||\u00bb header_text_color=\u00bb#FFFFFF\u00bb background_color=\u00bbRGBA(255,255,255,0)\u00bb width=\u00bb250px\u00bb height=\u00bb200px\u00bb custom_padding=\u00bb20px|15px|20px|20px|false|false\u00bb border_radii=\u00bbon|20px|20px|20px|20px\u00bb border_width_all=\u00bb1px\u00bb border_color_all=\u00bb#FFFFFF\u00bb border_width_right=\u00bb1px\u00bb box_shadow_style=\u00bbpreset3&#8243; box_shadow_horizontal=\u00bb-3px\u00bb box_shadow_vertical=\u00bb5px\u00bb box_shadow_blur=\u00bb14px\u00bb box_shadow_spread=\u00bb-8px\u00bb global_colors_info=\u00bb{}\u00bb]<\/p>\n<h1>M\u00c1S DE 50 TEATROS DE \u00d3PERA<\/h1>\n<p>teatros y festivales de 11 pa\u00edses de Am\u00e9rica Latina, Espa\u00f1a y Estados Unidos[\/et_pb_text][\/et_pb_column][et_pb_column type=\u00bb1_4&#8243; _builder_version=\u00bb4.20.0&#8243; _module_preset=\u00bbdefault\u00bb global_colors_info=\u00bb{}\u00bb][et_pb_text module_class=\u00bbbox\u00bb _builder_version=\u00bb4.27.4&#8243; _module_preset=\u00bbdefault\u00bb text_font=\u00bb&#8211;et_global_body_font||||||||\u00bb text_font_size=\u00bb18px\u00bb header_font=\u00bb&#8211;et_global_heading_font|200||on|||||\u00bb header_text_color=\u00bb#FFFFFF\u00bb background_color=\u00bbRGBA(255,255,255,0)\u00bb width=\u00bb250px\u00bb height=\u00bb200px\u00bb custom_padding=\u00bb20px|15px|20px|20px|false|false\u00bb border_radii=\u00bbon|20px|20px|20px|20px\u00bb border_width_all=\u00bb1px\u00bb border_color_all=\u00bb#FFFFFF\u00bb border_width_right=\u00bb1px\u00bb box_shadow_style=\u00bbpreset3&#8243; box_shadow_horizontal=\u00bb-3px\u00bb box_shadow_vertical=\u00bb5px\u00bb box_shadow_blur=\u00bb14px\u00bb box_shadow_spread=\u00bb-8px\u00bb global_colors_info=\u00bb{}\u00bb]<\/p>\n<h1>80% de asistentes<\/h1>\n<p>tomadores de decisiones en los teatros Iberoamericanos[\/et_pb_text][\/et_pb_column][et_pb_column type=\u00bb1_4&#8243; _builder_version=\u00bb4.20.0&#8243; _module_preset=\u00bbdefault\u00bb global_colors_info=\u00bb{}\u00bb][et_pb_text module_class=\u00bbbox\u00bb _builder_version=\u00bb4.27.4&#8243; _module_preset=\u00bbdefault\u00bb text_font=\u00bb&#8211;et_global_body_font||||||||\u00bb text_font_size=\u00bb18px\u00bb header_font=\u00bb&#8211;et_global_heading_font|200||on|||||\u00bb header_text_color=\u00bb#FFFFFF\u00bb background_color=\u00bbRGBA(255,255,255,0)\u00bb width=\u00bb250px\u00bb height=\u00bb200px\u00bb custom_padding=\u00bb20px|15px|20px|20px|false|false\u00bb border_radii=\u00bbon|20px|20px|20px|20px\u00bb border_width_all=\u00bb1px\u00bb border_color_all=\u00bb#FFFFFF\u00bb border_width_right=\u00bb1px\u00bb box_shadow_style=\u00bbpreset3&#8243; box_shadow_horizontal=\u00bb-3px\u00bb box_shadow_vertical=\u00bb5px\u00bb box_shadow_blur=\u00bb14px\u00bb box_shadow_spread=\u00bb-8px\u00bb global_colors_info=\u00bb{}\u00bb]<\/p>\n<h1>Directores generales,<\/h1>\n<p>directores art\u00edsticos, directores de comunicaciones y marketing entre otros[\/et_pb_text][\/et_pb_column][et_pb_column type=\u00bb1_4&#8243; _builder_version=\u00bb4.20.0&#8243; _module_preset=\u00bbdefault\u00bb global_colors_info=\u00bb{}\u00bb][et_pb_text module_class=\u00bbbox\u00bb _builder_version=\u00bb4.27.4&#8243; _module_preset=\u00bbdefault\u00bb text_font=\u00bb&#8211;et_global_body_font||||||||\u00bb text_font_size=\u00bb18px\u00bb header_font=\u00bb&#8211;et_global_heading_font|200||on|||||\u00bb header_text_color=\u00bb#FFFFFF\u00bb background_color=\u00bbRGBA(255,255,255,0)\u00bb width=\u00bb250px\u00bb height=\u00bb200px\u00bb custom_padding=\u00bb20px|15px|20px|20px|false|false\u00bb border_radii=\u00bbon|20px|20px|20px|20px\u00bb border_width_all=\u00bb1px\u00bb border_color_all=\u00bb#FFFFFF\u00bb border_width_right=\u00bb1px\u00bb box_shadow_style=\u00bbpreset3&#8243; box_shadow_horizontal=\u00bb-3px\u00bb box_shadow_vertical=\u00bb5px\u00bb box_shadow_blur=\u00bb14px\u00bb box_shadow_spread=\u00bb-8px\u00bb global_colors_info=\u00bb{}\u00bb]<\/p>\n<h1>Artistas y gestores<\/h1>\n<p>del \u00e1mbito musical Iberoamericano y representantes de instituciones locales[\/et_pb_text][\/et_pb_column][\/et_pb_row][\/et_pb_section][et_pb_section fb_built=\u00bb1&#8243; _builder_version=\u00bb4.20.0&#8243; _module_preset=\u00bbdefault\u00bb background_color=\u00bb#000000&#8243; background_image=\u00bbhttps:\/\/www.operala.org\/encuentrosola\/wp-content\/uploads\/2023\/03\/teatro-amazonas-manaus-0854.jpeg\u00bb parallax=\u00bbon\u00bb custom_margin=\u00bb0px||0px||false|false\u00bb custom_padding=\u00bb0px||0px||false|false\u00bb global_colors_info=\u00bb{}\u00bb][et_pb_row column_structure=\u00bb1_5,3_5,1_5&#8243; _builder_version=\u00bb4.27.4&#8243; _module_preset=\u00bbdefault\u00bb background_color=\u00bbrgba(0,0,0,0.4)\u00bb background_image=\u00bbhttps:\/\/www.operala.org\/encuentrosola\/wp-content\/uploads\/2025\/03\/palacio-fondo.jpg\u00bb width=\u00bb100%\u00bb max_width=\u00bb100%\u00bb height=\u00bb100%\u00bb max_height=\u00bb100%\u00bb custom_padding=\u00bb0px||50px||false|false\u00bb global_colors_info=\u00bb{}\u00bb][et_pb_column type=\u00bb1_5&#8243; _builder_version=\u00bb4.20.0&#8243; _module_preset=\u00bbdefault\u00bb global_colors_info=\u00bb{}\u00bb][\/et_pb_column][et_pb_column type=\u00bb3_5&#8243; _builder_version=\u00bb4.20.0&#8243; _module_preset=\u00bbdefault\u00bb global_colors_info=\u00bb{}\u00bb][et_pb_text admin_label=\u00bbTexto\u00bb _builder_version=\u00bb4.27.4&#8243; _module_preset=\u00bbdefault\u00bb header_font=\u00bb&#8211;et_global_heading_font|200||on|||||\u00bb header_text_color=\u00bb#FFFFFF\u00bb text_orientation=\u00bbcenter\u00bb width_tablet=\u00bb\u00bb width_phone=\u00bb65%\u00bb width_last_edited=\u00bbon|phone\u00bb max_width_tablet=\u00bb\u00bb max_width_phone=\u00bb65%\u00bb max_width_last_edited=\u00bbon|phone\u00bb module_alignment=\u00bbcenter\u00bb custom_margin=\u00bb100px||80px||false|false\u00bb global_colors_info=\u00bb{}\u00bb]<\/p>\n<h1>Anfitri\u00f3n 2025<br \/>\nPalau de les Arts Reina Sof\u00eda<br \/>\nValencia, Espa\u00f1a<\/h1>\n<p>[\/et_pb_text][et_pb_text _builder_version=\u00bb4.27.4&#8243; _module_preset=\u00bbdefault\u00bb text_text_color=\u00bb#FFFFFF\u00bb text_font_size=\u00bb18px\u00bb width_tablet=\u00bb\u00bb width_phone=\u00bb65%\u00bb width_last_edited=\u00bbon|phone\u00bb max_width_tablet=\u00bb\u00bb max_width_phone=\u00bb65%\u00bb max_width_last_edited=\u00bbon|phone\u00bb module_alignment=\u00bbcenter\u00bb custom_margin_tablet=\u00bb||||false|false\u00bb custom_margin_phone=\u00bb||||false|false\u00bb custom_margin_last_edited=\u00bbon|tablet\u00bb custom_padding=\u00bb|60px|0px|60px|false|false\u00bb text_text_shadow_style=\u00bbpreset2&#8243; global_colors_info=\u00bb{}\u00bb]<\/p>\n<p style=\"text-align: justify;\">El Palau de les Arts Reina Sof\u00eda de Valencia es el teatro que alberga la programaci\u00f3n de \u00f3pera y zarzuela en una ciudad que vibra con las artes y las culturas. Emplazado en el complejo de la Ciutat de les Arts i de les Ci\u00e8ncies, el edificio de este teatro es una escultura de perfil n\u00e1utico dise\u00f1ada por el arquitecto e ingeniero espa\u00f1ol Santiago Calatrava.<\/p>\n<p style=\"text-align: justify;\">Inaugurado en octubre de 2005, el teatro program\u00f3 su primera \u00f3pera en 2006, siendo Fidelio, de Ludwig van Beethoven, la obra que inici\u00f3 la temporada l\u00edrica. En esa ocasi\u00f3n, la Orquestra de la Comunitat Valenciana interpret\u00f3 la \u00f3pera bajo la conducci\u00f3n de Zubin Mehta junto a un reparto que incluy\u00f3 a la soprano Waltraud Meier, el tenor Peter Seiffert y el bajo Matti Salminen.<\/p>\n<p>[\/et_pb_text][et_pb_button button_url=\u00bbhttps:\/\/www.operala.org\/teatro-municipal-de-santiago-tradicion-innovacion\u00bb url_new_window=\u00bbon\u00bb button_text=\u00bbM\u00e1s informaci\u00f3n\u00bb button_alignment=\u00bbcenter\u00bb disabled_on=\u00bbon|on|on\u00bb _builder_version=\u00bb4.27.4&#8243; _module_preset=\u00bbdefault\u00bb custom_button=\u00bbon\u00bb button_text_color=\u00bb#FFFFFF\u00bb button_bg_color=\u00bbRGBA(255,255,255,0)\u00bb button_border_width=\u00bb1px\u00bb button_border_color=\u00bb#FFFFFF\u00bb button_border_radius=\u00bb25px\u00bb button_font=\u00bb&#8211;et_global_heading_font|200||on|||||\u00bb button_use_icon=\u00bboff\u00bb custom_margin=\u00bb100px||||false|false\u00bb custom_margin_tablet=\u00bb||30px||false|false\u00bb custom_margin_phone=\u00bb|30px|30px|30px|false|false\u00bb custom_margin_last_edited=\u00bbon|phone\u00bb custom_padding=\u00bb|25px||25px|false|false\u00bb custom_padding_tablet=\u00bb|65px||25px|false|false\u00bb custom_padding_phone=\u00bb|10px||10px|false|false\u00bb custom_padding_last_edited=\u00bbon|phone\u00bb box_shadow_style=\u00bbpreset3&#8243; disabled=\u00bbon\u00bb locked=\u00bboff\u00bb global_colors_info=\u00bb{}\u00bb][\/et_pb_button][\/et_pb_column][et_pb_column type=\u00bb1_5&#8243; _builder_version=\u00bb4.20.0&#8243; _module_preset=\u00bbdefault\u00bb global_colors_info=\u00bb{}\u00bb][\/et_pb_column][\/et_pb_row][\/et_pb_section][et_pb_section fb_built=\u00bb1&#8243; disabled_on=\u00bboff|off|off\u00bb module_id=\u00bbsumate\u00bb _builder_version=\u00bb4.27.4&#8243; _module_preset=\u00bbdefault\u00bb background_color=\u00bb#d6ebe7&#8243; custom_padding=\u00bb60px||45px|||\u00bb global_colors_info=\u00bb{}\u00bb][et_pb_row _builder_version=\u00bb4.22.1&#8243; _module_preset=\u00bbdefault\u00bb width_tablet=\u00bb\u00bb width_phone=\u00bb90%\u00bb width_last_edited=\u00bbon|phone\u00bb custom_margin=\u00bb|auto|80px|auto||\u00bb global_colors_info=\u00bb{}\u00bb][et_pb_column type=\u00bb4_4&#8243; _builder_version=\u00bb4.20.0&#8243; _module_preset=\u00bbdefault\u00bb global_colors_info=\u00bb{}\u00bb][et_pb_text content_tablet=\u00bb<\/p>\n<h1>\u00a1Construyamos juntos el futuro creativo de Iberoam\u00e9rica, siendo parte de nuestra Conferencia 2023!<\/h1>\n<p>En la Conferencia se re\u00fanen quienes toman las decisiones en estos espacios culturales iberoamericanos. El encuentro anual de OLA es una plataforma dise\u00f1ada para discutir los desaf\u00edos y oportunidades futuras para el sector y, por ende, para sus p\u00fablicos. Al asociarse con \u00d3pera Latinoam\u00e9rica como patrocinador, tu organizaci\u00f3n tendr\u00e1 la oportunidad de ser parte de esos debates, adem\u00e1s de establecer nuevas redes de trabajo y conocer en profundidad el sector cultural.<\/p>\n<p>\u00bb content_phone=\u00bb<\/p>\n<h3>\u00a1Construyamos juntos el futuro creativo de Iberoam\u00e9rica, siendo parte de nuestra Conferencia 2023!<\/h3>\n<p>En la Conferencia se re\u00fanen quienes toman las decisiones en estos espacios culturales iberoamericanos. El encuentro anual de OLA es una plataforma dise\u00f1ada para discutir los desaf\u00edos y oportunidades futuras para el sector y, por ende, para sus p\u00fablicos. Al asociarse con \u00d3pera Latinoam\u00e9rica como patrocinador, tu organizaci\u00f3n tendr\u00e1 la oportunidad de ser parte de esos debates, adem\u00e1s de establecer nuevas redes de trabajo y conocer en profundidad el sector cultural.<\/p>\n<p>\u00bb content_last_edited=\u00bbon|phone\u00bb _builder_version=\u00bb4.27.4&#8243; _module_preset=\u00bbdefault\u00bb text_font=\u00bb&#8211;et_global_body_font||||||||\u00bb text_text_color=\u00bb#3052C8&#8243; header_font=\u00bb&#8211;et_global_heading_font|200||on|||||\u00bb header_text_color=\u00bb#3052c8&#8243; text_orientation=\u00bbcenter\u00bb background_layout=\u00bbdark\u00bb max_width=\u00bb100%\u00bb module_alignment=\u00bbcenter\u00bb custom_padding=\u00bb||4px|||\u00bb text_font_size_tablet=\u00bb\u00bb text_font_size_phone=\u00bb18px\u00bb text_font_size_last_edited=\u00bbon|phone\u00bb global_colors_info=\u00bb{}\u00bb]<\/p>\n<h1>\u00a1Construyamos juntos el futuro creativo y sostenible de Iberoam\u00e9rica, siendo parte de nuestra Conferencia 2025!<\/h1>\n<p>[\/et_pb_text][et_pb_text _builder_version=\u00bb4.27.4&#8243; _module_preset=\u00bbdefault\u00bb text_font=\u00bb&#8211;et_global_body_font||||||||\u00bb text_text_color=\u00bb#3052C8&#8243; text_orientation=\u00bbcenter\u00bb max_width=\u00bb80%\u00bb module_alignment=\u00bbcenter\u00bb global_colors_info=\u00bb{}\u00bb]En la Conferencia Anual de OLA se re\u00fanen quienes toman las decisiones en los espacios y organizaciones iberoamericanas que son parte de la red. Es una plataforma dise\u00f1ada para discutir los desaf\u00edos y oportunidades futuras para el sector y, por ende, para sus p\u00fablicos. Al participar en la conferencia\u00a0 de OLA, tu organizaci\u00f3n tendr\u00e1 la oportunidad de ser parte de esos debates, adem\u00e1s de establecer nuevas redes de trabajo y conocer en profundidad el sector cultural. A continuaci\u00f3n descubre las posibilidades de participar si es que eres un agente cultural, una organizaci\u00f3n cultural, una empresa de servicio asociada a nuestro sector o una empresa con inter\u00e9s en ser patrocinadora del evento.[\/et_pb_text][\/et_pb_column][\/et_pb_row][\/et_pb_section][et_pb_section fb_built=\u00bb1&#8243; disabled_on=\u00bboff|off|off\u00bb _builder_version=\u00bb4.27.4&#8243; _module_preset=\u00bbdefault\u00bb background_color=\u00bb#f7f7f7&#8243; custom_padding=\u00bb||70px|||\u00bb global_colors_info=\u00bb{}\u00bb][et_pb_row _builder_version=\u00bb4.27.4&#8243; _module_preset=\u00bbdefault\u00bb custom_margin=\u00bb||||false|false\u00bb global_colors_info=\u00bb{}\u00bb][et_pb_column type=\u00bb4_4&#8243; _builder_version=\u00bb4.20.0&#8243; _module_preset=\u00bbdefault\u00bb global_colors_info=\u00bb{}\u00bb][et_pb_text _builder_version=\u00bb4.27.4&#8243; _module_preset=\u00bbdefault\u00bb text_font_size=\u00bb18px\u00bb header_font=\u00bb&#8211;et_global_heading_font|200|||||||\u00bb header_text_align=\u00bbleft\u00bb header_text_color=\u00bb#3052C8&#8243; header_2_font=\u00bb&#8211;et_global_heading_font|200||on|||||\u00bb header_2_text_align=\u00bbleft\u00bb header_2_text_color=\u00bb#3052C8&#8243; max_width=\u00bb75%\u00bb module_alignment=\u00bbleft\u00bb custom_padding=\u00bb||9px|||\u00bb global_colors_info=\u00bb{}\u00bb]<\/p>\n<h2>Expande tu agenda en Valencia<\/h2>\n<p>[\/et_pb_text][\/et_pb_column][\/et_pb_row][et_pb_row column_structure=\u00bb1_2,1_2&#8243; _builder_version=\u00bb4.27.4&#8243; _module_preset=\u00bbdefault\u00bb global_colors_info=\u00bb{}\u00bb][et_pb_column type=\u00bb1_2&#8243; _builder_version=\u00bb4.20.0&#8243; _module_preset=\u00bbdefault\u00bb global_colors_info=\u00bb{}\u00bb][ba_card photo=\u00bbhttps:\/\/www.operala.org\/encuentrosola\/wp-content\/uploads\/2025\/05\/mqdefault.jpg\u00bb title=\u00bbROBERTO DEVEREUX\u00bb description=\u00bb<\/p>\n<p style=%22text-align: justify;%22><span>Gaetano Donizetti<\/span><\/p>\n<p style=%22text-align: justify;%22><span>Tragedia l\u00edrica en tres actos<\/span><br \/><span>Libreto de Salvatore Cammarano basado en la tragedia<\/span><br \/><span>Elisabeth d\u2019Anglaterre de Jacques-Fran\u00e7ois Ancelot<\/span><\/p>\n<p style=%22text-align: justify;%22>Criaturas de un belcanto freudiano<\/p>\n<p style=%22text-align: justify;%22>La tragedia amorosa de la denominada Reina virgen nac\u00eda en tiempos de peste, guerras y fronteras tan difusas como peligrosas; y p\u00e9rdidas irreparables. Donizetti, viudo en fechas recientes, vuelca sus tristes energ\u00edas en la composici\u00f3n de esta \u00f3pera.<\/p>\n<p style=%22text-align: justify;%22>Roberto Devereux anticipa aspectos del nuevo melodrama rom\u00e1ntico de segunda \u00e9poca, menos belcantista a la vez que f\u00e9rreamente apegado a los modos b\u00e1sicos de este estilo; y ser\u00e1 modelo del Verdi joven, en\u00e9rgico y de \u00e1gil dramaturgia.<\/p>\n<p>\u00bb use_button=\u00bbon\u00bb button_text=\u00bbConoce m\u00e1s aqu\u00ed\u00bb button_link=\u00bbhttps:\/\/www.lesarts.com\/es\/roberto-devereux\/?_gl=1*1yta1ow*_up*MQ..*_gs*MQ..&#038;gclid=Cj0KCQjwxdXBBhDEARIsAAUkP6hfhWXqKMwA7UK3YXTDjshU0JC7onpcAVKoIjPocG7wCeMISkx04OoaAgJhEALw_wcB&#038;gbraid=0AAAAABqezkFQNGwiyxjJuuSKP1g3fPRDP\u00bb is_new_window=\u00bbon\u00bb image_height=\u00bb240px\u00bb image_padding=\u00bb0px|0px|25px|0px|false|false\u00bb btn_spacing_top=\u00bb20px\u00bb content_overflow=\u00bbhidden\u00bb content_padding=\u00bb0px|29px|0px|20px|false|false\u00bb overlay_on_hover=\u00bboff\u00bb photo_last_edited=\u00bboff|desktop\u00bb _builder_version=\u00bb4.27.4&#8243; _module_preset=\u00bbdefault\u00bb title_font=\u00bb&#8211;et_global_heading_font|200||on|||||\u00bb title_text_color=\u00bb#FFFFFF\u00bb title_font_size=\u00bb1.5rem\u00bb description_font=\u00bb&#8211;et_global_body_font|300|||||||\u00bb description_text_color=\u00bb#FFFFFF\u00bb background_color=\u00bb#3052c8&#8243; custom_button=\u00bbon\u00bb button_text_size=\u00bb1rem\u00bb button_text_color=\u00bb#FFFFFF\u00bb button_bg_color=\u00bbRGBA(255,255,255,0)\u00bb button_border_width=\u00bb1px\u00bb button_border_color=\u00bb#FFFFFF\u00bb button_border_radius=\u00bb50px\u00bb button_font=\u00bb&#8211;et_global_heading_font|200||on|||||\u00bb button_use_icon=\u00bboff\u00bb button_custom_margin=\u00bb||20px||false|false\u00bb min_height=\u00bb830px\u00bb min_height_tablet=\u00bb830px\u00bb min_height_phone=\u00bbauto\u00bb min_height_last_edited=\u00bbon|phone\u00bb custom_padding=\u00bb0px|0px|0px|0px|false|false\u00bb link_option_url=\u00bbhttps:\/\/www.lesarts.com\/es\/roberto-devereux\/?_gl=1*1yta1ow*_up*MQ..*_gs*MQ..&#038;gclid=Cj0KCQjwxdXBBhDEARIsAAUkP6hfhWXqKMwA7UK3YXTDjshU0JC7onpcAVKoIjPocG7wCeMISkx04OoaAgJhEALw_wcB&#038;gbraid=0AAAAABqezkFQNGwiyxjJuuSKP1g3fPRDP\u00bb link_option_url_new_window=\u00bbon\u00bb custom_css_free_form=\u00bb.ba_card_1 .dtq-overlay, .ba_card_0 .dtq-overlay {|| display: none !important;||}\u00bb border_radii_card=\u00bbon|30px|30px|30px|30px\u00bb border_color_all_card=\u00bbRGBA(255,255,255,0)\u00bb border_style_all_card=\u00bbnone\u00bb border_width_right_card=\u00bb1px\u00bb global_colors_info=\u00bb{}\u00bb][\/ba_card][\/et_pb_column][et_pb_column type=\u00bb1_2&#8243; _builder_version=\u00bb4.20.1&#8243; _module_preset=\u00bbdefault\u00bb global_colors_info=\u00bb{}\u00bb][ba_card photo=\u00bbhttps:\/\/www.operala.org\/encuentrosola\/wp-content\/uploads\/2025\/05\/maxresdefault.jpg\u00bb title=\u00bbLes ARTS VOLANT\u00bb description=\u00bb<\/p>\n<p style=%22text-align: justify;%22><em>Les Arts volant<\/em><span> <\/span>es un proyecto de difusi\u00f3n cultural de Les Arts, en colaboraci\u00f3n con Cultura de la Generalitat, la Diputaci\u00f3 de Val\u00e8ncia y el Ayuntamiento de Val\u00e8ncia, para hacer llegar la \u00f3pera a cualquier rinc\u00f3n de nuestra geograf\u00eda, especialmente a localidades con escasa actividad musical o donde ser\u00eda complicado llevar a cabo una representaci\u00f3n por carecer de los medios t\u00e9cnicos o instalaciones necesarias. Se trata de hacer visible -e itinerante a la vez- el fascinante mundo de la \u00f3pera y poder disfrutar del arte y de la belleza sin tener que desplazarse.<\/p>\n<p style=%22text-align: justify;%22>La compa\u00f1\u00eda viaja en un gran cami\u00f3n preparado para transformarse en escenario a su llegada a la plaza de cualquier localidad y, posteriormente, se ofrece una \u00f3pera en directo interpretada por cantantes del Centre de Perfeccionament acompa\u00f1ados al piano.<\/p>\n<p>\u00bb use_button=\u00bbon\u00bb button_text=\u00bbConoce m\u00e1s aqu\u00ed\u00bb button_link=\u00bbhttps:\/\/www.lesarts.com\/es\/les-arts-volant-valencia\/\u00bb is_new_window=\u00bbon\u00bb image_height=\u00bb244px\u00bb image_padding=\u00bb0px|0px|25px|0px|false|false\u00bb btn_spacing_top=\u00bb31px\u00bb content_overflow=\u00bbhidden\u00bb content_padding=\u00bb0px|29px|1px|23px|false|false\u00bb overlay_on_hover=\u00bboff\u00bb _builder_version=\u00bb4.27.4&#8243; _module_preset=\u00bbdefault\u00bb title_font=\u00bb&#8211;et_global_heading_font|200||on|||||\u00bb title_text_color=\u00bb#FFFFFF\u00bb title_font_size=\u00bb1rem\u00bb description_font=\u00bb&#8211;et_global_body_font|300|||||||\u00bb description_text_color=\u00bb#FFFFFF\u00bb background_color=\u00bb#3052c8&#8243; custom_button=\u00bbon\u00bb button_text_size=\u00bb1rem\u00bb button_text_color=\u00bb#FFFFFF\u00bb button_bg_color=\u00bbRGBA(255,255,255,0)\u00bb button_border_width=\u00bb1px\u00bb button_border_color=\u00bb#FFFFFF\u00bb button_border_radius=\u00bb50px\u00bb button_font=\u00bb&#8211;et_global_heading_font|200||on|||||\u00bb button_use_icon=\u00bboff\u00bb button_custom_margin=\u00bb||20px||false|false\u00bb text_orientation=\u00bbcenter\u00bb width=\u00bb100%\u00bb max_width=\u00bb100%\u00bb min_height=\u00bb830px\u00bb min_height_tablet=\u00bb830px\u00bb min_height_phone=\u00bbauto\u00bb min_height_last_edited=\u00bbon|phone\u00bb custom_padding=\u00bb0px|0px|0px|0px|false|false\u00bb link_option_url=\u00bbhttps:\/\/www.lesarts.com\/es\/les-arts-volant-valencia\/\u00bb link_option_url_new_window=\u00bbon\u00bb custom_css_free_form=\u00bb.ba_card_1 .dtq-overlay, .ba_card_0 .dtq-overlay {|| display: none !important;||}\u00bb border_radii_card=\u00bbon|30px|30px|30px|30px\u00bb border_color_all_card=\u00bbRGBA(255,255,255,0)\u00bb border_style_all_card=\u00bbnone\u00bb border_width_right_card=\u00bb1px\u00bb global_colors_info=\u00bb{}\u00bb][\/ba_card][\/et_pb_column][\/et_pb_row][\/et_pb_section][et_pb_section fb_built=\u00bb1&#8243; _builder_version=\u00bb4.27.4&#8243; _module_preset=\u00bbdefault\u00bb background_color=\u00bb#3052C8&#8243; custom_padding=\u00bb50px||0px||false|false\u00bb global_colors_info=\u00bb{}\u00bb][et_pb_row _builder_version=\u00bb4.22.1&#8243; _module_preset=\u00bbdefault\u00bb width=\u00bb91.5%\u00bb width_tablet=\u00bb\u00bb width_phone=\u00bb90%\u00bb width_last_edited=\u00bbon|phone\u00bb custom_padding=\u00bb||0px|||\u00bb global_colors_info=\u00bb{}\u00bb][et_pb_column type=\u00bb4_4&#8243; _builder_version=\u00bb4.20.0&#8243; _module_preset=\u00bbdefault\u00bb global_colors_info=\u00bb{}\u00bb][et_pb_text _builder_version=\u00bb4.27.4&#8243; _module_preset=\u00bbdefault\u00bb header_2_font=\u00bb&#8211;et_global_heading_font|200||on|||||\u00bb header_2_text_color=\u00bb#FFFFFF\u00bb max_width=\u00bb91.2%\u00bb module_alignment=\u00bbcenter\u00bb custom_margin=\u00bb||50px|61px||\u00bb custom_padding=\u00bb20px||0px|0px|false|false\u00bb border_color_all=\u00bb#FFFFFF\u00bb global_colors_info=\u00bb{}\u00bb]<\/p>\n<h2>Conoce las formas de participar<\/h2>\n<p>[\/et_pb_text][\/et_pb_column][\/et_pb_row][et_pb_row column_structure=\u00bb1_2,1_2&#8243; _builder_version=\u00bb4.22.1&#8243; _module_preset=\u00bbdefault\u00bb width=\u00bb67%\u00bb width_tablet=\u00bb49.8%\u00bb width_phone=\u00bb80%\u00bb width_last_edited=\u00bbon|phone\u00bb custom_padding=\u00bb|28px||||\u00bb global_colors_info=\u00bb{}\u00bb][et_pb_column type=\u00bb1_2&#8243; _builder_version=\u00bb4.20.0&#8243; _module_preset=\u00bbdefault\u00bb global_colors_info=\u00bb{}\u00bb][et_pb_text _builder_version=\u00bb4.27.4&#8243; _module_preset=\u00bbdefault\u00bb text_text_color=\u00bb#FFFFFF\u00bb text_font_size=\u00bb14px\u00bb text_letter_spacing=\u00bb0.3px\u00bb header_font=\u00bb&#8211;et_global_heading_font|200||on|||||\u00bb header_text_align=\u00bbleft\u00bb header_text_color=\u00bb#FFFFFF\u00bb header_font_size=\u00bb35px\u00bb header_4_font=\u00bb&#8211;et_global_heading_font|200||on|||||\u00bb header_4_text_color=\u00bb#FFFFFF\u00bb header_4_font_size=\u00bb20px\u00bb width=\u00bb99.6%\u00bb min_height=\u00bb1000px\u00bb min_height_tablet=\u00bb990px\u00bb min_height_phone=\u00bb100%\u00bb min_height_last_edited=\u00bbon|phone\u00bb height=\u00bb100vh\u00bb height_tablet=\u00bb100vh\u00bb height_phone=\u00bb100%\u00bb height_last_edited=\u00bbon|phone\u00bb custom_margin=\u00bb|0px|120px||false|false\u00bb custom_padding=\u00bb15px|15px|78px|15px|false|false\u00bb border_radii=\u00bbon|30px|30px|30px|30px\u00bb border_width_all=\u00bb1px\u00bb border_color_all=\u00bb#FFFFFF\u00bb global_colors_info=\u00bb{}\u00bb]<\/p>\n<h1 style=\"text-align: left;\">Organizaciones y agentes culturales<\/h1>\n<p style=\"text-align: justify;\">Esta categor\u00eda est\u00e1 dirigida a todos aquellos profesionales, artistas y particulares que deseen ampliar su red de contactos, conectar con pares y conocer mejor las tendencias del sector.<\/p>\n<hr \/>\n<h4>Participaci\u00f3n en las actividades de la conferencia:<\/h4>\n<p>1. Asistencia a todas las actividades de la conferencia los d\u00edas 19 y 20 de junio<span>. <\/span>\u00a0<\/p>\n<p>2. Coffee breaks.<\/p>\n<p>3. Cada persona recibir\u00e1 una entrada para un espect\u00e1culo durante la conferencia.<\/p>\n<p>Valor: $400 USD por persona<br \/>Participante adicional de la misma organizaci\u00f3n: $300 USD por persona.<\/p>\n<p>La comunidad art\u00edstica espa\u00f1ola tendr\u00e1 acceso liberado a las actividades. Cupos limitados presenciales por capacidad de la sala.<\/p>\n<p>[\/et_pb_text][\/et_pb_column][et_pb_column type=\u00bb1_2&#8243; _builder_version=\u00bb4.20.0&#8243; _module_preset=\u00bbdefault\u00bb global_colors_info=\u00bb{}\u00bb][et_pb_text _builder_version=\u00bb4.27.4&#8243; _module_preset=\u00bbdefault\u00bb text_font=\u00bb&#8211;et_global_body_font||||||||\u00bb text_text_color=\u00bb#FFFFFF\u00bb text_font_size=\u00bb14px\u00bb text_letter_spacing=\u00bb0.3px\u00bb header_font=\u00bb&#8211;et_global_heading_font|200||on|||||\u00bb header_text_align=\u00bbleft\u00bb header_text_color=\u00bb#FFFFFF\u00bb header_font_size=\u00bb35px\u00bb header_4_font=\u00bb&#8211;et_global_heading_font|200||on|||||\u00bb header_4_text_align=\u00bbleft\u00bb header_4_text_color=\u00bb#FFFFFF\u00bb header_4_font_size=\u00bb20px\u00bb width=\u00bb99.6%\u00bb min_height=\u00bb1000px\u00bb min_height_tablet=\u00bb990px\u00bb min_height_phone=\u00bb100%\u00bb min_height_last_edited=\u00bbon|phone\u00bb height=\u00bb100vh\u00bb height_tablet=\u00bb100vh\u00bb height_phone=\u00bb100%\u00bb height_last_edited=\u00bbon|phone\u00bb custom_margin=\u00bb|0px|120px||false|false\u00bb custom_padding=\u00bb15px|15px||15px|false|false\u00bb border_radii=\u00bbon|30px|30px|30px|30px\u00bb border_width_all=\u00bb1px\u00bb border_color_all=\u00bb#FFFFFF\u00bb global_colors_info=\u00bb{}\u00bb]<\/p>\n<h1 style=\"text-align: left;\">Empresas auspiciadoras<\/h1>\n<p style=\"text-align: left;\">Esta categor\u00eda est\u00e1 dirigida especialmente a aquellas empresas que buscan ser parte de una red internacional de organizaciones culturales que se vinculan con miles de personas de sus territorios a trav\u00e9s de la m\u00fasica y las artes esc\u00e9nicas. Organizaciones que con su trabajo contribuyen al desarrollo integral de las personas y el desarrollo sostenible de latinoam\u00e9rica.<\/p>\n<hr style=\"border-color: #ffffff; border-top: 0px;\" \/>\n<h5 style=\"text-align: left;\"><\/h5>\n<h5 style=\"text-align: left;\"><\/h5>\n<h4 style=\"text-align: left;\">Participaci\u00f3n en las actividades de la conferencia:<\/h4>\n<p style=\"text-align: left;\">1.\u00a0Asistencia a todas las actividades de la Conferencia, excepto la Asamblea general y reuniones privadas de OLA.<\/p>\n<p style=\"text-align: left;\">2. Asistencia al coctail de bienvenida y coffee breaks.<\/p>\n<p style=\"text-align: left;\">3. Posibilidad de exponer en una de las charlas, previo an\u00e1lisis del comit\u00e9 curatorial del contenido del programa.<\/p>\n<p style=\"text-align: left;\">4. Entradas para 2 personas de la empresa a la \u00f3pera de la conferencia.<\/p>\n<hr style=\"border-color: #ffffff; border-top: 0px;\" \/>\n<h4 style=\"text-align: left;\">Presencia de marca:<\/h4>\n<p style=\"text-align: left;\">1.Stand de la empresa en uno de los salones donde se desarrollar\u00e1 la conferencia en el Palau de les Arts<\/p>\n<p style=\"text-align: left;\">2. Inclusi\u00f3n de un art\u00edculo promocional en la bolsa de bienvenida que se entrega a los directores invitados por OLA.<\/p>\n<p style=\"text-align: left;\">3. Logo y menci\u00f3n de la empresa en los dossier, sitio web, newsletter y redes sociales de<br \/>\nOLA durante los meses previos, durante\u00a0 la conferencia y al cierre. Aproximadamente 6 meses.<\/p>\n<p>[\/et_pb_text][\/et_pb_column][\/et_pb_row][et_pb_row _builder_version=\u00bb4.20.2&#8243; _module_preset=\u00bbdefault\u00bb background_color=\u00bb#FFFFFF\u00bb width=\u00bb100%\u00bb max_width=\u00bb100%\u00bb custom_margin=\u00bb||0px||false|false\u00bb custom_padding=\u00bb50px||50px||false|false\u00bb global_colors_info=\u00bb{}\u00bb][et_pb_column type=\u00bb4_4&#8243; _builder_version=\u00bb4.20.2&#8243; _module_preset=\u00bbdefault\u00bb global_colors_info=\u00bb{}\u00bb][et_pb_blurb use_icon=\u00bbon\u00bb font_icon=\u00bb&#xf0e0;||fa||400&#8243; icon_color=\u00bb#3052c8&#8243; image_icon_width=\u00bb32px\u00bb content_max_width=\u00bb638px\u00bb font_icon_tablet=\u00bb\uf0e0||fa||400&#8243; font_icon_phone=\u00bb\uf0e0||fa||400&#8243; font_icon_last_edited=\u00bbon|phone\u00bb icon_placement_tablet=\u00bbleft\u00bb icon_placement_phone=\u00bbtop\u00bb icon_placement_last_edited=\u00bbon|phone\u00bb image_icon_width_tablet=\u00bb\u00bb image_icon_width_phone=\u00bb55px\u00bb image_icon_width_last_edited=\u00bbon|phone\u00bb content_max_width_tablet=\u00bb638px\u00bb content_max_width_phone=\u00bb100%\u00bb content_max_width_last_edited=\u00bbon|phone\u00bb _builder_version=\u00bb4.27.4&#8243; _module_preset=\u00bbdefault\u00bb header_font=\u00bbDM Sans||||||||\u00bb header_text_align=\u00bbleft\u00bb header_font_size=\u00bb18px\u00bb body_font=\u00bb&#8211;et_global_body_font||||||||\u00bb body_font_size=\u00bb18px\u00bb body_line_height=\u00bb1.6em\u00bb image_icon_custom_margin=\u00bb0px||0px||false|false\u00bb image_icon_custom_padding=\u00bb0px||0px||false|false\u00bb module_alignment=\u00bbleft\u00bb custom_padding=\u00bb0px||2px||false|false\u00bb header_text_align_tablet=\u00bbleft\u00bb header_text_align_phone=\u00bbcenter\u00bb header_text_align_last_edited=\u00bbon|phone\u00bb header_font_size_tablet=\u00bb18px\u00bb header_font_size_phone=\u00bb18px\u00bb header_font_size_last_edited=\u00bbon|phone\u00bb text_orientation_tablet=\u00bb\u00bb text_orientation_phone=\u00bbcenter\u00bb text_orientation_last_edited=\u00bbon|phone\u00bb custom_css_blurb_content=\u00bbpadding-top:0px;\u00bb global_colors_info=\u00bb{}\u00bb]<\/p>\n<p style=\"text-align: center;\"><strong>Para m\u00e1s informaci\u00f3n contacta a Florencia S\u00e1nchez:\u00a0<\/strong><\/p>\n<p style=\"text-align: center;\">fsanchez@operala.org<\/p>\n<p>[\/et_pb_blurb][\/et_pb_column][\/et_pb_row][\/et_pb_section][et_pb_section fb_built=\u00bb1&#8243; disabled_on=\u00bbon|on|on\u00bb _builder_version=\u00bb4.27.4&#8243; _module_preset=\u00bbdefault\u00bb background_color=\u00bb#84ebd5&#8243; min_height=\u00bb135px\u00bb custom_margin=\u00bb0px|0px|0px|0px|false|false\u00bb custom_padding=\u00bb0px|0px|0px|0px|false|false\u00bb border_color_all=\u00bbRGBA(255,255,255,0)\u00bb disabled=\u00bbon\u00bb global_colors_info=\u00bb{}\u00bb][et_pb_row _builder_version=\u00bb4.27.4&#8243; _module_preset=\u00bbdefault\u00bb custom_margin=\u00bb0px||||false|false\u00bb custom_padding=\u00bb35px||||false|false\u00bb global_colors_info=\u00bb{}\u00bb][et_pb_column type=\u00bb4_4&#8243; _builder_version=\u00bb4.27.4&#8243; _module_preset=\u00bbdefault\u00bb global_colors_info=\u00bb{}\u00bb][et_pb_text _builder_version=\u00bb4.27.4&#8243; _module_preset=\u00bbdefault\u00bb text_text_color=\u00bb#2a2a2a\u00bb header_font=\u00bb&#8211;et_global_heading_font|200|||||||\u00bb header_text_align=\u00bbcenter\u00bb header_text_color=\u00bb#000000&#8243; header_font_size=\u00bb36px\u00bb text_orientation=\u00bbcenter\u00bb background_layout=\u00bbdark\u00bb max_width=\u00bb100%\u00bb module_alignment=\u00bbcenter\u00bb locked=\u00bboff\u00bb global_colors_info=\u00bb{}\u00bb]<\/p>\n<h1>REVIVE TODOS LOS PANELES DE LA CONFERENCIA 2025<\/h1>\n<p>[\/et_pb_text][\/et_pb_column][\/et_pb_row][et_pb_row _builder_version=\u00bb4.27.4&#8243; _module_preset=\u00bbdefault\u00bb custom_padding=\u00bb0px||80px||false|false\u00bb global_colors_info=\u00bb{}\u00bb][et_pb_column type=\u00bb4_4&#8243; _builder_version=\u00bb4.27.0&#8243; _module_preset=\u00bbdefault\u00bb background_color=\u00bbRGBA(255,255,255,0)\u00bb global_colors_info=\u00bb{}\u00bb][et_pb_video src=\u00bbhttps:\/\/youtu.be\/jf7hsmtZTL4?si=w07_xLwAA547T0dp\u00bb image_src=\u00bbhttps:\/\/www.operala.org\/encuentrosola\/wp-content\/uploads\/2025\/03\/portada-video.jpg\u00bb _builder_version=\u00bb4.27.4&#8243; _module_preset=\u00bbdefault\u00bb global_colors_info=\u00bb{}\u00bb][\/et_pb_video][\/et_pb_column][\/et_pb_row][\/et_pb_section][et_pb_section fb_built=\u00bb1&#8243; disabled_on=\u00bboff|off|off\u00bb module_id=\u00bbspeakers\u00bb module_class=\u00bbno-traducir\u00bb _builder_version=\u00bb4.20.2&#8243; _module_preset=\u00bbdefault\u00bb background_color=\u00bb#f7f7f7&#8243; custom_padding=\u00bb||120px|||\u00bb global_colors_info=\u00bb{}\u00bb][et_pb_row _builder_version=\u00bb4.20.0&#8243; _module_preset=\u00bbdefault\u00bb global_colors_info=\u00bb{}\u00bb][et_pb_column type=\u00bb4_4&#8243; _builder_version=\u00bb4.20.0&#8243; _module_preset=\u00bbdefault\u00bb global_colors_info=\u00bb{}\u00bb][et_pb_text content_tablet=\u00bb<\/p>\n<h1>Panelistas Conferencia Santiago 2024<\/h1>\n<p>\u00bb content_phone=\u00bb<\/p>\n<h1>Panelistas Conferencia Santiago 2024<\/h1>\n<p>\u00bb content_last_edited=\u00bbon|phone\u00bb _builder_version=\u00bb4.27.4&#8243; _module_preset=\u00bbdefault\u00bb header_font=\u00bb&#8211;et_global_heading_font|200||on|||||\u00bb header_font_size=\u00bb36px\u00bb global_colors_info=\u00bb{}\u00bb]<\/p>\n<h1>Panelistas Conferencia Valencia 2025<\/h1>\n<p>[\/et_pb_text][\/et_pb_column][\/et_pb_row][et_pb_row _builder_version=\u00bb4.27.4&#8243; _module_preset=\u00bbdefault\u00bb global_colors_info=\u00bb{}\u00bb][et_pb_column type=\u00bb4_4&#8243; _builder_version=\u00bb4.27.4&#8243; _module_preset=\u00bbdefault\u00bb global_colors_info=\u00bb{}\u00bb][et_pb_text _builder_version=\u00bb4.27.4&#8243; _module_preset=\u00bbdefault\u00bb hover_enabled=\u00bb0&#8243; global_colors_info=\u00bb{}\u00bb sticky_enabled=\u00bb0&#8243;]<\/p>\n<div class=\"panelistas-container container-2025\"><div class=\"panelista-card card-2025\"><img decoding=\"async\" src=\"https:\/\/www.operala.org\/encuentrosola\/wp-content\/uploads\/2025\/04\/Foto-RBernad-scaled-e1745311771325.jpg\" alt=\"Roberto Bernad\" class=\"panelista-foto abrir-modal\" data-nombre=\"Roberto Bernad\" data-cargo=\"Fundaci\u00f3n Banco Santander. Espa\u00f1a\" data-bio=\"Roberto Bernad ha trabajado en gesti\u00f3n y desarrollo de negocio en el sector cultural, y en gesti\u00f3n de programas, investigaci\u00f3n y evaluaci\u00f3n en el sector de la acci\u00f3n social, con foco en pol\u00edticas y fondos europeos, desde organizaciones como HOGAR S\u00cd o Fundaci\u00f3n Luis Vives, donde coordin\u00f3 el foro de investigaci\u00f3n y debate sobre la responsabilidad social de las empresas. Actualmente es responsable de fondos europeos en Fundaci\u00f3n Banco Santander, donde coordina el proyecto CreaSus sobre sostenibilidad de industrias culturales.\"><div class=\"panelista-nombre abrir-modal\" data-nombre=\"Roberto Bernad\" data-cargo=\"Fundaci\u00f3n Banco Santander. Espa\u00f1a\" data-bio=\"Roberto Bernad ha trabajado en gesti\u00f3n y desarrollo de negocio en el sector cultural, y en gesti\u00f3n de programas, investigaci\u00f3n y evaluaci\u00f3n en el sector de la acci\u00f3n social, con foco en pol\u00edticas y fondos europeos, desde organizaciones como HOGAR S\u00cd o Fundaci\u00f3n Luis Vives, donde coordin\u00f3 el foro de investigaci\u00f3n y debate sobre la responsabilidad social de las empresas. Actualmente es responsable de fondos europeos en Fundaci\u00f3n Banco Santander, donde coordina el proyecto CreaSus sobre sostenibilidad de industrias culturales.\">Roberto Bernad<\/div><div class=\"panelista-cargo\">Fundaci\u00f3n Banco Santander. Espa\u00f1a<\/div><div class=\"panelista-vermas abrir-modal\" data-nombre=\"Roberto Bernad\" data-cargo=\"Fundaci\u00f3n Banco Santander. Espa\u00f1a\" data-bio=\"Roberto Bernad ha trabajado en gesti\u00f3n y desarrollo de negocio en el sector cultural, y en gesti\u00f3n de programas, investigaci\u00f3n y evaluaci\u00f3n en el sector de la acci\u00f3n social, con foco en pol\u00edticas y fondos europeos, desde organizaciones como HOGAR S\u00cd o Fundaci\u00f3n Luis Vives, donde coordin\u00f3 el foro de investigaci\u00f3n y debate sobre la responsabilidad social de las empresas. Actualmente es responsable de fondos europeos en Fundaci\u00f3n Banco Santander, donde coordina el proyecto CreaSus sobre sostenibilidad de industrias culturales.\">Ver m\u00e1s<\/div><\/div><div class=\"panelista-card card-2025\"><img decoding=\"async\" src=\"https:\/\/www.operala.org\/encuentrosola\/wp-content\/uploads\/2025\/05\/RAMON-GENER.webp\" alt=\"Ram\u00f3n Gener\" class=\"panelista-foto abrir-modal\" data-nombre=\"Ram\u00f3n Gener\" data-cargo=\"M\u00fasico y escritor. Espa\u00f1a\" data-bio=\"Nacido en Barcelona. Licenciado en Humanidades y en Ciencias Empresariales.\r\nInici\u00f3 su formaci\u00f3n como m\u00fasico y pianista a los seis a\u00f1os en el Conservatorio del\r\nLiceu. M\u00e1s tarde, con dieciocho, comenz\u00f3 a estudiar canto con Victoria de los\r\n\u00c1ngeles. Complet\u00f3 sus estudios vocales en Varsovia con el bar\u00edtono Jerzy Artysz y\r\nen Barcelona con el tenor Eduard Gim\u00e9nez. Despu\u00e9s de una carrera de varios a\u00f1os\r\ncomo bar\u00edtono dej\u00f3 de cantar y comenz\u00f3 una nueva etapa como divulgador musical\r\ncon cursos, clases y conferencias sobre la historia de la m\u00fasica \u00abcl\u00e1sica\u00bb, de la\r\n\u00f3pera y del arte.\r\nEl eco de estas conferencias lo llevaron al mundo de la televisi\u00f3n, donde ha\r\nrealizado diversos programas (\u00d2pera en texans, This is Opera, This is Art, 200 una\r\nnoche en el Prado y Aix\u00f2 no \u00e9s una can\u00e7\u00f3) que se han emitido a nivel nacional\r\n(RTVE, Movistar+, TV3) e internacional; hasta 70 pa\u00edses de Europa, Am\u00e9rica, Asia\r\ny Ocean\u00eda.\r\nEn la radio colabora en los programas, No es un d\u00eda cualquiera de RNE, Hoy por\r\nhoy de la Cadena SER y Versi\u00f3 RAC1 de RAC1.\r\nComo escritor ha publicado tres ensayos, Si Beethoven pudiera escucharme (2013),\r\nEl amor te har\u00e1 inmortal (2016) y Beethoven, un m\u00fasico sobre un mar de nubes\r\n(2020). En 2024 public\u00f3 su primera novela, Historia de un piano, galardonada con\r\nel Premio Ramon Llull de las letras catalanas y traducida a m\u00e1s de 10 idiomas.\"><div class=\"panelista-nombre abrir-modal\" data-nombre=\"Ram\u00f3n Gener\" data-cargo=\"M\u00fasico y escritor. Espa\u00f1a\" data-bio=\"Nacido en Barcelona. Licenciado en Humanidades y en Ciencias Empresariales.\r\nInici\u00f3 su formaci\u00f3n como m\u00fasico y pianista a los seis a\u00f1os en el Conservatorio del\r\nLiceu. M\u00e1s tarde, con dieciocho, comenz\u00f3 a estudiar canto con Victoria de los\r\n\u00c1ngeles. Complet\u00f3 sus estudios vocales en Varsovia con el bar\u00edtono Jerzy Artysz y\r\nen Barcelona con el tenor Eduard Gim\u00e9nez. Despu\u00e9s de una carrera de varios a\u00f1os\r\ncomo bar\u00edtono dej\u00f3 de cantar y comenz\u00f3 una nueva etapa como divulgador musical\r\ncon cursos, clases y conferencias sobre la historia de la m\u00fasica \u00abcl\u00e1sica\u00bb, de la\r\n\u00f3pera y del arte.\r\nEl eco de estas conferencias lo llevaron al mundo de la televisi\u00f3n, donde ha\r\nrealizado diversos programas (\u00d2pera en texans, This is Opera, This is Art, 200 una\r\nnoche en el Prado y Aix\u00f2 no \u00e9s una can\u00e7\u00f3) que se han emitido a nivel nacional\r\n(RTVE, Movistar+, TV3) e internacional; hasta 70 pa\u00edses de Europa, Am\u00e9rica, Asia\r\ny Ocean\u00eda.\r\nEn la radio colabora en los programas, No es un d\u00eda cualquiera de RNE, Hoy por\r\nhoy de la Cadena SER y Versi\u00f3 RAC1 de RAC1.\r\nComo escritor ha publicado tres ensayos, Si Beethoven pudiera escucharme (2013),\r\nEl amor te har\u00e1 inmortal (2016) y Beethoven, un m\u00fasico sobre un mar de nubes\r\n(2020). En 2024 public\u00f3 su primera novela, Historia de un piano, galardonada con\r\nel Premio Ramon Llull de las letras catalanas y traducida a m\u00e1s de 10 idiomas.\">Ram\u00f3n Gener<\/div><div class=\"panelista-cargo\">M\u00fasico y escritor. Espa\u00f1a<\/div><div class=\"panelista-vermas abrir-modal\" data-nombre=\"Ram\u00f3n Gener\" data-cargo=\"M\u00fasico y escritor. Espa\u00f1a\" data-bio=\"Nacido en Barcelona. Licenciado en Humanidades y en Ciencias Empresariales.\r\nInici\u00f3 su formaci\u00f3n como m\u00fasico y pianista a los seis a\u00f1os en el Conservatorio del\r\nLiceu. M\u00e1s tarde, con dieciocho, comenz\u00f3 a estudiar canto con Victoria de los\r\n\u00c1ngeles. Complet\u00f3 sus estudios vocales en Varsovia con el bar\u00edtono Jerzy Artysz y\r\nen Barcelona con el tenor Eduard Gim\u00e9nez. Despu\u00e9s de una carrera de varios a\u00f1os\r\ncomo bar\u00edtono dej\u00f3 de cantar y comenz\u00f3 una nueva etapa como divulgador musical\r\ncon cursos, clases y conferencias sobre la historia de la m\u00fasica \u00abcl\u00e1sica\u00bb, de la\r\n\u00f3pera y del arte.\r\nEl eco de estas conferencias lo llevaron al mundo de la televisi\u00f3n, donde ha\r\nrealizado diversos programas (\u00d2pera en texans, This is Opera, This is Art, 200 una\r\nnoche en el Prado y Aix\u00f2 no \u00e9s una can\u00e7\u00f3) que se han emitido a nivel nacional\r\n(RTVE, Movistar+, TV3) e internacional; hasta 70 pa\u00edses de Europa, Am\u00e9rica, Asia\r\ny Ocean\u00eda.\r\nEn la radio colabora en los programas, No es un d\u00eda cualquiera de RNE, Hoy por\r\nhoy de la Cadena SER y Versi\u00f3 RAC1 de RAC1.\r\nComo escritor ha publicado tres ensayos, Si Beethoven pudiera escucharme (2013),\r\nEl amor te har\u00e1 inmortal (2016) y Beethoven, un m\u00fasico sobre un mar de nubes\r\n(2020). En 2024 public\u00f3 su primera novela, Historia de un piano, galardonada con\r\nel Premio Ramon Llull de las letras catalanas y traducida a m\u00e1s de 10 idiomas.\">Ver m\u00e1s<\/div><\/div><div class=\"panelista-card card-2025\"><img decoding=\"async\" src=\"https:\/\/www.operala.org\/encuentrosola\/wp-content\/uploads\/2025\/05\/Foto-Jesus1.jpg\" alt=\"Jes\u00fas Ruiz Mantilla\" class=\"panelista-foto abrir-modal\" data-nombre=\"Jes\u00fas Ruiz Mantilla\" data-cargo=\"El Pa\u00eds. Espa\u00f1a\" data-bio=\"Jes\u00fas Ruiz Mantilla (Santander, 1965) es periodista y escritor. Entr\u00f3 en El Pa\u00eds en 1992 y a lo largo de tres d\u00e9cadas ha desarrollado su carrera en la secci\u00f3n de Cultura, los suplementos Babelia y El Pa\u00eds Semanal o como columnista en la secci\u00f3n de Madrid y Televisi\u00f3n. En su vertiente literaria, a lo largo de su obra, ha cultivado la narrativa, el ensayo, la poes\u00eda y el teatro. Es autor de las novelas Los ojos no ven; Preludio; Yo, Farinelli, el cap\u00f3n; Gordo \u2013con la que gan\u00f3 el premio Sent Sov\u00ed 2005\u2013; Ahogada en llamas; y La c\u00e1scara amarga. Con Hotel Transici\u00f3n, gan\u00f3 el Premio Fernando Qui\u00f1ones en 2015. En su novela Papel, describe una trama que cuenta la evoluci\u00f3n de un peri\u00f3dico impreso en medio digital con todo lo que se deja en el camino; despidos, independencia y una batalla crucial por delante, la lucha contra las noticias falsas. Su \u00faltima obra es Franco y yo (Galaxia Gutenberg), en la que mezcla una biograf\u00eda del dictador con documentos in\u00e9ditos y una memoria personal de lo que influy\u00f3 en su vida. Dentro de otros g\u00e9neros ha escrito Placer contra placer, la obra Contar la m\u00fasica, que refleja su trayectoria como cronista musical durante m\u00e1s de 20 a\u00f1os en El Pa\u00eds, Al d\u00eda, un diario po\u00e9tico y Madrid invisible, recopilaci\u00f3n de los art\u00edculos y fotograf\u00edas que publica conjuntamente con Ra\u00fal Cancio. Dos de sus novelas han sido adaptadas al teatro: Preludio, en un mon\u00f3logo, por Daniel Ortiz y Yo, Farinelli, el cap\u00f3n, por Manuel Guti\u00e9rrez Arag\u00f3n, con Miguel Rell\u00e1n como protagonista. Como dramaturgo ha escrito tambi\u00e9n las comedias El ataque y El encuentro, pendientes de estreno. Ha sido director literario del Festival E\u00f1e en 2020 y del Festival Internacional de Literatura en Espa\u00f1ol de Castilla y Le\u00f3n, que tuvo su primera edici\u00f3n este 2021. Tambi\u00e9n ha colaborado con el programa, La ventana de la Cadena Ser, cuando lo dirig\u00eda Gemma Nierga y en Hoy por hoy. Adem\u00e1s lleva ejerciendo la docencia 15 a\u00f1os. Es profesor del m\u00e1ster de periodismo cultural del CEU y de la Escuela de El Pa\u00eds, adem\u00e1s de impartir cursos en prestigiosas universidades, festivales y foros de cultura y comunicaci\u00f3n por todo el mundo. En 2020 fue nombrado director literario del Festival E\u00f1e, en el que actualmente contin\u00faa, as\u00ed como de Fronteras, en Valencia, con sede en Les Arts. \r\n\r\n\r\n\"><div class=\"panelista-nombre abrir-modal\" data-nombre=\"Jes\u00fas Ruiz Mantilla\" data-cargo=\"El Pa\u00eds. Espa\u00f1a\" data-bio=\"Jes\u00fas Ruiz Mantilla (Santander, 1965) es periodista y escritor. Entr\u00f3 en El Pa\u00eds en 1992 y a lo largo de tres d\u00e9cadas ha desarrollado su carrera en la secci\u00f3n de Cultura, los suplementos Babelia y El Pa\u00eds Semanal o como columnista en la secci\u00f3n de Madrid y Televisi\u00f3n. En su vertiente literaria, a lo largo de su obra, ha cultivado la narrativa, el ensayo, la poes\u00eda y el teatro. Es autor de las novelas Los ojos no ven; Preludio; Yo, Farinelli, el cap\u00f3n; Gordo \u2013con la que gan\u00f3 el premio Sent Sov\u00ed 2005\u2013; Ahogada en llamas; y La c\u00e1scara amarga. Con Hotel Transici\u00f3n, gan\u00f3 el Premio Fernando Qui\u00f1ones en 2015. En su novela Papel, describe una trama que cuenta la evoluci\u00f3n de un peri\u00f3dico impreso en medio digital con todo lo que se deja en el camino; despidos, independencia y una batalla crucial por delante, la lucha contra las noticias falsas. Su \u00faltima obra es Franco y yo (Galaxia Gutenberg), en la que mezcla una biograf\u00eda del dictador con documentos in\u00e9ditos y una memoria personal de lo que influy\u00f3 en su vida. Dentro de otros g\u00e9neros ha escrito Placer contra placer, la obra Contar la m\u00fasica, que refleja su trayectoria como cronista musical durante m\u00e1s de 20 a\u00f1os en El Pa\u00eds, Al d\u00eda, un diario po\u00e9tico y Madrid invisible, recopilaci\u00f3n de los art\u00edculos y fotograf\u00edas que publica conjuntamente con Ra\u00fal Cancio. Dos de sus novelas han sido adaptadas al teatro: Preludio, en un mon\u00f3logo, por Daniel Ortiz y Yo, Farinelli, el cap\u00f3n, por Manuel Guti\u00e9rrez Arag\u00f3n, con Miguel Rell\u00e1n como protagonista. Como dramaturgo ha escrito tambi\u00e9n las comedias El ataque y El encuentro, pendientes de estreno. Ha sido director literario del Festival E\u00f1e en 2020 y del Festival Internacional de Literatura en Espa\u00f1ol de Castilla y Le\u00f3n, que tuvo su primera edici\u00f3n este 2021. Tambi\u00e9n ha colaborado con el programa, La ventana de la Cadena Ser, cuando lo dirig\u00eda Gemma Nierga y en Hoy por hoy. Adem\u00e1s lleva ejerciendo la docencia 15 a\u00f1os. Es profesor del m\u00e1ster de periodismo cultural del CEU y de la Escuela de El Pa\u00eds, adem\u00e1s de impartir cursos en prestigiosas universidades, festivales y foros de cultura y comunicaci\u00f3n por todo el mundo. En 2020 fue nombrado director literario del Festival E\u00f1e, en el que actualmente contin\u00faa, as\u00ed como de Fronteras, en Valencia, con sede en Les Arts. \r\n\r\n\r\n\">Jes\u00fas Ruiz Mantilla<\/div><div class=\"panelista-cargo\">El Pa\u00eds. Espa\u00f1a<\/div><div class=\"panelista-vermas abrir-modal\" data-nombre=\"Jes\u00fas Ruiz Mantilla\" data-cargo=\"El Pa\u00eds. Espa\u00f1a\" data-bio=\"Jes\u00fas Ruiz Mantilla (Santander, 1965) es periodista y escritor. Entr\u00f3 en El Pa\u00eds en 1992 y a lo largo de tres d\u00e9cadas ha desarrollado su carrera en la secci\u00f3n de Cultura, los suplementos Babelia y El Pa\u00eds Semanal o como columnista en la secci\u00f3n de Madrid y Televisi\u00f3n. En su vertiente literaria, a lo largo de su obra, ha cultivado la narrativa, el ensayo, la poes\u00eda y el teatro. Es autor de las novelas Los ojos no ven; Preludio; Yo, Farinelli, el cap\u00f3n; Gordo \u2013con la que gan\u00f3 el premio Sent Sov\u00ed 2005\u2013; Ahogada en llamas; y La c\u00e1scara amarga. Con Hotel Transici\u00f3n, gan\u00f3 el Premio Fernando Qui\u00f1ones en 2015. En su novela Papel, describe una trama que cuenta la evoluci\u00f3n de un peri\u00f3dico impreso en medio digital con todo lo que se deja en el camino; despidos, independencia y una batalla crucial por delante, la lucha contra las noticias falsas. Su \u00faltima obra es Franco y yo (Galaxia Gutenberg), en la que mezcla una biograf\u00eda del dictador con documentos in\u00e9ditos y una memoria personal de lo que influy\u00f3 en su vida. Dentro de otros g\u00e9neros ha escrito Placer contra placer, la obra Contar la m\u00fasica, que refleja su trayectoria como cronista musical durante m\u00e1s de 20 a\u00f1os en El Pa\u00eds, Al d\u00eda, un diario po\u00e9tico y Madrid invisible, recopilaci\u00f3n de los art\u00edculos y fotograf\u00edas que publica conjuntamente con Ra\u00fal Cancio. Dos de sus novelas han sido adaptadas al teatro: Preludio, en un mon\u00f3logo, por Daniel Ortiz y Yo, Farinelli, el cap\u00f3n, por Manuel Guti\u00e9rrez Arag\u00f3n, con Miguel Rell\u00e1n como protagonista. Como dramaturgo ha escrito tambi\u00e9n las comedias El ataque y El encuentro, pendientes de estreno. Ha sido director literario del Festival E\u00f1e en 2020 y del Festival Internacional de Literatura en Espa\u00f1ol de Castilla y Le\u00f3n, que tuvo su primera edici\u00f3n este 2021. Tambi\u00e9n ha colaborado con el programa, La ventana de la Cadena Ser, cuando lo dirig\u00eda Gemma Nierga y en Hoy por hoy. Adem\u00e1s lleva ejerciendo la docencia 15 a\u00f1os. Es profesor del m\u00e1ster de periodismo cultural del CEU y de la Escuela de El Pa\u00eds, adem\u00e1s de impartir cursos en prestigiosas universidades, festivales y foros de cultura y comunicaci\u00f3n por todo el mundo. En 2020 fue nombrado director literario del Festival E\u00f1e, en el que actualmente contin\u00faa, as\u00ed como de Fronteras, en Valencia, con sede en Les Arts. \r\n\r\n\r\n\">Ver m\u00e1s<\/div><\/div><div class=\"panelista-card card-2025\"><img decoding=\"async\" src=\"https:\/\/www.operala.org\/encuentrosola\/wp-content\/uploads\/2025\/04\/Malena-Muyala3-scaled-e1744723174419.jpg\" alt=\"Malena Muyala\" class=\"panelista-foto abrir-modal\" data-nombre=\"Malena Muyala\" data-cargo=\"Teatro Sol\u00eds de Montevideo. Uruguay \" data-bio=\"Malena Muyala, cantante y compositora uruguaya de tango, valses, milongas y milongones. Es una de las principales voces femeninas de Uruguay. Es tambi\u00e9n directora del Teatro Sol\u00eds de Montevideo.\"><div class=\"panelista-nombre abrir-modal\" data-nombre=\"Malena Muyala\" data-cargo=\"Teatro Sol\u00eds de Montevideo. Uruguay \" data-bio=\"Malena Muyala, cantante y compositora uruguaya de tango, valses, milongas y milongones. Es una de las principales voces femeninas de Uruguay. Es tambi\u00e9n directora del Teatro Sol\u00eds de Montevideo.\">Malena Muyala<\/div><div class=\"panelista-cargo\">Teatro Sol\u00eds de Montevideo. Uruguay <\/div><div class=\"panelista-vermas abrir-modal\" data-nombre=\"Malena Muyala\" data-cargo=\"Teatro Sol\u00eds de Montevideo. Uruguay \" data-bio=\"Malena Muyala, cantante y compositora uruguaya de tango, valses, milongas y milongones. Es una de las principales voces femeninas de Uruguay. Es tambi\u00e9n directora del Teatro Sol\u00eds de Montevideo.\">Ver m\u00e1s<\/div><\/div><div class=\"panelista-card card-2025\"><img decoding=\"async\" src=\"https:\/\/www.operala.org\/encuentrosola\/wp-content\/uploads\/2025\/05\/4901-072\u00a9-A-Bofill-copia-scaled.jpg\" alt=\"Valent\u00ed Oviedo\" class=\"panelista-foto abrir-modal\" data-nombre=\"Valent\u00ed Oviedo\" data-cargo=\"Gran Teatro del Liceu. Espa\u00f1a\" data-bio=\"\r\nValent\u00ed Oviedo (Manresa, 1977), se licenci\u00f3 en Administraci\u00f3n de Empresas (por la Universtidad Aut\u00f3noma de Barcelona (UAB), MBA por el IE y PDD por IESE, Oviedo cuenta con una notable experiencia en la gesti\u00f3n de equipamientos culturales. \r\n\r\nActualmente es Director General del Gran Teatro del Liceu, cargo que ostenta desde que fue nombrado por el Patronato de la Fundaci\u00f3n del Gran Teatro del Liceu el 22 de marzo de 2018 y miembro del Board de Opera Europa desde 2021.\r\n\r\nInici\u00f3 su carrera profesional en las \u00e1reas de finanzas y m\u00e1rketing de multinacionales del sector industrial y de gran consumo, pero gracias a su v\u00ednculo con la cultura y las artes, pas\u00f3 a dirigir entre 2008 y 2013 la empresa municipal Manresana d\u2019Equipaments Esc\u00e8nics encargada de la gesti\u00f3n del Teatro Kursaal y el Teatro Conservatorio de Manresa.  \r\n\r\nEn 2013 fue nombrado Gerente del Consorcio del Auditori i l\u2019Orquestra OBC, con una meritoria y reconocida contribuci\u00f3n en la mejora de la entidad, cargo que ocup\u00f3 hasta julio de 2016 que fue nombrado Gerente del Institut de Cultura de Barcelona (ICUB). Actualmente es miembro del Comit\u00e9 Asesor en Creatividad del Ayuntamiento de Barcelona.\r\n\r\nHa colaborado como docente en materia de finanzas y m\u00e1rketing en el M\u00e1ster de Gesti\u00f3n Cultural de la Universidad de Barcelona (UB), ha sido miembro de la junta de la Asociaci\u00f3n de Gestores Culturales de Catalu\u00f1a y de la Asociaci\u00f3n Cultural El Galliner. Actualmente forma parte del Patronato de la Fundaci\u00f3n Josep Mestres Cabanes (junio del 2022), miembro del Patronato de \u201clas Espurnes Barroques\u201d (desde su constituci\u00f3n en mayo de 2021), miembro del Patronato de la Fundaci\u00f3n del Banco de Sabadell (enero del 2023), forma parte del Comit\u00e9 Asesor en creatividad del Ayuntamiento de Barcelona (noviembre 2023) y miembro del Consejo Asesor Universitario de la UIC (julio 2024)\r\n\"><div class=\"panelista-nombre abrir-modal\" data-nombre=\"Valent\u00ed Oviedo\" data-cargo=\"Gran Teatro del Liceu. Espa\u00f1a\" data-bio=\"\r\nValent\u00ed Oviedo (Manresa, 1977), se licenci\u00f3 en Administraci\u00f3n de Empresas (por la Universtidad Aut\u00f3noma de Barcelona (UAB), MBA por el IE y PDD por IESE, Oviedo cuenta con una notable experiencia en la gesti\u00f3n de equipamientos culturales. \r\n\r\nActualmente es Director General del Gran Teatro del Liceu, cargo que ostenta desde que fue nombrado por el Patronato de la Fundaci\u00f3n del Gran Teatro del Liceu el 22 de marzo de 2018 y miembro del Board de Opera Europa desde 2021.\r\n\r\nInici\u00f3 su carrera profesional en las \u00e1reas de finanzas y m\u00e1rketing de multinacionales del sector industrial y de gran consumo, pero gracias a su v\u00ednculo con la cultura y las artes, pas\u00f3 a dirigir entre 2008 y 2013 la empresa municipal Manresana d\u2019Equipaments Esc\u00e8nics encargada de la gesti\u00f3n del Teatro Kursaal y el Teatro Conservatorio de Manresa.  \r\n\r\nEn 2013 fue nombrado Gerente del Consorcio del Auditori i l\u2019Orquestra OBC, con una meritoria y reconocida contribuci\u00f3n en la mejora de la entidad, cargo que ocup\u00f3 hasta julio de 2016 que fue nombrado Gerente del Institut de Cultura de Barcelona (ICUB). Actualmente es miembro del Comit\u00e9 Asesor en Creatividad del Ayuntamiento de Barcelona.\r\n\r\nHa colaborado como docente en materia de finanzas y m\u00e1rketing en el M\u00e1ster de Gesti\u00f3n Cultural de la Universidad de Barcelona (UB), ha sido miembro de la junta de la Asociaci\u00f3n de Gestores Culturales de Catalu\u00f1a y de la Asociaci\u00f3n Cultural El Galliner. Actualmente forma parte del Patronato de la Fundaci\u00f3n Josep Mestres Cabanes (junio del 2022), miembro del Patronato de \u201clas Espurnes Barroques\u201d (desde su constituci\u00f3n en mayo de 2021), miembro del Patronato de la Fundaci\u00f3n del Banco de Sabadell (enero del 2023), forma parte del Comit\u00e9 Asesor en creatividad del Ayuntamiento de Barcelona (noviembre 2023) y miembro del Consejo Asesor Universitario de la UIC (julio 2024)\r\n\">Valent\u00ed Oviedo<\/div><div class=\"panelista-cargo\">Gran Teatro del Liceu. Espa\u00f1a<\/div><div class=\"panelista-vermas abrir-modal\" data-nombre=\"Valent\u00ed Oviedo\" data-cargo=\"Gran Teatro del Liceu. Espa\u00f1a\" data-bio=\"\r\nValent\u00ed Oviedo (Manresa, 1977), se licenci\u00f3 en Administraci\u00f3n de Empresas (por la Universtidad Aut\u00f3noma de Barcelona (UAB), MBA por el IE y PDD por IESE, Oviedo cuenta con una notable experiencia en la gesti\u00f3n de equipamientos culturales. \r\n\r\nActualmente es Director General del Gran Teatro del Liceu, cargo que ostenta desde que fue nombrado por el Patronato de la Fundaci\u00f3n del Gran Teatro del Liceu el 22 de marzo de 2018 y miembro del Board de Opera Europa desde 2021.\r\n\r\nInici\u00f3 su carrera profesional en las \u00e1reas de finanzas y m\u00e1rketing de multinacionales del sector industrial y de gran consumo, pero gracias a su v\u00ednculo con la cultura y las artes, pas\u00f3 a dirigir entre 2008 y 2013 la empresa municipal Manresana d\u2019Equipaments Esc\u00e8nics encargada de la gesti\u00f3n del Teatro Kursaal y el Teatro Conservatorio de Manresa.  \r\n\r\nEn 2013 fue nombrado Gerente del Consorcio del Auditori i l\u2019Orquestra OBC, con una meritoria y reconocida contribuci\u00f3n en la mejora de la entidad, cargo que ocup\u00f3 hasta julio de 2016 que fue nombrado Gerente del Institut de Cultura de Barcelona (ICUB). Actualmente es miembro del Comit\u00e9 Asesor en Creatividad del Ayuntamiento de Barcelona.\r\n\r\nHa colaborado como docente en materia de finanzas y m\u00e1rketing en el M\u00e1ster de Gesti\u00f3n Cultural de la Universidad de Barcelona (UB), ha sido miembro de la junta de la Asociaci\u00f3n de Gestores Culturales de Catalu\u00f1a y de la Asociaci\u00f3n Cultural El Galliner. Actualmente forma parte del Patronato de la Fundaci\u00f3n Josep Mestres Cabanes (junio del 2022), miembro del Patronato de \u201clas Espurnes Barroques\u201d (desde su constituci\u00f3n en mayo de 2021), miembro del Patronato de la Fundaci\u00f3n del Banco de Sabadell (enero del 2023), forma parte del Comit\u00e9 Asesor en creatividad del Ayuntamiento de Barcelona (noviembre 2023) y miembro del Consejo Asesor Universitario de la UIC (julio 2024)\r\n\">Ver m\u00e1s<\/div><\/div><div class=\"panelista-card card-2025\"><img decoding=\"async\" src=\"https:\/\/www.operala.org\/encuentrosola\/wp-content\/uploads\/2025\/05\/Maria_Pages_2-scaled.png\" alt=\"Mar\u00eda Pag\u00e9s\" class=\"panelista-foto abrir-modal\" data-nombre=\"Mar\u00eda Pag\u00e9s\" data-cargo=\"Centro Danza Matadero de Madrid. (Espa\u00f1a)\" data-bio=\"Core\u00f3grafa y bailaora. A lo largo de su trayectoria ha recibido un gran n\u00famero de\r\nreconocimientos que la avalan como uno de los nombres indispensables de la danza. Destacan\r\nel Premio Nacional de Danza-Creaci\u00f3n (2002), la Medalla de Oro al M\u00e9rito en las Bellas Artes\r\n(2014) o el Premio Princesa de Asturias de las Artes (2022), entre otras distinciones. En 1990\r\nfund\u00f3 su propia compa\u00f1\u00eda, creando desde entonces un repertorio que supera las treinta obras.\r\nEn 2010 integra en su equipo al escritor El Arbi El Harti y juntos han creado casi una veintena de\r\nespect\u00e1culos. A partir del a\u00f1o 2024 asumen la Direcci\u00f3n Art\u00edstica de Centro Danza Matadero de\r\nMadrid.\"><div class=\"panelista-nombre abrir-modal\" data-nombre=\"Mar\u00eda Pag\u00e9s\" data-cargo=\"Centro Danza Matadero de Madrid. (Espa\u00f1a)\" data-bio=\"Core\u00f3grafa y bailaora. A lo largo de su trayectoria ha recibido un gran n\u00famero de\r\nreconocimientos que la avalan como uno de los nombres indispensables de la danza. Destacan\r\nel Premio Nacional de Danza-Creaci\u00f3n (2002), la Medalla de Oro al M\u00e9rito en las Bellas Artes\r\n(2014) o el Premio Princesa de Asturias de las Artes (2022), entre otras distinciones. En 1990\r\nfund\u00f3 su propia compa\u00f1\u00eda, creando desde entonces un repertorio que supera las treinta obras.\r\nEn 2010 integra en su equipo al escritor El Arbi El Harti y juntos han creado casi una veintena de\r\nespect\u00e1culos. A partir del a\u00f1o 2024 asumen la Direcci\u00f3n Art\u00edstica de Centro Danza Matadero de\r\nMadrid.\">Mar\u00eda Pag\u00e9s<\/div><div class=\"panelista-cargo\">Centro Danza Matadero de Madrid. (Espa\u00f1a)<\/div><div class=\"panelista-vermas abrir-modal\" data-nombre=\"Mar\u00eda Pag\u00e9s\" data-cargo=\"Centro Danza Matadero de Madrid. (Espa\u00f1a)\" data-bio=\"Core\u00f3grafa y bailaora. A lo largo de su trayectoria ha recibido un gran n\u00famero de\r\nreconocimientos que la avalan como uno de los nombres indispensables de la danza. Destacan\r\nel Premio Nacional de Danza-Creaci\u00f3n (2002), la Medalla de Oro al M\u00e9rito en las Bellas Artes\r\n(2014) o el Premio Princesa de Asturias de las Artes (2022), entre otras distinciones. En 1990\r\nfund\u00f3 su propia compa\u00f1\u00eda, creando desde entonces un repertorio que supera las treinta obras.\r\nEn 2010 integra en su equipo al escritor El Arbi El Harti y juntos han creado casi una veintena de\r\nespect\u00e1culos. A partir del a\u00f1o 2024 asumen la Direcci\u00f3n Art\u00edstica de Centro Danza Matadero de\r\nMadrid.\">Ver m\u00e1s<\/div><\/div><div class=\"panelista-card card-2025\"><img decoding=\"async\" src=\"https:\/\/www.operala.org\/encuentrosola\/wp-content\/uploads\/2025\/05\/Felix-Palomero-@Michal-Novak.jpg\" alt=\"F\u00e9lix Palomero\" class=\"panelista-foto abrir-modal\" data-nombre=\"F\u00e9lix Palomero\" data-cargo=\"Orquesta y Coro Nacionales de Espa\u00f1a\" data-bio=\"F\u00e9lix Palomero es desde octubre de 2019 director t\u00e9cnico de la Orquesta y Coro Nacionales de Espa\u00f1a, cargo que ocup\u00f3 con anterioridad entre 2000 y 2006. Entre 2016 y 2019 fue director gerente de la Fundaci\u00f3n Baluarte, fundaci\u00f3n p\u00fablica del Gobierno de Navarra, y de la Orquesta Sinf\u00f3nica de Navarra. Entre 2009 y 2012 fue director general del Instituto Nacional de las Artes Esc\u00e9nicas y de la M\u00fasica (INAEM), del Ministerio de Cultura. Con anterioridad ocup\u00f3 la gerencia de la Orquesta Sinf\u00f3nica de Galicia y de la Orquesta y Coro de la Comunidad de Madrid. Fue director del Festival Mozart de A Coru\u00f1a y gerente del Consorcio para la Promoci\u00f3n de esa ciudad, as\u00ed como presidente de la Asociaci\u00f3n Espa\u00f1ola de Orquestas Sinf\u00f3nicas (AEOS). En representaci\u00f3n del Ministerio de Cultura ha pertenecido a los patronatos y comisiones ejecutivas de instituciones como el Teatro Real, Gran Teatre del Liceu, Teatro de la Maestranza, los festivales de Granada, Almagro y M\u00e9rida, y el Palau de la M\u00fasica Catalana, y se ha ocupado de la coordinaci\u00f3n de proyectos institucionales de intercambio internacional con Costa Rica, M\u00e9xico, Rusia, Nueva York y N\u00e1poles. Tambi\u00e9n ha sido miembro del Consejo de Administraci\u00f3n de la Sociedad Estatal Acci\u00f3n Cultural, S.A. Particip\u00f3 en la puesta en marcha de la Fundaci\u00f3n Isaac Alb\u00e9niz, de cuya Escuela Superior de M\u00fasica Reina Sof\u00eda fue subdirector y director art\u00edstico. Igualmente, ha trabajado en el sector de las agencias y empresas de consultor\u00eda art\u00edstica. Fue miembro de la redacci\u00f3n de Radio Cl\u00e1sica, de Radio Nacional de Espa\u00f1a, y redactor en publicaciones especializadas. Ha colaborado con la Universidad Internacional de Andaluc\u00eda, la Universidad de la Rioja, el Instituto Complutense de Ciencias Musicales, la Universidad Carlos III y el Programa de Producci\u00f3n de Artes Esc\u00e9nicas de la Facultad de Comunicaci\u00f3n de la Universidad de Navarra. \r\n\"><div class=\"panelista-nombre abrir-modal\" data-nombre=\"F\u00e9lix Palomero\" data-cargo=\"Orquesta y Coro Nacionales de Espa\u00f1a\" data-bio=\"F\u00e9lix Palomero es desde octubre de 2019 director t\u00e9cnico de la Orquesta y Coro Nacionales de Espa\u00f1a, cargo que ocup\u00f3 con anterioridad entre 2000 y 2006. Entre 2016 y 2019 fue director gerente de la Fundaci\u00f3n Baluarte, fundaci\u00f3n p\u00fablica del Gobierno de Navarra, y de la Orquesta Sinf\u00f3nica de Navarra. Entre 2009 y 2012 fue director general del Instituto Nacional de las Artes Esc\u00e9nicas y de la M\u00fasica (INAEM), del Ministerio de Cultura. Con anterioridad ocup\u00f3 la gerencia de la Orquesta Sinf\u00f3nica de Galicia y de la Orquesta y Coro de la Comunidad de Madrid. Fue director del Festival Mozart de A Coru\u00f1a y gerente del Consorcio para la Promoci\u00f3n de esa ciudad, as\u00ed como presidente de la Asociaci\u00f3n Espa\u00f1ola de Orquestas Sinf\u00f3nicas (AEOS). En representaci\u00f3n del Ministerio de Cultura ha pertenecido a los patronatos y comisiones ejecutivas de instituciones como el Teatro Real, Gran Teatre del Liceu, Teatro de la Maestranza, los festivales de Granada, Almagro y M\u00e9rida, y el Palau de la M\u00fasica Catalana, y se ha ocupado de la coordinaci\u00f3n de proyectos institucionales de intercambio internacional con Costa Rica, M\u00e9xico, Rusia, Nueva York y N\u00e1poles. Tambi\u00e9n ha sido miembro del Consejo de Administraci\u00f3n de la Sociedad Estatal Acci\u00f3n Cultural, S.A. Particip\u00f3 en la puesta en marcha de la Fundaci\u00f3n Isaac Alb\u00e9niz, de cuya Escuela Superior de M\u00fasica Reina Sof\u00eda fue subdirector y director art\u00edstico. Igualmente, ha trabajado en el sector de las agencias y empresas de consultor\u00eda art\u00edstica. Fue miembro de la redacci\u00f3n de Radio Cl\u00e1sica, de Radio Nacional de Espa\u00f1a, y redactor en publicaciones especializadas. Ha colaborado con la Universidad Internacional de Andaluc\u00eda, la Universidad de la Rioja, el Instituto Complutense de Ciencias Musicales, la Universidad Carlos III y el Programa de Producci\u00f3n de Artes Esc\u00e9nicas de la Facultad de Comunicaci\u00f3n de la Universidad de Navarra. \r\n\">F\u00e9lix Palomero<\/div><div class=\"panelista-cargo\">Orquesta y Coro Nacionales de Espa\u00f1a<\/div><div class=\"panelista-vermas abrir-modal\" data-nombre=\"F\u00e9lix Palomero\" data-cargo=\"Orquesta y Coro Nacionales de Espa\u00f1a\" data-bio=\"F\u00e9lix Palomero es desde octubre de 2019 director t\u00e9cnico de la Orquesta y Coro Nacionales de Espa\u00f1a, cargo que ocup\u00f3 con anterioridad entre 2000 y 2006. Entre 2016 y 2019 fue director gerente de la Fundaci\u00f3n Baluarte, fundaci\u00f3n p\u00fablica del Gobierno de Navarra, y de la Orquesta Sinf\u00f3nica de Navarra. Entre 2009 y 2012 fue director general del Instituto Nacional de las Artes Esc\u00e9nicas y de la M\u00fasica (INAEM), del Ministerio de Cultura. Con anterioridad ocup\u00f3 la gerencia de la Orquesta Sinf\u00f3nica de Galicia y de la Orquesta y Coro de la Comunidad de Madrid. Fue director del Festival Mozart de A Coru\u00f1a y gerente del Consorcio para la Promoci\u00f3n de esa ciudad, as\u00ed como presidente de la Asociaci\u00f3n Espa\u00f1ola de Orquestas Sinf\u00f3nicas (AEOS). En representaci\u00f3n del Ministerio de Cultura ha pertenecido a los patronatos y comisiones ejecutivas de instituciones como el Teatro Real, Gran Teatre del Liceu, Teatro de la Maestranza, los festivales de Granada, Almagro y M\u00e9rida, y el Palau de la M\u00fasica Catalana, y se ha ocupado de la coordinaci\u00f3n de proyectos institucionales de intercambio internacional con Costa Rica, M\u00e9xico, Rusia, Nueva York y N\u00e1poles. Tambi\u00e9n ha sido miembro del Consejo de Administraci\u00f3n de la Sociedad Estatal Acci\u00f3n Cultural, S.A. Particip\u00f3 en la puesta en marcha de la Fundaci\u00f3n Isaac Alb\u00e9niz, de cuya Escuela Superior de M\u00fasica Reina Sof\u00eda fue subdirector y director art\u00edstico. Igualmente, ha trabajado en el sector de las agencias y empresas de consultor\u00eda art\u00edstica. Fue miembro de la redacci\u00f3n de Radio Cl\u00e1sica, de Radio Nacional de Espa\u00f1a, y redactor en publicaciones especializadas. Ha colaborado con la Universidad Internacional de Andaluc\u00eda, la Universidad de la Rioja, el Instituto Complutense de Ciencias Musicales, la Universidad Carlos III y el Programa de Producci\u00f3n de Artes Esc\u00e9nicas de la Facultad de Comunicaci\u00f3n de la Universidad de Navarra. \r\n\">Ver m\u00e1s<\/div><\/div><div class=\"panelista-card card-2025\"><img decoding=\"async\" src=\"https:\/\/www.operala.org\/encuentrosola\/wp-content\/uploads\/2025\/06\/Francisca-Pero-1-scaled-e1748956262825.jpg\" alt=\"Francisca Per\u00f3\" class=\"panelista-foto abrir-modal\" data-nombre=\"Francisca Per\u00f3\" data-cargo=\"Teatro Biob\u00edo (Chile)\" data-bio=\"Directora ejecutiva del Teatro Biob\u00edo, es actriz y bachiller en Humanidades de la Pontificia Universidad Cat\u00f3lica de Chile. Ha realizado estudios en la Universidad de California (UCLA) y formaci\u00f3n en gesti\u00f3n y liderazgo cultural en programas como el Leadership Intensive de \u00d3pera Am\u00e9rica. Desde 2017 lidera el Teatro Biob\u00edo, impulsando un programa art\u00edstico y cultural de gran relevancia regional y nacional, destac\u00e1ndose por producciones locales y colaboraciones internacionales. Tambi\u00e9n es directora ejecutiva del Festival REC, producido por TBB. En 2024, fue reconocida como una de las 100 Mujeres L\u00edderes por el diario El Mercurio y Mujeres Empresarias y como Mujer Protagonista por el diario El Sur. Fue coordinadora de programaci\u00f3n art\u00edstica en el Centro GAM y ha participado en mercados internacionales como FIBA y Fringe Festival.\"><div class=\"panelista-nombre abrir-modal\" data-nombre=\"Francisca Per\u00f3\" data-cargo=\"Teatro Biob\u00edo (Chile)\" data-bio=\"Directora ejecutiva del Teatro Biob\u00edo, es actriz y bachiller en Humanidades de la Pontificia Universidad Cat\u00f3lica de Chile. Ha realizado estudios en la Universidad de California (UCLA) y formaci\u00f3n en gesti\u00f3n y liderazgo cultural en programas como el Leadership Intensive de \u00d3pera Am\u00e9rica. Desde 2017 lidera el Teatro Biob\u00edo, impulsando un programa art\u00edstico y cultural de gran relevancia regional y nacional, destac\u00e1ndose por producciones locales y colaboraciones internacionales. Tambi\u00e9n es directora ejecutiva del Festival REC, producido por TBB. En 2024, fue reconocida como una de las 100 Mujeres L\u00edderes por el diario El Mercurio y Mujeres Empresarias y como Mujer Protagonista por el diario El Sur. Fue coordinadora de programaci\u00f3n art\u00edstica en el Centro GAM y ha participado en mercados internacionales como FIBA y Fringe Festival.\">Francisca Per\u00f3<\/div><div class=\"panelista-cargo\">Teatro Biob\u00edo (Chile)<\/div><div class=\"panelista-vermas abrir-modal\" data-nombre=\"Francisca Per\u00f3\" data-cargo=\"Teatro Biob\u00edo (Chile)\" data-bio=\"Directora ejecutiva del Teatro Biob\u00edo, es actriz y bachiller en Humanidades de la Pontificia Universidad Cat\u00f3lica de Chile. Ha realizado estudios en la Universidad de California (UCLA) y formaci\u00f3n en gesti\u00f3n y liderazgo cultural en programas como el Leadership Intensive de \u00d3pera Am\u00e9rica. Desde 2017 lidera el Teatro Biob\u00edo, impulsando un programa art\u00edstico y cultural de gran relevancia regional y nacional, destac\u00e1ndose por producciones locales y colaboraciones internacionales. Tambi\u00e9n es directora ejecutiva del Festival REC, producido por TBB. En 2024, fue reconocida como una de las 100 Mujeres L\u00edderes por el diario El Mercurio y Mujeres Empresarias y como Mujer Protagonista por el diario El Sur. Fue coordinadora de programaci\u00f3n art\u00edstica en el Centro GAM y ha participado en mercados internacionales como FIBA y Fringe Festival.\">Ver m\u00e1s<\/div><\/div><div class=\"panelista-card card-2025\"><img decoding=\"async\" src=\"https:\/\/www.operala.org\/encuentrosola\/wp-content\/uploads\/2025\/05\/Curro_Ramos.png\" alt=\"Curro Ramos\" class=\"panelista-foto abrir-modal\" data-nombre=\"Curro Ramos\" data-cargo=\"Teatro Real. Espa\u00f1a\" data-bio=\"Director de Marketing, Publicidad, Calidad y Ventas en el Teatro Real , Madrid.\r\nLicenciado en Periodismo por la Universidad Complutense de Madrid y M\u00e1ster en Arts Policy\r\nand Management por la Universidad de Londres, Reino Unido.\r\nComenz\u00f3 su etapa en el Teatro Real en junio de 2005 en el Departamento de Patrocinio y\r\nRelaciones Externas hasta 2012, cuando se incorpora al departamento de Comunicaci\u00f3n y\r\nMarketing. En 2014 se traslada a Londres, para potenciar su perfil de gestor cultural\r\nespecializado en Arts Marketing y Fundraising, primero en el entorno acad\u00e9mico y despu\u00e9s\r\ncomo Development Manager del National Opera Studio. Durante su tiempo en Reino Unido,\r\nadquiere un profundo conocimiento de la industria cultural brit\u00e1nica y su experiencia para\r\nmantener un equilibrio entre el aspecto creativo y el potencial comercial del producto\r\nart\u00edstico.\r\nEn 2018 vuelve al Teatro Real como Director Adjunto de Marketing y desde noviembre de\r\n2020 es Director de Marketing, Publicidad, Calidad y ventas.\r\nApasionado de la m\u00fasica y la \u00f3pera desde ni\u00f1o, public\u00f3 cr\u00edticas de espect\u00e1culos de \u00f3pera y\r\nlied en \u00d3pera Actual, toca el piano y el fagot y ha pertenecido a diversos coros especializados\r\nen m\u00fasica antigua en Madrid y Londres.\"><div class=\"panelista-nombre abrir-modal\" data-nombre=\"Curro Ramos\" data-cargo=\"Teatro Real. Espa\u00f1a\" data-bio=\"Director de Marketing, Publicidad, Calidad y Ventas en el Teatro Real , Madrid.\r\nLicenciado en Periodismo por la Universidad Complutense de Madrid y M\u00e1ster en Arts Policy\r\nand Management por la Universidad de Londres, Reino Unido.\r\nComenz\u00f3 su etapa en el Teatro Real en junio de 2005 en el Departamento de Patrocinio y\r\nRelaciones Externas hasta 2012, cuando se incorpora al departamento de Comunicaci\u00f3n y\r\nMarketing. En 2014 se traslada a Londres, para potenciar su perfil de gestor cultural\r\nespecializado en Arts Marketing y Fundraising, primero en el entorno acad\u00e9mico y despu\u00e9s\r\ncomo Development Manager del National Opera Studio. Durante su tiempo en Reino Unido,\r\nadquiere un profundo conocimiento de la industria cultural brit\u00e1nica y su experiencia para\r\nmantener un equilibrio entre el aspecto creativo y el potencial comercial del producto\r\nart\u00edstico.\r\nEn 2018 vuelve al Teatro Real como Director Adjunto de Marketing y desde noviembre de\r\n2020 es Director de Marketing, Publicidad, Calidad y ventas.\r\nApasionado de la m\u00fasica y la \u00f3pera desde ni\u00f1o, public\u00f3 cr\u00edticas de espect\u00e1culos de \u00f3pera y\r\nlied en \u00d3pera Actual, toca el piano y el fagot y ha pertenecido a diversos coros especializados\r\nen m\u00fasica antigua en Madrid y Londres.\">Curro Ramos<\/div><div class=\"panelista-cargo\">Teatro Real. Espa\u00f1a<\/div><div class=\"panelista-vermas abrir-modal\" data-nombre=\"Curro Ramos\" data-cargo=\"Teatro Real. Espa\u00f1a\" data-bio=\"Director de Marketing, Publicidad, Calidad y Ventas en el Teatro Real , Madrid.\r\nLicenciado en Periodismo por la Universidad Complutense de Madrid y M\u00e1ster en Arts Policy\r\nand Management por la Universidad de Londres, Reino Unido.\r\nComenz\u00f3 su etapa en el Teatro Real en junio de 2005 en el Departamento de Patrocinio y\r\nRelaciones Externas hasta 2012, cuando se incorpora al departamento de Comunicaci\u00f3n y\r\nMarketing. En 2014 se traslada a Londres, para potenciar su perfil de gestor cultural\r\nespecializado en Arts Marketing y Fundraising, primero en el entorno acad\u00e9mico y despu\u00e9s\r\ncomo Development Manager del National Opera Studio. Durante su tiempo en Reino Unido,\r\nadquiere un profundo conocimiento de la industria cultural brit\u00e1nica y su experiencia para\r\nmantener un equilibrio entre el aspecto creativo y el potencial comercial del producto\r\nart\u00edstico.\r\nEn 2018 vuelve al Teatro Real como Director Adjunto de Marketing y desde noviembre de\r\n2020 es Director de Marketing, Publicidad, Calidad y ventas.\r\nApasionado de la m\u00fasica y la \u00f3pera desde ni\u00f1o, public\u00f3 cr\u00edticas de espect\u00e1culos de \u00f3pera y\r\nlied en \u00d3pera Actual, toca el piano y el fagot y ha pertenecido a diversos coros especializados\r\nen m\u00fasica antigua en Madrid y Londres.\">Ver m\u00e1s<\/div><\/div><div class=\"panelista-card card-2025\"><img decoding=\"async\" src=\"https:\/\/www.operala.org\/encuentrosola\/wp-content\/uploads\/2025\/05\/Sanchez1-1-scaled.jpg\" alt=\"Julia S\u00e1nchez\" class=\"panelista-foto abrir-modal\" data-nombre=\"Julia S\u00e1nchez\" data-cargo=\" Escuela de M\u00fasica Reina Sof\u00eda. Espa\u00f1a\" data-bio=\"Julia S\u00e1nchez es CEO de la Escuela de M\u00fasica Reina Sof\u00eda, donde ha impulsado la sostenibilidad financiera y priorizado iniciativas sociales. Es miembro del Consejo Asesor de la Fundaci\u00f3n Juan Entrecanales, patrona de \u201cAcademy for Impact through Music y &quot;Fellow&quot; de Aspen Institute Espa\u00f1a. Anteriormente, trabaj\u00f3 en KPMG y fue Directora de Operaciones en Empieza Por Educar. Ha completado el &quot;Global CEO Program\u201c de IESE-MIT y el Programa de liderazgo femenino Santander W50. Es licenciada en ADE por ICADE, tiene un MBA por Columbia Business School y ha sido seleccionada como una de Las Top 100 Mujeres L\u00edderes en Espa\u00f1a.\"><div class=\"panelista-nombre abrir-modal\" data-nombre=\"Julia S\u00e1nchez\" data-cargo=\" Escuela de M\u00fasica Reina Sof\u00eda. Espa\u00f1a\" data-bio=\"Julia S\u00e1nchez es CEO de la Escuela de M\u00fasica Reina Sof\u00eda, donde ha impulsado la sostenibilidad financiera y priorizado iniciativas sociales. Es miembro del Consejo Asesor de la Fundaci\u00f3n Juan Entrecanales, patrona de \u201cAcademy for Impact through Music y &quot;Fellow&quot; de Aspen Institute Espa\u00f1a. Anteriormente, trabaj\u00f3 en KPMG y fue Directora de Operaciones en Empieza Por Educar. Ha completado el &quot;Global CEO Program\u201c de IESE-MIT y el Programa de liderazgo femenino Santander W50. Es licenciada en ADE por ICADE, tiene un MBA por Columbia Business School y ha sido seleccionada como una de Las Top 100 Mujeres L\u00edderes en Espa\u00f1a.\">Julia S\u00e1nchez<\/div><div class=\"panelista-cargo\"> Escuela de M\u00fasica Reina Sof\u00eda. Espa\u00f1a<\/div><div class=\"panelista-vermas abrir-modal\" data-nombre=\"Julia S\u00e1nchez\" data-cargo=\" Escuela de M\u00fasica Reina Sof\u00eda. Espa\u00f1a\" data-bio=\"Julia S\u00e1nchez es CEO de la Escuela de M\u00fasica Reina Sof\u00eda, donde ha impulsado la sostenibilidad financiera y priorizado iniciativas sociales. Es miembro del Consejo Asesor de la Fundaci\u00f3n Juan Entrecanales, patrona de \u201cAcademy for Impact through Music y &quot;Fellow&quot; de Aspen Institute Espa\u00f1a. Anteriormente, trabaj\u00f3 en KPMG y fue Directora de Operaciones en Empieza Por Educar. Ha completado el &quot;Global CEO Program\u201c de IESE-MIT y el Programa de liderazgo femenino Santander W50. Es licenciada en ADE por ICADE, tiene un MBA por Columbia Business School y ha sido seleccionada como una de Las Top 100 Mujeres L\u00edderes en Espa\u00f1a.\">Ver m\u00e1s<\/div><\/div><div class=\"panelista-card card-2025\"><img decoding=\"async\" src=\"https:\/\/www.operala.org\/encuentrosola\/wp-content\/uploads\/2025\/05\/IMG_3130-e1746543536887.jpg\" alt=\"Jorge Volpi\" class=\"panelista-foto abrir-modal\" data-nombre=\"Jorge Volpi\" data-cargo=\"Centro de Cultura Contempor\u00e1nea Condeduque. Madrid.\" data-bio=\"Jorge Volpi (M\u00e9xico, 1968). Es autor de quince novelas, entre las que\r\ndestacan En busca de Klingsor (Premio Biblioteca Breve, 1999) y Una\r\nnovela criminal (Premio Alfaguara, 2018), a partir de la cual se realiz\u00f3\r\nla serie hom\u00f3nima de Netflix. Ha escrito numerosos ensayos, el m\u00e1s\r\nreciente La invenci\u00f3n de todas las cosas. Una historia de la ficci\u00f3n\r\n(2024). Es autor de las piezas teatrales El origen del mundo (2017) Las\r\nagujas dementes (2020), Mesa redonda (2024) y Los amores feroces\r\n(2025), y de los libretos de las \u00f3peras Cuatro corridos (2011) y Tristana\r\n(2025). En 2008 recibi\u00f3 el Premio Jos\u00e9 Donoso al conjunto de su obra y\r\nla Medalla de la Orden de Isabel la Cat\u00f3lica de Espa\u00f1a. Es Caballero de\r\nla Orden de Artes y Letras de Francia. Ha sido director del Instituto de\r\nM\u00e9xico en Par\u00eds (2001-2003), del Canal 22 (2007-2011), del Festival\r\nInternacional Cervantino (2013-2016), Coordinador (vicerrector) de\r\nDifusi\u00f3n Cultural de la Universidad Nacional Aut\u00f3noma de M\u00e9xico\r\n(2016-2022). Actualmente es director art\u00edstico del Centro de Cultura\r\nContempor\u00e1nea Condeduque, en Madrid.\"><div class=\"panelista-nombre abrir-modal\" data-nombre=\"Jorge Volpi\" data-cargo=\"Centro de Cultura Contempor\u00e1nea Condeduque. Madrid.\" data-bio=\"Jorge Volpi (M\u00e9xico, 1968). Es autor de quince novelas, entre las que\r\ndestacan En busca de Klingsor (Premio Biblioteca Breve, 1999) y Una\r\nnovela criminal (Premio Alfaguara, 2018), a partir de la cual se realiz\u00f3\r\nla serie hom\u00f3nima de Netflix. Ha escrito numerosos ensayos, el m\u00e1s\r\nreciente La invenci\u00f3n de todas las cosas. Una historia de la ficci\u00f3n\r\n(2024). Es autor de las piezas teatrales El origen del mundo (2017) Las\r\nagujas dementes (2020), Mesa redonda (2024) y Los amores feroces\r\n(2025), y de los libretos de las \u00f3peras Cuatro corridos (2011) y Tristana\r\n(2025). En 2008 recibi\u00f3 el Premio Jos\u00e9 Donoso al conjunto de su obra y\r\nla Medalla de la Orden de Isabel la Cat\u00f3lica de Espa\u00f1a. Es Caballero de\r\nla Orden de Artes y Letras de Francia. Ha sido director del Instituto de\r\nM\u00e9xico en Par\u00eds (2001-2003), del Canal 22 (2007-2011), del Festival\r\nInternacional Cervantino (2013-2016), Coordinador (vicerrector) de\r\nDifusi\u00f3n Cultural de la Universidad Nacional Aut\u00f3noma de M\u00e9xico\r\n(2016-2022). Actualmente es director art\u00edstico del Centro de Cultura\r\nContempor\u00e1nea Condeduque, en Madrid.\">Jorge Volpi<\/div><div class=\"panelista-cargo\">Centro de Cultura Contempor\u00e1nea Condeduque. Madrid.<\/div><div class=\"panelista-vermas abrir-modal\" data-nombre=\"Jorge Volpi\" data-cargo=\"Centro de Cultura Contempor\u00e1nea Condeduque. Madrid.\" data-bio=\"Jorge Volpi (M\u00e9xico, 1968). Es autor de quince novelas, entre las que\r\ndestacan En busca de Klingsor (Premio Biblioteca Breve, 1999) y Una\r\nnovela criminal (Premio Alfaguara, 2018), a partir de la cual se realiz\u00f3\r\nla serie hom\u00f3nima de Netflix. Ha escrito numerosos ensayos, el m\u00e1s\r\nreciente La invenci\u00f3n de todas las cosas. Una historia de la ficci\u00f3n\r\n(2024). Es autor de las piezas teatrales El origen del mundo (2017) Las\r\nagujas dementes (2020), Mesa redonda (2024) y Los amores feroces\r\n(2025), y de los libretos de las \u00f3peras Cuatro corridos (2011) y Tristana\r\n(2025). En 2008 recibi\u00f3 el Premio Jos\u00e9 Donoso al conjunto de su obra y\r\nla Medalla de la Orden de Isabel la Cat\u00f3lica de Espa\u00f1a. Es Caballero de\r\nla Orden de Artes y Letras de Francia. Ha sido director del Instituto de\r\nM\u00e9xico en Par\u00eds (2001-2003), del Canal 22 (2007-2011), del Festival\r\nInternacional Cervantino (2013-2016), Coordinador (vicerrector) de\r\nDifusi\u00f3n Cultural de la Universidad Nacional Aut\u00f3noma de M\u00e9xico\r\n(2016-2022). Actualmente es director art\u00edstico del Centro de Cultura\r\nContempor\u00e1nea Condeduque, en Madrid.\">Ver m\u00e1s<\/div><\/div><\/div>\n<p>[\/et_pb_text][\/et_pb_column][\/et_pb_row][\/et_pb_section][et_pb_section fb_built=\u00bb1&#8243; _builder_version=\u00bb4.20.2&#8243; _module_preset=\u00bbdefault\u00bb global_colors_info=\u00bb{}\u00bb][et_pb_row disabled_on=\u00bboff|off|off\u00bb _builder_version=\u00bb4.20.2&#8243; _module_preset=\u00bbdefault\u00bb module_alignment=\u00bbcenter\u00bb custom_margin=\u00bb||||false|false\u00bb custom_padding=\u00bb||||false|false\u00bb global_colors_info=\u00bb{}\u00bb][et_pb_column type=\u00bb4_4&#8243; _builder_version=\u00bb4.20.2&#8243; _module_preset=\u00bbdefault\u00bb global_colors_info=\u00bb{}\u00bb][et_pb_text _builder_version=\u00bb4.20.2&#8243; _module_preset=\u00bbdefault\u00bb custom_margin=\u00bb0px||0px||false|false\u00bb custom_padding=\u00bb0px||0px||false|false\u00bb global_colors_info=\u00bb{}\u00bb]<strong>Organizan:<\/strong>[\/et_pb_text][ba_logo_grid grid_gap=\u00bb23px\u00bb image_hover=\u00bbzoom_out\u00bb column_count_tablet=\u00bb\u00bb column_count_phone=\u00bb1&#8243; column_count_last_edited=\u00bbon|phone\u00bb grid_height_tablet=\u00bb\u00bb grid_height_phone=\u00bb100px\u00bb grid_height_last_edited=\u00bbon|phone\u00bb grid_gap_tablet=\u00bb23px\u00bb grid_gap_phone=\u00bb15px\u00bb grid_gap_last_edited=\u00bbon|phone\u00bb disabled_on=\u00bboff|off|off\u00bb _builder_version=\u00bb4.27.4&#8243; _module_preset=\u00bbdefault\u00bb custom_margin_tablet=\u00bb\u00bb custom_margin_phone=\u00bb20px||||false|false\u00bb custom_margin_last_edited=\u00bbon|phone\u00bb custom_padding=\u00bb||||false|false\u00bb custom_padding_tablet=\u00bb||||false|false\u00bb custom_padding_phone=\u00bb||20px||false|false\u00bb custom_padding_last_edited=\u00bbon|phone\u00bb global_colors_info=\u00bb{}\u00bb][ba_logo_grid_child logo_url=\u00bbhttps:\/\/www.operala.org\/encuentrosola\/wp-content\/uploads\/2023\/03\/Logo_Completo_OLA_Normal.png\u00bb brand_name=\u00bbOLA\u00bb _builder_version=\u00bb4.27.4&#8243; _module_preset=\u00bbdefault\u00bb global_colors_info=\u00bb{}\u00bb][\/ba_logo_grid_child][ba_logo_grid_child logo_url=\u00bbhttps:\/\/www.operala.org\/encuentrosola\/wp-content\/uploads\/2025\/03\/logo-les-arts-gv-negro.png\u00bb brand_name=\u00bbLes Arts\u00bb _builder_version=\u00bb4.27.4&#8243; _module_preset=\u00bbdefault\u00bb global_colors_info=\u00bb{}\u00bb][\/ba_logo_grid_child][\/ba_logo_grid][\/et_pb_column][\/et_pb_row][et_pb_row disabled_on=\u00bboff|off|off\u00bb _builder_version=\u00bb4.20.2&#8243; _module_preset=\u00bbdefault\u00bb custom_margin=\u00bb|auto|1px|auto|false|false\u00bb global_colors_info=\u00bb{}\u00bb][et_pb_column type=\u00bb4_4&#8243; _builder_version=\u00bb4.20.2&#8243; _module_preset=\u00bbdefault\u00bb global_colors_info=\u00bb{}\u00bb][et_pb_text _builder_version=\u00bb4.27.2&#8243; _module_preset=\u00bbdefault\u00bb custom_margin=\u00bb0px||0px||false|false\u00bb custom_padding=\u00bb0px||0px||false|false\u00bb global_colors_info=\u00bb{}\u00bb]<strong>Patrocina:<\/strong>[\/et_pb_text][ba_logo_grid grid_gap=\u00bb23px\u00bb image_hover=\u00bbzoom_out\u00bb column_count_tablet=\u00bb\u00bb column_count_phone=\u00bb1&#8243; column_count_last_edited=\u00bbon|phone\u00bb grid_height_tablet=\u00bb\u00bb grid_height_phone=\u00bb100px\u00bb grid_height_last_edited=\u00bbon|phone\u00bb grid_gap_tablet=\u00bb23px\u00bb grid_gap_phone=\u00bb15px\u00bb grid_gap_last_edited=\u00bbon|phone\u00bb disabled_on=\u00bboff|off|off\u00bb _builder_version=\u00bb4.27.4&#8243; _module_preset=\u00bbdefault\u00bb custom_margin_tablet=\u00bb\u00bb custom_margin_phone=\u00bb20px||||false|false\u00bb custom_margin_last_edited=\u00bbon|phone\u00bb custom_padding=\u00bb||||false|false\u00bb custom_padding_tablet=\u00bb||||false|false\u00bb custom_padding_phone=\u00bb||20px||false|false\u00bb custom_padding_last_edited=\u00bbon|phone\u00bb hover_enabled=\u00bb0&#8243; global_colors_info=\u00bb{}\u00bb sticky_enabled=\u00bb0&#8243;][ba_logo_grid_child logo_url=\u00bbhttps:\/\/www.operala.org\/encuentrosola\/wp-content\/uploads\/2025\/07\/CAForiginalCaribeH-ESP.png\u00bb brand_name=\u00bbCAF\u00bb _builder_version=\u00bb4.27.4&#8243; _module_preset=\u00bbdefault\u00bb hover_enabled=\u00bb0&#8243; global_colors_info=\u00bb{}\u00bb title_text=\u00bbCAForiginalCaribeH-ESP\u00bb sticky_enabled=\u00bb0&#8243;][\/ba_logo_grid_child][\/ba_logo_grid][\/et_pb_column][\/et_pb_row][et_pb_row disabled_on=\u00bboff|off|off\u00bb _builder_version=\u00bb4.27.0&#8243; _module_preset=\u00bbdefault\u00bb custom_margin=\u00bb0px|auto|0px|auto|true|false\u00bb global_colors_info=\u00bb{}\u00bb][et_pb_column type=\u00bb4_4&#8243; _builder_version=\u00bb4.20.2&#8243; _module_preset=\u00bbdefault\u00bb global_colors_info=\u00bb{}\u00bb][et_pb_text _builder_version=\u00bb4.22.1&#8243; _module_preset=\u00bbdefault\u00bb custom_margin=\u00bb0px||0px||false|false\u00bb custom_padding=\u00bb0px||0px||false|false\u00bb global_colors_info=\u00bb{}\u00bb]<strong>Colaboran:<\/strong>[\/et_pb_text][ba_logo_carousel logo_width=\u00bb200px\u00bb _builder_version=\u00bb4.27.4&#8243; _module_preset=\u00bbdefault\u00bb global_colors_info=\u00bb{}\u00bb][ba_logo_carousel_child logo=\u00bbhttps:\/\/www.operala.org\/encuentrosola\/wp-content\/uploads\/2025\/05\/Logo_TransviaBusiness_Azul.png\u00bb _builder_version=\u00bb4.27.4&#8243; _module_preset=\u00bbdefault\u00bb global_colors_info=\u00bb{}\u00bb][\/ba_logo_carousel_child][ba_logo_carousel_child logo=\u00bbhttps:\/\/www.operala.org\/encuentrosola\/wp-content\/uploads\/2025\/05\/Logo_Visit-Valencia.png\u00bb _builder_version=\u00bb4.27.4&#8243; _module_preset=\u00bbdefault\u00bb global_colors_info=\u00bb{}\u00bb][\/ba_logo_carousel_child][ba_logo_carousel_child logo=\u00bbhttps:\/\/www.operala.org\/encuentrosola\/wp-content\/uploads\/2025\/05\/Logo_Turisme-Comunitat-Valenciana.png\u00bb _builder_version=\u00bb4.27.4&#8243; _module_preset=\u00bbdefault\u00bb global_colors_info=\u00bb{}\u00bb][\/ba_logo_carousel_child][\/ba_logo_carousel][\/et_pb_column][\/et_pb_row][et_pb_row disabled_on=\u00bbon|on|on\u00bb _builder_version=\u00bb4.27.0&#8243; _module_preset=\u00bbdefault\u00bb custom_margin=\u00bb0px|auto|0px|auto|true|false\u00bb disabled=\u00bbon\u00bb global_colors_info=\u00bb{}\u00bb][et_pb_column type=\u00bb4_4&#8243; _builder_version=\u00bb4.20.2&#8243; _module_preset=\u00bbdefault\u00bb global_colors_info=\u00bb{}\u00bb][et_pb_text _builder_version=\u00bb4.27.2&#8243; _module_preset=\u00bbdefault\u00bb custom_margin=\u00bb0px||0px||false|false\u00bb custom_padding=\u00bb0px||0px||false|false\u00bb global_colors_info=\u00bb{}\u00bb]<strong>Apoyan:<\/strong>[\/et_pb_text][ba_logo_carousel logo_width=\u00bb200px\u00bb _builder_version=\u00bb4.27.2&#8243; _module_preset=\u00bbdefault\u00bb global_colors_info=\u00bb{}\u00bb][ba_logo_carousel_child logo=\u00bbhttps:\/\/www.operala.org\/encuentrosola\/wp-content\/uploads\/2023\/11\/fundacionia_color-e1699545950274.png\u00bb brand_name=\u00bbFIA\u00bb _builder_version=\u00bb4.27.2&#8243; _module_preset=\u00bbdefault\u00bb global_colors_info=\u00bb{}\u00bb][\/ba_logo_carousel_child][ba_logo_carousel_child logo=\u00bbhttps:\/\/www.operala.org\/encuentrosola\/wp-content\/uploads\/2023\/11\/Logo-TMlas-condes-1.jpeg\u00bb brand_name=\u00bbTM Las Condes\u00bb _builder_version=\u00bb4.27.2&#8243; _module_preset=\u00bbdefault\u00bb global_colors_info=\u00bb{}\u00bb][\/ba_logo_carousel_child][ba_logo_carousel_child logo=\u00bbhttps:\/\/www.operala.org\/encuentrosola\/wp-content\/uploads\/2023\/11\/Lucho-Gatica.png\u00bb brand_name=\u00bbT Lucho Gatica\u00bb _builder_version=\u00bb4.27.2&#8243; _module_preset=\u00bbdefault\u00bb global_colors_info=\u00bb{}\u00bb][\/ba_logo_carousel_child][ba_logo_carousel_child logo=\u00bbhttps:\/\/www.operala.org\/encuentrosola\/wp-content\/uploads\/2023\/11\/TRM21-FONDO-CLARO-1-e1699545980290.png\u00bb brand_name=\u00bbTRMAule\u00bb _builder_version=\u00bb4.27.2&#8243; _module_preset=\u00bbdefault\u00bb global_colors_info=\u00bb{}\u00bb][\/ba_logo_carousel_child][ba_logo_carousel_child logo=\u00bbhttps:\/\/www.operala.org\/encuentrosola\/wp-content\/uploads\/2024\/10\/Teatro-Municipal-de-Chillan-01.png\u00bb brand_name=\u00bbTM Chillan\u00bb _builder_version=\u00bb4.27.2&#8243; _module_preset=\u00bbdefault\u00bb global_colors_info=\u00bb{}\u00bb][\/ba_logo_carousel_child][ba_logo_carousel_child logo=\u00bbhttps:\/\/www.operala.org\/encuentrosola\/wp-content\/uploads\/2023\/11\/Logo-TBB_calado_blanco-e1699546145730.png\u00bb brand_name=\u00bbTBB\u00bb _builder_version=\u00bb4.27.2&#8243; _module_preset=\u00bbdefault\u00bb global_colors_info=\u00bb{}\u00bb][\/ba_logo_carousel_child][ba_logo_carousel_child logo=\u00bbhttps:\/\/www.operala.org\/encuentrosola\/wp-content\/uploads\/2023\/11\/logo-TDL.png\u00bb brand_name=\u00bbTdL\u00bb _builder_version=\u00bb4.27.2&#8243; _module_preset=\u00bbdefault\u00bb global_colors_info=\u00bb{}\u00bb][\/ba_logo_carousel_child][\/ba_logo_carousel][\/et_pb_column][\/et_pb_row][\/et_pb_section]<\/p>\n","protected":false},"excerpt":{"rendered":"<p>[et_pb_section fb_built=\u00bb1&#8243; admin_label=\u00bbsection\u00bb _builder_version=\u00bb4.27.0&#8243; custom_margin=\u00bb0px|0px|0px|0px|false|false\u00bb custom_padding=\u00bb0px|0px|0px|0px|false|false\u00bb global_colors_info=\u00bb{}\u00bb][et_pb_row admin_label=\u00bbrow\u00bb _builder_version=\u00bb4.27.0&#8243; background_size=\u00bbinitial\u00bb background_position=\u00bbtop_left\u00bb background_repeat=\u00bbrepeat\u00bb width=\u00bb100%\u00bb max_width=\u00bb100%\u00bb custom_margin=\u00bb0px|0px|0px|0px|false|false\u00bb custom_padding=\u00bb0px|0px|0px|0px|false|false\u00bb global_colors_info=\u00bb{}\u00bb][et_pb_column type=\u00bb4_4&#8243; _builder_version=\u00bb4.27.0&#8243; custom_padding=\u00bb|||\u00bb global_colors_info=\u00bb{}\u00bb custom_padding__hover=\u00bb|||\u00bb][et_pb_slider show_arrows=\u00bboff\u00bb show_pagination=\u00bboff\u00bb use_bg_overlay=\u00bboff\u00bb use_text_overlay=\u00bboff\u00bb module_class=\u00bbnormal\u00bb _builder_version=\u00bb4.27.4&#8243; _module_preset=\u00bbdefault\u00bb header_line_height=\u00bb0.1em\u00bb body_font_size=\u00bb18px\u00bb background_color=\u00bbRGBA(255,255,255,0)\u00bb background_enable_video_mp4=\u00bboff\u00bb custom_button=\u00bbon\u00bb button_custom_margin=\u00bb100px||||false|false\u00bb min_height=\u00bb450px\u00bb custom_margin=\u00bb0px|0px|0px|0px|false|false\u00bb custom_padding=\u00bb0px|0px|0px|0px|false|false\u00bb custom_padding_tablet=\u00bb170px||85px|||\u00bb custom_padding_phone=\u00bb0px||0px||false|false\u00bb custom_padding_last_edited=\u00bbon|phone\u00bb header_font_size_tablet=\u00bb\u00bb header_font_size_phone=\u00bb35px\u00bb header_font_size_last_edited=\u00bbon|phone\u00bb body_font_size_tablet=\u00bb18px\u00bb body_font_size_phone=\u00bb14px\u00bb body_font_size_last_edited=\u00bbon|phone\u00bb background_last_edited=\u00bbon|tablet\u00bb text_shadow_style=\u00bbpreset2&#8243; global_colors_info=\u00bb{}\u00bb][et_pb_slide button_link=\u00bbhttps:\/\/www.operala.org\/encuentrosola\/wp-content\/uploads\/2024\/09\/Agenda-Conferencia-OLA-agosto-24.pdf\u00bb url_new_window=\u00bbon\u00bb admin_title=\u00bbImagen principal\u00bb _builder_version=\u00bb4.27.4&#8243; [&hellip;]<\/p>\n","protected":false},"author":1,"featured_media":0,"parent":0,"menu_order":0,"comment_status":"closed","ping_status":"closed","template":"","meta":{"_acf_changed":false,"_et_pb_use_builder":"on","_et_pb_old_content":"<!-- wp:paragraph -->\n<p>This is an example page. It's different from a blog post because it will stay in one place and will show up in your site navigation (in most themes). Most people start with an About page that introduces them to potential site visitors. It might say something like this:<\/p>\n<!-- \/wp:paragraph -->\n\n<!-- wp:quote -->\n<blockquote class=\"wp-block-quote\"><!-- wp:paragraph -->\n<p>Hi there! I'm a bike messenger by day, aspiring actor by night, and this is my website. I live in Los Angeles, have a great dog named Jack, and I like pi\u00f1a coladas. (And gettin' caught in the rain.)<\/p>\n<!-- \/wp:paragraph --><\/blockquote>\n<!-- \/wp:quote -->\n\n<!-- wp:paragraph -->\n<p>...or something like this:<\/p>\n<!-- \/wp:paragraph -->\n\n<!-- wp:quote -->\n<blockquote class=\"wp-block-quote\"><!-- wp:paragraph -->\n<p>The XYZ Doohickey Company was founded in 1971, and has been providing quality doohickeys to the public ever since. Located in Gotham City, XYZ employs over 2,000 people and does all kinds of awesome things for the Gotham community.<\/p>\n<!-- \/wp:paragraph --><\/blockquote>\n<!-- \/wp:quote -->\n\n<!-- wp:paragraph -->\n<p>As a new WordPress user, you should go to <a href=\"https:\/\/www.operala.org\/encuentrosola\/wp-admin\/\">your dashboard<\/a> to delete this page and create new pages for your content. Have fun!<\/p>\n<!-- \/wp:paragraph -->","_et_gb_content_width":"","footnotes":""},"class_list":["post-1306","page","type-page","status-publish","hentry"],"acf":[],"_links":{"self":[{"href":"https:\/\/www.operala.org\/encuentrosola\/wp-json\/wp\/v2\/pages\/1306","targetHints":{"allow":["GET"]}}],"collection":[{"href":"https:\/\/www.operala.org\/encuentrosola\/wp-json\/wp\/v2\/pages"}],"about":[{"href":"https:\/\/www.operala.org\/encuentrosola\/wp-json\/wp\/v2\/types\/page"}],"author":[{"embeddable":true,"href":"https:\/\/www.operala.org\/encuentrosola\/wp-json\/wp\/v2\/users\/1"}],"replies":[{"embeddable":true,"href":"https:\/\/www.operala.org\/encuentrosola\/wp-json\/wp\/v2\/comments?post=1306"}],"version-history":[{"count":106,"href":"https:\/\/www.operala.org\/encuentrosola\/wp-json\/wp\/v2\/pages\/1306\/revisions"}],"predecessor-version":[{"id":1830,"href":"https:\/\/www.operala.org\/encuentrosola\/wp-json\/wp\/v2\/pages\/1306\/revisions\/1830"}],"wp:attachment":[{"href":"https:\/\/www.operala.org\/encuentrosola\/wp-json\/wp\/v2\/media?parent=1306"}],"curies":[{"name":"wp","href":"https:\/\/api.w.org\/{rel}","templated":true}]}}